{"id":3325,"date":"2025-10-18T20:43:16","date_gmt":"2025-10-18T23:43:16","guid":{"rendered":"https:\/\/educacaoempreendedora.com\/cieeci2025\/?page_id=3325"},"modified":"2025-10-21T19:57:44","modified_gmt":"2025-10-21T22:57:44","slug":"home","status":"publish","type":"page","link":"https:\/\/educacaoempreendedora.com\/cieeci2025\/","title":{"rendered":"home"},"content":{"rendered":"\t\t<div data-elementor-type=\"wp-page\" data-elementor-id=\"3325\" class=\"elementor elementor-3325\">\n\t\t\t\t<div class=\"elementor-element elementor-element-930ceee e-con-full e-flex wpr-particle-no wpr-jarallax-no wpr-parallax-no wpr-sticky-section-no wpr-equal-height-no e-con e-parent\" data-id=\"930ceee\" data-element_type=\"container\" data-e-type=\"container\">\n\t\t\t\t<div class=\"elementor-element elementor-element-ca89acf elementor-widget elementor-widget-video\" data-id=\"ca89acf\" data-element_type=\"widget\" data-e-type=\"widget\" data-settings=\"{&quot;youtube_url&quot;:&quot;https:\\\/\\\/youtu.be\\\/lXB1BjEoR7I&quot;,&quot;autoplay&quot;:&quot;yes&quot;,&quot;video_type&quot;:&quot;youtube&quot;,&quot;controls&quot;:&quot;yes&quot;}\" data-widget_type=\"video.default\">\n\t\t\t\t<div class=\"elementor-widget-container\">\n\t\t\t\t\t\t\t<div class=\"elementor-wrapper elementor-open-inline\">\n\t\t\t<div class=\"elementor-video\"><\/div>\t\t<\/div>\n\t\t\t\t\t\t<\/div>\n\t\t\t\t<\/div>\n\t\t\t\t<\/div>\n\t\t<div class=\"elementor-element elementor-element-077683c e-grid e-con-full wpr-particle-no wpr-jarallax-no wpr-parallax-no wpr-sticky-section-no wpr-equal-height-no elementor-invisible e-con e-parent\" data-id=\"077683c\" data-element_type=\"container\" data-e-type=\"container\" data-settings=\"{&quot;background_background&quot;:&quot;classic&quot;,&quot;animation&quot;:&quot;headShake&quot;}\">\n\t\t\t\t<div class=\"elementor-element elementor-element-45a474f wpr-dual-heading-icon-top elementor-widget elementor-widget-wpr-dual-color-heading\" data-id=\"45a474f\" data-element_type=\"widget\" data-e-type=\"widget\" data-widget_type=\"wpr-dual-color-heading.default\">\n\t\t\t\t<div class=\"elementor-widget-container\">\n\t\t\t\t\t\t\t\t<div class=\"wpr-dual-heading-wrap\">\n\t\t\t\t<div class=\"wpr-dual-title-wrap\">\n\t\t\t\t\t<h2 class=\"wpr-dual-title\">\n\t\t\t\t\t\t\t\t\t\t\t<span class=\"first\">NOS VEREMOS EM PORTUGAL 2026 - OBRIGADO ARACAJU!<\/span>\n\t\t\t\t\t\t\t\t\t\t\n\t\t\t\t\t\t\t\t\t\t<\/h2>\n\t\t\t\t<\/div>\n\t\t\t\t\n\t\t\t\t\n\t\t\t\t\n\t\t\t<\/div>\n\t\t\t\t\t\t<\/div>\n\t\t\t\t<\/div>\n\t\t\t\t<\/div>\n\t\t<div class=\"elementor-element elementor-element-13d3146 e-flex e-con-boxed wpr-particle-no wpr-jarallax-no wpr-parallax-no wpr-sticky-section-no wpr-equal-height-no e-con e-parent\" data-id=\"13d3146\" data-element_type=\"container\" data-e-type=\"container\">\n\t\t\t\t\t<div class=\"e-con-inner\">\n\t\t<div class=\"elementor-element elementor-element-e68878e e-con-full e-flex wpr-particle-no wpr-jarallax-no wpr-parallax-no wpr-sticky-section-no wpr-equal-height-no e-con e-child\" data-id=\"e68878e\" data-element_type=\"container\" data-e-type=\"container\">\n\t\t\t\t<div class=\"elementor-element elementor-element-b23c725 elementor-widget elementor-widget-html\" data-id=\"b23c725\" data-element_type=\"widget\" data-e-type=\"widget\" data-widget_type=\"html.default\">\n\t\t\t\t<div class=\"elementor-widget-container\">\n\t\t\t\t\t<a data-flickr-embed=\"true\" data-header=\"true\" data-footer=\"true\" href=\"https:\/\/www.flickr.com\/photos\/laerciofederal\/albums\/72177720329817383\" title=\"IV CiEECi\"><img fetchpriority=\"high\" decoding=\"async\" src=\"https:\/\/live.staticflickr.com\/65535\/54870037608_f302df99a1_z.jpg\" width=\"640\" height=\"480\" alt=\"IV CiEECi\"\/><\/a><script async src=\"\/\/embedr.flickr.com\/assets\/client-code.js\" charset=\"utf-8\"><\/script>\t\t\t\t<\/div>\n\t\t\t\t<\/div>\n\t\t\t\t<\/div>\n\t\t<div class=\"elementor-element elementor-element-96dcf83 e-con-full e-flex wpr-particle-no wpr-jarallax-no wpr-parallax-no wpr-sticky-section-no wpr-equal-height-no e-con e-child\" data-id=\"96dcf83\" data-element_type=\"container\" data-e-type=\"container\">\n\t\t\t\t<div class=\"elementor-element elementor-element-16889d3 elementor-widget elementor-widget-heading\" data-id=\"16889d3\" data-element_type=\"widget\" data-e-type=\"widget\" data-widget_type=\"heading.default\">\n\t\t\t\t<div class=\"elementor-widget-container\">\n\t\t\t\t\t<h2 class=\"elementor-heading-title elementor-size-default\">OBJETIVO GERAL<\/h2>\t\t\t\t<\/div>\n\t\t\t\t<\/div>\n\t\t\t\t<div class=\"elementor-element elementor-element-6158b43 elementor-widget elementor-widget-heading\" data-id=\"6158b43\" data-element_type=\"widget\" data-e-type=\"widget\" data-widget_type=\"heading.default\">\n\t\t\t\t<div class=\"elementor-widget-container\">\n\t\t\t\t\t<h2 class=\"elementor-heading-title elementor-size-default\">Debater o impacto da educa\u00e7\u00e3o empreendedora, da intelig\u00eancia artificial e da a\u00e7\u00e3o dos munic\u00edpios na resposta aos desafios econ\u00f4micos, sociais e ambientais atuais.  <\/h2>\t\t\t\t<\/div>\n\t\t\t\t<\/div>\n\t\t\t\t<\/div>\n\t\t\t\t\t<\/div>\n\t\t\t\t<\/div>\n\t\t<div class=\"elementor-element elementor-element-2632c9d e-flex e-con-boxed wpr-particle-no wpr-jarallax-no wpr-parallax-no wpr-sticky-section-no wpr-equal-height-no e-con e-parent\" data-id=\"2632c9d\" data-element_type=\"container\" data-e-type=\"container\">\n\t\t\t\t\t<div class=\"e-con-inner\">\n\t\t<div class=\"elementor-element elementor-element-84fb49c e-con-full e-flex wpr-particle-no wpr-jarallax-no wpr-parallax-no wpr-sticky-section-no wpr-equal-height-no e-con e-child\" data-id=\"84fb49c\" data-element_type=\"container\" data-e-type=\"container\">\n\t\t\t\t<\/div>\n\t\t<div class=\"elementor-element elementor-element-ded3bff e-con-full e-flex wpr-particle-no wpr-jarallax-no wpr-parallax-no wpr-sticky-section-no wpr-equal-height-no e-con e-child\" data-id=\"ded3bff\" data-element_type=\"container\" data-e-type=\"container\">\n\t\t\t\t<div class=\"elementor-element elementor-element-1bee2a7 elementor-widget elementor-widget-eael-adv-accordion\" data-id=\"1bee2a7\" data-element_type=\"widget\" data-e-type=\"widget\" data-widget_type=\"eael-adv-accordion.default\">\n\t\t\t\t<div class=\"elementor-widget-container\">\n\t\t\t\t\t            <div class=\"eael-adv-accordion\" id=\"eael-adv-accordion-1bee2a7\" data-scroll-on-click=\"no\" data-scroll-speed=\"300\" data-accordion-id=\"1bee2a7\" data-accordion-type=\"accordion\" data-toogle-speed=\"300\">\n            <div class=\"eael-accordion-list\">\n\t\t\t\t\t<div id=\"dia-16\" class=\"elementor-tab-title eael-accordion-header\" tabindex=\"0\" data-tab=\"1\" aria-controls=\"elementor-tab-content-2921\"><span class=\"eael-advanced-accordion-icon-closed\"><svg aria-hidden=\"true\" class=\"fa-accordion-icon e-font-icon-svg e-fas-plus\" viewBox=\"0 0 448 512\" xmlns=\"http:\/\/www.w3.org\/2000\/svg\"><path d=\"M416 208H272V64c0-17.67-14.33-32-32-32h-32c-17.67 0-32 14.33-32 32v144H32c-17.67 0-32 14.33-32 32v32c0 17.67 14.33 32 32 32h144v144c0 17.67 14.33 32 32 32h32c17.67 0 32-14.33 32-32V304h144c17.67 0 32-14.33 32-32v-32c0-17.67-14.33-32-32-32z\"><\/path><\/svg><\/span><span class=\"eael-advanced-accordion-icon-opened\"><svg aria-hidden=\"true\" class=\"fa-accordion-icon e-font-icon-svg e-fas-minus\" viewBox=\"0 0 448 512\" xmlns=\"http:\/\/www.w3.org\/2000\/svg\"><path d=\"M416 208H32c-17.67 0-32 14.33-32 32v32c0 17.67 14.33 32 32 32h384c17.67 0 32-14.33 32-32v-32c0-17.67-14.33-32-32-32z\"><\/path><\/svg><\/span><span class=\"eael-accordion-tab-title\">DIA 16<\/span><svg aria-hidden=\"true\" class=\"fa-toggle e-font-icon-svg e-fas-angle-right\" viewBox=\"0 0 256 512\" xmlns=\"http:\/\/www.w3.org\/2000\/svg\"><path d=\"M224.3 273l-136 136c-9.4 9.4-24.6 9.4-33.9 0l-22.6-22.6c-9.4-9.4-9.4-24.6 0-33.9l96.4-96.4-96.4-96.4c-9.4-9.4-9.4-24.6 0-33.9L54.3 103c9.4-9.4 24.6-9.4 33.9 0l136 136c9.5 9.4 9.5 24.6.1 34z\"><\/path><\/svg><\/div><div id=\"elementor-tab-content-2921\" class=\"eael-accordion-content clearfix\" data-tab=\"1\" aria-labelledby=\"dia-16\"><p><strong>07h00 BR (11h00 PT) Credenciamento<\/strong><\/p><p><strong>08h00 BR (12h00 PT) SOLENIDADE DE ABERTURA<\/strong><\/p><p><span style=\"color: #3366ff\"><strong>09h00 BR (13h00 PT) CONFER\u00caNCIA DE ABERTURA<\/strong><\/span><br \/><strong>CONSTRUINDO PONTES COM OS MUNIC\u00cdPIOS EMPREENDEDORES:<\/strong><br \/><strong>POL\u00cdTICAS, PR\u00c1TICAS E TEND\u00caNCIAS<\/strong><br \/><span style=\"color: #3366ff\">Senador La\u00e9rcio Oliveira (Brasil)<\/span><br \/><span style=\"color: #3366ff\">Prof.Dr. Jacinto Jardim (UAb &#8211; Portugal)<\/span><br \/>Moderador: Andr\u00e9 Gusm\u00e3o<\/p><p><span style=\"color: #3366ff\"><strong>10h00 BR (14h00 PT) PAINEL ARTICULADO<\/strong><\/span><br \/><strong>O PAPEL DA EDUCA\u00c7\u00c3O EMPREENDEDORA NO DESENVOLVIMENTO HUMANO<\/strong><br \/><span style=\"color: #3366ff\">Andrea Karla F Nunes (Unit &#8211; SE &#8211; Brasil)<\/span><br \/><span style=\"color: #3366ff\">Nathalie Ba\u00efdak (EACEA, rede Eurydice)<br \/>Adelino Ribeiro (MobilidadePT &#8211; Portugal)<\/span><br \/>Moderadora: Naira Libermann (PUCRS)<\/p><p><strong><span style=\"color: #3366ff\">11h00 BR (15h00 PT) APRESENTA\u00c7\u00c3O DOS PROJETOS EMPREENDEDORES<\/span><\/strong><br \/><strong><span style=\"color: #3366ff\">DAS ESCOLAS DE: <span style=\"color: #000080\">PROPRI\u00c1 E MALHADA DOS BOIS<\/span><\/span><\/strong><\/p><p>11h45 BR (15h45 PT) Intervalo<\/p><p><span style=\"color: #3366ff\"><strong>13h15 BR (17h15 PT) <span style=\"color: #0000ff\">CONFER\u00caNCIA<br \/><\/span>CI\u00caNCIA, ENSINO A DIST\u00c2NCIA E EMPREENDEDORISMO PARA<br \/>TRANSFORMAR O FUTURO DA EDUCA\u00c7\u00c3O<br \/><\/strong><span style=\"color: #0000ff\">Carla Padrel de Oliveira (Reitora da Universidade Aberta)<\/span><br \/><span style=\"color: #0000ff\">Antonio Carlos Kronemberger (Sebrae)<\/span><strong><br \/>Moderador: Marcelo Ponte (Senado Federal)<\/strong><\/span><\/p><p><strong><span style=\"color: #3366ff\">14h15 BR (18h15 PT) APRESENTA\u00c7\u00c3O DOS PROJETOS EMPREENDEDORES<\/span><\/strong><br \/><strong><span style=\"color: #3366ff\">DAS ESCOLAS DE: <span style=\"color: #000080\">CAMPO DO BRITO E MOITA BONITA<\/span><\/span><\/strong><\/p><p><span style=\"color: #0000ff\"><strong><span style=\"color: #3366ff\">15h15 BR (19h15 PT) PAINEL ARTICULADO<\/span><br \/><\/strong><\/span><strong>EMPREENDEDORISMO REGIONAL E COOPERA\u00c7\u00c3O <\/strong><strong>INTERNACIONAL:<br \/>PERSPECTIVAS PARA PA\u00cdSES LUS\u00d3FONOS E HISPANOFALANTES<br \/><\/strong><span style=\"color: #3366ff\">Jorge Cabral Nunes (Rotary Club)<br \/>Otaviano Canuto (PCNS &#8211; USA)<br \/>Jos\u00e9 Rabelo (UFS)<br \/><\/span><span style=\"color: #000000\">Moderador: Jos\u00e9 Gabriel Beltr\u00e3o (Pres. C\u00e2mara Portuguesa de Sergipe)<\/span><\/p><p><span style=\"color: #3366ff\"><strong>16h15 BR (20h15 PT) PAINEL ARTICULADO<\/strong><\/span><br \/><strong>REDES COLABORATIVAS E TRANSFORMA\u00c7\u00c3O DIGITAL:<\/strong><br \/><strong>CONEX\u00d5ES PARA UM FUTURO SUSTENT\u00c1VEL<\/strong><br \/><span style=\"color: #3366ff\">Chico Saboya (ANPROTEC &#8211; Brasil)<\/span><br \/><span style=\"color: #3366ff\">Ilka Serra (UE Maranh\u00e3o)<\/span><br \/><span style=\"color: #3366ff\">Ant\u00f3nio Moreira (UAb &#8211; Portugal)<br \/>Wagner Lemos (UNEB-BA)<\/span><br \/>Moderadora: Josefina Vervloet (UESC-BA)<\/p><p><span style=\"color: #3366ff\"><strong>17h15 BR (21h15 PT) PAINEL ARTICULADO<\/strong><\/span><br \/><strong>PARCERIAS ESTRAT\u00c9GICAS ENTRE INSTITUI\u00c7\u00d5ES EDUCACIONAIS,<\/strong><br \/><strong>ORGANIZA\u00c7\u00d5ES E MUNIC\u00cdPIOS<\/strong><br \/><span style=\"color: #3366ff\">J\u00e9ssica Rangel (JA Brasil)<br \/>Anderson Barros (Uneal &#8211; AL &#8211; Brasil)<\/span><br \/><span style=\"color: #3366ff\">Elisete Martins (ISLA &#8211; Portugal)<br \/>Brenno Barreto (Sebrae-SE)<\/span><br \/>Moderador: Cleon Nascimento (Secom Governo de Sergipe)<\/p><p><strong><span style=\"color: #3366ff\">18h15 BR (22h15 PT) CONFER\u00caNCIA<\/span><\/strong><br \/><strong>INTELIG\u00caNCIA ARTIFICIAL E EDUCA\u00c7\u00c3O EMPREENDEDORA:<\/strong><br \/><strong>CAMINHOS PARA A INOVA\u00c7\u00c3O ESCAL\u00c1VEL<\/strong><br \/><span style=\"color: #3366ff\">M\u00e1rcio Gon\u00e7alves (IFPR-PR)<\/span><br \/><span style=\"color: #3366ff\">Eliane Schlemmer (Unisinos-RS)<\/span><br \/>Moderador: Cl\u00e9ber Lopes<\/p><\/div>\n\t\t\t\t\t<\/div><div class=\"eael-accordion-list\">\n\t\t\t\t\t<div id=\"dia-17\" class=\"elementor-tab-title eael-accordion-header\" tabindex=\"0\" data-tab=\"2\" aria-controls=\"elementor-tab-content-2922\"><span class=\"eael-advanced-accordion-icon-closed\"><svg aria-hidden=\"true\" class=\"fa-accordion-icon e-font-icon-svg e-fas-plus\" viewBox=\"0 0 448 512\" xmlns=\"http:\/\/www.w3.org\/2000\/svg\"><path d=\"M416 208H272V64c0-17.67-14.33-32-32-32h-32c-17.67 0-32 14.33-32 32v144H32c-17.67 0-32 14.33-32 32v32c0 17.67 14.33 32 32 32h144v144c0 17.67 14.33 32 32 32h32c17.67 0 32-14.33 32-32V304h144c17.67 0 32-14.33 32-32v-32c0-17.67-14.33-32-32-32z\"><\/path><\/svg><\/span><span class=\"eael-advanced-accordion-icon-opened\"><svg aria-hidden=\"true\" class=\"fa-accordion-icon e-font-icon-svg e-fas-minus\" viewBox=\"0 0 448 512\" xmlns=\"http:\/\/www.w3.org\/2000\/svg\"><path d=\"M416 208H32c-17.67 0-32 14.33-32 32v32c0 17.67 14.33 32 32 32h384c17.67 0 32-14.33 32-32v-32c0-17.67-14.33-32-32-32z\"><\/path><\/svg><\/span><span class=\"eael-accordion-tab-title\">DIA 17<\/span><svg aria-hidden=\"true\" class=\"fa-toggle e-font-icon-svg e-fas-angle-right\" viewBox=\"0 0 256 512\" xmlns=\"http:\/\/www.w3.org\/2000\/svg\"><path d=\"M224.3 273l-136 136c-9.4 9.4-24.6 9.4-33.9 0l-22.6-22.6c-9.4-9.4-9.4-24.6 0-33.9l96.4-96.4-96.4-96.4c-9.4-9.4-9.4-24.6 0-33.9L54.3 103c9.4-9.4 24.6-9.4 33.9 0l136 136c9.5 9.4 9.5 24.6.1 34z\"><\/path><\/svg><\/div><div id=\"elementor-tab-content-2922\" class=\"eael-accordion-content clearfix\" data-tab=\"2\" aria-labelledby=\"dia-17\"><p><strong>08h00\u201311h00 BR (12h00\u201315h00 PT) SESS\u00d5ES TEM\u00c1TICAS<\/strong><\/p><p><span style=\"color: #000000\"><strong>SALA 1 &#8211; Intelig\u00eancia Artificial e Tecnologias Emergentes no Empreendedorismo | Forma\u00e7\u00e3o Profissional para o Empreendedorismo<\/strong><\/span><\/p><p><span style=\"color: #000000\"><strong>SALA 2 &#8211; Educa\u00e7\u00e3o Empreendedora: Teorias, Pr\u00e1ticas e Resultados<\/strong><\/span><\/p><p><strong><span style=\"color: #000000\">SALA 3 &#8211; Educa\u00e7\u00e3o Empreended<\/span>ora: Teorias, Pr\u00e1ticas e Resultados.<\/strong><\/p><p><strong>SALA 4 &#8211; Educa\u00e7\u00e3o Empreendedora: Teorias, Pr\u00e1ticas e Resultados | Empreendedorismo Feminino | Pol\u00edticas P\u00fablicas e Legisla\u00e7\u00e3o de Apoio ao Empreendedorismo <\/strong><\/p><p><strong>SALA 5 &#8211; Empreendedorismo Social, Sustentabilidade e Globaliza\u00e7\u00e3o | Turismo, Com\u00e9rcio e Servi\u00e7os | Ecossistemas Municipais Empreendedores: Desafios e Oportunidades.<\/strong><\/p><p><span style=\"color: #ff0000\"><strong><em><a style=\"color: #ff0000\" href=\"https:\/\/educacaoempreendedora.com\/cieeci2025\/sessoes-tematicas\/\">Confira a Programa\u00e7\u00e3o Completa das Salas<\/a><\/em><\/strong><\/span><\/p><p><span style=\"color: #000000\">11h00 BR (15h00 PT) Intervalo para o almo\u00e7o<\/span><\/p><p><span style=\"color: #0000ff\"><strong>12h30 BR (16h30 PT)\u00a0<br \/>APRESENTA\u00c7\u00c3O DO PROJETO EMPREENDEDOR<br \/>DA ESCOLA DE <span style=\"color: #000080\">ITABI<br \/><\/span><br \/>12h45 BR (16h45 PT)<br \/><\/strong>Alunos Convidados Especiais do\u00a0<strong><br \/><span style=\"color: #000000\">Centro de Excel\u00eancia de Educa\u00e7\u00e3o Profissional Jos\u00e9 Figueiredo Barreto<\/span><\/strong><br \/><span style=\"color: #000000\"><strong>Aracaju &#8211; SE<\/strong><\/span><\/span><\/p><p><span style=\"color: #0000ff\"><strong>13h30 BR (17h30 PT) <br \/><span style=\"color: #3366ff\">PAINEL ARTICULADO<\/span><br \/><span style=\"color: #000000\">UNI\u00c3O DE EMPRESAS COM A EDUCA\u00c7\u00c3O SUPERIOR:<\/span><br \/><span style=\"color: #000000\">CI\u00caNCIA E TECNOLOGIA NA PR\u00c1TICA<\/span><br \/><\/strong><span style=\"color: #3366ff\">Paulo do Eirado (ITP-SE)<\/span><br \/><span style=\"color: #3366ff\">Patr\u00edcia Severino (Unit-SE)<\/span><br \/><span style=\"color: #3366ff\">Diego Menezes (ABIPTI &#8211; DF)<\/span><br \/>Moderadora: Carla Almeida (SergipeTec)<strong><br \/><\/strong><\/span><\/p><p><strong><span style=\"color: #0000ff\">14h00 BR (18h00 PT) PAINEL ARTICULADO<\/span><\/strong><br \/><strong>PLANOS ESTRAT\u00c9GICOS MUNICIPAIS PARA O EMPREENDEDORISMO<\/strong><br \/><span style=\"color: #0000ff\">Dilermando J\u00fanior (Sec. Inova\u00e7\u00e3o de Aracaju)<\/span><br \/><span style=\"color: #0000ff\">Agla\u00e9 D&#8217;\u00c1vila Fontes (IHGS-SE)<\/span><br \/><span style=\"color: #0000ff\">Ricardo Nascimento Abreu (UFS-SE)<\/span><br \/>Moderador: Hugo Barbosa (Senado Federal)<\/p><p><strong><span style=\"color: #0000ff\">15h00 BR (19h00 PT) CONFER\u00caNCIA<\/span><\/strong><br \/><strong>O IMPACTO DA EDUCA\u00c7\u00c3O PARA O EMPREENDEDORISMO<\/strong><br \/><strong>NA EUROPA E NO BRASIL<\/strong><br \/><span style=\"color: #0000ff\">Margarida Leandro (DGEEC \u2013 Portugal)<\/span><br \/><span style=\"color: #0000ff\">Eduardo Vilas Boas (Faculdade Sebrae-SP)<\/span><br \/>Moderador: Alercio Bressano (JA Sergipe)<\/p><p><strong><span style=\"color: #0000ff\">16h00 BR (20h00 PT) PAINEL ARTICULADO<\/span><\/strong><br \/><strong>PESQUISA, DESENVOLVIMENTO E INOVA\u00c7\u00c3O:<\/strong><br \/><strong>A IMPORT\u00c2NCIA DO FOMENTO DA CULTURA EMPREENDEDORA PARA O PROGRESSO DE SERGIPE<\/strong><br \/><span style=\"color: #0000ff\">Felipe H. Souza (Cultive-se Horta Vertical)<\/span><br \/><span style=\"color: #0000ff\">Victor Nathan Fontes Silva (IAM)<\/span><br \/><span style=\"color: #0000ff\">M\u00e1rcia Maria Santos (IFS-SE)<\/span><br \/>Moderador: Alex Garcez (Fapitec &#8211; Sergipe)<\/p><p><strong><span style=\"color: #0000ff\">17h00 BR (21h00 PT) PAINEL ARTICULADO<\/span><\/strong><br \/><strong>EMPREENDEDORISMO FEMININO: VOZES, NEG\u00d3CIOS E IMPACTO SOCIAL<\/strong><br \/><span style=\"color: #0000ff\">Priscila Felizola (Sebrae-SE)<br \/>Fanie Adans (Eleavor)<br \/>Sylvia Menezes (SC Consultoria)<br \/>Manuela Teixeira (UAb &#8211; Portugal)<\/span><br \/>Moderadora: Gl\u00f3ria Sena (Senado Federal)<\/p><p><strong><span style=\"color: #0000ff\">18h00 BR (22h00 PT) PAINEL ARTICULADO<\/span><\/strong><br \/><strong>\u00c9TICA, COMPLIANCE E RESPONSABILIDADE SOCIAL<br \/><\/strong><span style=\"color: #0000ff\">Cleide Ane Barbosa (Est\u00e1cio &#8211; SE)<br \/>Antonino Sousa (CEG-UAb Portugal)<\/span><br \/><span style=\"color: #0000ff\">Gl\u00e1ucia Guerra (Casa Civil-SE)<\/span><br \/>Moderador: Nilson Lima (Diretor do Senac-SE)<\/p><p><strong><span style=\"color: #0000ff\">19h00 BR (23h00 PT) CONFER\u00caNCIA<\/span><\/strong><br \/><strong>ECOSSISTEMAS EMPREENDEDORES: EDUCA\u00c7\u00c3O, TALENTO E SUSTENTABILIDADE<\/strong><br \/><span style=\"color: #0000ff\">Cristiane Tavares (Senac &#8211; SE)<br \/>S\u00f4nia Fonseca (UESC-BA)<br \/><\/span>Moderadora: Susana Alves-Jesus (UAb &#8211; Portugal)<\/p><\/div>\n\t\t\t\t\t<\/div><div class=\"eael-accordion-list\">\n\t\t\t\t\t<div id=\"dia-18\" class=\"elementor-tab-title eael-accordion-header\" tabindex=\"0\" data-tab=\"3\" aria-controls=\"elementor-tab-content-2923\"><span class=\"eael-advanced-accordion-icon-closed\"><svg aria-hidden=\"true\" class=\"fa-accordion-icon e-font-icon-svg e-fas-plus\" viewBox=\"0 0 448 512\" xmlns=\"http:\/\/www.w3.org\/2000\/svg\"><path d=\"M416 208H272V64c0-17.67-14.33-32-32-32h-32c-17.67 0-32 14.33-32 32v144H32c-17.67 0-32 14.33-32 32v32c0 17.67 14.33 32 32 32h144v144c0 17.67 14.33 32 32 32h32c17.67 0 32-14.33 32-32V304h144c17.67 0 32-14.33 32-32v-32c0-17.67-14.33-32-32-32z\"><\/path><\/svg><\/span><span class=\"eael-advanced-accordion-icon-opened\"><svg aria-hidden=\"true\" class=\"fa-accordion-icon e-font-icon-svg e-fas-minus\" viewBox=\"0 0 448 512\" xmlns=\"http:\/\/www.w3.org\/2000\/svg\"><path d=\"M416 208H32c-17.67 0-32 14.33-32 32v32c0 17.67 14.33 32 32 32h384c17.67 0 32-14.33 32-32v-32c0-17.67-14.33-32-32-32z\"><\/path><\/svg><\/span><span class=\"eael-accordion-tab-title\">DIA 18<\/span><svg aria-hidden=\"true\" class=\"fa-toggle e-font-icon-svg e-fas-angle-right\" viewBox=\"0 0 256 512\" xmlns=\"http:\/\/www.w3.org\/2000\/svg\"><path d=\"M224.3 273l-136 136c-9.4 9.4-24.6 9.4-33.9 0l-22.6-22.6c-9.4-9.4-9.4-24.6 0-33.9l96.4-96.4-96.4-96.4c-9.4-9.4-9.4-24.6 0-33.9L54.3 103c9.4-9.4 24.6-9.4 33.9 0l136 136c9.5 9.4 9.5 24.6.1 34z\"><\/path><\/svg><\/div><div id=\"elementor-tab-content-2923\" class=\"eael-accordion-content clearfix\" data-tab=\"3\" aria-labelledby=\"dia-18\"><p><strong><span style=\"color: #3366ff\">08h30 BR (12h30 PT) PAINEL ARTICULADO<br \/><\/span><\/strong><strong>REFERENCIAIS, REDES E APRENDIZAGENS ESSENCIAIS<br \/><\/strong><span style=\"color: #0000ff\">V\u00edtor Figueiredo (DGE &#8211; Portugal)<\/span><br \/><span style=\"color: #0000ff\">Fabiana Pinho (CER Sebrae-MG)<\/span><br \/><span style=\"color: #000000\">Moderador: Andreia Pinho (UAb &#8211; Portugal)<\/span><\/p><p><strong><span style=\"color: #3366ff\">09h30 BR (13h30 PT) PAINEL ARTICULADO<br \/><\/span><\/strong><strong>O FUTURO DO PROJETO CONSTRUINDO PONTES COM OS MUNIC\u00cdPIOS EMPREENDEDORES<br \/><\/strong><span style=\"color: #0000ff\">Monica Almeida (Malhada dos Bois)<\/span><br \/><span style=\"color: #0000ff\">Perla Reboiras (Campo do Brito)<\/span><br \/><span style=\"color: #0000ff\">Marcia Marcelle (Propri\u00e1)<\/span><br \/><span style=\"color: #0000ff\">Deidiane Andrade (Moita Bonita)<\/span><br \/><span style=\"color: #0000ff\">Alberto Oliveira (Itabi)<\/span><br \/><span style=\"color: #000000\">Moderador: Jacinto Jardim (UAb &#8211; Portugal)<\/span><\/p><p><strong><span style=\"color: #3366ff\">CONFER\u00caNCIAS DE ENCERRAMENTO<br \/><\/span><\/strong><span style=\"color: #000000\">Moderadora: Carla Passos (Senado Federal &#8211; DF)<br \/><\/span><strong><span style=\"color: #000000\"><br \/><span style=\"color: #3366ff\">10h30 BR (14h30 PT)<\/span><br \/>DESENVOLVIMENTO E SUSTENTABILIDADE DE ECOSSISTEMAS DE EDUCA\u00c7\u00c3O EMPREENDEDORA<br \/><\/span><span style=\"color: #0000ff\">Rose Mary Lopes (ANEGEPE)<\/span><\/strong><\/p><p><strong><span style=\"color: #3366ff\">11h00 BR (15h PT)<br \/><\/span><span style=\"color: #000000\">DA INVEN\u00c7\u00c3O DA RODA \u00c0 CRIA\u00c7\u00c3O DAS PLATAFORMAS DE IA<\/span><\/strong><br \/><strong><span style=\"color: #0000ff\">Jos\u00e9 Eduardo Franco (UAb &#8211; PT)<\/span><\/strong><\/p><p><span style=\"color: #0000ff\"><strong>11h30 BR (15h30 PT) SOLENIDADE DE ENCERRAMENTO DO CONGRESSO<\/strong><\/span><\/p><p>ENTREGA DOS CERTIFICADOS DE EMBAIXADORES DA EDUCA\u00c7\u00c3O EMPREENDEDORA<\/p><p><strong>ENTREGA DA COMENDA DO M\u00c9RITO DA EDUCA\u00c7\u00c3O EMPREENDEDORA<br \/><\/strong><\/p><p>Carta de Aracaju<\/p><\/div>\n\t\t\t\t\t<\/div><\/div>\t\t\t\t<\/div>\n\t\t\t\t<\/div>\n\t\t\t\t<div class=\"elementor-element elementor-element-09c76af elementor-widget elementor-widget-heading\" data-id=\"09c76af\" data-element_type=\"widget\" data-e-type=\"widget\" data-widget_type=\"heading.default\">\n\t\t\t\t<div class=\"elementor-widget-container\">\n\t\t\t\t\t<h2 class=\"elementor-heading-title elementor-size-default\">Sess\u00f5es Tem\u00e1ticas | Dia 17 | Das 8 \u00e0s 11h<\/h2>\t\t\t\t<\/div>\n\t\t\t\t<\/div>\n\t\t\t\t<div class=\"elementor-element elementor-element-96c7880 elementor-widget elementor-widget-eael-adv-accordion\" data-id=\"96c7880\" data-element_type=\"widget\" data-e-type=\"widget\" data-widget_type=\"eael-adv-accordion.default\">\n\t\t\t\t<div class=\"elementor-widget-container\">\n\t\t\t\t\t            <div class=\"eael-adv-accordion\" id=\"eael-adv-accordion-96c7880\" data-scroll-on-click=\"no\" data-scroll-speed=\"300\" data-accordion-id=\"96c7880\" data-accordion-type=\"accordion\" data-toogle-speed=\"300\">\n            <div class=\"eael-accordion-list\">\n\t\t\t\t\t<div id=\"1-inteligncia-artificial-e-tecnologias-emergentes-no-empreendedorismo-formao-profissional-para-o-empreendedorismo\" class=\"elementor-tab-title eael-accordion-header\" tabindex=\"0\" data-tab=\"1\" aria-controls=\"elementor-tab-content-1581\"><span class=\"eael-advanced-accordion-icon-closed\"><svg aria-hidden=\"true\" class=\"fa-accordion-icon e-font-icon-svg e-fas-plus\" viewBox=\"0 0 448 512\" xmlns=\"http:\/\/www.w3.org\/2000\/svg\"><path d=\"M416 208H272V64c0-17.67-14.33-32-32-32h-32c-17.67 0-32 14.33-32 32v144H32c-17.67 0-32 14.33-32 32v32c0 17.67 14.33 32 32 32h144v144c0 17.67 14.33 32 32 32h32c17.67 0 32-14.33 32-32V304h144c17.67 0 32-14.33 32-32v-32c0-17.67-14.33-32-32-32z\"><\/path><\/svg><\/span><span class=\"eael-advanced-accordion-icon-opened\"><svg aria-hidden=\"true\" class=\"fa-accordion-icon e-font-icon-svg e-fas-robot\" viewBox=\"0 0 640 512\" xmlns=\"http:\/\/www.w3.org\/2000\/svg\"><path d=\"M32,224H64V416H32A31.96166,31.96166,0,0,1,0,384V256A31.96166,31.96166,0,0,1,32,224Zm512-48V448a64.06328,64.06328,0,0,1-64,64H160a64.06328,64.06328,0,0,1-64-64V176a79.974,79.974,0,0,1,80-80H288V32a32,32,0,0,1,64,0V96H464A79.974,79.974,0,0,1,544,176ZM264,256a40,40,0,1,0-40,40A39.997,39.997,0,0,0,264,256Zm-8,128H192v32h64Zm96,0H288v32h64ZM456,256a40,40,0,1,0-40,40A39.997,39.997,0,0,0,456,256Zm-8,128H384v32h64ZM640,256V384a31.96166,31.96166,0,0,1-32,32H576V224h32A31.96166,31.96166,0,0,1,640,256Z\"><\/path><\/svg><\/span><span class=\"eael-accordion-tab-title\">1 - Intelig\u00eancia Artificial e Tecnologias Emergentes no Empreendedorismo | Forma\u00e7\u00e3o Profissional para o Empreendedorismo<\/span><svg aria-hidden=\"true\" class=\"fa-toggle e-font-icon-svg e-fas-angle-right\" viewBox=\"0 0 256 512\" xmlns=\"http:\/\/www.w3.org\/2000\/svg\"><path d=\"M224.3 273l-136 136c-9.4 9.4-24.6 9.4-33.9 0l-22.6-22.6c-9.4-9.4-9.4-24.6 0-33.9l96.4-96.4-96.4-96.4c-9.4-9.4-9.4-24.6 0-33.9L54.3 103c9.4-9.4 24.6-9.4 33.9 0l136 136c9.5 9.4 9.5 24.6.1 34z\"><\/path><\/svg><\/div><div id=\"elementor-tab-content-1581\" class=\"eael-accordion-content clearfix\" data-tab=\"1\" aria-labelledby=\"1-inteligncia-artificial-e-tecnologias-emergentes-no-empreendedorismo-formao-profissional-para-o-empreendedorismo\"><h4>Moderador : Fl\u00e1vio Oliveira (Sebrae SE)<\/h4><table style=\"width: 100%;border-collapse: collapse;border: 1px solid #999\"><thead><tr style=\"background: #AAA\"><th style=\"font-weight: bold;padding: 8px;border-left: 1px solid #999;border-right: 1px solid #999\">N\u00ba<\/th><th style=\"font-weight: bold;padding: 8px;border-left: 1px solid #999;border-right: 1px solid #999\">T\u00edtulo<\/th><th style=\"font-weight: bold;padding: 8px;border-left: 1px solid #999;border-right: 1px solid #999\">Autores<\/th><th style=\"font-weight: bold;padding: 8px;border-left: 1px solid #999;border-right: 1px solid #999\">Tipo<\/th><th style=\"font-weight: bold;padding: 8px;border-left: 1px solid #999;border-right: 1px solid #999\">\u00c1rea<\/th><th style=\"font-weight: bold;padding: 8px;border-left: 1px solid #999;border-right: 1px solid #999\">Modo<\/th><\/tr><\/thead><tbody><tr style=\"background: #FFF\"><td style=\"padding: 8px;border-left: 1px solid #999;border-right: 1px solid #999\">1<\/td><td style=\"padding: 8px;border-left: 1px solid #999;border-right: 1px solid #999\">A Influ\u00eancia da Forma\u00e7\u00e3o Tecnol\u00f3gica nas Inten\u00e7\u00f5es Empreendedoras dos Estudantes: Proposta de Um Modelo<\/td><td style=\"padding: 8px;border-left: 1px solid #999;border-right: 1px solid #999\">Ana Teresa Colenci Trevelin | Vanessa Cristhina Gatto<\/td><td style=\"padding: 8px;border-left: 1px solid #999;border-right: 1px solid #999\">Artigo<\/td><td style=\"padding: 8px;border-left: 1px solid #999;border-right: 1px solid #999\">Forma\u00e7\u00e3o Profissional para o Empreendedorismo<\/td><td style=\"padding: 8px;border-left: 1px solid #999;border-right: 1px solid #999\">Presencial<\/td><\/tr><tr style=\"background: #CCC\"><td style=\"padding: 8px;border-left: 1px solid #999;border-right: 1px solid #999\">2<\/td><td style=\"padding: 8px;border-left: 1px solid #999;border-right: 1px solid #999\">Ado\u00e7\u00e3o de Blockchain na Gest\u00e3o de Cadeias de Suprimentos Financeiros: Implica\u00e7\u00f5es para a Tokeniza\u00e7\u00e3o de Ativos<\/td><td style=\"padding: 8px;border-left: 1px solid #999;border-right: 1px solid #999\">Francisco Farias Gomes | Glauber Campos Gomes<\/td><td style=\"padding: 8px;border-left: 1px solid #999;border-right: 1px solid #999\">Artigo<\/td><td style=\"padding: 8px;border-left: 1px solid #999;border-right: 1px solid #999\">Intelig\u00eancia Artificial e Tecnologias Emergentes no Empreendedorismo.<\/td><td style=\"padding: 8px;border-left: 1px solid #999;border-right: 1px solid #999\">Presencial<\/td><\/tr><tr style=\"background: #FFF\"><td style=\"padding: 8px;border-left: 1px solid #999;border-right: 1px solid #999\">3<\/td><td style=\"padding: 8px;border-left: 1px solid #999;border-right: 1px solid #999\">Entre Algoritmos e Ilhas: Intelig\u00eancia Artificial, Empreendedorismo e Sustentabilidade na Regi\u00e3o Aut\u00f3noma da Madeira<\/td><td style=\"padding: 8px;border-left: 1px solid #999;border-right: 1px solid #999\">Gilda Maria de Gouveia Jardim | Marco Ant\u00f3nio Freitas Teles<\/td><td style=\"padding: 8px;border-left: 1px solid #999;border-right: 1px solid #999\">Artigo<\/td><td style=\"padding: 8px;border-left: 1px solid #999;border-right: 1px solid #999\">Intelig\u00eancia Artificial e Tecnologias Emergentes no Empreendedorismo.<\/td><td style=\"padding: 8px;border-left: 1px solid #999;border-right: 1px solid #999\">Online<\/td><\/tr><tr style=\"background: #CCC\"><td style=\"padding: 8px;border-left: 1px solid #999;border-right: 1px solid #999\">4<\/td><td style=\"padding: 8px;border-left: 1px solid #999;border-right: 1px solid #999\">Identifica\u00e7\u00e3o e An\u00e1lise da Inova\u00e7\u00e3o Aberta em Micro e Pequenas Empresas e Empresas de Base Tecnol\u00f3gica<\/td><td style=\"padding: 8px;border-left: 1px solid #999;border-right: 1px solid #999\">Adriano Carlos Moraes Rosa |Bruno Donizeti da Silva |Vanessa Cristhina Gatto | Herlandi de Souza Andrade<\/td><td style=\"padding: 8px;border-left: 1px solid #999;border-right: 1px solid #999\">Artigo<\/td><td style=\"padding: 8px;border-left: 1px solid #999;border-right: 1px solid #999\">Intelig\u00eancia Artificial e Tecnologias Emergentes no Empreendedorismo.<\/td><td style=\"padding: 8px;border-left: 1px solid #999;border-right: 1px solid #999\">Online<\/td><\/tr><tr style=\"background: #FFF\"><td style=\"padding: 8px;border-left: 1px solid #999;border-right: 1px solid #999\">5<\/td><td style=\"padding: 8px;border-left: 1px solid #999;border-right: 1px solid #999\">Inova\u00e7\u00e3o pedag\u00f3gica e educa\u00e7\u00e3o empreendedora &#8211; Um modelo de interven\u00e7\u00e3o com docentes e estudantes do ensino superior articulado com desafios da comunidade<\/td><td style=\"padding: 8px;border-left: 1px solid #999;border-right: 1px solid #999\">Ant\u00f3nio Leal | Lu\u00edsa Almeida<\/td><td style=\"padding: 8px;border-left: 1px solid #999;border-right: 1px solid #999\">Artigo<\/td><td style=\"padding: 8px;border-left: 1px solid #999;border-right: 1px solid #999\">Forma\u00e7\u00e3o Profissional para o Empreendedorismo<\/td><td style=\"padding: 8px;border-left: 1px solid #999;border-right: 1px solid #999\">Online<\/td><\/tr><tr style=\"background: #CCC\"><td style=\"padding: 8px;border-left: 1px solid #999;border-right: 1px solid #999\">6<\/td><td style=\"padding: 8px;border-left: 1px solid #999;border-right: 1px solid #999\">Intelig\u00eancia Artificial como Motor do Empreendedorismo<\/td><td style=\"padding: 8px;border-left: 1px solid #999;border-right: 1px solid #999\">Paula Alexandra Valente | Paula Cristina Bra\u00e7ais<\/td><td style=\"padding: 8px;border-left: 1px solid #999;border-right: 1px solid #999\">Artigo<\/td><td style=\"padding: 8px;border-left: 1px solid #999;border-right: 1px solid #999\">Intelig\u00eancia Artificial e Tecnologias Emergentes no Empreendedorismo.<\/td><td style=\"padding: 8px;border-left: 1px solid #999;border-right: 1px solid #999\">Online<\/td><\/tr><tr style=\"background: #FFF\"><td style=\"padding: 8px;border-left: 1px solid #999;border-right: 1px solid #999\">7<\/td><td style=\"padding: 8px;border-left: 1px solid #999;border-right: 1px solid #999\">Intera\u00e7\u00e3o entre carga cognitiva e computacional no uso de enxames de llms quantizados para aplica\u00e7\u00f5es empreendedoras<\/td><td style=\"padding: 8px;border-left: 1px solid #999;border-right: 1px solid #999\">H\u00e9lio Craveiro Pessoa J\u00fanior<\/td><td style=\"padding: 8px;border-left: 1px solid #999;border-right: 1px solid #999\">Resumo<\/td><td style=\"padding: 8px;border-left: 1px solid #999;border-right: 1px solid #999\">Intelig\u00eancia Artificial e Tecnologias Emergentes no Empreendedorismo.<\/td><td style=\"padding: 8px;border-left: 1px solid #999;border-right: 1px solid #999\">Online<\/td><\/tr><tr style=\"background: #CCC\"><td style=\"padding: 8px;border-left: 1px solid #999;border-right: 1px solid #999\">8<\/td><td style=\"padding: 8px;border-left: 1px solid #999;border-right: 1px solid #999\">M\u00e9todo Literacia: Inova\u00e7\u00e3o educacional e empreendedorismo social na era da Intelig\u00eancia Artificial (IA)<\/td><td style=\"padding: 8px;border-left: 1px solid #999;border-right: 1px solid #999\">Renata Maria dos Santos<\/td><td style=\"padding: 8px;border-left: 1px solid #999;border-right: 1px solid #999\">Artigo<\/td><td style=\"padding: 8px;border-left: 1px solid #999;border-right: 1px solid #999\">Intelig\u00eancia Artificial e Tecnologias Emergentes no Empreendedorismo.<\/td><td style=\"padding: 8px;border-left: 1px solid #999;border-right: 1px solid #999\">Presencial<\/td><\/tr><tr style=\"background: #FFF\"><td style=\"padding: 8px;border-left: 1px solid #999;border-right: 1px solid #999\">9<\/td><td style=\"padding: 8px;border-left: 1px solid #999;border-right: 1px solid #999\">O guia de ind\u00edcios atitudinais da PUCPR e a educa\u00e7\u00e3o empreendedora &#8211; rela\u00e7\u00f5es no desenvolvimento e avalia\u00e7\u00e3o do Saber Ser<\/td><td style=\"padding: 8px;border-left: 1px solid #999;border-right: 1px solid #999\">V\u00e2nia Terra | Cl\u00e9ber Lopes<\/td><td style=\"padding: 8px;border-left: 1px solid #999;border-right: 1px solid #999\">Artigo<\/td><td style=\"padding: 8px;border-left: 1px solid #999;border-right: 1px solid #999\">Forma\u00e7\u00e3o Profissional para o Empreendedorismo<\/td><td style=\"padding: 8px;border-left: 1px solid #999;border-right: 1px solid #999\">Online<\/td><\/tr><tr style=\"background: #CCC\"><td style=\"padding: 8px;border-left: 1px solid #999;border-right: 1px solid #999\">10<\/td><td style=\"padding: 8px;border-left: 1px solid #999;border-right: 1px solid #999\">O jogo Criaturas Empreendedoras como recurso estrat\u00e9gico para o desenvolvimento da carreira empreendedora universit\u00e1ria<\/td><td style=\"padding: 8px;border-left: 1px solid #999;border-right: 1px solid #999\">Naira Libermann | Ana Nunes | Silvia Dopper<\/td><td style=\"padding: 8px;border-left: 1px solid #999;border-right: 1px solid #999\">Artigo<\/td><td style=\"padding: 8px;border-left: 1px solid #999;border-right: 1px solid #999\">Forma\u00e7\u00e3o Profissional para o Empreendedorismo<\/td><td style=\"padding: 8px;border-left: 1px solid #999;border-right: 1px solid #999\">Online<\/td><\/tr><tr style=\"background: #FFF\"><td style=\"padding: 8px;border-left: 1px solid #999;border-right: 1px solid #999\">11<\/td><td style=\"padding: 8px;border-left: 1px solid #999;border-right: 1px solid #999\">O papel do professor no ensino do empreendedorismo: o acompanhante na forma\u00e7\u00e3o de compet\u00eancias<\/td><td style=\"padding: 8px;border-left: 1px solid #999;border-right: 1px solid #999\">Gl\u00e1ucia Botan Rufato<\/td><td style=\"padding: 8px;border-left: 1px solid #999;border-right: 1px solid #999\">Artigo<\/td><td style=\"padding: 8px;border-left: 1px solid #999;border-right: 1px solid #999\">Forma\u00e7\u00e3o Profissional para o Empreendedorismo<\/td><td style=\"padding: 8px;border-left: 1px solid #999;border-right: 1px solid #999\">Online<\/td><\/tr><tr style=\"background: #CCC\"><td style=\"padding: 8px;border-left: 1px solid #999;border-right: 1px solid #999\">12<\/td><td style=\"padding: 8px;border-left: 1px solid #999;border-right: 1px solid #999\">Potencializando a educa\u00e7\u00e3o empreendedora: O di\u00e1logo com Paulo Freire para uma forma\u00e7\u00e3o cidad\u00e3<\/td><td style=\"padding: 8px;border-left: 1px solid #999;border-right: 1px solid #999\">Raquel Kowalski | Cl\u00e9ber Lopes<\/td><td style=\"padding: 8px;border-left: 1px solid #999;border-right: 1px solid #999\">Artigo<\/td><td style=\"padding: 8px;border-left: 1px solid #999;border-right: 1px solid #999\">Forma\u00e7\u00e3o Profissional para o Empreendedorismo<\/td><td style=\"padding: 8px;border-left: 1px solid #999;border-right: 1px solid #999\">Online<\/td><\/tr><tr style=\"background: #FFF\"><td style=\"padding: 8px;border-left: 1px solid #999;border-right: 1px solid #999\">13<\/td><td style=\"padding: 8px;border-left: 1px solid #999;border-right: 1px solid #999\">Promo\u00e7\u00e3o da educa\u00e7\u00e3o empreendedora atrav\u00e9s da educa\u00e7\u00e3o \u00e0 dist\u00e2ncia: uma an\u00e1lise de possibilidades e desafios<\/td><td style=\"padding: 8px;border-left: 1px solid #999;border-right: 1px solid #999\">Sandra Mara Lara | Cl\u00e9ber Lopes<\/td><td style=\"padding: 8px;border-left: 1px solid #999;border-right: 1px solid #999\">Artigo<\/td><td style=\"padding: 8px;border-left: 1px solid #999;border-right: 1px solid #999\">Forma\u00e7\u00e3o Profissional para o Empreendedorismo<\/td><td style=\"padding: 8px;border-left: 1px solid #999;border-right: 1px solid #999\">Presencial<\/td><\/tr><tr style=\"background: #CCC\"><td style=\"padding: 8px;border-left: 1px solid #999;border-right: 1px solid #999\">14<\/td><td style=\"padding: 8px;border-left: 1px solid #999;border-right: 1px solid #999\">Saber-Ser Empreendedor: o ensino das soft skills como base para a educa\u00e7\u00e3o empreendedora<\/td><td style=\"padding: 8px;border-left: 1px solid #999;border-right: 1px solid #999\">Evary Elys Anghinoni<\/td><td style=\"padding: 8px;border-left: 1px solid #999;border-right: 1px solid #999\">Artigo<\/td><td style=\"padding: 8px;border-left: 1px solid #999;border-right: 1px solid #999\">Forma\u00e7\u00e3o Profissional para o Empreendedorismo<\/td><td style=\"padding: 8px;border-left: 1px solid #999;border-right: 1px solid #999\">Online<\/td><\/tr><tr style=\"background: #FFF\"><td style=\"padding: 8px;border-left: 1px solid #999;border-right: 1px solid #999\">15<\/td><td style=\"padding: 8px;border-left: 1px solid #999;border-right: 1px solid #999\">Tecnologia como Extens\u00e3o Humana e os Desafios da Governan\u00e7a Antecipativa: Uma An\u00e1lise Cr\u00edtica da Intelig\u00eancia Artificial e seus Impactos \u00c9ticos e Sociais<\/td><td style=\"padding: 8px;border-left: 1px solid #999;border-right: 1px solid #999\">Ronald Jean Degen<\/td><td style=\"padding: 8px;border-left: 1px solid #999;border-right: 1px solid #999\">Artigo<\/td><td style=\"padding: 8px;border-left: 1px solid #999;border-right: 1px solid #999\">Intelig\u00eancia Artificial e Tecnologias Emergentes no Empreendedorismo.<\/td><td style=\"padding: 8px;border-left: 1px solid #999;border-right: 1px solid #999\">Presencial<\/td><\/tr><tr style=\"background: #CCC\"><td style=\"padding: 8px;border-left: 1px solid #999;border-right: 1px solid #999\">16<\/td><td style=\"padding: 8px;border-left: 1px solid #999;border-right: 1px solid #999\">Tecnologia e Empreendedorismo em A\u00e7\u00e3o: A Revolu\u00e7\u00e3o do RESTIC 36 na Bahia<\/td><td style=\"padding: 8px;border-left: 1px solid #999;border-right: 1px solid #999\">Eduardo Silva Palmeira | Jos\u00e9 Alfredo Santos Souza | Liliane Xavier Neves | Ana Paula Perovano | Leila Vita<\/td><td style=\"padding: 8px;border-left: 1px solid #999;border-right: 1px solid #999\">Artigo<\/td><td style=\"padding: 8px;border-left: 1px solid #999;border-right: 1px solid #999\">Intelig\u00eancia Artificial e Tecnologias Emergentes no Empreendedorismo.<\/td><td style=\"padding: 8px;border-left: 1px solid #999;border-right: 1px solid #999\">Presencial<\/td><\/tr><tr style=\"background: #FFF\"><td style=\"padding: 8px;border-left: 1px solid #999;border-right: 1px solid #999\">17<\/td><td style=\"padding: 8px;border-left: 1px solid #999;border-right: 1px solid #999\">Tokeniza\u00e7\u00e3o de Ativos Financeiros: uma an\u00e1lise da permuta financeira no contexto imobili\u00e1rio brasileiro<\/td><td style=\"padding: 8px;border-left: 1px solid #999;border-right: 1px solid #999\">Glauber Campos Gomes | Francisco Farias Gomes<\/td><td style=\"padding: 8px;border-left: 1px solid #999;border-right: 1px solid #999\">Artigo<\/td><td style=\"padding: 8px;border-left: 1px solid #999;border-right: 1px solid #999\">Intelig\u00eancia Artificial e Tecnologias Emergentes no Empreendedorismo.<\/td><td style=\"padding: 8px;border-left: 1px solid #999;border-right: 1px solid #999\">Presencial<\/td><\/tr><\/tbody><\/table><\/div>\n\t\t\t\t\t<\/div><div class=\"eael-accordion-list\">\n\t\t\t\t\t<div id=\"2-educao-empreendedora-teorias-prticas-e-resultados\" class=\"elementor-tab-title eael-accordion-header\" tabindex=\"0\" data-tab=\"2\" aria-controls=\"elementor-tab-content-1582\"><span class=\"eael-advanced-accordion-icon-closed\"><svg aria-hidden=\"true\" class=\"fa-accordion-icon e-font-icon-svg e-fas-plus\" viewBox=\"0 0 448 512\" xmlns=\"http:\/\/www.w3.org\/2000\/svg\"><path d=\"M416 208H272V64c0-17.67-14.33-32-32-32h-32c-17.67 0-32 14.33-32 32v144H32c-17.67 0-32 14.33-32 32v32c0 17.67 14.33 32 32 32h144v144c0 17.67 14.33 32 32 32h32c17.67 0 32-14.33 32-32V304h144c17.67 0 32-14.33 32-32v-32c0-17.67-14.33-32-32-32z\"><\/path><\/svg><\/span><span class=\"eael-advanced-accordion-icon-opened\"><svg aria-hidden=\"true\" class=\"fa-accordion-icon e-font-icon-svg e-fas-people-arrows\" viewBox=\"0 0 576 512\" xmlns=\"http:\/\/www.w3.org\/2000\/svg\"><path d=\"M96,128A64,64,0,1,0,32,64,64,64,0,0,0,96,128Zm0,176.08a44.11,44.11,0,0,1,13.64-32L181.77,204c1.65-1.55,3.77-2.31,5.61-3.57A63.91,63.91,0,0,0,128,160H64A64,64,0,0,0,0,224v96a32,32,0,0,0,32,32V480a32,32,0,0,0,32,32h64a32,32,0,0,0,32-32V383.61l-50.36-47.53A44.08,44.08,0,0,1,96,304.08ZM480,128a64,64,0,1,0-64-64A64,64,0,0,0,480,128Zm32,32H448a63.91,63.91,0,0,0-59.38,40.42c1.84,1.27,4,2,5.62,3.59l72.12,68.06a44.37,44.37,0,0,1,0,64L416,383.62V480a32,32,0,0,0,32,32h64a32,32,0,0,0,32-32V352a32,32,0,0,0,32-32V224A64,64,0,0,0,512,160ZM444.4,295.34l-72.12-68.06A12,12,0,0,0,352,236v36H224V236a12,12,0,0,0-20.28-8.73L131.6,295.34a12.4,12.4,0,0,0,0,17.47l72.12,68.07A12,12,0,0,0,224,372.14V336H352v36.14a12,12,0,0,0,20.28,8.74l72.12-68.07A12.4,12.4,0,0,0,444.4,295.34Z\"><\/path><\/svg><\/span><span class=\"eael-accordion-tab-title\">2 - Educa\u00e7\u00e3o Empreendedora: Teorias, Pr\u00e1ticas e Resultados<\/span><svg aria-hidden=\"true\" class=\"fa-toggle e-font-icon-svg e-fas-angle-right\" viewBox=\"0 0 256 512\" xmlns=\"http:\/\/www.w3.org\/2000\/svg\"><path d=\"M224.3 273l-136 136c-9.4 9.4-24.6 9.4-33.9 0l-22.6-22.6c-9.4-9.4-9.4-24.6 0-33.9l96.4-96.4-96.4-96.4c-9.4-9.4-9.4-24.6 0-33.9L54.3 103c9.4-9.4 24.6-9.4 33.9 0l136 136c9.5 9.4 9.5 24.6.1 34z\"><\/path><\/svg><\/div><div id=\"elementor-tab-content-1582\" class=\"eael-accordion-content clearfix\" data-tab=\"2\" aria-labelledby=\"2-educao-empreendedora-teorias-prticas-e-resultados\"><h3>Moderadora: D\u00e9bora Mendon\u00e7a (Sebrae SE)<\/h3><table style=\"width: 100%;border-collapse: collapse;border: 1px solid #999\"><thead><tr style=\"background: #AAA\"><th style=\"font-weight: bold;padding: 8px;border-left: 1px solid #999;border-right: 1px solid #999\">N\u00ba<\/th><th style=\"font-weight: bold;padding: 8px;border-left: 1px solid #999;border-right: 1px solid #999\">T\u00edtulo<\/th><th style=\"font-weight: bold;padding: 8px;border-left: 1px solid #999;border-right: 1px solid #999\">Autores<\/th><th style=\"font-weight: bold;padding: 8px;border-left: 1px solid #999;border-right: 1px solid #999\">Tipo<\/th><th style=\"font-weight: bold;padding: 8px;border-left: 1px solid #999;border-right: 1px solid #999\">\u00c1rea<\/th><th style=\"font-weight: bold;padding: 8px;border-left: 1px solid #999;border-right: 1px solid #999\">Modo<\/th><\/tr><\/thead><tbody><tr style=\"background: #FFF\"><td style=\"padding: 8px;border-left: 1px solid #999;border-right: 1px solid #999\">1<\/td><td style=\"padding: 8px;border-left: 1px solid #999;border-right: 1px solid #999\">A Educa\u00e7\u00e3o Empreendedora nos cursos de gradua\u00e7\u00e3o das institui\u00e7\u00f5es p\u00fablicas de ensino superior de Petrolina-PE o cen\u00e1rio em seus projetos pedag\u00f3gicos de curso<\/td><td style=\"padding: 8px;border-left: 1px solid #999;border-right: 1px solid #999\">T\u00e1cio Nunes Carvalho | Deranor Gomes de Oliveira<\/td><td style=\"padding: 8px;border-left: 1px solid #999;border-right: 1px solid #999\">Artigo<\/td><td style=\"padding: 8px;border-left: 1px solid #999;border-right: 1px solid #999\">Educa\u00e7\u00e3o Empreendedora: Teorias, Pr\u00e1ticas e Resultados.<\/td><td style=\"padding: 8px;border-left: 1px solid #999;border-right: 1px solid #999\">Online<\/td><\/tr><tr style=\"background: #CCC\"><td style=\"padding: 8px;border-left: 1px solid #999;border-right: 1px solid #999\">2<\/td><td style=\"padding: 8px;border-left: 1px solid #999;border-right: 1px solid #999\">A Escola Cidad\u00e3 como Ambiente de Fomento \u00e0 Educa\u00e7\u00e3o Empreendedora no Ensino M\u00e9dio<\/td><td style=\"padding: 8px;border-left: 1px solid #999;border-right: 1px solid #999\">Alice Rodrigues Almeida<\/td><td style=\"padding: 8px;border-left: 1px solid #999;border-right: 1px solid #999\">Artigo<\/td><td style=\"padding: 8px;border-left: 1px solid #999;border-right: 1px solid #999\">Educa\u00e7\u00e3o Empreendedora: Teorias, Pr\u00e1ticas e Resultados.<\/td><td style=\"padding: 8px;border-left: 1px solid #999;border-right: 1px solid #999\">Online<\/td><\/tr><tr style=\"background: #FFF\"><td style=\"padding: 8px;border-left: 1px solid #999;border-right: 1px solid #999\">3<\/td><td style=\"padding: 8px;border-left: 1px solid #999;border-right: 1px solid #999\">A Turma do Rafa: Material Did\u00e1tico Inovador Integra Projeto de Vida, Educa\u00e7\u00e3o Empreendedora e Financeira no Ensino Fundamental de Sergipe<\/td><td style=\"padding: 8px;border-left: 1px solid #999;border-right: 1px solid #999\">Rosana Soares Leite, Erinaldo Alves, Fernanda Merces e Vitor Aloisio<\/td><td style=\"padding: 8px;border-left: 1px solid #999;border-right: 1px solid #999\">Resumo<\/td><td style=\"padding: 8px;border-left: 1px solid #999;border-right: 1px solid #999\">Educa\u00e7\u00e3o Empreendedora: Teorias, Pr\u00e1ticas e Resultados.<\/td><td style=\"padding: 8px;border-left: 1px solid #999;border-right: 1px solid #999\">Presencial<\/td><\/tr><tr style=\"background: #CCC\"><td style=\"padding: 8px;border-left: 1px solid #999;border-right: 1px solid #999\">4<\/td><td style=\"padding: 8px;border-left: 1px solid #999;border-right: 1px solid #999\">Analisis de la Deserci\u00dbn Estudiantil de Bachilleres Destacados en la Facultad Polit\u00c8cnica<\/td><td style=\"padding: 8px;border-left: 1px solid #999;border-right: 1px solid #999\">Tom\u00e1s Alberto Salazar P\u00e9rez<\/td><td style=\"padding: 8px;border-left: 1px solid #999;border-right: 1px solid #999\">Artigo<\/td><td style=\"padding: 8px;border-left: 1px solid #999;border-right: 1px solid #999\">Educa\u00e7\u00e3o Empreendedora: Teorias, Pr\u00e1ticas e Resultados.<\/td><td style=\"padding: 8px;border-left: 1px solid #999;border-right: 1px solid #999\">Online<\/td><\/tr><tr style=\"background: #FFF\"><td style=\"padding: 8px;border-left: 1px solid #999;border-right: 1px solid #999\">5<\/td><td style=\"padding: 8px;border-left: 1px solid #999;border-right: 1px solid #999\">Chatbots como ferramenta de apoio para cursos de Empreendedorismo Digital: uma abordagem te\u00f3rico-conceitual<\/td><td style=\"padding: 8px;border-left: 1px solid #999;border-right: 1px solid #999\">Mikaela de Andrade Lima Villa\u00e7a<\/td><td style=\"padding: 8px;border-left: 1px solid #999;border-right: 1px solid #999\">Resumo<\/td><td style=\"padding: 8px;border-left: 1px solid #999;border-right: 1px solid #999\">Educa\u00e7\u00e3o Empreendedora: Teorias, Pr\u00e1ticas e Resultados.<\/td><td style=\"padding: 8px;border-left: 1px solid #999;border-right: 1px solid #999\">Online<\/td><\/tr><tr style=\"background: #CCC\"><td style=\"padding: 8px;border-left: 1px solid #999;border-right: 1px solid #999\">6<\/td><td style=\"padding: 8px;border-left: 1px solid #999;border-right: 1px solid #999\">Ciclo Virtuoso: Educa\u00e7\u00e3o Empreendedora na Inf\u00e2ncia<\/td><td style=\"padding: 8px;border-left: 1px solid #999;border-right: 1px solid #999\">Luiz Alberto Turmina de Oliveira<\/td><td style=\"padding: 8px;border-left: 1px solid #999;border-right: 1px solid #999\">Resumo<\/td><td style=\"padding: 8px;border-left: 1px solid #999;border-right: 1px solid #999\">Educa\u00e7\u00e3o Empreendedora: Teorias, Pr\u00e1ticas e Resultados.<\/td><td style=\"padding: 8px;border-left: 1px solid #999;border-right: 1px solid #999\">Presencial<\/td><\/tr><tr style=\"background: #FFF\"><td style=\"padding: 8px;border-left: 1px solid #999;border-right: 1px solid #999\">7<\/td><td style=\"padding: 8px;border-left: 1px solid #999;border-right: 1px solid #999\">Desenvolvendo a Educa\u00e7\u00e3o Empreendedora sob a perspectiva do paradigma da educa\u00e7\u00e3o ONLIFE<\/td><td style=\"padding: 8px;border-left: 1px solid #999;border-right: 1px solid #999\">Gustavo Henrique Silva de Souza | Eliane Schlemmer | Aline Patr\u00edcia Sobral dos Santos<\/td><td style=\"padding: 8px;border-left: 1px solid #999;border-right: 1px solid #999\">Artigo<\/td><td style=\"padding: 8px;border-left: 1px solid #999;border-right: 1px solid #999\">Educa\u00e7\u00e3o Empreendedora: Teorias, Pr\u00e1ticas e Resultados.<\/td><td style=\"padding: 8px;border-left: 1px solid #999;border-right: 1px solid #999\">Presencial<\/td><\/tr><tr style=\"background: #CCC\"><td style=\"padding: 8px;border-left: 1px solid #999;border-right: 1px solid #999\">8<\/td><td style=\"padding: 8px;border-left: 1px solid #999;border-right: 1px solid #999\">Diagn\u00f3stico de los modelos de Incubacion de Empresas en la Universidad Aut\u00dbnoma Gabriel Ren\u00c8 Moreno en la Gesti\u00dbn 2024.<\/td><td style=\"padding: 8px;border-left: 1px solid #999;border-right: 1px solid #999\">Carlos Alberto Fonseca Vargas<\/td><td style=\"padding: 8px;border-left: 1px solid #999;border-right: 1px solid #999\">Artigo<\/td><td style=\"padding: 8px;border-left: 1px solid #999;border-right: 1px solid #999\">Educa\u00e7\u00e3o Empreendedora: Teorias, Pr\u00e1ticas e Resultados.<\/td><td style=\"padding: 8px;border-left: 1px solid #999;border-right: 1px solid #999\">Presencial<\/td><\/tr><tr style=\"background: #FFF\"><td style=\"padding: 8px;border-left: 1px solid #999;border-right: 1px solid #999\">9<\/td><td style=\"padding: 8px;border-left: 1px solid #999;border-right: 1px solid #999\">ECOSSISTEMAS DE EDUCA\u00c7\u00c3O EMPREENDEDORA NA EDUCA\u00c7\u00c3O B\u00c1SICA BRASILEIRA: Uma an\u00e1lise a partir do Radar de Educa\u00e7\u00e3o Empreendedora do Sebrae<\/td><td style=\"padding: 8px;border-left: 1px solid #999;border-right: 1px solid #999\">Daniel Paulino Teixeira Lopes | Esdras de Freitas Emiliano | Eduarda Corr\u00eaa Moravia | Cacilda Maria de Almeida<\/td><td style=\"padding: 8px;border-left: 1px solid #999;border-right: 1px solid #999\">Artigo<\/td><td style=\"padding: 8px;border-left: 1px solid #999;border-right: 1px solid #999\">Educa\u00e7\u00e3o Empreendedora: Teorias, Pr\u00e1ticas e Resultados.<\/td><td style=\"padding: 8px;border-left: 1px solid #999;border-right: 1px solid #999\">Online<\/td><\/tr><tr style=\"background: #CCC\"><td style=\"padding: 8px;border-left: 1px solid #999;border-right: 1px solid #999\">10<\/td><td style=\"padding: 8px;border-left: 1px solid #999;border-right: 1px solid #999\">Educa\u00e7\u00e3o Empreendedora como estrat\u00e9gia de perman\u00eancia e autonomia estudantil: projeto trilhas de empreendedorismo UFG<\/td><td style=\"padding: 8px;border-left: 1px solid #999;border-right: 1px solid #999\">Fernanda Paula Arantes Manso | Bianca Mariano Porto | Lorrana Laila Silva de Almeida | C\u00e2ndido Vieira Borges Junior<\/td><td style=\"padding: 8px;border-left: 1px solid #999;border-right: 1px solid #999\">Artigo<\/td><td style=\"padding: 8px;border-left: 1px solid #999;border-right: 1px solid #999\">Educa\u00e7\u00e3o Empreendedora: Teorias, Pr\u00e1ticas e Resultados.<\/td><td style=\"padding: 8px;border-left: 1px solid #999;border-right: 1px solid #999\">Online<\/td><\/tr><tr style=\"background: #FFF\"><td style=\"padding: 8px;border-left: 1px solid #999;border-right: 1px solid #999\">11<\/td><td style=\"padding: 8px;border-left: 1px solid #999;border-right: 1px solid #999\">Educa\u00e7\u00e3o Empreendedora e pr\u00e1tica profissional: uma an\u00e1lise da imers\u00e3o inicial em contextos reais de interven\u00e7\u00e3o<\/td><td style=\"padding: 8px;border-left: 1px solid #999;border-right: 1px solid #999\">Virg\u00edlio Correia<\/td><td style=\"padding: 8px;border-left: 1px solid #999;border-right: 1px solid #999\">Artigo<\/td><td style=\"padding: 8px;border-left: 1px solid #999;border-right: 1px solid #999\">Educa\u00e7\u00e3o Empreendedora: Teorias, Pr\u00e1ticas e Resultados.<\/td><td style=\"padding: 8px;border-left: 1px solid #999;border-right: 1px solid #999\">Online<\/td><\/tr><tr style=\"background: #CCC\"><td style=\"padding: 8px;border-left: 1px solid #999;border-right: 1px solid #999\">12<\/td><td style=\"padding: 8px;border-left: 1px solid #999;border-right: 1px solid #999\">Educa\u00e7\u00e3o Empreendedora na rede SESC de educa\u00e7\u00e3o: processo de estrutura\u00e7\u00e3o e implementa\u00e7\u00e3o de um programa institucional<\/td><td style=\"padding: 8px;border-left: 1px solid #999;border-right: 1px solid #999\">Ana Luc\u00e9lia Silva Dias | Carla R\u00eanes de Alencar Machado Fontenelle<\/td><td style=\"padding: 8px;border-left: 1px solid #999;border-right: 1px solid #999\">Artigo<\/td><td style=\"padding: 8px;border-left: 1px solid #999;border-right: 1px solid #999\">Educa\u00e7\u00e3o Empreendedora: Teorias, Pr\u00e1ticas e Resultados.<\/td><td style=\"padding: 8px;border-left: 1px solid #999;border-right: 1px solid #999\">Presencial<\/td><\/tr><tr style=\"background: #FFF\"><td style=\"padding: 8px;border-left: 1px solid #999;border-right: 1px solid #999\">13<\/td><td style=\"padding: 8px;border-left: 1px solid #999;border-right: 1px solid #999\">Educa\u00e7\u00e3o Empreendedora no Brasil: articula\u00e7\u00f5es entre o modelo entrecomp e a base nacional comum curricular (bncc)<\/td><td style=\"padding: 8px;border-left: 1px solid #999;border-right: 1px solid #999\">Cleber Lopes | Aldemar Costa<\/td><td style=\"padding: 8px;border-left: 1px solid #999;border-right: 1px solid #999\">Resumo<\/td><td style=\"padding: 8px;border-left: 1px solid #999;border-right: 1px solid #999\">Educa\u00e7\u00e3o Empreendedora: Teorias, Pr\u00e1ticas e Resultados.<\/td><td style=\"padding: 8px;border-left: 1px solid #999;border-right: 1px solid #999\">Sem resposta<\/td><\/tr><tr style=\"background: #CCC\"><td style=\"padding: 8px;border-left: 1px solid #999;border-right: 1px solid #999\">14<\/td><td style=\"padding: 8px;border-left: 1px solid #999;border-right: 1px solid #999\">Educa\u00e7\u00e3o Empreendedora no Ensino Prim\u00e1rio (6-9 anos) em Portugal: Pr\u00e1ticas e Desafios<\/td><td style=\"padding: 8px;border-left: 1px solid #999;border-right: 1px solid #999\">Andreia Filipa Martins Gon\u00e7alves Pinho | Jacinto Jardim<\/td><td style=\"padding: 8px;border-left: 1px solid #999;border-right: 1px solid #999\">Artigo<\/td><td style=\"padding: 8px;border-left: 1px solid #999;border-right: 1px solid #999\">Educa\u00e7\u00e3o Empreendedora: Teorias, Pr\u00e1ticas e Resultados.<\/td><td style=\"padding: 8px;border-left: 1px solid #999;border-right: 1px solid #999\">Presencial<\/td><\/tr><tr style=\"background: #FFF\"><td style=\"padding: 8px;border-left: 1px solid #999;border-right: 1px solid #999\">15<\/td><td style=\"padding: 8px;border-left: 1px solid #999;border-right: 1px solid #999\">Educa\u00e7\u00e3o Empreendedora no ensino superior &#8211; Um Modelo H\u00edbrido Integrando Aprendizagem Baseada em Projetos e Experi\u00eancia Pr\u00e1tica<\/td><td style=\"padding: 8px;border-left: 1px solid #999;border-right: 1px solid #999\">Lu\u00edsa Almeida<\/td><td style=\"padding: 8px;border-left: 1px solid #999;border-right: 1px solid #999\">Artigo<\/td><td style=\"padding: 8px;border-left: 1px solid #999;border-right: 1px solid #999\">Educa\u00e7\u00e3o Empreendedora: Teorias, Pr\u00e1ticas e Resultados.<\/td><td style=\"padding: 8px;border-left: 1px solid #999;border-right: 1px solid #999\">Online<\/td><\/tr><tr style=\"background: #CCC\"><td style=\"padding: 8px;border-left: 1px solid #999;border-right: 1px solid #999\">16<\/td><td style=\"padding: 8px;border-left: 1px solid #999;border-right: 1px solid #999\">Educa\u00e7\u00e3o a dist\u00e2ncia em cursos de licenciatura e a lacuna da educa\u00e7\u00e3o empreendedora na forma\u00e7\u00e3o docente<\/td><td style=\"padding: 8px;border-left: 1px solid #999;border-right: 1px solid #999\">Beatriz Maria Zoppo | Cl\u00e9ber Lopes<\/td><td style=\"padding: 8px;border-left: 1px solid #999;border-right: 1px solid #999\">Resumo<\/td><td style=\"padding: 8px;border-left: 1px solid #999;border-right: 1px solid #999\">Educa\u00e7\u00e3o Empreendedora: Teorias, Pr\u00e1ticas e Resultados.<\/td><td style=\"padding: 8px;border-left: 1px solid #999;border-right: 1px solid #999\">Presencial<\/td><\/tr><tr style=\"background: #FFF\"><td style=\"padding: 8px;border-left: 1px solid #999;border-right: 1px solid #999\">17<\/td><td style=\"padding: 8px;border-left: 1px solid #999;border-right: 1px solid #999\">Educa\u00e7\u00e3o decolonial em uma sociedade l\u00edquida: fronteiras culturais, epistemol\u00f3gicas e sociais, e suas colis\u00f5es no contexto educacional<\/td><td style=\"padding: 8px;border-left: 1px solid #999;border-right: 1px solid #999\">Raimundo Washington dos Santos<\/td><td style=\"padding: 8px;border-left: 1px solid #999;border-right: 1px solid #999\">Artigo<\/td><td style=\"padding: 8px;border-left: 1px solid #999;border-right: 1px solid #999\">Educa\u00e7\u00e3o Empreendedora: Teorias, Pr\u00e1ticas e Resultados.<\/td><td style=\"padding: 8px;border-left: 1px solid #999;border-right: 1px solid #999\">Online<\/td><\/tr><tr style=\"background: #CCC\"><td style=\"padding: 8px;border-left: 1px solid #999;border-right: 1px solid #999\">18<\/td><td style=\"padding: 8px;border-left: 1px solid #999;border-right: 1px solid #999\">Educa\u00e7\u00e3o e o curr\u00edculo do empreendedorismo: uma revis\u00e3o sistem\u00e1tica da literatura<\/td><td style=\"padding: 8px;border-left: 1px solid #999;border-right: 1px solid #999\">Deranor Gomes de Oliveira | T\u00e1cio Nunes de Carvalho<\/td><td style=\"padding: 8px;border-left: 1px solid #999;border-right: 1px solid #999\">Artigo<\/td><td style=\"padding: 8px;border-left: 1px solid #999;border-right: 1px solid #999\">Educa\u00e7\u00e3o Empreendedora: Teorias, Pr\u00e1ticas e Resultados.<\/td><td style=\"padding: 8px;border-left: 1px solid #999;border-right: 1px solid #999\">Presencial<\/td><\/tr><\/tbody><\/table><\/div>\n\t\t\t\t\t<\/div><div class=\"eael-accordion-list\">\n\t\t\t\t\t<div id=\"3-educao-empreendedora-teorias-prticas-e-resultados\" class=\"elementor-tab-title eael-accordion-header\" tabindex=\"0\" data-tab=\"3\" aria-controls=\"elementor-tab-content-1583\"><span class=\"eael-advanced-accordion-icon-closed\"><svg aria-hidden=\"true\" class=\"fa-accordion-icon e-font-icon-svg e-fas-plus\" viewBox=\"0 0 448 512\" xmlns=\"http:\/\/www.w3.org\/2000\/svg\"><path d=\"M416 208H272V64c0-17.67-14.33-32-32-32h-32c-17.67 0-32 14.33-32 32v144H32c-17.67 0-32 14.33-32 32v32c0 17.67 14.33 32 32 32h144v144c0 17.67 14.33 32 32 32h32c17.67 0 32-14.33 32-32V304h144c17.67 0 32-14.33 32-32v-32c0-17.67-14.33-32-32-32z\"><\/path><\/svg><\/span><span class=\"eael-advanced-accordion-icon-opened\"><svg aria-hidden=\"true\" class=\"fa-accordion-icon e-font-icon-svg e-fas-retweet\" viewBox=\"0 0 640 512\" xmlns=\"http:\/\/www.w3.org\/2000\/svg\"><path d=\"M629.657 343.598L528.971 444.284c-9.373 9.372-24.568 9.372-33.941 0L394.343 343.598c-9.373-9.373-9.373-24.569 0-33.941l10.823-10.823c9.562-9.562 25.133-9.34 34.419.492L480 342.118V160H292.451a24.005 24.005 0 0 1-16.971-7.029l-16-16C244.361 121.851 255.069 96 276.451 96H520c13.255 0 24 10.745 24 24v222.118l40.416-42.792c9.285-9.831 24.856-10.054 34.419-.492l10.823 10.823c9.372 9.372 9.372 24.569-.001 33.941zm-265.138 15.431A23.999 23.999 0 0 0 347.548 352H160V169.881l40.416 42.792c9.286 9.831 24.856 10.054 34.419.491l10.822-10.822c9.373-9.373 9.373-24.569 0-33.941L144.971 67.716c-9.373-9.373-24.569-9.373-33.941 0L10.343 168.402c-9.373 9.373-9.373 24.569 0 33.941l10.822 10.822c9.562 9.562 25.133 9.34 34.419-.491L96 169.881V392c0 13.255 10.745 24 24 24h243.549c21.382 0 32.09-25.851 16.971-40.971l-16.001-16z\"><\/path><\/svg><\/span><span class=\"eael-accordion-tab-title\">3 - Educa\u00e7\u00e3o Empreendedora: Teorias, Pr\u00e1ticas e Resultados.<\/span><svg aria-hidden=\"true\" class=\"fa-toggle e-font-icon-svg e-fas-angle-right\" viewBox=\"0 0 256 512\" xmlns=\"http:\/\/www.w3.org\/2000\/svg\"><path d=\"M224.3 273l-136 136c-9.4 9.4-24.6 9.4-33.9 0l-22.6-22.6c-9.4-9.4-9.4-24.6 0-33.9l96.4-96.4-96.4-96.4c-9.4-9.4-9.4-24.6 0-33.9L54.3 103c9.4-9.4 24.6-9.4 33.9 0l136 136c9.5 9.4 9.5 24.6.1 34z\"><\/path><\/svg><\/div><div id=\"elementor-tab-content-1583\" class=\"eael-accordion-content clearfix\" data-tab=\"3\" aria-labelledby=\"3-educao-empreendedora-teorias-prticas-e-resultados\"><h3>Moderadora : Jaqueline Lima (Sebrae &#8211; MG)<\/h3><table style=\"width: 100%;border-collapse: collapse;border: 1px solid #999\"><thead><tr style=\"background: #AAA\"><th style=\"font-weight: bold;padding: 8px;border-left: 1px solid #999;border-right: 1px solid #999\">N\u00ba<\/th><th style=\"font-weight: bold;padding: 8px;border-left: 1px solid #999;border-right: 1px solid #999\">T\u00edtulo<\/th><th style=\"font-weight: bold;padding: 8px;border-left: 1px solid #999;border-right: 1px solid #999\">Autores<\/th><th style=\"font-weight: bold;padding: 8px;border-left: 1px solid #999;border-right: 1px solid #999\">Tipo<\/th><th style=\"font-weight: bold;padding: 8px;border-left: 1px solid #999;border-right: 1px solid #999\">\u00c1rea<\/th><th style=\"font-weight: bold;padding: 8px;border-left: 1px solid #999;border-right: 1px solid #999\">Modo<\/th><\/tr><\/thead><tbody><tr style=\"background: #FFF\"><td style=\"padding: 8px;border-left: 1px solid #999;border-right: 1px solid #999\">1<\/td><td style=\"padding: 8px;border-left: 1px solid #999;border-right: 1px solid #999\">Educa\u00e7\u00e3o Empreendedora ONLIFE: analisando o ato educativo a partir do ciclo da aprendizagem experiencial<\/td><td style=\"padding: 8px;border-left: 1px solid #999;border-right: 1px solid #999\">Gustavo Henrique Souza | Aline Patr\u00edcia Sobral dos Santos | F\u00e1bia Magali Santos Vieira<\/td><td style=\"padding: 8px;border-left: 1px solid #999;border-right: 1px solid #999\">Artigo<\/td><td style=\"padding: 8px;border-left: 1px solid #999;border-right: 1px solid #999\">Educa\u00e7\u00e3o Empreendedora: Teorias, Pr\u00e1ticas e Resultados.<\/td><td style=\"padding: 8px;border-left: 1px solid #999;border-right: 1px solid #999\">Online<\/td><\/tr><tr style=\"background: #CCC\"><td style=\"padding: 8px;border-left: 1px solid #999;border-right: 1px solid #999\">2<\/td><td style=\"padding: 8px;border-left: 1px solid #999;border-right: 1px solid #999\">Educa\u00e7\u00e3o Empreendedora OnLIFE na Cibricidade<\/td><td style=\"padding: 8px;border-left: 1px solid #999;border-right: 1px solid #999\">Patr\u00edcia Bassani | Eliane Schlemmer<\/td><td style=\"padding: 8px;border-left: 1px solid #999;border-right: 1px solid #999\">Artigo<\/td><td style=\"padding: 8px;border-left: 1px solid #999;border-right: 1px solid #999\">Educa\u00e7\u00e3o Empreendedora: Teorias, Pr\u00e1ticas e Resultados.<\/td><td style=\"padding: 8px;border-left: 1px solid #999;border-right: 1px solid #999\">Online<\/td><\/tr><tr style=\"background: #FFF\"><td style=\"padding: 8px;border-left: 1px solid #999;border-right: 1px solid #999\">3<\/td><td style=\"padding: 8px;border-left: 1px solid #999;border-right: 1px solid #999\">Educa\u00e7\u00e3o Empreendedora: os desafios da educa\u00e7\u00e3o empreendedora na educa\u00e7\u00e3o b\u00e1sica brasileira<\/td><td style=\"padding: 8px;border-left: 1px solid #999;border-right: 1px solid #999\">Gicele Santos da Silva<\/td><td style=\"padding: 8px;border-left: 1px solid #999;border-right: 1px solid #999\">Artigo<\/td><td style=\"padding: 8px;border-left: 1px solid #999;border-right: 1px solid #999\">Educa\u00e7\u00e3o Empreendedora: Teorias, Pr\u00e1ticas e Resultados.<\/td><td style=\"padding: 8px;border-left: 1px solid #999;border-right: 1px solid #999\">Online<\/td><\/tr><tr style=\"background: #CCC\"><td style=\"padding: 8px;border-left: 1px solid #999;border-right: 1px solid #999\">4<\/td><td style=\"padding: 8px;border-left: 1px solid #999;border-right: 1px solid #999\">Educa\u00e7\u00e3o Empreendedora: teorias, pr\u00e1ticas e resultados<\/td><td style=\"padding: 8px;border-left: 1px solid #999;border-right: 1px solid #999\">Jakson Silva Santos<\/td><td style=\"padding: 8px;border-left: 1px solid #999;border-right: 1px solid #999\">Artigo<\/td><td style=\"padding: 8px;border-left: 1px solid #999;border-right: 1px solid #999\">Educa\u00e7\u00e3o Empreendedora: Teorias, Pr\u00e1ticas e Resultados.<\/td><td style=\"padding: 8px;border-left: 1px solid #999;border-right: 1px solid #999\">Online<\/td><\/tr><tr style=\"background: #FFF\"><td style=\"padding: 8px;border-left: 1px solid #999;border-right: 1px solid #999\">5<\/td><td style=\"padding: 8px;border-left: 1px solid #999;border-right: 1px solid #999\">Educa\u00e7\u00e3o para os empreendedores: utilidade do uso do Ponto cr\u00edtico das vendas e margem de seguran\u00e7a<\/td><td style=\"padding: 8px;border-left: 1px solid #999;border-right: 1px solid #999\">Jorge Caetano Fonseca | Jo\u00e3o Ant\u00f3nio Dias J\u00fanior<\/td><td style=\"padding: 8px;border-left: 1px solid #999;border-right: 1px solid #999\">Artigo<\/td><td style=\"padding: 8px;border-left: 1px solid #999;border-right: 1px solid #999\">Educa\u00e7\u00e3o Empreendedora: Teorias, Pr\u00e1ticas e Resultados.<\/td><td style=\"padding: 8px;border-left: 1px solid #999;border-right: 1px solid #999\">Online<\/td><\/tr><tr style=\"background: #CCC\"><td style=\"padding: 8px;border-left: 1px solid #999;border-right: 1px solid #999\">6<\/td><td style=\"padding: 8px;border-left: 1px solid #999;border-right: 1px solid #999\">Empreendedorismo no ensino m\u00e9dio sob o paradigma da educa\u00e7\u00e3o ONLIFE: Uma revis\u00e3o sistem\u00e1tica da literatura<\/td><td style=\"padding: 8px;border-left: 1px solid #999;border-right: 1px solid #999\">Gregui Becker Luz | Eliane Schlemmer<\/td><td style=\"padding: 8px;border-left: 1px solid #999;border-right: 1px solid #999\">Artigo<\/td><td style=\"padding: 8px;border-left: 1px solid #999;border-right: 1px solid #999\">Educa\u00e7\u00e3o Empreendedora: Teorias, Pr\u00e1ticas e Resultados.<\/td><td style=\"padding: 8px;border-left: 1px solid #999;border-right: 1px solid #999\">Online<\/td><\/tr><tr style=\"background: #FFF\"><td style=\"padding: 8px;border-left: 1px solid #999;border-right: 1px solid #999\">7<\/td><td style=\"padding: 8px;border-left: 1px solid #999;border-right: 1px solid #999\">Emprendiendo mi Carrera Profesional: estrategias para su desarrollo<\/td><td style=\"padding: 8px;border-left: 1px solid #999;border-right: 1px solid #999\">Sa\u00fal Severiche Toledo<\/td><td style=\"padding: 8px;border-left: 1px solid #999;border-right: 1px solid #999\">Resumo<\/td><td style=\"padding: 8px;border-left: 1px solid #999;border-right: 1px solid #999\">Educa\u00e7\u00e3o Empreendedora: Teorias, Pr\u00e1ticas e Resultados.<\/td><td style=\"padding: 8px;border-left: 1px solid #999;border-right: 1px solid #999\">Online<\/td><\/tr><tr style=\"background: #CCC\"><td style=\"padding: 8px;border-left: 1px solid #999;border-right: 1px solid #999\">8<\/td><td style=\"padding: 8px;border-left: 1px solid #999;border-right: 1px solid #999\">Ensino Transformador: O Papel das Pol\u00edticas P\u00fablicas na Promo\u00e7\u00e3o da Educa\u00e7\u00e3o Empreendedora<\/td><td style=\"padding: 8px;border-left: 1px solid #999;border-right: 1px solid #999\">La\u00e9rcio Jos\u00e9 de Oliveira | Andr\u00e9 Gusm\u00e3o Cavalcanti<\/td><td style=\"padding: 8px;border-left: 1px solid #999;border-right: 1px solid #999\">Artigo<\/td><td style=\"padding: 8px;border-left: 1px solid #999;border-right: 1px solid #999\">Educa\u00e7\u00e3o Empreendedora: Teorias, Pr\u00e1ticas e Resultados.<\/td><td style=\"padding: 8px;border-left: 1px solid #999;border-right: 1px solid #999\">Presencial<\/td><\/tr><tr style=\"background: #FFF\"><td style=\"padding: 8px;border-left: 1px solid #999;border-right: 1px solid #999\">9<\/td><td style=\"padding: 8px;border-left: 1px solid #999;border-right: 1px solid #999\">Estudo de caso sobre o Empreendedorismo Educacional<\/td><td style=\"padding: 8px;border-left: 1px solid #999;border-right: 1px solid #999\">Jo\u00e3o Manuel de Lemos Baptista<\/td><td style=\"padding: 8px;border-left: 1px solid #999;border-right: 1px solid #999\">Artigo<\/td><td style=\"padding: 8px;border-left: 1px solid #999;border-right: 1px solid #999\">Educa\u00e7\u00e3o Empreendedora: Teorias, Pr\u00e1ticas e Resultados.<\/td><td style=\"padding: 8px;border-left: 1px solid #999;border-right: 1px solid #999\">Online<\/td><\/tr><tr style=\"background: #CCC\"><td style=\"padding: 8px;border-left: 1px solid #999;border-right: 1px solid #999\">10<\/td><td style=\"padding: 8px;border-left: 1px solid #999;border-right: 1px solid #999\">Expectativas e Desafios dos Empregadores na Contrata\u00e7\u00e3oo de Pessoas com Defici\u00eancia<\/td><td style=\"padding: 8px;border-left: 1px solid #999;border-right: 1px solid #999\">Maria Celeste de Sousa Lopes | Sancha Dinis<\/td><td style=\"padding: 8px;border-left: 1px solid #999;border-right: 1px solid #999\">Resumo<\/td><td style=\"padding: 8px;border-left: 1px solid #999;border-right: 1px solid #999\">Educa\u00e7\u00e3o Empreendedora: Teorias, Pr\u00e1ticas e Resultados.<\/td><td style=\"padding: 8px;border-left: 1px solid #999;border-right: 1px solid #999\">Online<\/td><\/tr><tr style=\"background: #FFF\"><td style=\"padding: 8px;border-left: 1px solid #999;border-right: 1px solid #999\">11<\/td><td style=\"padding: 8px;border-left: 1px solid #999;border-right: 1px solid #999\">Fluxo da informa\u00e7\u00e3o e conhecimento sens\u00edveis em institui\u00e7\u00f5es de ensino b\u00e1sico: diagn\u00f3stico e otimiza\u00e7\u00e3o&#8230;<\/td><td style=\"padding: 8px;border-left: 1px solid #999;border-right: 1px solid #999\">Rubens da Silva | Humberto Lopes<\/td><td style=\"padding: 8px;border-left: 1px solid #999;border-right: 1px solid #999\">Artigo<\/td><td style=\"padding: 8px;border-left: 1px solid #999;border-right: 1px solid #999\">Educa\u00e7\u00e3o Empreendedora: Teorias, Pr\u00e1ticas e Resultados.<\/td><td style=\"padding: 8px;border-left: 1px solid #999;border-right: 1px solid #999\">Online<\/td><\/tr><tr style=\"background: #CCC\"><td style=\"padding: 8px;border-left: 1px solid #999;border-right: 1px solid #999\">12<\/td><td style=\"padding: 8px;border-left: 1px solid #999;border-right: 1px solid #999\">Identidade cultural e Empreendedorismo no artesanato de Barra dos Coqueiros<\/td><td style=\"padding: 8px;border-left: 1px solid #999;border-right: 1px solid #999\">Claudia Val\u00e9ria de Moraes<\/td><td style=\"padding: 8px;border-left: 1px solid #999;border-right: 1px solid #999\">Artigo<\/td><td style=\"padding: 8px;border-left: 1px solid #999;border-right: 1px solid #999\">Educa\u00e7\u00e3o Empreendedora: Teorias, Pr\u00e1ticas e Resultados.<\/td><td style=\"padding: 8px;border-left: 1px solid #999;border-right: 1px solid #999\">Presencial<\/td><\/tr><tr style=\"background: #FFF\"><td style=\"padding: 8px;border-left: 1px solid #999;border-right: 1px solid #999\">13<\/td><td style=\"padding: 8px;border-left: 1px solid #999;border-right: 1px solid #999\">Intraemprendimiento desde la filosof\u00eda organizacional en instituciones prestadoras de servicios de salud de Col\u00f4mbia<\/td><td style=\"padding: 8px;border-left: 1px solid #999;border-right: 1px solid #999\">Elvira Dur\u00e1n-Rojas y Katia Andrea Gonz\u00e1lez-Pastrana<\/td><td style=\"padding: 8px;border-left: 1px solid #999;border-right: 1px solid #999\">Artigo<\/td><td style=\"padding: 8px;border-left: 1px solid #999;border-right: 1px solid #999\">Educa\u00e7\u00e3o Empreendedora: Teorias, Pr\u00e1ticas e Resultados.<\/td><td style=\"padding: 8px;border-left: 1px solid #999;border-right: 1px solid #999\">Online<\/td><\/tr><tr style=\"background: #CCC\"><td style=\"padding: 8px;border-left: 1px solid #999;border-right: 1px solid #999\">14<\/td><td style=\"padding: 8px;border-left: 1px solid #999;border-right: 1px solid #999\">Marketing de entretenimento como ferramenta educativa li\u00e7\u00f5es empreendedoras a partir do caso bts<\/td><td style=\"padding: 8px;border-left: 1px solid #999;border-right: 1px solid #999\">Stefany Lobato Guimar\u00e3es | Camille de Souza Nunes | Ronalty Rocha<\/td><td style=\"padding: 8px;border-left: 1px solid #999;border-right: 1px solid #999\">Artigo<\/td><td style=\"padding: 8px;border-left: 1px solid #999;border-right: 1px solid #999\">Educa\u00e7\u00e3o Empreendedora: Teorias, Pr\u00e1ticas e Resultados.<\/td><td style=\"padding: 8px;border-left: 1px solid #999;border-right: 1px solid #999\">Online<\/td><\/tr><tr style=\"background: #FFF\"><td style=\"padding: 8px;border-left: 1px solid #999;border-right: 1px solid #999\">15<\/td><td style=\"padding: 8px;border-left: 1px solid #999;border-right: 1px solid #999\">O papel de agentes do governo e da sociedade civil no desenvolvimento da educa\u00e7\u00e3o empreendedora nas IES brasileiras<\/td><td style=\"padding: 8px;border-left: 1px solid #999;border-right: 1px solid #999\">Rose Mary Almeida Lopes<\/td><td style=\"padding: 8px;border-left: 1px solid #999;border-right: 1px solid #999\">Artigo<\/td><td style=\"padding: 8px;border-left: 1px solid #999;border-right: 1px solid #999\">Educa\u00e7\u00e3o Empreendedora: Teorias, Pr\u00e1ticas e Resultados.<\/td><td style=\"padding: 8px;border-left: 1px solid #999;border-right: 1px solid #999\">Presencial<\/td><\/tr><tr style=\"background: #CCC\"><td style=\"padding: 8px;border-left: 1px solid #999;border-right: 1px solid #999\">16<\/td><td style=\"padding: 8px;border-left: 1px solid #999;border-right: 1px solid #999\">O papel do consultor no programa de educa\u00e7\u00e3o empreendedora no Baixo S\u00e3o Francisco: Uma experi\u00eancia no territ\u00f3rio Sergipiano<\/td><td style=\"padding: 8px;border-left: 1px solid #999;border-right: 1px solid #999\">Aldjane Moura Costa | Ant\u00f4nio Neto | Elis Gardenia Santos | Frank Albuquerque<\/td><td style=\"padding: 8px;border-left: 1px solid #999;border-right: 1px solid #999\">Resumo<\/td><td style=\"padding: 8px;border-left: 1px solid #999;border-right: 1px solid #999\">Educa\u00e7\u00e3o Empreendedora: Teorias, Pr\u00e1ticas e Resultados.<\/td><td style=\"padding: 8px;border-left: 1px solid #999;border-right: 1px solid #999\">Online<\/td><\/tr><tr style=\"background: #FFF\"><td style=\"padding: 8px;border-left: 1px solid #999;border-right: 1px solid #999\">17<\/td><td style=\"padding: 8px;border-left: 1px solid #999;border-right: 1px solid #999\">O uso estrat\u00e9gico do Instagram para a amplia\u00e7\u00e3o da visibilidade digital de uma ONG em Itabaiana, Sergipe<\/td><td style=\"padding: 8px;border-left: 1px solid #999;border-right: 1px solid #999\">Amanda Santana Lima | Visl\u00e2nia Mendon\u00e7a dos Santos | Hiago da Silva Santos<\/td><td style=\"padding: 8px;border-left: 1px solid #999;border-right: 1px solid #999\">Artigo<\/td><td style=\"padding: 8px;border-left: 1px solid #999;border-right: 1px solid #999\">Educa\u00e7\u00e3o Empreendedora: Teorias, Pr\u00e1ticas e Resultados.<\/td><td style=\"padding: 8px;border-left: 1px solid #999;border-right: 1px solid #999\">Presencial<\/td><\/tr><tr style=\"background: #CCC\"><td style=\"padding: 8px;border-left: 1px solid #999;border-right: 1px solid #999\">18<\/td><td style=\"padding: 8px;border-left: 1px solid #999;border-right: 1px solid #999\">Os desafios na constru\u00e7\u00e3o de um programa de empreendedorismo na vis\u00e3o dos docentes<\/td><td style=\"padding: 8px;border-left: 1px solid #999;border-right: 1px solid #999\">Roosiley dos Santos Souza | Rosa de Barros Ferreira de Almeida | Nortonciste Guedes da Silva Junior<\/td><td style=\"padding: 8px;border-left: 1px solid #999;border-right: 1px solid #999\">Artigo<\/td><td style=\"padding: 8px;border-left: 1px solid #999;border-right: 1px solid #999\">Educa\u00e7\u00e3o Empreendedora: Teorias, Pr\u00e1ticas e Resultados.<\/td><td style=\"padding: 8px;border-left: 1px solid #999;border-right: 1px solid #999\">Online<\/td><\/tr><\/tbody><\/table><\/div>\n\t\t\t\t\t<\/div><div class=\"eael-accordion-list\">\n\t\t\t\t\t<div id=\"4-educao-empreendedora-teorias-prticas-e-resultados-empreendedorismo-feminino-polticas-pblicas-e-legislao-de-apoio-ao-empreendedorismo-\" class=\"elementor-tab-title eael-accordion-header\" tabindex=\"0\" data-tab=\"4\" aria-controls=\"elementor-tab-content-1584\"><span class=\"eael-advanced-accordion-icon-closed\"><svg aria-hidden=\"true\" class=\"fa-accordion-icon e-font-icon-svg e-fas-plus\" viewBox=\"0 0 448 512\" xmlns=\"http:\/\/www.w3.org\/2000\/svg\"><path d=\"M416 208H272V64c0-17.67-14.33-32-32-32h-32c-17.67 0-32 14.33-32 32v144H32c-17.67 0-32 14.33-32 32v32c0 17.67 14.33 32 32 32h144v144c0 17.67 14.33 32 32 32h32c17.67 0 32-14.33 32-32V304h144c17.67 0 32-14.33 32-32v-32c0-17.67-14.33-32-32-32z\"><\/path><\/svg><\/span><span class=\"eael-advanced-accordion-icon-opened\"><svg aria-hidden=\"true\" class=\"fa-accordion-icon e-font-icon-svg e-fas-female\" viewBox=\"0 0 256 512\" xmlns=\"http:\/\/www.w3.org\/2000\/svg\"><path d=\"M128 0c35.346 0 64 28.654 64 64s-28.654 64-64 64c-35.346 0-64-28.654-64-64S92.654 0 128 0m119.283 354.179l-48-192A24 24 0 0 0 176 144h-11.36c-22.711 10.443-49.59 10.894-73.28 0H80a24 24 0 0 0-23.283 18.179l-48 192C4.935 369.305 16.383 384 32 384h56v104c0 13.255 10.745 24 24 24h32c13.255 0 24-10.745 24-24V384h56c15.591 0 27.071-14.671 23.283-29.821z\"><\/path><\/svg><\/span><span class=\"eael-accordion-tab-title\">4 - Educa\u00e7\u00e3o Empreendedora: Teorias, Pr\u00e1ticas e Resultados | Empreendedorismo Feminino | Pol\u00edticas P\u00fablicas e Legisla\u00e7\u00e3o de Apoio ao Empreendedorismo <\/span><svg aria-hidden=\"true\" class=\"fa-toggle e-font-icon-svg e-fas-angle-right\" viewBox=\"0 0 256 512\" xmlns=\"http:\/\/www.w3.org\/2000\/svg\"><path d=\"M224.3 273l-136 136c-9.4 9.4-24.6 9.4-33.9 0l-22.6-22.6c-9.4-9.4-9.4-24.6 0-33.9l96.4-96.4-96.4-96.4c-9.4-9.4-9.4-24.6 0-33.9L54.3 103c9.4-9.4 24.6-9.4 33.9 0l136 136c9.5 9.4 9.5 24.6.1 34z\"><\/path><\/svg><\/div><div id=\"elementor-tab-content-1584\" class=\"eael-accordion-content clearfix\" data-tab=\"4\" aria-labelledby=\"4-educao-empreendedora-teorias-prticas-e-resultados-empreendedorismo-feminino-polticas-pblicas-e-legislao-de-apoio-ao-empreendedorismo-\"><h3>Moderador: V\u00edtor Alo\u00edsio (Sebrae &#8211; SE)<\/h3><table style=\"width: 100%;border-collapse: collapse;border: 1px solid #999\"><thead><tr style=\"background: #AAA\"><th style=\"font-weight: bold;padding: 8px;border-left: 1px solid #999;border-right: 1px solid #999\">N\u00ba<\/th><th style=\"font-weight: bold;padding: 8px;border-left: 1px solid #999;border-right: 1px solid #999\">T\u00edtulo<\/th><th style=\"font-weight: bold;padding: 8px;border-left: 1px solid #999;border-right: 1px solid #999\">Autores<\/th><th style=\"font-weight: bold;padding: 8px;border-left: 1px solid #999;border-right: 1px solid #999\">Tipo<\/th><th style=\"font-weight: bold;padding: 8px;border-left: 1px solid #999;border-right: 1px solid #999\">\u00c1rea<\/th><th style=\"font-weight: bold;padding: 8px;border-left: 1px solid #999;border-right: 1px solid #999\">Modo<\/th><\/tr><\/thead><tbody><tr style=\"background: #FFF\"><td style=\"padding: 8px;border-left: 1px solid #999;border-right: 1px solid #999\">1<\/td><td style=\"padding: 8px;border-left: 1px solid #999;border-right: 1px solid #999\">Da sobreviv\u00eancia \u00e0 Autonomia: O papel do estado na Promo\u00e7\u00e3o do Popular como Ferramenta de Inclus\u00e3o Produtiva<\/td><td style=\"padding: 8px;border-left: 1px solid #999;border-right: 1px solid #999\">Jhonas Max Guimar\u00e3es Dias<\/td><td style=\"padding: 8px;border-left: 1px solid #999;border-right: 1px solid #999\">Artigo<\/td><td style=\"padding: 8px;border-left: 1px solid #999;border-right: 1px solid #999\">Pol\u00edticas P\u00fablicas e Legisla\u00e7\u00e3o de Apoio ao Empreendedorismo.<\/td><td style=\"padding: 8px;border-left: 1px solid #999;border-right: 1px solid #999\">Presencial<\/td><\/tr><tr style=\"background: #CCC\"><td style=\"padding: 8px;border-left: 1px solid #999;border-right: 1px solid #999\">2<\/td><td style=\"padding: 8px;border-left: 1px solid #999;border-right: 1px solid #999\">Determinantes do Empreendedorismo Feminino em Xai-Xai: Uma An\u00e1lise dos Fatores Socioecon\u00f3micos, Culturais e Institucionais<\/td><td style=\"padding: 8px;border-left: 1px solid #999;border-right: 1px solid #999\">Cecilia Basilio Fulau | Cl\u00e1udia de Ruv\u00eddia Augusto Viola | Agostinho Macane<\/td><td style=\"padding: 8px;border-left: 1px solid #999;border-right: 1px solid #999\">Resumo<\/td><td style=\"padding: 8px;border-left: 1px solid #999;border-right: 1px solid #999\">Empreendedorismo Feminino<\/td><td style=\"padding: 8px;border-left: 1px solid #999;border-right: 1px solid #999\">Presencial<\/td><\/tr><tr style=\"background: #FFF\"><td style=\"padding: 8px;border-left: 1px solid #999;border-right: 1px solid #999\">3<\/td><td style=\"padding: 8px;border-left: 1px solid #999;border-right: 1px solid #999\">Empreendedorismo Feminino: Desafios, Potencialidades e Impacto Social<\/td><td style=\"padding: 8px;border-left: 1px solid #999;border-right: 1px solid #999\">Elisete Martins | Manuela Teixeira<\/td><td style=\"padding: 8px;border-left: 1px solid #999;border-right: 1px solid #999\">Artigo<\/td><td style=\"padding: 8px;border-left: 1px solid #999;border-right: 1px solid #999\">Empreendedorismo Feminino<\/td><td style=\"padding: 8px;border-left: 1px solid #999;border-right: 1px solid #999\">Online<\/td><\/tr><tr style=\"background: #CCC\"><td style=\"padding: 8px;border-left: 1px solid #999;border-right: 1px solid #999\">4<\/td><td style=\"padding: 8px;border-left: 1px solid #999;border-right: 1px solid #999\">Empreendedorismo Feminino: a Inibi\u00e7\u00e3o Empreendedora Feminina \u00e0 luz da Teoria Polivagal e os Efeitos do Trauma<\/td><td style=\"padding: 8px;border-left: 1px solid #999;border-right: 1px solid #999\">Liliana Seixas<\/td><td style=\"padding: 8px;border-left: 1px solid #999;border-right: 1px solid #999\">Resumo<\/td><td style=\"padding: 8px;border-left: 1px solid #999;border-right: 1px solid #999\">Empreendedorismo Feminino<\/td><td style=\"padding: 8px;border-left: 1px solid #999;border-right: 1px solid #999\">Online<\/td><\/tr><tr style=\"background: #FFF\"><td style=\"padding: 8px;border-left: 1px solid #999;border-right: 1px solid #999\">5<\/td><td style=\"padding: 8px;border-left: 1px solid #999;border-right: 1px solid #999\">Empreendedorismo feminino e educa\u00e7\u00e3o profissional: An\u00e1lise comparativa das matrizes curriculares do programa mulheres mil nas regi\u00f5es norte e sul do Brasil.<\/td><td style=\"padding: 8px;border-left: 1px solid #999;border-right: 1px solid #999\">Dirlei Terezinha Fachinello | Jacinto Jardim<\/td><td style=\"padding: 8px;border-left: 1px solid #999;border-right: 1px solid #999\">Artigo<\/td><td style=\"padding: 8px;border-left: 1px solid #999;border-right: 1px solid #999\">Empreendedorismo Feminino<\/td><td style=\"padding: 8px;border-left: 1px solid #999;border-right: 1px solid #999\">Presencial<\/td><\/tr><tr style=\"background: #CCC\"><td style=\"padding: 8px;border-left: 1px solid #999;border-right: 1px solid #999\">6<\/td><td style=\"padding: 8px;border-left: 1px solid #999;border-right: 1px solid #999\">Empreendedorismo Tecnol\u00f3gico de G\u00e9nero: A Experi\u00eancia do coletivo BIT ROSA<\/td><td style=\"padding: 8px;border-left: 1px solid #999;border-right: 1px solid #999\">Lisiane C\u00e9zar de Oliveira<\/td><td style=\"padding: 8px;border-left: 1px solid #999;border-right: 1px solid #999\">Artigo<\/td><td style=\"padding: 8px;border-left: 1px solid #999;border-right: 1px solid #999\">Empreendedorismo Feminino<\/td><td style=\"padding: 8px;border-left: 1px solid #999;border-right: 1px solid #999\">Presencial<\/td><\/tr><tr style=\"background: #FFF\"><td style=\"padding: 8px;border-left: 1px solid #999;border-right: 1px solid #999\">7<\/td><td style=\"padding: 8px;border-left: 1px solid #999;border-right: 1px solid #999\">Empreendorismo e conviv\u00eancia humana com o semi\u00e1rido: o caso das cooperativas de mulheres no sert\u00e3o da Bahia<\/td><td style=\"padding: 8px;border-left: 1px solid #999;border-right: 1px solid #999\">Elane Santos Geraldo | Juliana Correia Almeida | Thain\u00e1 Nascimento Andrade | Wagner Gonzaga Lemos<\/td><td style=\"padding: 8px;border-left: 1px solid #999;border-right: 1px solid #999\">Resumo<\/td><td style=\"padding: 8px;border-left: 1px solid #999;border-right: 1px solid #999\">Empreendedorismo Feminino<\/td><td style=\"padding: 8px;border-left: 1px solid #999;border-right: 1px solid #999\">Online<\/td><\/tr><tr style=\"background: #CCC\"><td style=\"padding: 8px;border-left: 1px solid #999;border-right: 1px solid #999\">8<\/td><td style=\"padding: 8px;border-left: 1px solid #999;border-right: 1px solid #999\">Empreendedorismo Inclusivo no Brasil: Limites e Potenciais das Pol\u00edticas P\u00fablicas para a Sustentabilidade dos Neg\u00f3cios<\/td><td style=\"padding: 8px;border-left: 1px solid #999;border-right: 1px solid #999\">Hudson Alves Batista<\/td><td style=\"padding: 8px;border-left: 1px solid #999;border-right: 1px solid #999\">Artigo<\/td><td style=\"padding: 8px;border-left: 1px solid #999;border-right: 1px solid #999\">Pol\u00edticas P\u00fablicas e Legisla\u00e7\u00e3o de Apoio ao Empreendedorismo.<\/td><td style=\"padding: 8px;border-left: 1px solid #999;border-right: 1px solid #999\">Online<\/td><\/tr><tr style=\"background: #FFF\"><td style=\"padding: 8px;border-left: 1px solid #999;border-right: 1px solid #999\">9<\/td><td style=\"padding: 8px;border-left: 1px solid #999;border-right: 1px solid #999\">O Papel Transformador do Instituto DOM: Inova\u00e7\u00e3o no apoio a Empreendedoras<\/td><td style=\"padding: 8px;border-left: 1px solid #999;border-right: 1px solid #999\">Caio Flavio Stettiner | Karl Johnsson |Alexandre Formigoni | Robson dos Santos<\/td><td style=\"padding: 8px;border-left: 1px solid #999;border-right: 1px solid #999\">Artigo<\/td><td style=\"padding: 8px;border-left: 1px solid #999;border-right: 1px solid #999\">Empreendedorismo Feminino<\/td><td style=\"padding: 8px;border-left: 1px solid #999;border-right: 1px solid #999\">Presencial<\/td><\/tr><tr style=\"background: #CCC\"><td style=\"padding: 8px;border-left: 1px solid #999;border-right: 1px solid #999\">10<\/td><td style=\"padding: 8px;border-left: 1px solid #999;border-right: 1px solid #999\">Para al\u00e9m do empreendedorismo: a educa\u00e7\u00e3o como ferramenta de transforma\u00e7\u00e3o de mulheres em vulnerabilidade social<\/td><td style=\"padding: 8px;border-left: 1px solid #999;border-right: 1px solid #999\">Franciele Silva Cruz<\/td><td style=\"padding: 8px;border-left: 1px solid #999;border-right: 1px solid #999\">Artigo<\/td><td style=\"padding: 8px;border-left: 1px solid #999;border-right: 1px solid #999\">Empreendedorismo Feminino<\/td><td style=\"padding: 8px;border-left: 1px solid #999;border-right: 1px solid #999\">Presencial<\/td><\/tr><tr style=\"background: #FFF\"><td style=\"padding: 8px;border-left: 1px solid #999;border-right: 1px solid #999\">11<\/td><td style=\"padding: 8px;border-left: 1px solid #999;border-right: 1px solid #999\">Perspectivas de crescimento das empresas da cidade de lichinga face \u00e0s linhas de cr\u00e9dito BNI e GOV. Covid-19<\/td><td style=\"padding: 8px;border-left: 1px solid #999;border-right: 1px solid #999\">Stiven Manuel | Saide Mirasse | Jacinto Jemusse | Ver\u00f3nica Manuel<\/td><td style=\"padding: 8px;border-left: 1px solid #999;border-right: 1px solid #999\">Artigo<\/td><td style=\"padding: 8px;border-left: 1px solid #999;border-right: 1px solid #999\">Educa\u00e7\u00e3o Empreendedora: Teorias, Pr\u00e1ticas e Resultados.<\/td><td style=\"padding: 8px;border-left: 1px solid #999;border-right: 1px solid #999\">Presencial<\/td><\/tr><tr style=\"background: #CCC\"><td style=\"padding: 8px;border-left: 1px solid #999;border-right: 1px solid #999\">12<\/td><td style=\"padding: 8px;border-left: 1px solid #999;border-right: 1px solid #999\">Pol\u00edticas P\u00fablicas para o Empreendedorismo em Portugal: Evolu\u00e7\u00e3o, Desafios e tendencias para a constru\u00e7\u00e3o de Ecossistemas Empreendedores<\/td><td style=\"padding: 8px;border-left: 1px solid #999;border-right: 1px solid #999\">Leonel Cunca | Jacinto Jardim<\/td><td style=\"padding: 8px;border-left: 1px solid #999;border-right: 1px solid #999\">Artigo<\/td><td style=\"padding: 8px;border-left: 1px solid #999;border-right: 1px solid #999\">Pol\u00edticas P\u00fablicas e Legisla\u00e7\u00e3o de Apoio ao Empreendedorismo.<\/td><td style=\"padding: 8px;border-left: 1px solid #999;border-right: 1px solid #999\">Online<\/td><\/tr><tr style=\"background: #FFF\"><td style=\"padding: 8px;border-left: 1px solid #999;border-right: 1px solid #999\">13<\/td><td style=\"padding: 8px;border-left: 1px solid #999;border-right: 1px solid #999\">Pol\u00edticas p\u00fablicas e Empreendedorismo em Contextos perif\u00e9ricos &#8211; O caso dos A\u00e7ores como Ecossistema em Transforma\u00e7\u00e3o<\/td><td style=\"padding: 8px;border-left: 1px solid #999;border-right: 1px solid #999\">Catarina Gaspar<\/td><td style=\"padding: 8px;border-left: 1px solid #999;border-right: 1px solid #999\">Artigo<\/td><td style=\"padding: 8px;border-left: 1px solid #999;border-right: 1px solid #999\">Pol\u00edticas P\u00fablicas e Legisla\u00e7\u00e3o de Apoio ao Empreendedorismo.<\/td><td style=\"padding: 8px;border-left: 1px solid #999;border-right: 1px solid #999\">Online<\/td><\/tr><tr style=\"background: #CCC\"><td style=\"padding: 8px;border-left: 1px solid #999;border-right: 1px solid #999\">14<\/td><td style=\"padding: 8px;border-left: 1px solid #999;border-right: 1px solid #999\">Programa de movilidad universitaria de la Facultad Politecnica de la Universidad Autonoma Gabriel Rene Moreno (UAGRM), realizado en la Gestion 2024<\/td><td style=\"padding: 8px;border-left: 1px solid #999;border-right: 1px solid #999\">Roy Pastor Bejarano | Saul Severiche Toledo | Ronal Arteaga Hernandez<\/td><td style=\"padding: 8px;border-left: 1px solid #999;border-right: 1px solid #999\">Resumo<\/td><td style=\"padding: 8px;border-left: 1px solid #999;border-right: 1px solid #999\">Educa\u00e7\u00e3o Empreendedora: Teorias, Pr\u00e1ticas e Resultados.<\/td><td style=\"padding: 8px;border-left: 1px solid #999;border-right: 1px solid #999\">Presencial<\/td><\/tr><tr style=\"background: #FFF\"><td style=\"padding: 8px;border-left: 1px solid #999;border-right: 1px solid #999\">15<\/td><td style=\"padding: 8px;border-left: 1px solid #999;border-right: 1px solid #999\">Projeto Empreendedor Jovem: Capacita\u00e7\u00e3o para a Transforma\u00e7\u00e3o Social<\/td><td style=\"padding: 8px;border-left: 1px solid #999;border-right: 1px solid #999\">Irandi de Jesus Silva | Jucileia Aparecida da Silva Morais<\/td><td style=\"padding: 8px;border-left: 1px solid #999;border-right: 1px solid #999\">Artigo<\/td><td style=\"padding: 8px;border-left: 1px solid #999;border-right: 1px solid #999\">Educa\u00e7\u00e3o Empreendedora: Teorias, Pr\u00e1ticas e Resultados.<\/td><td style=\"padding: 8px;border-left: 1px solid #999;border-right: 1px solid #999\">Online<\/td><\/tr><tr style=\"background: #CCC\"><td style=\"padding: 8px;border-left: 1px solid #999;border-right: 1px solid #999\">16<\/td><td style=\"padding: 8px;border-left: 1px solid #999;border-right: 1px solid #999\">Pr\u00e1ticas did\u00e1tico pedag\u00f3gicas expositivo-dialogadas e a sensibiliza\u00e7\u00e3o empreendedora de t\u00e9cnicos em seguran\u00e7a do trabalho e administra\u00e7\u00e3o no CEEPAMEV* em Ilh\u00e9us BA.<\/td><td style=\"padding: 8px;border-left: 1px solid #999;border-right: 1px solid #999\">Ismara Sobral Pereira | Milton Junior | Cl\u00e1udia Reis<\/td><td style=\"padding: 8px;border-left: 1px solid #999;border-right: 1px solid #999\">Artigo<\/td><td style=\"padding: 8px;border-left: 1px solid #999;border-right: 1px solid #999\">Educa\u00e7\u00e3o Empreendedora: Teorias, Pr\u00e1ticas e Resultados.<\/td><td style=\"padding: 8px;border-left: 1px solid #999;border-right: 1px solid #999\">Online<\/td><\/tr><tr style=\"background: #FFF\"><td style=\"padding: 8px;border-left: 1px solid #999;border-right: 1px solid #999\">17<\/td><td style=\"padding: 8px;border-left: 1px solid #999;border-right: 1px solid #999\">T\u00e9cnico o Emprendedor<\/td><td style=\"padding: 8px;border-left: 1px solid #999;border-right: 1px solid #999\">Juan Otoniel Martinez Sallama | Julitza Gisel Guzm\u00e1n Andame<\/td><td style=\"padding: 8px;border-left: 1px solid #999;border-right: 1px solid #999\">Artigo<\/td><td style=\"padding: 8px;border-left: 1px solid #999;border-right: 1px solid #999\">Educa\u00e7\u00e3o Empreendedora: Teorias, Pr\u00e1ticas e Resultados.<\/td><td style=\"padding: 8px;border-left: 1px solid #999;border-right: 1px solid #999\">OnLine<\/td><\/tr><tr style=\"background: #CCC\"><td style=\"padding: 8px;border-left: 1px solid #999;border-right: 1px solid #999\">18<\/td><td style=\"padding: 8px;border-left: 1px solid #999;border-right: 1px solid #999\">Pol\u00edticas p\u00fablicas de inser\u00e7\u00e3o produtiva juvenil: uma an\u00e1lise do programa primeiro emprego em sergipe em parceria com o SENAC Sergipe<\/td><td style=\"padding: 8px;border-left: 1px solid #999;border-right: 1px solid #999\">Cristiane Tavares Nunes |Leila Santos Silva<\/td><td style=\"padding: 8px;border-left: 1px solid #999;border-right: 1px solid #999\">Artigo<\/td><td style=\"padding: 8px;border-left: 1px solid #999;border-right: 1px solid #999\">Pol\u00edticas P\u00fablicas e Legisla\u00e7\u00e3o de Apoio ao Empreendedorismo.<\/td><td style=\"padding: 8px;border-left: 1px solid #999;border-right: 1px solid #999\">Presencial<\/td><\/tr><\/tbody><\/table><\/div>\n\t\t\t\t\t<\/div><div class=\"eael-accordion-list\">\n\t\t\t\t\t<div id=\"5-empreendedorismo-social-sustentabilidade-e-globalizao-turismo-comrcio-e-servios-ecossistemas-municipais-empreendedores-desafios-e-oportunidades\" class=\"elementor-tab-title eael-accordion-header\" tabindex=\"0\" data-tab=\"5\" aria-controls=\"elementor-tab-content-1585\"><span class=\"eael-advanced-accordion-icon-closed\"><svg aria-hidden=\"true\" class=\"fa-accordion-icon e-font-icon-svg e-fas-plus\" viewBox=\"0 0 448 512\" xmlns=\"http:\/\/www.w3.org\/2000\/svg\"><path d=\"M416 208H272V64c0-17.67-14.33-32-32-32h-32c-17.67 0-32 14.33-32 32v144H32c-17.67 0-32 14.33-32 32v32c0 17.67 14.33 32 32 32h144v144c0 17.67 14.33 32 32 32h32c17.67 0 32-14.33 32-32V304h144c17.67 0 32-14.33 32-32v-32c0-17.67-14.33-32-32-32z\"><\/path><\/svg><\/span><span class=\"eael-advanced-accordion-icon-opened\"><svg aria-hidden=\"true\" class=\"fa-accordion-icon e-font-icon-svg e-fas-people-carry\" viewBox=\"0 0 640 512\" xmlns=\"http:\/\/www.w3.org\/2000\/svg\"><path d=\"M128 96c26.5 0 48-21.5 48-48S154.5 0 128 0 80 21.5 80 48s21.5 48 48 48zm384 0c26.5 0 48-21.5 48-48S538.5 0 512 0s-48 21.5-48 48 21.5 48 48 48zm125.7 372.1l-44-110-41.1 46.4-2 18.2 27.7 69.2c5 12.5 17 20.1 29.7 20.1 4 0 8-.7 11.9-2.3 16.4-6.6 24.4-25.2 17.8-41.6zm-34.2-209.8L585 178.1c-4.6-20-18.6-36.8-37.5-44.9-18.5-8-39-6.7-56.1 3.3-22.7 13.4-39.7 34.5-48.1 59.4L432 229.8 416 240v-96c0-8.8-7.2-16-16-16H240c-8.8 0-16 7.2-16 16v96l-16.1-10.2-11.3-33.9c-8.3-25-25.4-46-48.1-59.4-17.2-10-37.6-11.3-56.1-3.3-18.9 8.1-32.9 24.9-37.5 44.9l-18.4 80.2c-4.6 20 .7 41.2 14.4 56.7l67.2 75.9 10.1 92.6C130 499.8 143.8 512 160 512c1.2 0 2.3-.1 3.5-.2 17.6-1.9 30.2-17.7 28.3-35.3l-10.1-92.8c-1.5-13-6.9-25.1-15.6-35l-43.3-49 17.6-70.3 6.8 20.4c4.1 12.5 11.9 23.4 24.5 32.6l51.1 32.5c4.6 2.9 12.1 4.6 17.2 5h160c5.1-.4 12.6-2.1 17.2-5l51.1-32.5c12.6-9.2 20.4-20 24.5-32.6l6.8-20.4 17.6 70.3-43.3 49c-8.7 9.9-14.1 22-15.6 35l-10.1 92.8c-1.9 17.6 10.8 33.4 28.3 35.3 1.2.1 2.3.2 3.5.2 16.1 0 30-12.1 31.8-28.5l10.1-92.6 67.2-75.9c13.6-15.5 19-36.7 14.4-56.7zM46.3 358.1l-44 110c-6.6 16.4 1.4 35 17.8 41.6 16.8 6.6 35.1-1.7 41.6-17.8l27.7-69.2-2-18.2-41.1-46.4z\"><\/path><\/svg><\/span><span class=\"eael-accordion-tab-title\">5 - Empreendedorismo Social, Sustentabilidade e Globaliza\u00e7\u00e3o | Turismo, Com\u00e9rcio e Servi\u00e7os  | Ecossistemas Municipais Empreendedores: Desafios e Oportunidades.<\/span><svg aria-hidden=\"true\" class=\"fa-toggle e-font-icon-svg e-fas-angle-right\" viewBox=\"0 0 256 512\" xmlns=\"http:\/\/www.w3.org\/2000\/svg\"><path d=\"M224.3 273l-136 136c-9.4 9.4-24.6 9.4-33.9 0l-22.6-22.6c-9.4-9.4-9.4-24.6 0-33.9l96.4-96.4-96.4-96.4c-9.4-9.4-9.4-24.6 0-33.9L54.3 103c9.4-9.4 24.6-9.4 33.9 0l136 136c9.5 9.4 9.5 24.6.1 34z\"><\/path><\/svg><\/div><div id=\"elementor-tab-content-1585\" class=\"eael-accordion-content clearfix\" data-tab=\"5\" aria-labelledby=\"5-empreendedorismo-social-sustentabilidade-e-globalizao-turismo-comrcio-e-servios-ecossistemas-municipais-empreendedores-desafios-e-oportunidades\"><h4>Moderadores:<br \/>Joab Almeida (UFS) | Rodrigo Rocha (IEL) | Abelardo Monteiro (Sebrae SE)<\/h4><table style=\"width: 100%;border-collapse: collapse;border: 1px solid #999\"><thead><tr style=\"background: #AAA\"><th style=\"font-weight: bold;padding: 8px;border-left: 1px solid #999;border-right: 1px solid #999\">N\u00ba<\/th><th style=\"font-weight: bold;padding: 8px;border-left: 1px solid #999;border-right: 1px solid #999\">T\u00edtulo<\/th><th style=\"font-weight: bold;padding: 8px;border-left: 1px solid #999;border-right: 1px solid #999\">Autores<\/th><th style=\"font-weight: bold;padding: 8px;border-left: 1px solid #999;border-right: 1px solid #999\">Tipo<\/th><th style=\"font-weight: bold;padding: 8px;border-left: 1px solid #999;border-right: 1px solid #999\">\u00c1rea<\/th><th style=\"font-weight: bold;padding: 8px;border-left: 1px solid #999;border-right: 1px solid #999\">Modo<\/th><\/tr><\/thead><tbody><tr style=\"background: #FFF\"><td style=\"padding: 8px;border-left: 1px solid #999;border-right: 1px solid #999\">1<\/td><td style=\"padding: 8px;border-left: 1px solid #999;border-right: 1px solid #999\">A inclus\u00e3o digital numa perspetiva de inclus\u00e3o social e inova\u00e7\u00e3o na educa\u00e7\u00e3o<\/td><td style=\"padding: 8px;border-left: 1px solid #999;border-right: 1px solid #999\">M\u00f3nica Cardoso | Manuela Teixeira<\/td><td style=\"padding: 8px;border-left: 1px solid #999;border-right: 1px solid #999\">Resumo<\/td><td style=\"padding: 8px;border-left: 1px solid #999;border-right: 1px solid #999\">Empreendedorismo Social, Sustentabilidade e Globaliza\u00e7\u00e3o<\/td><td style=\"padding: 8px;border-left: 1px solid #999;border-right: 1px solid #999\">Online<\/td><\/tr><tr style=\"background: #CCC\"><td style=\"padding: 8px;border-left: 1px solid #999;border-right: 1px solid #999\">2<\/td><td style=\"padding: 8px;border-left: 1px solid #999;border-right: 1px solid #999\">Cartografia afetiva de uma cidade: Pontes entre a materializa\u00e7\u00e3o da mem\u00f3ria e a constru\u00e7\u00e3o do presente<\/td><td style=\"padding: 8px;border-left: 1px solid #999;border-right: 1px solid #999\">Rosane Bezerra Soares<\/td><td style=\"padding: 8px;border-left: 1px solid #999;border-right: 1px solid #999\">Artigo<\/td><td style=\"padding: 8px;border-left: 1px solid #999;border-right: 1px solid #999\">Empreendedorismo Social, Sustentabilidade e Globaliza\u00e7\u00e3o<\/td><td style=\"padding: 8px;border-left: 1px solid #999;border-right: 1px solid #999\">Presencial<\/td><\/tr><tr style=\"background: #FFF\"><td style=\"padding: 8px;border-left: 1px solid #999;border-right: 1px solid #999\">3<\/td><td style=\"padding: 8px;border-left: 1px solid #999;border-right: 1px solid #999\">Comunidades Empreendedoras: redes locais que geram impacto<\/td><td style=\"padding: 8px;border-left: 1px solid #999;border-right: 1px solid #999\">Diogo Jos\u00e9 Tirbutino de Oliveira | Stefanny da Paix\u00e3o Nascimento |Caio Flavio Stettiner |Roberto Padilha Moia<\/td><td style=\"padding: 8px;border-left: 1px solid #999;border-right: 1px solid #999\">Artigo<\/td><td style=\"padding: 8px;border-left: 1px solid #999;border-right: 1px solid #999\">Ecossistemas Municipais Empreendedores: Desafios e Oportunidades<\/td><td style=\"padding: 8px;border-left: 1px solid #999;border-right: 1px solid #999\">OnLine<\/td><\/tr><tr style=\"background: #CCC\"><td style=\"padding: 8px;border-left: 1px solid #999;border-right: 1px solid #999\">4<\/td><td style=\"padding: 8px;border-left: 1px solid #999;border-right: 1px solid #999\">Efeito das a\u00e7\u00f5es empreendedoras na sustentabilidade financeira e na longevidade dos grupos empresariais de sa\u00fade privada no Brasil<\/td><td style=\"padding: 8px;border-left: 1px solid #999;border-right: 1px solid #999\">Wesley Marques Nascimento | Wendel Alex Castro Silva | Jos\u00e9 Edson Lara<\/td><td style=\"padding: 8px;border-left: 1px solid #999;border-right: 1px solid #999\">Artigo<\/td><td style=\"padding: 8px;border-left: 1px solid #999;border-right: 1px solid #999\">Empreendedorismo Social, Sustentabilidade e Globaliza\u00e7\u00e3o<\/td><td style=\"padding: 8px;border-left: 1px solid #999;border-right: 1px solid #999\">Online<\/td><\/tr><tr style=\"background: #FFF\"><td style=\"padding: 8px;border-left: 1px solid #999;border-right: 1px solid #999\">5<\/td><td style=\"padding: 8px;border-left: 1px solid #999;border-right: 1px solid #999\">Empreendedorismo Social e Educa\u00e7\u00e3o Transformadora nos Centro Social e Centro de Conv\u00edvio.<\/td><td style=\"padding: 8px;border-left: 1px solid #999;border-right: 1px solid #999\">Manuela Pereira<\/td><td style=\"padding: 8px;border-left: 1px solid #999;border-right: 1px solid #999\">Artigo<\/td><td style=\"padding: 8px;border-left: 1px solid #999;border-right: 1px solid #999\">Empreendedorismo Social, Sustentabilidade e Globaliza\u00e7\u00e3o<\/td><td style=\"padding: 8px;border-left: 1px solid #999;border-right: 1px solid #999\">Online<\/td><\/tr><tr style=\"background: #CCC\"><td style=\"padding: 8px;border-left: 1px solid #999;border-right: 1px solid #999\">6<\/td><td style=\"padding: 8px;border-left: 1px solid #999;border-right: 1px solid #999\">Empreendedorismo Sustent\u00e1vel e Modelos de Neg\u00f3cio com Impacto: entre a utopia ecol\u00f3gica e a viabilidade econ\u00f3mica \u00e1rea<\/td><td style=\"padding: 8px;border-left: 1px solid #999;border-right: 1px solid #999\">Andr\u00e9 Filipe da Costa Leite e Silva Ferreira<\/td><td style=\"padding: 8px;border-left: 1px solid #999;border-right: 1px solid #999\">Resumo<\/td><td style=\"padding: 8px;border-left: 1px solid #999;border-right: 1px solid #999\">Empreendedorismo Social, Sustentabilidade e Globaliza\u00e7\u00e3o<\/td><td style=\"padding: 8px;border-left: 1px solid #999;border-right: 1px solid #999\">Presencial<\/td><\/tr><tr style=\"background: #FFF\"><td style=\"padding: 8px;border-left: 1px solid #999;border-right: 1px solid #999\">7<\/td><td style=\"padding: 8px;border-left: 1px solid #999;border-right: 1px solid #999\">Empreendedorismo Sustent\u00e1vel para Restaura\u00e7\u00e3o de Mata Ciliar do Rio Paj\u00e9u: A\u00e7\u00f5es Humanas e Parcerias Interisnstitucionais entre a UFRPE\/UAST e uma Escola P\u00fablica Municipal em Serra Talhada -PE<\/td><td style=\"padding: 8px;border-left: 1px solid #999;border-right: 1px solid #999\">Walber Santos Baptista |Genival Barros J\u00fanior | Maria Waleska Camboim Lopes de Andrade | Sa\u00fal Severiche Toledo<\/td><td style=\"padding: 8px;border-left: 1px solid #999;border-right: 1px solid #999\">Resumo<\/td><td style=\"padding: 8px;border-left: 1px solid #999;border-right: 1px solid #999\">Empreendedorismo Social, Sustentabilidade e Globaliza\u00e7\u00e3o<\/td><td style=\"padding: 8px;border-left: 1px solid #999;border-right: 1px solid #999\">Online<\/td><\/tr><tr style=\"background: #CCC\"><td style=\"padding: 8px;border-left: 1px solid #999;border-right: 1px solid #999\">8<\/td><td style=\"padding: 8px;border-left: 1px solid #999;border-right: 1px solid #999\">Empreendedorismo e Cidadania na periferia: Projeto Minha Casa Meu Neg\u00f3cio<\/td><td style=\"padding: 8px;border-left: 1px solid #999;border-right: 1px solid #999\">Jo\u00e3o Pinheiro de Barros Neto |Geraldo Gianini | Larissa Alves de Macedo<\/td><td style=\"padding: 8px;border-left: 1px solid #999;border-right: 1px solid #999\">Artigo<\/td><td style=\"padding: 8px;border-left: 1px solid #999;border-right: 1px solid #999\">Empreendedorismo Social, Sustentabilidade e Globaliza\u00e7\u00e3o<\/td><td style=\"padding: 8px;border-left: 1px solid #999;border-right: 1px solid #999\">OnLine<\/td><\/tr><tr style=\"background: #FFF\"><td style=\"padding: 8px;border-left: 1px solid #999;border-right: 1px solid #999\">9<\/td><td style=\"padding: 8px;border-left: 1px solid #999;border-right: 1px solid #999\">Empreendedorismo no paradigma da educa\u00e7\u00e3o ONLIFE &#8211; Aventuras do Gato das Botas pela cultura na cibricidade de Bento Gon\u00e7alves &#8211; RS<\/td><td style=\"padding: 8px;border-left: 1px solid #999;border-right: 1px solid #999\">Natalia Sitnievski | Eliane Schlemmer<\/td><td style=\"padding: 8px;border-left: 1px solid #999;border-right: 1px solid #999\">Artigo<\/td><td style=\"padding: 8px;border-left: 1px solid #999;border-right: 1px solid #999\">Turismo, Com\u00e9rcio e Servi\u00e7os<\/td><td style=\"padding: 8px;border-left: 1px solid #999;border-right: 1px solid #999\">Online<\/td><\/tr><tr style=\"background: #CCC\"><td style=\"padding: 8px;border-left: 1px solid #999;border-right: 1px solid #999\">10<\/td><td style=\"padding: 8px;border-left: 1px solid #999;border-right: 1px solid #999\">Empreendedorismo social como ferramenta de transforma\u00e7\u00e3o comunit\u00e1ria: o impacto dos projetos Churras do Bem e Acaraj\u00e9 do Bem do Rotary Club Aracaju Nova Gera\u00e7\u00e3o<\/td><td style=\"padding: 8px;border-left: 1px solid #999;border-right: 1px solid #999\">Jorge Nunes | Eduardo Salustino | Paulo J\u00fanior | Al\u00e9rcio Silva<\/td><td style=\"padding: 8px;border-left: 1px solid #999;border-right: 1px solid #999\">Resumo<\/td><td style=\"padding: 8px;border-left: 1px solid #999;border-right: 1px solid #999\">Empreendedorismo Social, Sustentabilidade e Globaliza\u00e7\u00e3o<\/td><td style=\"padding: 8px;border-left: 1px solid #999;border-right: 1px solid #999\">Sem resposta<\/td><\/tr><tr style=\"background: #FFF\"><td style=\"padding: 8px;border-left: 1px solid #999;border-right: 1px solid #999\">11<\/td><td style=\"padding: 8px;border-left: 1px solid #999;border-right: 1px solid #999\">Empreendedorismo social: Transformando realidades com impacto positivo<\/td><td style=\"padding: 8px;border-left: 1px solid #999;border-right: 1px solid #999\">Igor Maguellitoh<\/td><td style=\"padding: 8px;border-left: 1px solid #999;border-right: 1px solid #999\">Resumo<\/td><td style=\"padding: 8px;border-left: 1px solid #999;border-right: 1px solid #999\">Empreendedorismo Social, Sustentabilidade e Globaliza\u00e7\u00e3o<\/td><td style=\"padding: 8px;border-left: 1px solid #999;border-right: 1px solid #999\">Online<\/td><\/tr><tr style=\"background: #CCC\"><td style=\"padding: 8px;border-left: 1px solid #999;border-right: 1px solid #999\">12<\/td><td style=\"padding: 8px;border-left: 1px solid #999;border-right: 1px solid #999\">Envelhecimento e Inova\u00e7\u00e3o Social em Portugal: O Papel do Empreendedorismo Social<\/td><td style=\"padding: 8px;border-left: 1px solid #999;border-right: 1px solid #999\">Manuela Teixeira |M\u00f3nica Cardoso | \u00c2ngela Firmino<\/td><td style=\"padding: 8px;border-left: 1px solid #999;border-right: 1px solid #999\">Artigo<\/td><td style=\"padding: 8px;border-left: 1px solid #999;border-right: 1px solid #999\">Empreendedorismo Social, Sustentabilidade e Globaliza\u00e7\u00e3o<\/td><td style=\"padding: 8px;border-left: 1px solid #999;border-right: 1px solid #999\">Online<\/td><\/tr><tr style=\"background: #FFF\"><td style=\"padding: 8px;border-left: 1px solid #999;border-right: 1px solid #999\">13<\/td><td style=\"padding: 8px;border-left: 1px solid #999;border-right: 1px solid #999\">Idiomas que geram neg\u00f3cios: como o bilinguismo impulsiona cidadania global, empreendedorismo e com\u00e9rcio exterior<\/td><td style=\"padding: 8px;border-left: 1px solid #999;border-right: 1px solid #999\">Giselle Menezes Mendes Cintado | Dirlei Terezinha Fachinello<\/td><td style=\"padding: 8px;border-left: 1px solid #999;border-right: 1px solid #999\">Artigo<\/td><td style=\"padding: 8px;border-left: 1px solid #999;border-right: 1px solid #999\">Turismo, Com\u00e9rcio e Servi\u00e7os<\/td><td style=\"padding: 8px;border-left: 1px solid #999;border-right: 1px solid #999\">Presencial<\/td><\/tr><tr style=\"background: #CCC\"><td style=\"padding: 8px;border-left: 1px solid #999;border-right: 1px solid #999\">14<\/td><td style=\"padding: 8px;border-left: 1px solid #999;border-right: 1px solid #999\">O Estilo de Empreender Mediterr\u00e2nico: Perspetivas para um Ecossistema Diferenciado<\/td><td style=\"padding: 8px;border-left: 1px solid #999;border-right: 1px solid #999\">Patr\u00edcia Jardim Palma | Jacinto Jardim<\/td><td style=\"padding: 8px;border-left: 1px solid #999;border-right: 1px solid #999\">Artigo<\/td><td style=\"padding: 8px;border-left: 1px solid #999;border-right: 1px solid #999\">Ecossistemas Municipais Empreendedores: Desafios e Oportunidades<\/td><td style=\"padding: 8px;border-left: 1px solid #999;border-right: 1px solid #999\">Online<\/td><\/tr><tr style=\"background: #FFF\"><td style=\"padding: 8px;border-left: 1px solid #999;border-right: 1px solid #999\">15<\/td><td style=\"padding: 8px;border-left: 1px solid #999;border-right: 1px solid #999\">Oficinas Viver com Vitalidade: Empreendedorismo Social para um Envelhecimento Ativo e Digital<\/td><td style=\"padding: 8px;border-left: 1px solid #999;border-right: 1px solid #999\">Sandro Jorge | S\u00f3nia Valente<\/td><td style=\"padding: 8px;border-left: 1px solid #999;border-right: 1px solid #999\">Artigo<\/td><td style=\"padding: 8px;border-left: 1px solid #999;border-right: 1px solid #999\">Empreendedorismo Social, Sustentabilidade e Globaliza\u00e7\u00e3o<\/td><td style=\"padding: 8px;border-left: 1px solid #999;border-right: 1px solid #999\">Online<\/td><\/tr><tr style=\"background: #CCC\"><td style=\"padding: 8px;border-left: 1px solid #999;border-right: 1px solid #999\">16<\/td><td style=\"padding: 8px;border-left: 1px solid #999;border-right: 1px solid #999\">Munic\u00edpios Empreendedores na Era da Conetividade: Pol\u00edticas, Pr\u00e1ticas e Tend\u00eancias da Administra\u00e7\u00e3o Local<\/td><td style=\"padding: 8px;border-left: 1px solid #999;border-right: 1px solid #999\">Jacinto Jardim<\/td><td style=\"padding: 8px;border-left: 1px solid #999;border-right: 1px solid #999\">Artigo<\/td><td style=\"padding: 8px;border-left: 1px solid #999;border-right: 1px solid #999\">Ecossistemas Municipais Empreendedores: Desafios e Oportunidades<\/td><td style=\"padding: 8px;border-left: 1px solid #999;border-right: 1px solid #999\">Presencial<\/td><\/tr><tr style=\"background: #FFF\"><td style=\"padding: 8px;border-left: 1px solid #999;border-right: 1px solid #999\">17<\/td><td style=\"padding: 8px;border-left: 1px solid #999;border-right: 1px solid #999\">Teoria e pr\u00e1tica empreendedora na aplica\u00e7\u00e3o do modelo canvas num empreendimento local sustent\u00e1vel<\/td><td style=\"padding: 8px;border-left: 1px solid #999;border-right: 1px solid #999\">Alexandro Santos Silva | Cac\u00e1 Gon\u00e7alves<\/td><td style=\"padding: 8px;border-left: 1px solid #999;border-right: 1px solid #999\">Artigo<\/td><td style=\"padding: 8px;border-left: 1px solid #999;border-right: 1px solid #999\">Empreendedorismo Social, Sustentabilidade e Globaliza\u00e7\u00e3o<\/td><td style=\"padding: 8px;border-left: 1px solid #999;border-right: 1px solid #999\">OnLine<\/td><\/tr><tr style=\"background: #CCC\"><td style=\"padding: 8px;border-left: 1px solid #999;border-right: 1px solid #999\">18<\/td><td style=\"padding: 8px;border-left: 1px solid #999;border-right: 1px solid #999\">Transformando ritmo em profiss\u00e3o: a oportunidade de profissionaliza\u00e7\u00e3o das escolas de Samba em Corumba-MS<\/td><td style=\"padding: 8px;border-left: 1px solid #999;border-right: 1px solid #999\">Juliana Bispo Rodrigues dos Santos<\/td><td style=\"padding: 8px;border-left: 1px solid #999;border-right: 1px solid #999\">Artigo<\/td><td style=\"padding: 8px;border-left: 1px solid #999;border-right: 1px solid #999\">Ecossistemas Municipais Empreendedores: Desafios e Oportunidades<\/td><td style=\"padding: 8px;border-left: 1px solid #999;border-right: 1px solid #999\">Online<\/td><\/tr><\/tbody><\/table><\/div>\n\t\t\t\t\t<\/div><\/div>\t\t\t\t<\/div>\n\t\t\t\t<\/div>\n\t\t\t\t<\/div>\n\t\t<div class=\"elementor-element elementor-element-7e76573 e-con-full e-flex wpr-particle-no wpr-jarallax-no wpr-parallax-no wpr-sticky-section-no wpr-equal-height-no e-con e-child\" data-id=\"7e76573\" data-element_type=\"container\" data-e-type=\"container\">\n\t\t\t\t<\/div>\n\t\t\t\t\t<\/div>\n\t\t\t\t<\/div>\n\t\t<div class=\"elementor-element elementor-element-b1074ce e-grid e-con-boxed wpr-particle-no wpr-jarallax-no wpr-parallax-no wpr-sticky-section-no wpr-equal-height-no e-con e-parent\" data-id=\"b1074ce\" data-element_type=\"container\" data-e-type=\"container\" data-settings=\"{&quot;background_background&quot;:&quot;classic&quot;}\">\n\t\t\t\t\t<div class=\"e-con-inner\">\n\t\t\t\t<div class=\"elementor-element elementor-element-faf3b27 elementor-widget elementor-widget-eael-fancy-text\" data-id=\"faf3b27\" data-element_type=\"widget\" data-e-type=\"widget\" data-widget_type=\"eael-fancy-text.default\">\n\t\t\t\t<div class=\"elementor-widget-container\">\n\t\t\t\t\t\n\t<div  class=\"eael-fancy-text-container style-1\" data-fancy-text-id=\"faf3b27\" data-fancy-text=\"|Conferencistas e Painelistas\" data-fancy-text-transition-type=\"typing\" data-fancy-text-speed=\"25\" data-fancy-text-delay=\"5000\" data-fancy-text-cursor=\"yes\" data-fancy-text-loop=\"yes\" data-fancy-text-action=\"page_load\" >\n\t\t\n\t\t\n\t\t\t\t\t<span id=\"eael-fancy-text-faf3b27\" class=\"eael-fancy-text-strings solid-color\">\n\t\t\t\t<noscript>\n\t\t\t\t\tConferencistas e Painelistas\t\t\t\t<\/noscript>\n\t\t\t<\/span>\n\t\t\n\t\t\t\t\t<span class=\"eael-fancy-text-suffix\"> _<\/span>\n\t\t\t<\/div><!-- close .eael-fancy-text-container -->\n\n\t<div class=\"clearfix\"><\/div>\n\n\t\t\t\t\t<\/div>\n\t\t\t\t<\/div>\n\t\t\t\t\t<\/div>\n\t\t\t\t<\/div>\n\t\t<div class=\"elementor-element elementor-element-e3df8f7 e-flex e-con-boxed wpr-particle-no wpr-jarallax-no wpr-parallax-no wpr-sticky-section-no wpr-equal-height-no e-con e-parent\" data-id=\"e3df8f7\" data-element_type=\"container\" data-e-type=\"container\">\n\t\t\t\t\t<div class=\"e-con-inner\">\n\t\t\t\t<div class=\"elementor-element elementor-element-e7ac82b elementor-widget elementor-widget-shortcode\" data-id=\"e7ac82b\" data-element_type=\"widget\" data-e-type=\"widget\" data-widget_type=\"shortcode.default\">\n\t\t\t\t<div class=\"elementor-widget-container\">\n\t\t\t\t\t\t\t<div class=\"elementor-shortcode\">\t<!-- wpshopmart team builder wrapper -->\r\n\t<div class=\"wpsm_team_2_b_row\" id=\"wpsm_team_2_b_row_2188\">\r\n\t\t<div class=\"wpsm_row\">  \r\n\t\t\t<style>\r\n\t\t\t#wpsm_team_2_b_row_2188 .wpsm_team_2_member_wrapper_inner h3{\r\n\t\t\t\tcolor:#000000 !important;\r\n\t\t\t\tfont-size:20px !important;\r\n\t\t\t\tfont-family:Open Sans !important;\r\n\t\t\t}\r\n\t\t\t\r\n\t\t\t#wpsm_team_2_b_row_2188 .wpsm_team_2_b_desig{\r\n\t\t\t\tcolor:#000000 !important;\r\n\t\t\t\tfont-size:16px !important;\r\n\t\t\t\tfont-family:Open Sans !important;\r\n\t\t\t}\r\n\t\t\t#wpsm_team_2_b_row_2188 .wpsm_team_2_b_desc{\r\n\t\t\t\tcolor:#000000 !important;\r\n\t\t\t\tfont-size:13px !important;\r\n\t\t\t\tfont-family:Open Sans !important;\r\n\t\t\t}\r\n\t\t\t#wpsm_team_2_b_row_2188 .wpsm_team_2_social_div a i{\r\n\t\t\t\tcolor:#000000 !important;\r\n\t\t\t\tborder-color:#000000 !important;\r\n\t\t\t}\r\n\t\t\t#wpsm_team_2_b_row_2188 .wpsm_team_2_member_wrapper{\r\n\t\t\t\tbackground:#d6d6d6 !important;\r\n\t\t\t}\r\n\t\t\t\t\t\t<\/style>\r\n\t\t\t\t\t\t \r\n\t\t\t\t\t\r\n\t\t\t\t\t\r\n\t\t\t\t\t<div class=\"wpsm_col-md-3 wpsm_col-sm-6  wpsm-col-div\">\r\n\t\t\t\t\t\t<div class=\"wpsm_team_2_member_wrapper\">\r\n\t\t\t\t\t\t\t<img decoding=\"async\" class=\"img-responsive wpsm_team_2_mem_img\" src=\"https:\/\/educacaoempreendedora.com\/cieeci2025\/wp-content\/uploads\/2025\/05\/jacintojardim.jpg\" alt=\"Jacinto Jardim\">\r\n\t\t\t\t\t\t\t<div class=\"wpsm_team_2_member_wrapper_inner\">\r\n\t\t\t\t\t\t\t\t<h3>\r\n\t\t\t\t\t\t\t\t\tJacinto Jardim\t\t\t\t\t\t\t\t<\/h3>\r\n\t\t\t\t\t\t\t\t\t\t\t\t\t\t\t\t<div class=\"wpsm_team_2_social_div\">\r\n\t\t\t\t\t\t\t\t\t\t\t\t\t\t\t\t\t\t\t\t\t\t\t\t\t\t\t\t\t\t\t\t\t\t\t\t\t\t\t\t\t\t\t\t<\/div>\r\n\t\t\t\t\t\t\t\t<p class=\"wpsm_team_2_b_desc\"> Especialista em Gest\u00e3o e Administra\u00e7\u00e3o, Cidadania Global e Empreendedorismo, PhD em Ci\u00eancias da Educa\u00e7\u00e3o e Mestre em Ci\u00eancias da Educa\u00e7\u00e3o <\/p> \t\t\t\t\t\t\t\t\r\n\t\t\t\t\t\t\t<\/div>\r\n\t\t\t\t\t\t<\/div>\r\n\t\t\t\t\t<\/div>\r\n\t\t\t\t\t\r\n\t\t\t\t\t\t\t\t\t\t\t\t\t \r\n\t\t\t\t\t\r\n\t\t\t\t\t\r\n\t\t\t\t\t<div class=\"wpsm_col-md-3 wpsm_col-sm-6  wpsm-col-div\">\r\n\t\t\t\t\t\t<div class=\"wpsm_team_2_member_wrapper\">\r\n\t\t\t\t\t\t\t<img decoding=\"async\" class=\"img-responsive wpsm_team_2_mem_img\" src=\"https:\/\/educacaoempreendedora.com\/cieeci2025\/wp-content\/uploads\/2025\/09\/senador.png\" alt=\"Senador La\u00e9rcio Oliveira\">\r\n\t\t\t\t\t\t\t<div class=\"wpsm_team_2_member_wrapper_inner\">\r\n\t\t\t\t\t\t\t\t<h3>\r\n\t\t\t\t\t\t\t\t\tSenador La\u00e9rcio Oliveira\t\t\t\t\t\t\t\t<\/h3>\r\n\t\t\t\t\t\t\t\t\t\t\t\t\t\t\t\t<div class=\"wpsm_team_2_social_div\">\r\n\t\t\t\t\t\t\t\t\t\t\t\t\t\t\t\t\t\t\t\t\t\t\t\t\t\t\t\t\t\t\t\t\t\t\t\t\t\t\t\t\t\t\t\t<\/div>\r\n\t\t\t\t\t\t\t\t<p class=\"wpsm_team_2_b_desc\"> Senador da Rep\u00fablica, defende o setor produtivo, a gera\u00e7\u00e3o de empregos e a qualifica\u00e7\u00e3o profissional. Graduado em Administra\u00e7\u00e3o de Empresas e especialista em Gest\u00e3o Empresarial, possui em seu portf\u00f3lio mais de 1.700 proposi\u00e7\u00f5es legislativas, entre projetos de lei, requerimentos, relatorias e discursos. <\/p> \t\t\t\t\t\t\t\t\r\n\t\t\t\t\t\t\t<\/div>\r\n\t\t\t\t\t\t<\/div>\r\n\t\t\t\t\t<\/div>\r\n\t\t\t\t\t\r\n\t\t\t\t\t\t\t\t\t\t\t\t\t \r\n\t\t\t\t\t\r\n\t\t\t\t\t\r\n\t\t\t\t\t<div class=\"wpsm_col-md-3 wpsm_col-sm-6  wpsm-col-div\">\r\n\t\t\t\t\t\t<div class=\"wpsm_team_2_member_wrapper\">\r\n\t\t\t\t\t\t\t<img decoding=\"async\" class=\"img-responsive wpsm_team_2_mem_img\" src=\"https:\/\/educacaoempreendedora.com\/cieeci2025\/wp-content\/uploads\/2025\/01\/UAb_Reitora_CarlaOliveira-1.jpg\" alt=\"Carla Padrel\">\r\n\t\t\t\t\t\t\t<div class=\"wpsm_team_2_member_wrapper_inner\">\r\n\t\t\t\t\t\t\t\t<h3>\r\n\t\t\t\t\t\t\t\t\tCarla Padrel\t\t\t\t\t\t\t\t<\/h3>\r\n\t\t\t\t\t\t\t\t\t\t\t\t\t\t\t\t<div class=\"wpsm_team_2_social_div\">\r\n\t\t\t\t\t\t\t\t\t\t\t\t\t\t\t\t\t\t\t\t\t\t\t\t\t\t\t\t\t\t\t\t\t\t\t\t\t\t\t\t\t\t\t\t<\/div>\r\n\t\t\t\t\t\t\t\t<p class=\"wpsm_team_2_b_desc\"> Reitora da Universidade Aberta de Portugal, doutorada em Engenharia Qu\u00edmica pelo Imperial College of Science Technology and Medicine da University of London <\/p> \t\t\t\t\t\t\t\t\r\n\t\t\t\t\t\t\t<\/div>\r\n\t\t\t\t\t\t<\/div>\r\n\t\t\t\t\t<\/div>\r\n\t\t\t\t\t\r\n\t\t\t\t\t\t\t\t\t\t\t\t\t \r\n\t\t\t\t\t\r\n\t\t\t\t\t\r\n\t\t\t\t\t<div class=\"wpsm_col-md-3 wpsm_col-sm-6  wpsm-col-div\">\r\n\t\t\t\t\t\t<div class=\"wpsm_team_2_member_wrapper\">\r\n\t\t\t\t\t\t\t<img decoding=\"async\" class=\"img-responsive wpsm_team_2_mem_img\" src=\"https:\/\/educacaoempreendedora.com\/cieeci2025\/wp-content\/uploads\/2025\/01\/joseeduardofranco.png\" alt=\"Jos\u00e9 Eduardo Franco\">\r\n\t\t\t\t\t\t\t<div class=\"wpsm_team_2_member_wrapper_inner\">\r\n\t\t\t\t\t\t\t\t<h3>\r\n\t\t\t\t\t\t\t\t\tJos\u00e9 Eduardo Franco\t\t\t\t\t\t\t\t<\/h3>\r\n\t\t\t\t\t\t\t\t\t\t\t\t\t\t\t\t<div class=\"wpsm_team_2_social_div\">\r\n\t\t\t\t\t\t\t\t\t\t\t\t\t\t\t\t\t\t\t\t\t\t\t\t\t\t\t\t\t\t\t\t\t\t\t\t\t\t\t\t\t\t\t\t<\/div>\r\n\t\t\t\t\t\t\t\t<p class=\"wpsm_team_2_b_desc\"> Doutor em Hist\u00f3ria e Civiliza\u00e7\u00f5es pela EHESS-Paris e doutorado em Cultura pela Universidade de Aveiro, Mestre em Hist\u00f3ria Moderna e Mestre em Ci\u00eancias da Educa\u00e7\u00e3o pela Universidade de Lisboa. <\/p> \t\t\t\t\t\t\t\t\r\n\t\t\t\t\t\t\t<\/div>\r\n\t\t\t\t\t\t<\/div>\r\n\t\t\t\t\t<\/div>\r\n\t\t\t\t\t\r\n\t\t\t\t\t\t\t\t\t\t\t<\/div>\r\n\t\t\t\t\t\t<div class=\"wpsm_row\">\r\n\t\t\t\t\t\t\t\t\t\t\t\t\t\t \r\n\t\t\t\t\t\r\n\t\t\t\t\t\r\n\t\t\t\t\t<div class=\"wpsm_col-md-3 wpsm_col-sm-6  wpsm-col-div\">\r\n\t\t\t\t\t\t<div class=\"wpsm_team_2_member_wrapper\">\r\n\t\t\t\t\t\t\t<img decoding=\"async\" class=\"img-responsive wpsm_team_2_mem_img\" src=\"https:\/\/educacaoempreendedora.com\/cieeci2025\/wp-content\/uploads\/2025\/03\/andreakarla.png\" alt=\"Andrea Karla F Nunes\">\r\n\t\t\t\t\t\t\t<div class=\"wpsm_team_2_member_wrapper_inner\">\r\n\t\t\t\t\t\t\t\t<h3>\r\n\t\t\t\t\t\t\t\t\tAndrea Karla F Nunes\t\t\t\t\t\t\t\t<\/h3>\r\n\t\t\t\t\t\t\t\t\t\t\t\t\t\t\t\t<div class=\"wpsm_team_2_social_div\">\r\n\t\t\t\t\t\t\t\t\t\t\t\t\t\t\t\t\t\t\t\t\t\t\t\t\t\t\t\t\t\t\t\t\t\t\t\t\t\t\t\t\t\t\t\t<\/div>\r\n\t\t\t\t\t\t\t\t<p class=\"wpsm_team_2_b_desc\"> P\u00f3s-doutorado em Educa\u00e7\u00e3o pela Universidade de Salamanca - Espanha (2019). Doutorado e Mestrado em Educa\u00e7\u00e3o pela Universidade Federal de Sergipe. Graduada em Pedagogia pela Universidade Federal de Sergipe (1997) e Graduada em Direito pela Universidade Tiradentes (2024).  <\/p> \t\t\t\t\t\t\t\t\r\n\t\t\t\t\t\t\t<\/div>\r\n\t\t\t\t\t\t<\/div>\r\n\t\t\t\t\t<\/div>\r\n\t\t\t\t\t\r\n\t\t\t\t\t\t\t\t\t\t\t\t\t \r\n\t\t\t\t\t\r\n\t\t\t\t\t\r\n\t\t\t\t\t<div class=\"wpsm_col-md-3 wpsm_col-sm-6  wpsm-col-div\">\r\n\t\t\t\t\t\t<div class=\"wpsm_team_2_member_wrapper\">\r\n\t\t\t\t\t\t\t<img decoding=\"async\" class=\"img-responsive wpsm_team_2_mem_img\" src=\"https:\/\/educacaoempreendedora.com\/cieeci2025\/wp-content\/uploads\/2025\/03\/adelinoribeiro.png\" alt=\"Adelino Ribeiro\">\r\n\t\t\t\t\t\t\t<div class=\"wpsm_team_2_member_wrapper_inner\">\r\n\t\t\t\t\t\t\t\t<h3>\r\n\t\t\t\t\t\t\t\t\tAdelino Ribeiro\t\t\t\t\t\t\t\t<\/h3>\r\n\t\t\t\t\t\t\t\t\t\t\t\t\t\t\t\t<div class=\"wpsm_team_2_social_div\">\r\n\t\t\t\t\t\t\t\t\t\t\t\t\t\t\t\t\t\t\t\t\t\t\t\t\t\t\t\t\t\t\t\t\t\t\t\t\t\t\t\t\t\t\t\t<\/div>\r\n\t\t\t\t\t\t\t\t<p class=\"wpsm_team_2_b_desc\"> Licenciado em Psicologia com Especializa\u00e7\u00e3o em Psicologia Social, Comunit\u00e1ria e das Organiza\u00e7\u00f5es pela Universidade do Minho, Braga. MBA Executivo em Gest\u00e3o Aut\u00e1rquica pela Escola de Neg\u00f3cios e Administra\u00e7\u00e3o, V N Gaia e P\u00f3s-Graduado em Ci\u00eancias do Trabalho pelo INEGI\/FEUP \u2013 Universidade do Porto. <\/p> \t\t\t\t\t\t\t\t\r\n\t\t\t\t\t\t\t<\/div>\r\n\t\t\t\t\t\t<\/div>\r\n\t\t\t\t\t<\/div>\r\n\t\t\t\t\t\r\n\t\t\t\t\t\t\t\t\t\t\t\t\t \r\n\t\t\t\t\t\r\n\t\t\t\t\t\r\n\t\t\t\t\t<div class=\"wpsm_col-md-3 wpsm_col-sm-6  wpsm-col-div\">\r\n\t\t\t\t\t\t<div class=\"wpsm_team_2_member_wrapper\">\r\n\t\t\t\t\t\t\t<img decoding=\"async\" class=\"img-responsive wpsm_team_2_mem_img\" src=\"https:\/\/educacaoempreendedora.com\/cieeci2025\/wp-content\/uploads\/2025\/08\/nairalibermann.png\" alt=\"Naira Libermann\">\r\n\t\t\t\t\t\t\t<div class=\"wpsm_team_2_member_wrapper_inner\">\r\n\t\t\t\t\t\t\t\t<h3>\r\n\t\t\t\t\t\t\t\t\tNaira Libermann\t\t\t\t\t\t\t\t<\/h3>\r\n\t\t\t\t\t\t\t\t\t\t\t\t\t\t\t\t<div class=\"wpsm_team_2_social_div\">\r\n\t\t\t\t\t\t\t\t\t\t\t\t\t\t\t\t\t\t\t\t\t\t\t\t\t\t\t\t\t\t\t\t\t\t\t\t\t\t\t\t\t\t\t\t<\/div>\r\n\t\t\t\t\t\t\t\t<p class=\"wpsm_team_2_b_desc\"> Doutora em Ci\u00eancias da Educa\u00e7\u00e3o UTAD Portugal, Mestre em Administra\u00e7\u00e3o pela UFRGS (2001),possui gradua\u00e7\u00e3o em Administra\u00e7\u00e3o PUCRS(1993), gradua\u00e7\u00e3o em Pedagogia (Licenciatura Plena) pela PUCRS (1988) . Foi Diretora Executiva do SEBRAE\/RS. Atualmente \u00e9 Diretora da CRIARE e fundadora do IDEAR Laborat\u00f3rio <\/p> \t\t\t\t\t\t\t\t\r\n\t\t\t\t\t\t\t<\/div>\r\n\t\t\t\t\t\t<\/div>\r\n\t\t\t\t\t<\/div>\r\n\t\t\t\t\t\r\n\t\t\t\t\t\t\t\t\t\t\t\t\t \r\n\t\t\t\t\t\r\n\t\t\t\t\t\r\n\t\t\t\t\t<div class=\"wpsm_col-md-3 wpsm_col-sm-6  wpsm-col-div\">\r\n\t\t\t\t\t\t<div class=\"wpsm_team_2_member_wrapper\">\r\n\t\t\t\t\t\t\t<img decoding=\"async\" class=\"img-responsive wpsm_team_2_mem_img\" src=\"https:\/\/educacaoempreendedora.com\/cieeci2025\/wp-content\/uploads\/2024\/10\/pauloeirado.png\" alt=\"Paulo do Eirado\">\r\n\t\t\t\t\t\t\t<div class=\"wpsm_team_2_member_wrapper_inner\">\r\n\t\t\t\t\t\t\t\t<h3>\r\n\t\t\t\t\t\t\t\t\tPaulo do Eirado\t\t\t\t\t\t\t\t<\/h3>\r\n\t\t\t\t\t\t\t\t\t\t\t\t\t\t\t\t<div class=\"wpsm_team_2_social_div\">\r\n\t\t\t\t\t\t\t\t\t\t\t\t\t\t\t\t\t\t\t\t\t\t\t\t\t\t\t\t\t\t\t\t\t\t\t\t\t\t\t\t\t\t\t\t<\/div>\r\n\t\t\t\t\t\t\t\t<p class=\"wpsm_team_2_b_desc\"> Presidente do Instituto Tiradentes de Pesquisa (ITP\/Unit), Pedagogo e especialista em Pedagogia empresarial <\/p> \t\t\t\t\t\t\t\t\r\n\t\t\t\t\t\t\t<\/div>\r\n\t\t\t\t\t\t<\/div>\r\n\t\t\t\t\t<\/div>\r\n\t\t\t\t\t\r\n\t\t\t\t\t\t\t\t\t\t\t<\/div>\r\n\t\t\t\t\t\t<div class=\"wpsm_row\">\r\n\t\t\t\t\t\t\t\t\t\t\t\t\t\t \r\n\t\t\t\t\t\r\n\t\t\t\t\t\r\n\t\t\t\t\t<div class=\"wpsm_col-md-3 wpsm_col-sm-6  wpsm-col-div\">\r\n\t\t\t\t\t\t<div class=\"wpsm_team_2_member_wrapper\">\r\n\t\t\t\t\t\t\t<img decoding=\"async\" class=\"img-responsive wpsm_team_2_mem_img\" src=\"https:\/\/educacaoempreendedora.com\/cieeci2025\/wp-content\/uploads\/2025\/02\/patricia_severino.jpg\" alt=\"Patr\u00edcia Severino\">\r\n\t\t\t\t\t\t\t<div class=\"wpsm_team_2_member_wrapper_inner\">\r\n\t\t\t\t\t\t\t\t<h3>\r\n\t\t\t\t\t\t\t\t\tPatr\u00edcia Severino\t\t\t\t\t\t\t\t<\/h3>\r\n\t\t\t\t\t\t\t\t\t\t\t\t\t\t\t\t<div class=\"wpsm_team_2_social_div\">\r\n\t\t\t\t\t\t\t\t\t\t\t\t\t\t\t\t\t\t\t\t\t\t\t\t\t\t\t\t\t\t\t\t\t\t\t\t\t\t\t\t\t\t\t\t<\/div>\r\n\t\t\t\t\t\t\t\t<p class=\"wpsm_team_2_b_desc\"> Mestre e Doutora em Engenharia Qu\u00edmica pela Unicamp, coordena o programa de p\u00f3s-gradua\u00e7\u00e3o em Biotecnologia Industrial da UNIT-SE e lidera o Laborat\u00f3rio de Nanotecnologia e Nanomedicina (LNMed) no ITP-SE <\/p> \t\t\t\t\t\t\t\t\r\n\t\t\t\t\t\t\t<\/div>\r\n\t\t\t\t\t\t<\/div>\r\n\t\t\t\t\t<\/div>\r\n\t\t\t\t\t\r\n\t\t\t\t\t\t\t\t\t\t\t\t\t \r\n\t\t\t\t\t\r\n\t\t\t\t\t\r\n\t\t\t\t\t<div class=\"wpsm_col-md-3 wpsm_col-sm-6  wpsm-col-div\">\r\n\t\t\t\t\t\t<div class=\"wpsm_team_2_member_wrapper\">\r\n\t\t\t\t\t\t\t<img decoding=\"async\" class=\"img-responsive wpsm_team_2_mem_img\" src=\"https:\/\/educacaoempreendedora.com\/cieeci2025\/wp-content\/uploads\/2025\/02\/diegomenezes.png\" alt=\"Diego Menezes\">\r\n\t\t\t\t\t\t\t<div class=\"wpsm_team_2_member_wrapper_inner\">\r\n\t\t\t\t\t\t\t\t<h3>\r\n\t\t\t\t\t\t\t\t\tDiego Menezes\t\t\t\t\t\t\t\t<\/h3>\r\n\t\t\t\t\t\t\t\t\t\t\t\t\t\t\t\t<div class=\"wpsm_team_2_social_div\">\r\n\t\t\t\t\t\t\t\t\t\t\t\t\t\t\t\t\t\t\t\t\t\t\t\t\t\t\t\t\t\t\t\t\t\t\t\t\t\t\t\t\t\t\t\t<\/div>\r\n\t\t\t\t\t\t\t\t<p class=\"wpsm_team_2_b_desc\"> Doutor em Biotecnologia em Sa\u00fade e em Medicina Investigativa pela Funda\u00e7\u00e3o Oswaldo Cruz (FIOCRUZ). Atualmente, exerce o cargo de Presidente da ABIPTI (Associa\u00e7\u00e3o Brasileira das Institui\u00e7\u00f5es de Pesquisa Tecnol\u00f3gica e Inova\u00e7\u00e3o) <\/p> \t\t\t\t\t\t\t\t\r\n\t\t\t\t\t\t\t<\/div>\r\n\t\t\t\t\t\t<\/div>\r\n\t\t\t\t\t<\/div>\r\n\t\t\t\t\t\r\n\t\t\t\t\t\t\t\t\t\t\t\t\t \r\n\t\t\t\t\t\r\n\t\t\t\t\t\r\n\t\t\t\t\t<div class=\"wpsm_col-md-3 wpsm_col-sm-6  wpsm-col-div\">\r\n\t\t\t\t\t\t<div class=\"wpsm_team_2_member_wrapper\">\r\n\t\t\t\t\t\t\t<img decoding=\"async\" class=\"img-responsive wpsm_team_2_mem_img\" src=\"https:\/\/educacaoempreendedora.com\/cieeci2025\/wp-content\/uploads\/2025\/01\/Otavianoanuto_perfil.png\" alt=\"Otaviano Canuto\">\r\n\t\t\t\t\t\t\t<div class=\"wpsm_team_2_member_wrapper_inner\">\r\n\t\t\t\t\t\t\t\t<h3>\r\n\t\t\t\t\t\t\t\t\tOtaviano Canuto\t\t\t\t\t\t\t\t<\/h3>\r\n\t\t\t\t\t\t\t\t\t\t\t\t\t\t\t\t<div class=\"wpsm_team_2_social_div\">\r\n\t\t\t\t\t\t\t\t\t\t\t\t\t\t\t\t\t\t\t\t\t\t\t\t\t\t\t\t\t\t\t\t\t\t\t\t\t\t\t\t\t\t\t\t<\/div>\r\n\t\t\t\t\t\t\t\t<p class=\"wpsm_team_2_b_desc\"> Ex-Vice Presidente e Diretor Executivo do Banco Mundial, atualmente na George Washington University e no Policy Center for the New South <\/p> \t\t\t\t\t\t\t\t\r\n\t\t\t\t\t\t\t<\/div>\r\n\t\t\t\t\t\t<\/div>\r\n\t\t\t\t\t<\/div>\r\n\t\t\t\t\t\r\n\t\t\t\t\t\t\t\t\t\t\t\t\t \r\n\t\t\t\t\t\r\n\t\t\t\t\t\r\n\t\t\t\t\t<div class=\"wpsm_col-md-3 wpsm_col-sm-6  wpsm-col-div\">\r\n\t\t\t\t\t\t<div class=\"wpsm_team_2_member_wrapper\">\r\n\t\t\t\t\t\t\t<img decoding=\"async\" class=\"img-responsive wpsm_team_2_mem_img\" src=\"https:\/\/educacaoempreendedora.com\/cieeci2025\/wp-content\/uploads\/2025\/08\/jorgecabral.png\" alt=\"Jorge Nunes\">\r\n\t\t\t\t\t\t\t<div class=\"wpsm_team_2_member_wrapper_inner\">\r\n\t\t\t\t\t\t\t\t<h3>\r\n\t\t\t\t\t\t\t\t\tJorge Nunes\t\t\t\t\t\t\t\t<\/h3>\r\n\t\t\t\t\t\t\t\t\t\t\t\t\t\t\t\t<div class=\"wpsm_team_2_social_div\">\r\n\t\t\t\t\t\t\t\t\t\t\t\t\t\t\t\t\t\t\t\t\t\t\t\t\t\t\t\t\t\t\t\t\t\t\t\t\t\t\t\t\t\t\t\t<\/div>\r\n\t\t\t\t\t\t\t\t<p class=\"wpsm_team_2_b_desc\"> Administrador com Mestrado em Engenharia da Produ\u00e7\u00e3o (UFPE, 2011).Consultor empresarial especializado em gest\u00e3o de opera\u00e7\u00f5es, pessoas, expans\u00e3o e intermedia\u00e7\u00e3o de neg\u00f3cios. Gest\u00e3o de pessoas: Desenvolvimento de equipes, lideran\u00e7a e cultura de alta performance. <\/p> \t\t\t\t\t\t\t\t\r\n\t\t\t\t\t\t\t<\/div>\r\n\t\t\t\t\t\t<\/div>\r\n\t\t\t\t\t<\/div>\r\n\t\t\t\t\t\r\n\t\t\t\t\t\t\t\t\t\t\t<\/div>\r\n\t\t\t\t\t\t<div class=\"wpsm_row\">\r\n\t\t\t\t\t\t\t\t\t\t\t\t\t\t \r\n\t\t\t\t\t\r\n\t\t\t\t\t\r\n\t\t\t\t\t<div class=\"wpsm_col-md-3 wpsm_col-sm-6  wpsm-col-div\">\r\n\t\t\t\t\t\t<div class=\"wpsm_team_2_member_wrapper\">\r\n\t\t\t\t\t\t\t<img decoding=\"async\" class=\"img-responsive wpsm_team_2_mem_img\" src=\"https:\/\/educacaoempreendedora.com\/cieeci2025\/wp-content\/uploads\/2025\/01\/antoniomoreira.png\" alt=\"Ant\u00f3nio Moreira\">\r\n\t\t\t\t\t\t\t<div class=\"wpsm_team_2_member_wrapper_inner\">\r\n\t\t\t\t\t\t\t\t<h3>\r\n\t\t\t\t\t\t\t\t\tAnt\u00f3nio Moreira\t\t\t\t\t\t\t\t<\/h3>\r\n\t\t\t\t\t\t\t\t\t\t\t\t\t\t\t\t<div class=\"wpsm_team_2_social_div\">\r\n\t\t\t\t\t\t\t\t\t\t\t\t\t\t\t\t\t\t\t\t\t\t\t\t\t\t\t\t\t\t\t\t\t\t\t\t\t\t\t\t\t\t\t\t<\/div>\r\n\t\t\t\t\t\t\t\t<p class=\"wpsm_team_2_b_desc\"> Doutor e Mestre em Ci\u00eancias da Educa\u00e7\u00e3o e Licenciado em Hist\u00f3ria da Arte pela Universidade de Coimbra. <\/p> \t\t\t\t\t\t\t\t\r\n\t\t\t\t\t\t\t<\/div>\r\n\t\t\t\t\t\t<\/div>\r\n\t\t\t\t\t<\/div>\r\n\t\t\t\t\t\r\n\t\t\t\t\t\t\t\t\t\t\t\t\t \r\n\t\t\t\t\t\r\n\t\t\t\t\t\r\n\t\t\t\t\t<div class=\"wpsm_col-md-3 wpsm_col-sm-6  wpsm-col-div\">\r\n\t\t\t\t\t\t<div class=\"wpsm_team_2_member_wrapper\">\r\n\t\t\t\t\t\t\t<img decoding=\"async\" class=\"img-responsive wpsm_team_2_mem_img\" src=\"https:\/\/educacaoempreendedora.com\/cieeci2025\/wp-content\/uploads\/2025\/01\/elisetemartins.png\" alt=\"Elisete Martins\">\r\n\t\t\t\t\t\t\t<div class=\"wpsm_team_2_member_wrapper_inner\">\r\n\t\t\t\t\t\t\t\t<h3>\r\n\t\t\t\t\t\t\t\t\tElisete Martins\t\t\t\t\t\t\t\t<\/h3>\r\n\t\t\t\t\t\t\t\t\t\t\t\t\t\t\t\t<div class=\"wpsm_team_2_social_div\">\r\n\t\t\t\t\t\t\t\t\t\t\t\t\t\t\t\t\t\t\t\t\t\t\t\t\t\t\t\t\t\t\t\t\t\t\t\t\t\t\t\t\t\t\t\t<\/div>\r\n\t\t\t\t\t\t\t\t<p class=\"wpsm_team_2_b_desc\"> Doutora em Investiga\u00e7\u00e3o e Comunica\u00e7\u00e3o pela Universidade de Vigo, Especialista em Gest\u00e3o e Administra\u00e7\u00e3o. P\u00f3s-graduada em Gest\u00e3o de Recursos Humanos na Nova Economia, Universidade Lus\u00edada. <\/p> \t\t\t\t\t\t\t\t\r\n\t\t\t\t\t\t\t<\/div>\r\n\t\t\t\t\t\t<\/div>\r\n\t\t\t\t\t<\/div>\r\n\t\t\t\t\t\r\n\t\t\t\t\t\t\t\t\t\t\t\t\t \r\n\t\t\t\t\t\r\n\t\t\t\t\t\r\n\t\t\t\t\t<div class=\"wpsm_col-md-3 wpsm_col-sm-6  wpsm-col-div\">\r\n\t\t\t\t\t\t<div class=\"wpsm_team_2_member_wrapper\">\r\n\t\t\t\t\t\t\t<img decoding=\"async\" class=\"img-responsive wpsm_team_2_mem_img\" src=\"https:\/\/educacaoempreendedora.com\/cieeci2025\/wp-content\/uploads\/2025\/02\/cleonnascimento.png\" alt=\"Cleon Nascimento\">\r\n\t\t\t\t\t\t\t<div class=\"wpsm_team_2_member_wrapper_inner\">\r\n\t\t\t\t\t\t\t\t<h3>\r\n\t\t\t\t\t\t\t\t\tCleon Nascimento\t\t\t\t\t\t\t\t<\/h3>\r\n\t\t\t\t\t\t\t\t\t\t\t\t\t\t\t\t<div class=\"wpsm_team_2_social_div\">\r\n\t\t\t\t\t\t\t\t\t\t\t\t\t\t\t\t\t\t\t\t\t\t\t\t\t\t\t\t\t\t\t\t\t\t\t\t\t\t\t\t\t\t\t\t<\/div>\r\n\t\t\t\t\t\t\t\t<p class=\"wpsm_team_2_b_desc\"> Secret\u00e1rio de Estado da Comunica\u00e7\u00e3o, Graduado em Publicidade e Propaganda (Unit-SE), P\u00f3s-graduado pela Universidade de Belas Artes de S\u00e3o Paulo em Design Gr\u00e1fico e Mestre em Educa\u00e7\u00e3o pela UNIT <\/p> \t\t\t\t\t\t\t\t\r\n\t\t\t\t\t\t\t<\/div>\r\n\t\t\t\t\t\t<\/div>\r\n\t\t\t\t\t<\/div>\r\n\t\t\t\t\t\r\n\t\t\t\t\t\t\t\t\t\t\t\t\t \r\n\t\t\t\t\t\r\n\t\t\t\t\t\r\n\t\t\t\t\t<div class=\"wpsm_col-md-3 wpsm_col-sm-6  wpsm-col-div\">\r\n\t\t\t\t\t\t<div class=\"wpsm_team_2_member_wrapper\">\r\n\t\t\t\t\t\t\t<img decoding=\"async\" class=\"img-responsive wpsm_team_2_mem_img\" src=\"https:\/\/educacaoempreendedora.com\/cieeci2025\/wp-content\/uploads\/2025\/01\/ElianeSchlemmer.png\" alt=\"Eliane Schlemmer\">\r\n\t\t\t\t\t\t\t<div class=\"wpsm_team_2_member_wrapper_inner\">\r\n\t\t\t\t\t\t\t\t<h3>\r\n\t\t\t\t\t\t\t\t\tEliane Schlemmer\t\t\t\t\t\t\t\t<\/h3>\r\n\t\t\t\t\t\t\t\t\t\t\t\t\t\t\t\t<div class=\"wpsm_team_2_social_div\">\r\n\t\t\t\t\t\t\t\t\t\t\t\t\t\t\t\t\t\t\t\t\t\t\t\t\t\t\t\t\t\t\t\t\t\t\t\t\t\t\t\t\t\t\t\t<\/div>\r\n\t\t\t\t\t\t\t\t<p class=\"wpsm_team_2_b_desc\"> P\u00f3s-Doutora em Educa\u00e7\u00e3o - Ecossistemas de Inova\u00e7\u00e3o na Educa\u00e7\u00e3o na cultura h\u00edbrida e multimodal - UAb-Portugal, Doutora em Inform\u00e1tica na Educa\u00e7\u00e3o e Mestre em Psicologia pela UFRGS.  <\/p> \t\t\t\t\t\t\t\t\r\n\t\t\t\t\t\t\t<\/div>\r\n\t\t\t\t\t\t<\/div>\r\n\t\t\t\t\t<\/div>\r\n\t\t\t\t\t\r\n\t\t\t\t\t\t\t\t\t\t\t<\/div>\r\n\t\t\t\t\t\t<div class=\"wpsm_row\">\r\n\t\t\t\t\t\t\t\t\t\t\t\t\t\t \r\n\t\t\t\t\t\r\n\t\t\t\t\t\r\n\t\t\t\t\t<div class=\"wpsm_col-md-3 wpsm_col-sm-6  wpsm-col-div\">\r\n\t\t\t\t\t\t<div class=\"wpsm_team_2_member_wrapper\">\r\n\t\t\t\t\t\t\t<img decoding=\"async\" class=\"img-responsive wpsm_team_2_mem_img\" src=\"https:\/\/educacaoempreendedora.com\/cieeci2025\/wp-content\/uploads\/2025\/06\/marciogoncalves.png\" alt=\"M\u00e1rcio Gon\u00e7alves dos Santos\">\r\n\t\t\t\t\t\t\t<div class=\"wpsm_team_2_member_wrapper_inner\">\r\n\t\t\t\t\t\t\t\t<h3>\r\n\t\t\t\t\t\t\t\t\tM\u00e1rcio Gon\u00e7alves dos Santos\t\t\t\t\t\t\t\t<\/h3>\r\n\t\t\t\t\t\t\t\t\t\t\t\t\t\t\t\t<div class=\"wpsm_team_2_social_div\">\r\n\t\t\t\t\t\t\t\t\t\t\t\t\t\t\t\t\t\t\t\t\t\t\t\t\t\t\t\t\t\t\t\t\t\t\t\t\t\t\t\t\t\t\t\t<\/div>\r\n\t\t\t\t\t\t\t\t<p class=\"wpsm_team_2_b_desc\"> Professor Titular no Instituto Federal do Paran\u00e1 (IFPR), Pesquisador de P\u00f3s Doutorado no Departamento de Biotecnologia Farmac\u00eautica, na Faculdade de Farm\u00e1cia da Universidade de S\u00e3o Paulo\/ USP. Doutor em Engenharia de Produ\u00e7\u00e3o pela Universidade Federal de S\u00e3o Carlos (UFSCar). <\/p> \t\t\t\t\t\t\t\t\r\n\t\t\t\t\t\t\t<\/div>\r\n\t\t\t\t\t\t<\/div>\r\n\t\t\t\t\t<\/div>\r\n\t\t\t\t\t\r\n\t\t\t\t\t\t\t\t\t\t\t\t\t \r\n\t\t\t\t\t\r\n\t\t\t\t\t\r\n\t\t\t\t\t<div class=\"wpsm_col-md-3 wpsm_col-sm-6  wpsm-col-div\">\r\n\t\t\t\t\t\t<div class=\"wpsm_team_2_member_wrapper\">\r\n\t\t\t\t\t\t\t<img decoding=\"async\" class=\"img-responsive wpsm_team_2_mem_img\" src=\"https:\/\/educacaoempreendedora.com\/cieeci2025\/wp-content\/uploads\/2025\/01\/cleber.png\" alt=\"Cleber Lopes\">\r\n\t\t\t\t\t\t\t<div class=\"wpsm_team_2_member_wrapper_inner\">\r\n\t\t\t\t\t\t\t\t<h3>\r\n\t\t\t\t\t\t\t\t\tCleber Lopes\t\t\t\t\t\t\t\t<\/h3>\r\n\t\t\t\t\t\t\t\t\t\t\t\t\t\t\t\t<div class=\"wpsm_team_2_social_div\">\r\n\t\t\t\t\t\t\t\t\t\t\t\t\t\t\t\t\t\t\t\t\t\t\t\t\t\t\t\t\t\t\t\t\t\t\t\t\t\t\t\t\t\t\t\t<\/div>\r\n\t\t\t\t\t\t\t\t<p class=\"wpsm_team_2_b_desc\"> Doutorando e Mestre em Educa\u00e7\u00e3o | Especialista em Ensino Superior, em EaD e Pedagogia Digital <\/p> \t\t\t\t\t\t\t\t\r\n\t\t\t\t\t\t\t<\/div>\r\n\t\t\t\t\t\t<\/div>\r\n\t\t\t\t\t<\/div>\r\n\t\t\t\t\t\r\n\t\t\t\t\t\t\t\t\t\t\t\t\t \r\n\t\t\t\t\t\r\n\t\t\t\t\t\r\n\t\t\t\t\t<div class=\"wpsm_col-md-3 wpsm_col-sm-6  wpsm-col-div\">\r\n\t\t\t\t\t\t<div class=\"wpsm_team_2_member_wrapper\">\r\n\t\t\t\t\t\t\t<img decoding=\"async\" class=\"img-responsive wpsm_team_2_mem_img\" src=\"https:\/\/educacaoempreendedora.com\/cieeci2025\/wp-content\/uploads\/2025\/08\/ponte.png\" alt=\"Marcelo Ponte\">\r\n\t\t\t\t\t\t\t<div class=\"wpsm_team_2_member_wrapper_inner\">\r\n\t\t\t\t\t\t\t\t<h3>\r\n\t\t\t\t\t\t\t\t\tMarcelo Ponte\t\t\t\t\t\t\t\t<\/h3>\r\n\t\t\t\t\t\t\t\t\t\t\t\t\t\t\t\t<div class=\"wpsm_team_2_social_div\">\r\n\t\t\t\t\t\t\t\t\t\t\t\t\t\t\t\t\t\t\t\t\t\t\t\t\t\t\t\t\t\t\t\t\t\t\t\t\t\t\t\t\t\t\t\t<\/div>\r\n\t\t\t\t\t\t\t\t<p class=\"wpsm_team_2_b_desc\"> Formado em Administra\u00e7\u00e3o com MBA pela Est\u00e1cio de S\u00e1, ex-presidente do FNDE - Fundo Nacional de Desenvolvimento da Educa\u00e7\u00e3o  <\/p> \t\t\t\t\t\t\t\t\r\n\t\t\t\t\t\t\t<\/div>\r\n\t\t\t\t\t\t<\/div>\r\n\t\t\t\t\t<\/div>\r\n\t\t\t\t\t\r\n\t\t\t\t\t\t\t\t\t\t\t\t\t \r\n\t\t\t\t\t\r\n\t\t\t\t\t\r\n\t\t\t\t\t<div class=\"wpsm_col-md-3 wpsm_col-sm-6  wpsm-col-div\">\r\n\t\t\t\t\t\t<div class=\"wpsm_team_2_member_wrapper\">\r\n\t\t\t\t\t\t\t<img decoding=\"async\" class=\"img-responsive wpsm_team_2_mem_img\" src=\"https:\/\/educacaoempreendedora.com\/cieeci2025\/wp-content\/uploads\/2025\/02\/ricardoabreu.png\" alt=\"Ricardo Nascimento Abreu\">\r\n\t\t\t\t\t\t\t<div class=\"wpsm_team_2_member_wrapper_inner\">\r\n\t\t\t\t\t\t\t\t<h3>\r\n\t\t\t\t\t\t\t\t\tRicardo Nascimento Abreu\t\t\t\t\t\t\t\t<\/h3>\r\n\t\t\t\t\t\t\t\t\t\t\t\t\t\t\t\t<div class=\"wpsm_team_2_social_div\">\r\n\t\t\t\t\t\t\t\t\t\t\t\t\t\t\t\t\t\t\t\t\t\t\t\t\t\t\t\t\t\t\t\t\t\t\t\t\t\t\t\t\t\t\t\t<\/div>\r\n\t\t\t\t\t\t\t\t<p class=\"wpsm_team_2_b_desc\"> Mestre em Educa\u00e7\u00e3o (UFS) e Doutor em Letras e Lingu\u00edstica (UFBA), Graduado em Letras Portugu\u00eas\/Ingl\u00eas e em Direito.  <\/p> \t\t\t\t\t\t\t\t\r\n\t\t\t\t\t\t\t<\/div>\r\n\t\t\t\t\t\t<\/div>\r\n\t\t\t\t\t<\/div>\r\n\t\t\t\t\t\r\n\t\t\t\t\t\t\t\t\t\t\t<\/div>\r\n\t\t\t\t\t\t<div class=\"wpsm_row\">\r\n\t\t\t\t\t\t\t\t\t\t\t\t\t\t \r\n\t\t\t\t\t\r\n\t\t\t\t\t\r\n\t\t\t\t\t<div class=\"wpsm_col-md-3 wpsm_col-sm-6  wpsm-col-div\">\r\n\t\t\t\t\t\t<div class=\"wpsm_team_2_member_wrapper\">\r\n\t\t\t\t\t\t\t<img decoding=\"async\" class=\"img-responsive wpsm_team_2_mem_img\" src=\"https:\/\/educacaoempreendedora.com\/cieeci2025\/wp-content\/uploads\/2024\/10\/gusmao.png\" alt=\"Andr\u00e9 Gusm\u00e3o\">\r\n\t\t\t\t\t\t\t<div class=\"wpsm_team_2_member_wrapper_inner\">\r\n\t\t\t\t\t\t\t\t<h3>\r\n\t\t\t\t\t\t\t\t\tAndr\u00e9 Gusm\u00e3o\t\t\t\t\t\t\t\t<\/h3>\r\n\t\t\t\t\t\t\t\t\t\t\t\t\t\t\t\t<div class=\"wpsm_team_2_social_div\">\r\n\t\t\t\t\t\t\t\t\t\t\t\t\t\t\t\t\t\t\t\t\t\t\t\t\t\t\t\t\t\t\t\t\t\t\t\t\t\t\t\t\t\t\t\t<\/div>\r\n\t\t\t\t\t\t\t\t<p class=\"wpsm_team_2_b_desc\"> Jornalista, Especialista em Intelig\u00eancia Artificial, Mba em Jornalismo Empresarial  e Assessoria de Imprensa e Mestrando em Empreendedorismo e Cidadania <\/p> \t\t\t\t\t\t\t\t\r\n\t\t\t\t\t\t\t<\/div>\r\n\t\t\t\t\t\t<\/div>\r\n\t\t\t\t\t<\/div>\r\n\t\t\t\t\t\r\n\t\t\t\t\t\t\t\t\t\t\t\t\t \r\n\t\t\t\t\t\r\n\t\t\t\t\t\r\n\t\t\t\t\t<div class=\"wpsm_col-md-3 wpsm_col-sm-6  wpsm-col-div\">\r\n\t\t\t\t\t\t<div class=\"wpsm_team_2_member_wrapper\">\r\n\t\t\t\t\t\t\t<img decoding=\"async\" class=\"img-responsive wpsm_team_2_mem_img\" src=\"https:\/\/educacaoempreendedora.com\/cieeci2025\/wp-content\/uploads\/2025\/09\/margaridaLeandro.png\" alt=\"Margarida Leandro\">\r\n\t\t\t\t\t\t\t<div class=\"wpsm_team_2_member_wrapper_inner\">\r\n\t\t\t\t\t\t\t\t<h3>\r\n\t\t\t\t\t\t\t\t\tMargarida Leandro\t\t\t\t\t\t\t\t<\/h3>\r\n\t\t\t\t\t\t\t\t\t\t\t\t\t\t\t\t<div class=\"wpsm_team_2_social_div\">\r\n\t\t\t\t\t\t\t\t\t\t\t\t\t\t\t\t\t\t\t\t\t\t\t\t\t\t\t\t\t\t\t\t\t\t\t\t\t\t\t\t\t\t\t\t<\/div>\r\n\t\t\t\t\t\t\t\t<p class=\"wpsm_team_2_b_desc\"> Mestre em Administra\u00e7\u00e3o P\u00fablica e Gest\u00e3o de Pol\u00edticas P\u00fablicas, Coordenadora da Unidade Portuguesa da Rede Eurydice - Dire\u00e7\u00e3o-Geral de Estat\u00edsticas da Educa\u00e7\u00e3o e Ci\u00eancia -  <\/p> \t\t\t\t\t\t\t\t\r\n\t\t\t\t\t\t\t<\/div>\r\n\t\t\t\t\t\t<\/div>\r\n\t\t\t\t\t<\/div>\r\n\t\t\t\t\t\r\n\t\t\t\t\t\t\t\t\t\t\t\t\t \r\n\t\t\t\t\t\r\n\t\t\t\t\t\r\n\t\t\t\t\t<div class=\"wpsm_col-md-3 wpsm_col-sm-6  wpsm-col-div\">\r\n\t\t\t\t\t\t<div class=\"wpsm_team_2_member_wrapper\">\r\n\t\t\t\t\t\t\t<img decoding=\"async\" class=\"img-responsive wpsm_team_2_mem_img\" src=\"https:\/\/educacaoempreendedora.com\/cieeci2025\/wp-content\/uploads\/2025\/01\/eduardovilasboas.png\" alt=\"Eduardo Vilas Boas\">\r\n\t\t\t\t\t\t\t<div class=\"wpsm_team_2_member_wrapper_inner\">\r\n\t\t\t\t\t\t\t\t<h3>\r\n\t\t\t\t\t\t\t\t\tEduardo Vilas Boas\t\t\t\t\t\t\t\t<\/h3>\r\n\t\t\t\t\t\t\t\t\t\t\t\t\t\t\t\t<div class=\"wpsm_team_2_social_div\">\r\n\t\t\t\t\t\t\t\t\t\t\t\t\t\t\t\t\t\t\t\t\t\t\t\t\t\t\t\t\t\t\t\t\t\t\t\t\t\t\t\t\t\t\t\t<\/div>\r\n\t\t\t\t\t\t\t\t<p class=\"wpsm_team_2_b_desc\"> Doutor e Mestre em Administra\u00e7\u00e3o pela FEA-USP, Graduado em Administra\u00e7\u00e3o com \u00eanfase em Empreendedorismo, professor associado da Faculdade Sebrae. <\/p> \t\t\t\t\t\t\t\t\r\n\t\t\t\t\t\t\t<\/div>\r\n\t\t\t\t\t\t<\/div>\r\n\t\t\t\t\t<\/div>\r\n\t\t\t\t\t\r\n\t\t\t\t\t\t\t\t\t\t\t\t\t \r\n\t\t\t\t\t\r\n\t\t\t\t\t\r\n\t\t\t\t\t<div class=\"wpsm_col-md-3 wpsm_col-sm-6  wpsm-col-div\">\r\n\t\t\t\t\t\t<div class=\"wpsm_team_2_member_wrapper\">\r\n\t\t\t\t\t\t\t<img decoding=\"async\" class=\"img-responsive wpsm_team_2_mem_img\" src=\"https:\/\/educacaoempreendedora.com\/cieeci2025\/wp-content\/uploads\/2025\/10\/joserabelo.png\" alt=\"Jos\u00e9 Rabelo\">\r\n\t\t\t\t\t\t\t<div class=\"wpsm_team_2_member_wrapper_inner\">\r\n\t\t\t\t\t\t\t\t<h3>\r\n\t\t\t\t\t\t\t\t\tJos\u00e9 Rabelo\t\t\t\t\t\t\t\t<\/h3>\r\n\t\t\t\t\t\t\t\t\t\t\t\t\t\t\t\t<div class=\"wpsm_team_2_social_div\">\r\n\t\t\t\t\t\t\t\t\t\t\t\t\t\t\t\t\t\t\t\t\t\t\t\t\t\t\t\t\t\t\t\t\t\t\t\t\t\t\t\t\t\t\t\t<\/div>\r\n\t\t\t\t\t\t\t\t<p class=\"wpsm_team_2_b_desc\"> Doutor em Engenharia de Materiais e Mestre em Ci\u00eancias (IPEN\/USP) e em Competitividade e Desenvolvimento de Neg\u00f3cios (Universidade de Aveiro). CEO e CINO da RenovCure Medtech e AstrAI, coordena o Observat\u00f3rio de Inova\u00e7\u00e3o Territorial (OITS-UFS) e pesquisa inova\u00e7\u00e3o, empreendedorismo e biomateriais. <\/p> \t\t\t\t\t\t\t\t\r\n\t\t\t\t\t\t\t<\/div>\r\n\t\t\t\t\t\t<\/div>\r\n\t\t\t\t\t<\/div>\r\n\t\t\t\t\t\r\n\t\t\t\t\t\t\t\t\t\t\t<\/div>\r\n\t\t\t\t\t\t<div class=\"wpsm_row\">\r\n\t\t\t\t\t\t\t\t\t\t\t\t\t\t \r\n\t\t\t\t\t\r\n\t\t\t\t\t\r\n\t\t\t\t\t<div class=\"wpsm_col-md-3 wpsm_col-sm-6  wpsm-col-div\">\r\n\t\t\t\t\t\t<div class=\"wpsm_team_2_member_wrapper\">\r\n\t\t\t\t\t\t\t<img decoding=\"async\" class=\"img-responsive wpsm_team_2_mem_img\" src=\"https:\/\/educacaoempreendedora.com\/cieeci2025\/wp-content\/uploads\/2025\/01\/antoninosouza.png\" alt=\"Antonino Sousa\">\r\n\t\t\t\t\t\t\t<div class=\"wpsm_team_2_member_wrapper_inner\">\r\n\t\t\t\t\t\t\t\t<h3>\r\n\t\t\t\t\t\t\t\t\tAntonino Sousa\t\t\t\t\t\t\t\t<\/h3>\r\n\t\t\t\t\t\t\t\t\t\t\t\t\t\t\t\t<div class=\"wpsm_team_2_social_div\">\r\n\t\t\t\t\t\t\t\t\t\t\t\t\t\t\t\t\t\t\t\t\t\t\t\t\t\t\t\t\t\t\t\t\t\t\t\t\t\t\t\t\t\t\t\t<\/div>\r\n\t\t\t\t\t\t\t\t<p class=\"wpsm_team_2_b_desc\"> Mestre em Teologia na Universidade Cat\u00f3lica Portuguesa, P\u00f3s-Graduado em Cuidados Continuados e Paliativos no Instituto Universit\u00e1rio de Ci\u00eancias da Sa\u00fade \u2013 CESPU, Doutorando em Bio\u00e9tica na Universidade Cat\u00f3lica Portuguesa. <\/p> \t\t\t\t\t\t\t\t\r\n\t\t\t\t\t\t\t<\/div>\r\n\t\t\t\t\t\t<\/div>\r\n\t\t\t\t\t<\/div>\r\n\t\t\t\t\t\r\n\t\t\t\t\t\t\t\t\t\t\t\t\t \r\n\t\t\t\t\t\r\n\t\t\t\t\t\r\n\t\t\t\t\t<div class=\"wpsm_col-md-3 wpsm_col-sm-6  wpsm-col-div\">\r\n\t\t\t\t\t\t<div class=\"wpsm_team_2_member_wrapper\">\r\n\t\t\t\t\t\t\t<img decoding=\"async\" class=\"img-responsive wpsm_team_2_mem_img\" src=\"https:\/\/educacaoempreendedora.com\/cieeci2025\/wp-content\/uploads\/2025\/08\/manuelateixeira.png\" alt=\"Manuela Teixeira\">\r\n\t\t\t\t\t\t\t<div class=\"wpsm_team_2_member_wrapper_inner\">\r\n\t\t\t\t\t\t\t\t<h3>\r\n\t\t\t\t\t\t\t\t\tManuela Teixeira\t\t\t\t\t\t\t\t<\/h3>\r\n\t\t\t\t\t\t\t\t\t\t\t\t\t\t\t\t<div class=\"wpsm_team_2_social_div\">\r\n\t\t\t\t\t\t\t\t\t\t\t\t\t\t\t\t\t\t\t\t\t\t\t\t\t\t\t\t\t\t\t\t\t\t\t\t\t\t\t\t\t\t\t\t<\/div>\r\n\t\t\t\t\t\t\t\t<p class=\"wpsm_team_2_b_desc\"> Doutoranda em Ci\u00eancias Sociais e Envelhecimento, Mestrado em Gest\u00e3o de Recursos Humanos, Mestrado em Gerontologia Social, P\u00f3s-gradua\u00e7\u00e3o em Gest\u00e3o de Recursos Humano, P\u00f3s Gradua\u00e7\u00e3o em Gest\u00e3o Social das Organiza\u00e7\u00f5es e da Qualidade no Terceiro Setor <\/p> \t\t\t\t\t\t\t\t\r\n\t\t\t\t\t\t\t<\/div>\r\n\t\t\t\t\t\t<\/div>\r\n\t\t\t\t\t<\/div>\r\n\t\t\t\t\t\r\n\t\t\t\t\t\t\t\t\t\t\t\t\t \r\n\t\t\t\t\t\r\n\t\t\t\t\t\r\n\t\t\t\t\t<div class=\"wpsm_col-md-3 wpsm_col-sm-6  wpsm-col-div\">\r\n\t\t\t\t\t\t<div class=\"wpsm_team_2_member_wrapper\">\r\n\t\t\t\t\t\t\t<img decoding=\"async\" class=\"img-responsive wpsm_team_2_mem_img\" src=\"https:\/\/educacaoempreendedora.com\/cieeci2025\/wp-content\/uploads\/2024\/10\/cris.png\" alt=\"Cristiane Tavares\">\r\n\t\t\t\t\t\t\t<div class=\"wpsm_team_2_member_wrapper_inner\">\r\n\t\t\t\t\t\t\t\t<h3>\r\n\t\t\t\t\t\t\t\t\tCristiane Tavares\t\t\t\t\t\t\t\t<\/h3>\r\n\t\t\t\t\t\t\t\t\t\t\t\t\t\t\t\t<div class=\"wpsm_team_2_social_div\">\r\n\t\t\t\t\t\t\t\t\t\t\t\t\t\t\t\t\t\t\t\t\t\t\t\t\t\t\t\t\t\t\t\t\t\t\t\t\t\t\t\t\t\t\t\t<\/div>\r\n\t\t\t\t\t\t\t\t<p class=\"wpsm_team_2_b_desc\"> Phd e Mestre em Educa\u00e7\u00e3o, Mestre em Administra\u00e7\u00e3o e Especialista em Doc\u00eancia Universit\u00e1ria <\/p> \t\t\t\t\t\t\t\t\r\n\t\t\t\t\t\t\t<\/div>\r\n\t\t\t\t\t\t<\/div>\r\n\t\t\t\t\t<\/div>\r\n\t\t\t\t\t\r\n\t\t\t\t\t\t\t\t\t\t\t\t\t \r\n\t\t\t\t\t\r\n\t\t\t\t\t\r\n\t\t\t\t\t<div class=\"wpsm_col-md-3 wpsm_col-sm-6  wpsm-col-div\">\r\n\t\t\t\t\t\t<div class=\"wpsm_team_2_member_wrapper\">\r\n\t\t\t\t\t\t\t<img decoding=\"async\" class=\"img-responsive wpsm_team_2_mem_img\" src=\"https:\/\/educacaoempreendedora.com\/cieeci2025\/wp-content\/uploads\/2025\/02\/roselopes.png\" alt=\"Rose Mary Lopes\">\r\n\t\t\t\t\t\t\t<div class=\"wpsm_team_2_member_wrapper_inner\">\r\n\t\t\t\t\t\t\t\t<h3>\r\n\t\t\t\t\t\t\t\t\tRose Mary Lopes\t\t\t\t\t\t\t\t<\/h3>\r\n\t\t\t\t\t\t\t\t\t\t\t\t\t\t\t\t<div class=\"wpsm_team_2_social_div\">\r\n\t\t\t\t\t\t\t\t\t\t\t\t\t\t\t\t\t\t\t\t\t\t\t\t\t\t\t\t\t\t\t\t\t\t\t\t\t\t\t\t\t\t\t\t<\/div>\r\n\t\t\t\t\t\t\t\t<p class=\"wpsm_team_2_b_desc\"> Doutora em Psicologia Social e do Trabalho (USP), Especialista em Marketing (ESPM). Presidente da ANEGEPE - Associa\u00e7\u00e3o Nacional de Estudos em Empreendedorismo e Gest\u00e3o de Pequenas Empresas. <\/p> \t\t\t\t\t\t\t\t\r\n\t\t\t\t\t\t\t<\/div>\r\n\t\t\t\t\t\t<\/div>\r\n\t\t\t\t\t<\/div>\r\n\t\t\t\t\t\r\n\t\t\t\t\t\t\t\t\t\t\t<\/div>\r\n\t\t\t\t\t\t<div class=\"wpsm_row\">\r\n\t\t\t\t\t\t\t\t\t\t\t\t\t\t \r\n\t\t\t\t\t\r\n\t\t\t\t\t\r\n\t\t\t\t\t<div class=\"wpsm_col-md-3 wpsm_col-sm-6  wpsm-col-div\">\r\n\t\t\t\t\t\t<div class=\"wpsm_team_2_member_wrapper\">\r\n\t\t\t\t\t\t\t<img decoding=\"async\" class=\"img-responsive wpsm_team_2_mem_img\" src=\"https:\/\/educacaoempreendedora.com\/cieeci2025\/wp-content\/uploads\/2025\/02\/fabianapinho.png\" alt=\"Fabiana Pinho\">\r\n\t\t\t\t\t\t\t<div class=\"wpsm_team_2_member_wrapper_inner\">\r\n\t\t\t\t\t\t\t\t<h3>\r\n\t\t\t\t\t\t\t\t\tFabiana Pinho\t\t\t\t\t\t\t\t<\/h3>\r\n\t\t\t\t\t\t\t\t\t\t\t\t\t\t\t\t<div class=\"wpsm_team_2_social_div\">\r\n\t\t\t\t\t\t\t\t\t\t\t\t\t\t\t\t\t\t\t\t\t\t\t\t\t\t\t\t\t\t\t\t\t\t\t\t\t\t\t\t\t\t\t\t<\/div>\r\n\t\t\t\t\t\t\t\t<p class=\"wpsm_team_2_b_desc\"> Administradora, especialista na implementa\u00e7\u00e3o de projetos e estrat\u00e9gias de educa\u00e7\u00e3o empreendedora em escolas p\u00fablicas e privadas no Brasil, Gestora da Escola do Sebrae. <\/p> \t\t\t\t\t\t\t\t\r\n\t\t\t\t\t\t\t<\/div>\r\n\t\t\t\t\t\t<\/div>\r\n\t\t\t\t\t<\/div>\r\n\t\t\t\t\t\r\n\t\t\t\t\t\t\t\t\t\t\t\t\t \r\n\t\t\t\t\t\r\n\t\t\t\t\t\r\n\t\t\t\t\t<div class=\"wpsm_col-md-3 wpsm_col-sm-6  wpsm-col-div\">\r\n\t\t\t\t\t\t<div class=\"wpsm_team_2_member_wrapper\">\r\n\t\t\t\t\t\t\t<img decoding=\"async\" class=\"img-responsive wpsm_team_2_mem_img\" src=\"https:\/\/educacaoempreendedora.com\/cieeci2025\/wp-content\/uploads\/2024\/10\/sonia.png\" alt=\"S\u00f4nia Fonseca\">\r\n\t\t\t\t\t\t\t<div class=\"wpsm_team_2_member_wrapper_inner\">\r\n\t\t\t\t\t\t\t\t<h3>\r\n\t\t\t\t\t\t\t\t\tS\u00f4nia Fonseca\t\t\t\t\t\t\t\t<\/h3>\r\n\t\t\t\t\t\t\t\t\t\t\t\t\t\t\t\t<div class=\"wpsm_team_2_social_div\">\r\n\t\t\t\t\t\t\t\t\t\t\t\t\t\t\t\t\t\t\t\t\t\t\t\t\t\t\t\t\t\t\t\t\t\t\t\t\t\t\t\t\t\t\t\t<\/div>\r\n\t\t\t\t\t\t\t\t<p class=\"wpsm_team_2_b_desc\"> PhD em Educa\u00e7\u00e3o e Mestre em Administra\u00e7\u00e3o P\u00fablica e Governo, Graduada em Administra\u00e7\u00e3o e Economia <\/p> \t\t\t\t\t\t\t\t\r\n\t\t\t\t\t\t\t<\/div>\r\n\t\t\t\t\t\t<\/div>\r\n\t\t\t\t\t<\/div>\r\n\t\t\t\t\t\r\n\t\t\t\t\t\t\t\t\t\t\t\t\t \r\n\t\t\t\t\t\r\n\t\t\t\t\t\r\n\t\t\t\t\t<div class=\"wpsm_col-md-3 wpsm_col-sm-6  wpsm-col-div\">\r\n\t\t\t\t\t\t<div class=\"wpsm_team_2_member_wrapper\">\r\n\t\t\t\t\t\t\t<img decoding=\"async\" class=\"img-responsive wpsm_team_2_mem_img\" src=\"https:\/\/educacaoempreendedora.com\/cieeci2025\/wp-content\/uploads\/2025\/01\/andreiapinho.png\" alt=\"Andreia Pinho\">\r\n\t\t\t\t\t\t\t<div class=\"wpsm_team_2_member_wrapper_inner\">\r\n\t\t\t\t\t\t\t\t<h3>\r\n\t\t\t\t\t\t\t\t\tAndreia Pinho\t\t\t\t\t\t\t\t<\/h3>\r\n\t\t\t\t\t\t\t\t\t\t\t\t\t\t\t\t<div class=\"wpsm_team_2_social_div\">\r\n\t\t\t\t\t\t\t\t\t\t\t\t\t\t\t\t\t\t\t\t\t\t\t\t\t\t\t\t\t\t\t\t\t\t\t\t\t\t\t\t\t\t\t\t<\/div>\r\n\t\t\t\t\t\t\t\t<p class=\"wpsm_team_2_b_desc\"> Mestre em Psicologia pela Universidade Cat\u00f3lica Portuguesa. Bolseira de doutoramento da Funda\u00e7\u00e3o para a Ci\u00eancia e a Tecnologia. Doutoranda em Estudos Globais na Universidade Aberta. Assessora do Gabinete Empreende. Desenvolve investiga\u00e7\u00e3o na \u00e1rea das Ci\u00eancias Sociais e nas Ci\u00eancias da Educa\u00e7\u00e3o, com \u00eanfase na educa\u00e7\u00e3o empreendedora. <\/p> \t\t\t\t\t\t\t\t\r\n\t\t\t\t\t\t\t<\/div>\r\n\t\t\t\t\t\t<\/div>\r\n\t\t\t\t\t<\/div>\r\n\t\t\t\t\t\r\n\t\t\t\t\t\t\t\t\t\t\t\t\t \r\n\t\t\t\t\t\r\n\t\t\t\t\t\r\n\t\t\t\t\t<div class=\"wpsm_col-md-3 wpsm_col-sm-6  wpsm-col-div\">\r\n\t\t\t\t\t\t<div class=\"wpsm_team_2_member_wrapper\">\r\n\t\t\t\t\t\t\t<img decoding=\"async\" class=\"img-responsive wpsm_team_2_mem_img\" src=\"https:\/\/educacaoempreendedora.com\/cieeci2025\/wp-content\/uploads\/2025\/02\/carlapassos.png\" alt=\"Carla Passos\">\r\n\t\t\t\t\t\t\t<div class=\"wpsm_team_2_member_wrapper_inner\">\r\n\t\t\t\t\t\t\t\t<h3>\r\n\t\t\t\t\t\t\t\t\tCarla Passos\t\t\t\t\t\t\t\t<\/h3>\r\n\t\t\t\t\t\t\t\t\t\t\t\t\t\t\t\t<div class=\"wpsm_team_2_social_div\">\r\n\t\t\t\t\t\t\t\t\t\t\t\t\t\t\t\t\t\t\t\t\t\t\t\t\t\t\t\t\t\t\t\t\t\t\t\t\t\t\t\t\t\t\t\t<\/div>\r\n\t\t\t\t\t\t\t\t<p class=\"wpsm_team_2_b_desc\"> Jornalista p\u00f3s-graduada em Turismo e Desenvolvimento Sustent\u00e1vel, al\u00e9m de Marketing Pol\u00edtico. Mestranda em Marketing Tur\u00edstico no Instituto Polit\u00e9cnico do C\u00e1vado e Ave, em Portugal. <\/p> \t\t\t\t\t\t\t\t\r\n\t\t\t\t\t\t\t<\/div>\r\n\t\t\t\t\t\t<\/div>\r\n\t\t\t\t\t<\/div>\r\n\t\t\t\t\t\r\n\t\t\t\t\t\t\t\t\t\t\t<\/div>\r\n\t\t\t\t\t\t<div class=\"wpsm_row\">\r\n\t\t\t\t\t\t\t\t\t\t\t\t\t\t \r\n\t\t\t\t\t\r\n\t\t\t\t\t\r\n\t\t\t\t\t<div class=\"wpsm_col-md-3 wpsm_col-sm-6  wpsm-col-div\">\r\n\t\t\t\t\t\t<div class=\"wpsm_team_2_member_wrapper\">\r\n\t\t\t\t\t\t\t<img decoding=\"async\" class=\"img-responsive wpsm_team_2_mem_img\" src=\"https:\/\/educacaoempreendedora.com\/cieeci2025\/wp-content\/uploads\/2025\/08\/AGLAE\u0301.png\" alt=\"Agla\u00e9 D&#039;\u00c1vila Fontes\">\r\n\t\t\t\t\t\t\t<div class=\"wpsm_team_2_member_wrapper_inner\">\r\n\t\t\t\t\t\t\t\t<h3>\r\n\t\t\t\t\t\t\t\t\tAgla\u00e9 D&#039;\u00c1vila Fontes\t\t\t\t\t\t\t\t<\/h3>\r\n\t\t\t\t\t\t\t\t\t\t\t\t\t\t\t\t<div class=\"wpsm_team_2_social_div\">\r\n\t\t\t\t\t\t\t\t\t\t\t\t\t\t\t\t\t\t\t\t\t\t\t\t\t\t\t\t\t\t\t\t\t\t\t\t\t\t\t\t\t\t\t\t<\/div>\r\n\t\t\t\t\t\t\t\t<p class=\"wpsm_team_2_b_desc\"> Licenciada em Filosofia e p\u00f3s-graduada em Educa\u00e7\u00e3o Musical pela Universidade Federal de Sergipe. Professora, historiadora, folclorista, escritora, musicista, teatr\u00f3loga e uma das maiores especialistas em cultura popular de Sergipe. <\/p> \t\t\t\t\t\t\t\t\r\n\t\t\t\t\t\t\t<\/div>\r\n\t\t\t\t\t\t<\/div>\r\n\t\t\t\t\t<\/div>\r\n\t\t\t\t\t\r\n\t\t\t\t\t\t\t\t\t\t\t\t\t \r\n\t\t\t\t\t\r\n\t\t\t\t\t\r\n\t\t\t\t\t<div class=\"wpsm_col-md-3 wpsm_col-sm-6  wpsm-col-div\">\r\n\t\t\t\t\t\t<div class=\"wpsm_team_2_member_wrapper\">\r\n\t\t\t\t\t\t\t<img decoding=\"async\" class=\"img-responsive wpsm_team_2_mem_img\" src=\"https:\/\/educacaoempreendedora.com\/cieeci2025\/wp-content\/uploads\/2025\/05\/alexgarcez.jpg\" alt=\"Alex Garcez\">\r\n\t\t\t\t\t\t\t<div class=\"wpsm_team_2_member_wrapper_inner\">\r\n\t\t\t\t\t\t\t\t<h3>\r\n\t\t\t\t\t\t\t\t\tAlex Garcez\t\t\t\t\t\t\t\t<\/h3>\r\n\t\t\t\t\t\t\t\t\t\t\t\t\t\t\t\t<div class=\"wpsm_team_2_social_div\">\r\n\t\t\t\t\t\t\t\t\t\t\t\t\t\t\t\t\t\t\t\t\t\t\t\t\t\t\t\t\t\t\t\t\t\t\t\t\t\t\t\t\t\t\t\t<\/div>\r\n\t\t\t\t\t\t\t\t<p class=\"wpsm_team_2_b_desc\"> Presidente da FAPITEC (Funda\u00e7\u00e3o de Apoio \u00e0 Pesquisa e Inova\u00e7\u00e3o de Sergipe), MBA em Gest\u00e3o P\u00fablica - Foto: Erick O'Hara <\/p> \t\t\t\t\t\t\t\t\r\n\t\t\t\t\t\t\t<\/div>\r\n\t\t\t\t\t\t<\/div>\r\n\t\t\t\t\t<\/div>\r\n\t\t\t\t\t\r\n\t\t\t\t\t\t\t\t\t\t\t\t\t \r\n\t\t\t\t\t\r\n\t\t\t\t\t\r\n\t\t\t\t\t<div class=\"wpsm_col-md-3 wpsm_col-sm-6  wpsm-col-div\">\r\n\t\t\t\t\t\t<div class=\"wpsm_team_2_member_wrapper\">\r\n\t\t\t\t\t\t\t<img decoding=\"async\" class=\"img-responsive wpsm_team_2_mem_img\" src=\"https:\/\/educacaoempreendedora.com\/cieeci2025\/wp-content\/uploads\/2025\/09\/priscila.png\" alt=\"Priscila Felizola\">\r\n\t\t\t\t\t\t\t<div class=\"wpsm_team_2_member_wrapper_inner\">\r\n\t\t\t\t\t\t\t\t<h3>\r\n\t\t\t\t\t\t\t\t\tPriscila Felizola\t\t\t\t\t\t\t\t<\/h3>\r\n\t\t\t\t\t\t\t\t\t\t\t\t\t\t\t\t<div class=\"wpsm_team_2_social_div\">\r\n\t\t\t\t\t\t\t\t\t\t\t\t\t\t\t\t\t\t\t\t\t\t\t\t\t\t\t\t\t\t\t\t\t\t\t\t\t\t\t\t\t\t\t\t<\/div>\r\n\t\t\t\t\t\t\t\t<p class=\"wpsm_team_2_b_desc\"> Advogada, p\u00f3s-graduada em Direito Processual Civil, \u00e9 Diretora-Superintendente do Sebrae Sergipe desde 2023. Atuou no TCE\/SE, TJ\/SE, MP\/SE e foi Diretora Regional do Senac Sergipe, destacando-se pela inova\u00e7\u00e3o e moderniza\u00e7\u00e3o da gest\u00e3o. <\/p> \t\t\t\t\t\t\t\t\r\n\t\t\t\t\t\t\t<\/div>\r\n\t\t\t\t\t\t<\/div>\r\n\t\t\t\t\t<\/div>\r\n\t\t\t\t\t\r\n\t\t\t\t\t\t\t\t\t\t\t\t\t \r\n\t\t\t\t\t\r\n\t\t\t\t\t\r\n\t\t\t\t\t<div class=\"wpsm_col-md-3 wpsm_col-sm-6  wpsm-col-div\">\r\n\t\t\t\t\t\t<div class=\"wpsm_team_2_member_wrapper\">\r\n\t\t\t\t\t\t\t<img decoding=\"async\" class=\"img-responsive wpsm_team_2_mem_img\" src=\"https:\/\/educacaoempreendedora.com\/cieeci2025\/wp-content\/uploads\/2025\/08\/FelipeHerminio.png\" alt=\"Felipe H. Souza\">\r\n\t\t\t\t\t\t\t<div class=\"wpsm_team_2_member_wrapper_inner\">\r\n\t\t\t\t\t\t\t\t<h3>\r\n\t\t\t\t\t\t\t\t\tFelipe H. Souza\t\t\t\t\t\t\t\t<\/h3>\r\n\t\t\t\t\t\t\t\t\t\t\t\t\t\t\t\t<div class=\"wpsm_team_2_social_div\">\r\n\t\t\t\t\t\t\t\t\t\t\t\t\t\t\t\t\t\t\t\t\t\t\t\t\t\t\t\t\t\t\t\t\t\t\t\t\t\t\t\t\t\t\t\t<\/div>\r\n\t\t\t\t\t\t\t\t<p class=\"wpsm_team_2_b_desc\"> Engenheiro Agr\u00f4nomo (UFS), Doutor em Fisiologia e Bioqu\u00edmica de Plantas (USP\/ESALQ) e Especialista em Gerenciamento Ambiental (FEALQ\/USP). Fundador e CEO da Cultive-se Horta Vertical. Respons\u00e1vel pelo CultiveSmart, inova\u00e7\u00e3o que fomenta a agricultura urbana. <\/p> \t\t\t\t\t\t\t\t\r\n\t\t\t\t\t\t\t<\/div>\r\n\t\t\t\t\t\t<\/div>\r\n\t\t\t\t\t<\/div>\r\n\t\t\t\t\t\r\n\t\t\t\t\t\t\t\t\t\t\t<\/div>\r\n\t\t\t\t\t\t<div class=\"wpsm_row\">\r\n\t\t\t\t\t\t\t\t\t\t\t\t\t\t \r\n\t\t\t\t\t\r\n\t\t\t\t\t\r\n\t\t\t\t\t<div class=\"wpsm_col-md-3 wpsm_col-sm-6  wpsm-col-div\">\r\n\t\t\t\t\t\t<div class=\"wpsm_team_2_member_wrapper\">\r\n\t\t\t\t\t\t\t<img decoding=\"async\" class=\"img-responsive wpsm_team_2_mem_img\" src=\"https:\/\/educacaoempreendedora.com\/cieeci2025\/wp-content\/uploads\/2025\/08\/marciamaria-1.png\" alt=\"M\u00e1rcia Santos\">\r\n\t\t\t\t\t\t\t<div class=\"wpsm_team_2_member_wrapper_inner\">\r\n\t\t\t\t\t\t\t\t<h3>\r\n\t\t\t\t\t\t\t\t\tM\u00e1rcia Santos\t\t\t\t\t\t\t\t<\/h3>\r\n\t\t\t\t\t\t\t\t\t\t\t\t\t\t\t\t<div class=\"wpsm_team_2_social_div\">\r\n\t\t\t\t\t\t\t\t\t\t\t\t\t\t\t\t\t\t\t\t\t\t\t\t\t\t\t\t\t\t\t\t\t\t\t\t\t\t\t\t\t\t\t\t<\/div>\r\n\t\t\t\t\t\t\t\t<p class=\"wpsm_team_2_b_desc\">  Doutora em Geografia, professora do Instituto Federal de Sergipe e do PROFCIAMB\/UFS. Idealizadora e coordenadora do Projeto Ecotech e da Sala Verde IFS, atua na \u00e1rea de Educa\u00e7\u00e3o Ambiental como o ensino ao ar livre e as trilhas interpretativas. <\/p> \t\t\t\t\t\t\t\t\r\n\t\t\t\t\t\t\t<\/div>\r\n\t\t\t\t\t\t<\/div>\r\n\t\t\t\t\t<\/div>\r\n\t\t\t\t\t\r\n\t\t\t\t\t\t\t\t\t\t\t\t\t \r\n\t\t\t\t\t\r\n\t\t\t\t\t\r\n\t\t\t\t\t<div class=\"wpsm_col-md-3 wpsm_col-sm-6  wpsm-col-div\">\r\n\t\t\t\t\t\t<div class=\"wpsm_team_2_member_wrapper\">\r\n\t\t\t\t\t\t\t<img decoding=\"async\" class=\"img-responsive wpsm_team_2_mem_img\" src=\"https:\/\/educacaoempreendedora.com\/cieeci2025\/wp-content\/uploads\/2025\/10\/victornathan.png\" alt=\"Victor Nathan Fontes Silva\">\r\n\t\t\t\t\t\t\t<div class=\"wpsm_team_2_member_wrapper_inner\">\r\n\t\t\t\t\t\t\t\t<h3>\r\n\t\t\t\t\t\t\t\t\tVictor Nathan Fontes Silva\t\t\t\t\t\t\t\t<\/h3>\r\n\t\t\t\t\t\t\t\t\t\t\t\t\t\t\t\t<div class=\"wpsm_team_2_social_div\">\r\n\t\t\t\t\t\t\t\t\t\t\t\t\t\t\t\t\t\t\t\t\t\t\t\t\t\t\t\t\t\t\t\t\t\t\t\t\t\t\t\t\t\t\t\t<\/div>\r\n\t\t\t\t\t\t\t\t<p class=\"wpsm_team_2_b_desc\"> Doutor em Educa\u00e7\u00e3o (PPGED\/UFS) e Mestre em Desenvolvimento e Meio Ambiente (PRODEMA\/UFS). Diretor e idealizador do Sistema de Autoconhecimento I AM, atua na forma\u00e7\u00e3o de professores e no desenvolvimento de projetos educacionais que unem empreendedorismo, sustentabilidade e compet\u00eancias socioemocionais. <\/p> \t\t\t\t\t\t\t\t\r\n\t\t\t\t\t\t\t<\/div>\r\n\t\t\t\t\t\t<\/div>\r\n\t\t\t\t\t<\/div>\r\n\t\t\t\t\t\r\n\t\t\t\t\t\t\t\t\t\t\t\t\t \r\n\t\t\t\t\t\r\n\t\t\t\t\t\r\n\t\t\t\t\t<div class=\"wpsm_col-md-3 wpsm_col-sm-6  wpsm-col-div\">\r\n\t\t\t\t\t\t<div class=\"wpsm_team_2_member_wrapper\">\r\n\t\t\t\t\t\t\t<img decoding=\"async\" class=\"img-responsive wpsm_team_2_mem_img\" src=\"https:\/\/educacaoempreendedora.com\/cieeci2025\/wp-content\/uploads\/2025\/08\/kronemberg.png\" alt=\"Antonio Carlos Kronemberger\">\r\n\t\t\t\t\t\t\t<div class=\"wpsm_team_2_member_wrapper_inner\">\r\n\t\t\t\t\t\t\t\t<h3>\r\n\t\t\t\t\t\t\t\t\tAntonio Carlos Kronemberger\t\t\t\t\t\t\t\t<\/h3>\r\n\t\t\t\t\t\t\t\t\t\t\t\t\t\t\t\t<div class=\"wpsm_team_2_social_div\">\r\n\t\t\t\t\t\t\t\t\t\t\t\t\t\t\t\t\t\t\t\t\t\t\t\t\t\t\t\t\t\t\t\t\t\t\t\t\t\t\t\t\t\t\t\t<\/div>\r\n\t\t\t\t\t\t\t\t<p class=\"wpsm_team_2_b_desc\"> Administrador com Mestrado em Administra\u00e7\u00e3o, executivo do setor de educa\u00e7\u00e3o h\u00e1 30 anos, atualmente \u00e9 Gerente de Educa\u00e7\u00e3o do Sebrae \u2013 RJ, professor de MBAs das principais Escolas de Neg\u00f3cios do Brasil, palestrante e autor de artigos nacionais e internacionais e coautor do Livro Marketing em Organiza\u00e7\u00f5es de Sa\u00fade, Ed. FGV. <\/p> \t\t\t\t\t\t\t\t\r\n\t\t\t\t\t\t\t<\/div>\r\n\t\t\t\t\t\t<\/div>\r\n\t\t\t\t\t<\/div>\r\n\t\t\t\t\t\r\n\t\t\t\t\t\t\t\t\t\t\t\t\t \r\n\t\t\t\t\t\r\n\t\t\t\t\t\r\n\t\t\t\t\t<div class=\"wpsm_col-md-3 wpsm_col-sm-6  wpsm-col-div\">\r\n\t\t\t\t\t\t<div class=\"wpsm_team_2_member_wrapper\">\r\n\t\t\t\t\t\t\t<img decoding=\"async\" class=\"img-responsive wpsm_team_2_mem_img\" src=\"https:\/\/educacaoempreendedora.com\/cieeci2025\/wp-content\/uploads\/2025\/08\/glauciaguerra.png\" alt=\"Gl\u00e1ucia Guerra\">\r\n\t\t\t\t\t\t\t<div class=\"wpsm_team_2_member_wrapper_inner\">\r\n\t\t\t\t\t\t\t\t<h3>\r\n\t\t\t\t\t\t\t\t\tGl\u00e1ucia Guerra\t\t\t\t\t\t\t\t<\/h3>\r\n\t\t\t\t\t\t\t\t\t\t\t\t\t\t\t\t<div class=\"wpsm_team_2_social_div\">\r\n\t\t\t\t\t\t\t\t\t\t\t\t\t\t\t\t\t\t\t\t\t\t\t\t\t\t\t\t\t\t\t\t\t\t\t\t\t\t\t\t\t\t\t\t<\/div>\r\n\t\t\t\t\t\t\t\t<p class=\"wpsm_team_2_b_desc\"> Advogada, membro titular da 1\u00aa Turma do Tribunal de \u00c9tica e Disciplina da OAB\/SE. Foi diretora-presidente da Fundat\/Aracaju e gestora jur\u00eddica no Senac\/SE e Sebrae\/SE. P\u00f3s-graduada em diversas \u00e1reas do Direito, tem forma\u00e7\u00e3o internacional como Data Protection Officer pela Exin e certifica\u00e7\u00e3o ISO\/IEC 27001. <\/p> \t\t\t\t\t\t\t\t\r\n\t\t\t\t\t\t\t<\/div>\r\n\t\t\t\t\t\t<\/div>\r\n\t\t\t\t\t<\/div>\r\n\t\t\t\t\t\r\n\t\t\t\t\t\t\t\t\t\t\t<\/div>\r\n\t\t\t\t\t\t<div class=\"wpsm_row\">\r\n\t\t\t\t\t\t\t\t\t\t\t\t\t\t \r\n\t\t\t\t\t\r\n\t\t\t\t\t\r\n\t\t\t\t\t<div class=\"wpsm_col-md-3 wpsm_col-sm-6  wpsm-col-div\">\r\n\t\t\t\t\t\t<div class=\"wpsm_team_2_member_wrapper\">\r\n\t\t\t\t\t\t\t<img decoding=\"async\" class=\"img-responsive wpsm_team_2_mem_img\" src=\"https:\/\/educacaoempreendedora.com\/cieeci2025\/wp-content\/uploads\/2025\/09\/dilermando.png\" alt=\"Dilermando J\u00fanior\">\r\n\t\t\t\t\t\t\t<div class=\"wpsm_team_2_member_wrapper_inner\">\r\n\t\t\t\t\t\t\t\t<h3>\r\n\t\t\t\t\t\t\t\t\tDilermando J\u00fanior\t\t\t\t\t\t\t\t<\/h3>\r\n\t\t\t\t\t\t\t\t\t\t\t\t\t\t\t\t<div class=\"wpsm_team_2_social_div\">\r\n\t\t\t\t\t\t\t\t\t\t\t\t\t\t\t\t\t\t\t\t\t\t\t\t\t\t\t\t\t\t\t\t\t\t\t\t\t\t\t\t\t\t\t\t<\/div>\r\n\t\t\t\t\t\t\t\t<p class=\"wpsm_team_2_b_desc\"> empres\u00e1rio, formado em Comunica\u00e7\u00e3o Social (PUC-Campinas) e p\u00f3s-graduado em Administra\u00e7\u00e3o (FAAP-SP). Atualmente, \u00e9 secret\u00e1rio municipal de Desenvolvimento Econ\u00f4mico e Inova\u00e7\u00e3o de Aracaju, com forte atua\u00e7\u00e3o em empreendedorismo e inova\u00e7\u00e3o. <\/p> \t\t\t\t\t\t\t\t\r\n\t\t\t\t\t\t\t<\/div>\r\n\t\t\t\t\t\t<\/div>\r\n\t\t\t\t\t<\/div>\r\n\t\t\t\t\t\r\n\t\t\t\t\t\t\t\t\t\t\t\t\t \r\n\t\t\t\t\t\r\n\t\t\t\t\t\r\n\t\t\t\t\t<div class=\"wpsm_col-md-3 wpsm_col-sm-6  wpsm-col-div\">\r\n\t\t\t\t\t\t<div class=\"wpsm_team_2_member_wrapper\">\r\n\t\t\t\t\t\t\t<img decoding=\"async\" class=\"img-responsive wpsm_team_2_mem_img\" src=\"https:\/\/educacaoempreendedora.com\/cieeci2025\/wp-content\/uploads\/2025\/09\/alberto_Itabi.png\" alt=\"Alberto Oliveira\">\r\n\t\t\t\t\t\t\t<div class=\"wpsm_team_2_member_wrapper_inner\">\r\n\t\t\t\t\t\t\t\t<h3>\r\n\t\t\t\t\t\t\t\t\tAlberto Oliveira\t\t\t\t\t\t\t\t<\/h3>\r\n\t\t\t\t\t\t\t\t\t\t\t\t\t\t\t\t<div class=\"wpsm_team_2_social_div\">\r\n\t\t\t\t\t\t\t\t\t\t\t\t\t\t\t\t\t\t\t\t\t\t\t\t\t\t\t\t\t\t\t\t\t\t\t\t\t\t\t\t\t\t\t\t<\/div>\r\n\t\t\t\t\t\t\t\t<p class=\"wpsm_team_2_b_desc\"> Secret\u00e1rio de Educa\u00e7\u00e3o de Itabi-SE <\/p> \t\t\t\t\t\t\t\t\r\n\t\t\t\t\t\t\t<\/div>\r\n\t\t\t\t\t\t<\/div>\r\n\t\t\t\t\t<\/div>\r\n\t\t\t\t\t\r\n\t\t\t\t\t\t\t\t\t\t\t\t\t \r\n\t\t\t\t\t\r\n\t\t\t\t\t\r\n\t\t\t\t\t<div class=\"wpsm_col-md-3 wpsm_col-sm-6  wpsm-col-div\">\r\n\t\t\t\t\t\t<div class=\"wpsm_team_2_member_wrapper\">\r\n\t\t\t\t\t\t\t<img decoding=\"async\" class=\"img-responsive wpsm_team_2_mem_img\" src=\"https:\/\/educacaoempreendedora.com\/cieeci2025\/wp-content\/uploads\/2025\/09\/monica.png\" alt=\"M\u00f4nica Almeida\">\r\n\t\t\t\t\t\t\t<div class=\"wpsm_team_2_member_wrapper_inner\">\r\n\t\t\t\t\t\t\t\t<h3>\r\n\t\t\t\t\t\t\t\t\tM\u00f4nica Almeida\t\t\t\t\t\t\t\t<\/h3>\r\n\t\t\t\t\t\t\t\t\t\t\t\t\t\t\t\t<div class=\"wpsm_team_2_social_div\">\r\n\t\t\t\t\t\t\t\t\t\t\t\t\t\t\t\t\t\t\t\t\t\t\t\t\t\t\t\t\t\t\t\t\t\t\t\t\t\t\t\t\t\t\t\t<\/div>\r\n\t\t\t\t\t\t\t\t<p class=\"wpsm_team_2_b_desc\"> Secret\u00e1ria de Educa\u00e7\u00e3o de Malhada dos Bois - SE <\/p> \t\t\t\t\t\t\t\t\r\n\t\t\t\t\t\t\t<\/div>\r\n\t\t\t\t\t\t<\/div>\r\n\t\t\t\t\t<\/div>\r\n\t\t\t\t\t\r\n\t\t\t\t\t\t\t\t\t\t\t\t\t \r\n\t\t\t\t\t\r\n\t\t\t\t\t\r\n\t\t\t\t\t<div class=\"wpsm_col-md-3 wpsm_col-sm-6  wpsm-col-div\">\r\n\t\t\t\t\t\t<div class=\"wpsm_team_2_member_wrapper\">\r\n\t\t\t\t\t\t\t<img decoding=\"async\" class=\"img-responsive wpsm_team_2_mem_img\" src=\"https:\/\/educacaoempreendedora.com\/cieeci2025\/wp-content\/uploads\/2025\/09\/perla_CampodoBrito.png\" alt=\"Perla Reboiras\">\r\n\t\t\t\t\t\t\t<div class=\"wpsm_team_2_member_wrapper_inner\">\r\n\t\t\t\t\t\t\t\t<h3>\r\n\t\t\t\t\t\t\t\t\tPerla Reboiras\t\t\t\t\t\t\t\t<\/h3>\r\n\t\t\t\t\t\t\t\t\t\t\t\t\t\t\t\t<div class=\"wpsm_team_2_social_div\">\r\n\t\t\t\t\t\t\t\t\t\t\t\t\t\t\t\t\t\t\t\t\t\t\t\t\t\t\t\t\t\t\t\t\t\t\t\t\t\t\t\t\t\t\t\t<\/div>\r\n\t\t\t\t\t\t\t\t<p class=\"wpsm_team_2_b_desc\"> Secret\u00e1ria de Educa\u00e7\u00e3o de Campo do Brito <\/p> \t\t\t\t\t\t\t\t\r\n\t\t\t\t\t\t\t<\/div>\r\n\t\t\t\t\t\t<\/div>\r\n\t\t\t\t\t<\/div>\r\n\t\t\t\t\t\r\n\t\t\t\t\t\t\t\t\t\t\t<\/div>\r\n\t\t\t\t\t\t<div class=\"wpsm_row\">\r\n\t\t\t\t\t\t\t\t\t\t\t\t\t\t \r\n\t\t\t\t\t\r\n\t\t\t\t\t\r\n\t\t\t\t\t<div class=\"wpsm_col-md-3 wpsm_col-sm-6  wpsm-col-div\">\r\n\t\t\t\t\t\t<div class=\"wpsm_team_2_member_wrapper\">\r\n\t\t\t\t\t\t\t<img decoding=\"async\" class=\"img-responsive wpsm_team_2_mem_img\" src=\"https:\/\/educacaoempreendedora.com\/cieeci2025\/wp-content\/uploads\/2025\/09\/deidiane_Moita.png\" alt=\"Deidiane Andrade\">\r\n\t\t\t\t\t\t\t<div class=\"wpsm_team_2_member_wrapper_inner\">\r\n\t\t\t\t\t\t\t\t<h3>\r\n\t\t\t\t\t\t\t\t\tDeidiane Andrade\t\t\t\t\t\t\t\t<\/h3>\r\n\t\t\t\t\t\t\t\t\t\t\t\t\t\t\t\t<div class=\"wpsm_team_2_social_div\">\r\n\t\t\t\t\t\t\t\t\t\t\t\t\t\t\t\t\t\t\t\t\t\t\t\t\t\t\t\t\t\t\t\t\t\t\t\t\t\t\t\t\t\t\t\t<\/div>\r\n\t\t\t\t\t\t\t\t<p class=\"wpsm_team_2_b_desc\"> Secret\u00e1ria de Educa\u00e7\u00e3o de Moita Bonita <\/p> \t\t\t\t\t\t\t\t\r\n\t\t\t\t\t\t\t<\/div>\r\n\t\t\t\t\t\t<\/div>\r\n\t\t\t\t\t<\/div>\r\n\t\t\t\t\t\r\n\t\t\t\t\t\t\t\t\t\t\t\t\t \r\n\t\t\t\t\t\r\n\t\t\t\t\t\r\n\t\t\t\t\t<div class=\"wpsm_col-md-3 wpsm_col-sm-6  wpsm-col-div\">\r\n\t\t\t\t\t\t<div class=\"wpsm_team_2_member_wrapper\">\r\n\t\t\t\t\t\t\t<img decoding=\"async\" class=\"img-responsive wpsm_team_2_mem_img\" src=\"https:\/\/educacaoempreendedora.com\/cieeci2025\/wp-content\/uploads\/2025\/09\/marciamarcelle.png\" alt=\"Marcia Marcelle\">\r\n\t\t\t\t\t\t\t<div class=\"wpsm_team_2_member_wrapper_inner\">\r\n\t\t\t\t\t\t\t\t<h3>\r\n\t\t\t\t\t\t\t\t\tMarcia Marcelle\t\t\t\t\t\t\t\t<\/h3>\r\n\t\t\t\t\t\t\t\t\t\t\t\t\t\t\t\t<div class=\"wpsm_team_2_social_div\">\r\n\t\t\t\t\t\t\t\t\t\t\t\t\t\t\t\t\t\t\t\t\t\t\t\t\t\t\t\t\t\t\t\t\t\t\t\t\t\t\t\t\t\t\t\t<\/div>\r\n\t\t\t\t\t\t\t\t<p class=\"wpsm_team_2_b_desc\"> Secret\u00e1ria de Educa\u00e7\u00e3o de Propri\u00e1 <\/p> \t\t\t\t\t\t\t\t\r\n\t\t\t\t\t\t\t<\/div>\r\n\t\t\t\t\t\t<\/div>\r\n\t\t\t\t\t<\/div>\r\n\t\t\t\t\t\r\n\t\t\t\t\t\t\t\t\t\t\t\t\t \r\n\t\t\t\t\t\r\n\t\t\t\t\t\r\n\t\t\t\t\t<div class=\"wpsm_col-md-3 wpsm_col-sm-6  wpsm-col-div\">\r\n\t\t\t\t\t\t<div class=\"wpsm_team_2_member_wrapper\">\r\n\t\t\t\t\t\t\t<img decoding=\"async\" class=\"img-responsive wpsm_team_2_mem_img\" src=\"https:\/\/educacaoempreendedora.com\/cieeci2025\/wp-content\/uploads\/2025\/09\/Fanie.png\" alt=\"Fanie Adans\">\r\n\t\t\t\t\t\t\t<div class=\"wpsm_team_2_member_wrapper_inner\">\r\n\t\t\t\t\t\t\t\t<h3>\r\n\t\t\t\t\t\t\t\t\tFanie Adans\t\t\t\t\t\t\t\t<\/h3>\r\n\t\t\t\t\t\t\t\t\t\t\t\t\t\t\t\t<div class=\"wpsm_team_2_social_div\">\r\n\t\t\t\t\t\t\t\t\t\t\t\t\t\t\t\t\t\t\t\t\t\t\t\t\t\t\t\t\t\t\t\t\t\t\t\t\t\t\t\t\t\t\t\t<\/div>\r\n\t\t\t\t\t\t\t\t<p class=\"wpsm_team_2_b_desc\"> Graduada em Administra\u00e7\u00e3o, com especializa\u00e7\u00e3o em Gest\u00e3o Comercial e Vendas Consultivas, Fundadora da Design de Carreira | Especialista em Desenvolvimento Profissional e Intelig\u00eancia Comercial <\/p> \t\t\t\t\t\t\t\t\r\n\t\t\t\t\t\t\t<\/div>\r\n\t\t\t\t\t\t<\/div>\r\n\t\t\t\t\t<\/div>\r\n\t\t\t\t\t\r\n\t\t\t\t\t\t\t\t\t\t\t\t\t \r\n\t\t\t\t\t\r\n\t\t\t\t\t\r\n\t\t\t\t\t<div class=\"wpsm_col-md-3 wpsm_col-sm-6  wpsm-col-div\">\r\n\t\t\t\t\t\t<div class=\"wpsm_team_2_member_wrapper\">\r\n\t\t\t\t\t\t\t<img decoding=\"async\" class=\"img-responsive wpsm_team_2_mem_img\" src=\"https:\/\/educacaoempreendedora.com\/cieeci2025\/wp-content\/uploads\/2025\/09\/GloriaSena.png\" alt=\"Gl\u00f3ria Sena\">\r\n\t\t\t\t\t\t\t<div class=\"wpsm_team_2_member_wrapper_inner\">\r\n\t\t\t\t\t\t\t\t<h3>\r\n\t\t\t\t\t\t\t\t\tGl\u00f3ria Sena\t\t\t\t\t\t\t\t<\/h3>\r\n\t\t\t\t\t\t\t\t\t\t\t\t\t\t\t\t<div class=\"wpsm_team_2_social_div\">\r\n\t\t\t\t\t\t\t\t\t\t\t\t\t\t\t\t\t\t\t\t\t\t\t\t\t\t\t\t\t\t\t\t\t\t\t\t\t\t\t\t\t\t\t\t<\/div>\r\n\t\t\t\t\t\t\t\t<p class=\"wpsm_team_2_b_desc\"> Empreendedora, estrategista pol\u00edtica e especialista em recursos humanos. Tem uma vis\u00e3o ampla sobre pol\u00edticas p\u00fablicas voltadas \u00e0 inclus\u00e3o de mulheres em espa\u00e7os de poder.  <\/p> \t\t\t\t\t\t\t\t\r\n\t\t\t\t\t\t\t<\/div>\r\n\t\t\t\t\t\t<\/div>\r\n\t\t\t\t\t<\/div>\r\n\t\t\t\t\t\r\n\t\t\t\t\t\t\t\t\t\t\t<\/div>\r\n\t\t\t\t\t\t<div class=\"wpsm_row\">\r\n\t\t\t\t\t\t\t\t\t\t\t\t\t\t \r\n\t\t\t\t\t\r\n\t\t\t\t\t\r\n\t\t\t\t\t<div class=\"wpsm_col-md-3 wpsm_col-sm-6  wpsm-col-div\">\r\n\t\t\t\t\t\t<div class=\"wpsm_team_2_member_wrapper\">\r\n\t\t\t\t\t\t\t<img decoding=\"async\" class=\"img-responsive wpsm_team_2_mem_img\" src=\"https:\/\/educacaoempreendedora.com\/cieeci2025\/wp-content\/uploads\/2025\/09\/Sylviacarolina.png\" alt=\"Sylvia Menezes\">\r\n\t\t\t\t\t\t\t<div class=\"wpsm_team_2_member_wrapper_inner\">\r\n\t\t\t\t\t\t\t\t<h3>\r\n\t\t\t\t\t\t\t\t\tSylvia Menezes\t\t\t\t\t\t\t\t<\/h3>\r\n\t\t\t\t\t\t\t\t\t\t\t\t\t\t\t\t<div class=\"wpsm_team_2_social_div\">\r\n\t\t\t\t\t\t\t\t\t\t\t\t\t\t\t\t\t\t\t\t\t\t\t\t\t\t\t\t\t\t\t\t\t\t\t\t\t\t\t\t\t\t\t\t<\/div>\r\n\t\t\t\t\t\t\t\t<p class=\"wpsm_team_2_b_desc\"> Consultora estrat\u00e9gica com mais de 20 anos de experi\u00eancia em gest\u00e3o empresarial. Fundadora da SC Servi\u00e7os Empresariais, atua com Sebrae e Sescoop\/SE em planejamento estrat\u00e9gico, modelagem de neg\u00f3cios e capacita\u00e7\u00e3o de empreendedores. Especialista em metodologias inovadoras e avaliadora de pr\u00eamios nacionais de qualidade. <\/p> \t\t\t\t\t\t\t\t\r\n\t\t\t\t\t\t\t<\/div>\r\n\t\t\t\t\t\t<\/div>\r\n\t\t\t\t\t<\/div>\r\n\t\t\t\t\t\r\n\t\t\t\t\t\t\t\t\t\t\t\t\t \r\n\t\t\t\t\t\r\n\t\t\t\t\t\r\n\t\t\t\t\t<div class=\"wpsm_col-md-3 wpsm_col-sm-6  wpsm-col-div\">\r\n\t\t\t\t\t\t<div class=\"wpsm_team_2_member_wrapper\">\r\n\t\t\t\t\t\t\t<img decoding=\"async\" class=\"img-responsive wpsm_team_2_mem_img\" src=\"https:\/\/educacaoempreendedora.com\/cieeci2025\/wp-content\/uploads\/2025\/09\/AndersonBarros.png\" alt=\"Anderson Barros\">\r\n\t\t\t\t\t\t\t<div class=\"wpsm_team_2_member_wrapper_inner\">\r\n\t\t\t\t\t\t\t\t<h3>\r\n\t\t\t\t\t\t\t\t\tAnderson Barros\t\t\t\t\t\t\t\t<\/h3>\r\n\t\t\t\t\t\t\t\t\t\t\t\t\t\t\t\t<div class=\"wpsm_team_2_social_div\">\r\n\t\t\t\t\t\t\t\t\t\t\t\t\t\t\t\t\t\t\t\t\t\t\t\t\t\t\t\t\t\t\t\t\t\t\t\t\t\t\t\t\t\t\t\t<\/div>\r\n\t\t\t\t\t\t\t\t<p class=\"wpsm_team_2_b_desc\"> Vice-Reitor da Universidade Estadual de Alagoas (UNEAL), doutor em Educa\u00e7\u00e3o (Unit), mestre em Ci\u00eancias Cont\u00e1beis (UFPE) e graduado em Ci\u00eancias Cont\u00e1beis (UFAL). Professor da UNEAL e UFAL, \u00e9 l\u00edder do GPGA\/UNEAL, conselheiro do CRC\/AL e atua em temas ligados \u00e0 contabilidade, controladoria e gest\u00e3o do ensino superior. <\/p> \t\t\t\t\t\t\t\t\r\n\t\t\t\t\t\t\t<\/div>\r\n\t\t\t\t\t\t<\/div>\r\n\t\t\t\t\t<\/div>\r\n\t\t\t\t\t\r\n\t\t\t\t\t\t\t\t\t\t\t\t\t \r\n\t\t\t\t\t\r\n\t\t\t\t\t\r\n\t\t\t\t\t<div class=\"wpsm_col-md-3 wpsm_col-sm-6  wpsm-col-div\">\r\n\t\t\t\t\t\t<div class=\"wpsm_team_2_member_wrapper\">\r\n\t\t\t\t\t\t\t<img decoding=\"async\" class=\"img-responsive wpsm_team_2_mem_img\" src=\"https:\/\/educacaoempreendedora.com\/cieeci2025\/wp-content\/uploads\/2025\/09\/alerciobressano.png\" alt=\"Alercio Bressano\">\r\n\t\t\t\t\t\t\t<div class=\"wpsm_team_2_member_wrapper_inner\">\r\n\t\t\t\t\t\t\t\t<h3>\r\n\t\t\t\t\t\t\t\t\tAlercio Bressano\t\t\t\t\t\t\t\t<\/h3>\r\n\t\t\t\t\t\t\t\t\t\t\t\t\t\t\t\t<div class=\"wpsm_team_2_social_div\">\r\n\t\t\t\t\t\t\t\t\t\t\t\t\t\t\t\t\t\t\t\t\t\t\t\t\t\t\t\t\t\t\t\t\t\t\t\t\t\t\t\t\t\t\t\t<\/div>\r\n\t\t\t\t\t\t\t\t<p class=\"wpsm_team_2_b_desc\"> Consultor, mentor de l\u00edderes e professor universit\u00e1rio, com mais de 26 anos de experi\u00eancia em gest\u00e3o, produtividade e alta performance. Fundador do Instituto O Mentor, atua em projetos de impacto social, educa\u00e7\u00e3o e empreendedorismo. <\/p> \t\t\t\t\t\t\t\t\r\n\t\t\t\t\t\t\t<\/div>\r\n\t\t\t\t\t\t<\/div>\r\n\t\t\t\t\t<\/div>\r\n\t\t\t\t\t\r\n\t\t\t\t\t\t\t\t\t\t\t\t\t \r\n\t\t\t\t\t\r\n\t\t\t\t\t\r\n\t\t\t\t\t<div class=\"wpsm_col-md-3 wpsm_col-sm-6  wpsm-col-div\">\r\n\t\t\t\t\t\t<div class=\"wpsm_team_2_member_wrapper\">\r\n\t\t\t\t\t\t\t<img decoding=\"async\" class=\"img-responsive wpsm_team_2_mem_img\" src=\"https:\/\/educacaoempreendedora.com\/cieeci2025\/wp-content\/uploads\/2025\/09\/hugo.png\" alt=\"Hugo Barbosa\">\r\n\t\t\t\t\t\t\t<div class=\"wpsm_team_2_member_wrapper_inner\">\r\n\t\t\t\t\t\t\t\t<h3>\r\n\t\t\t\t\t\t\t\t\tHugo Barbosa\t\t\t\t\t\t\t\t<\/h3>\r\n\t\t\t\t\t\t\t\t\t\t\t\t\t\t\t\t<div class=\"wpsm_team_2_social_div\">\r\n\t\t\t\t\t\t\t\t\t\t\t\t\t\t\t\t\t\t\t\t\t\t\t\t\t\t\t\t\t\t\t\t\t\t\t\t\t\t\t\t\t\t\t\t<\/div>\r\n\t\t\t\t\t\t\t\t<p class=\"wpsm_team_2_b_desc\"> Jornalista, graduado pela Universidade Tiradentes (UNIT) e p\u00f3s-graduando em Comunica\u00e7\u00e3o Eleitoral e Marketing Pol\u00edtico. Com experi\u00eancia como rep\u00f3rter, produtor, editor e apresentador de r\u00e1dio, atuou no Sistema Fecom\u00e9rcio\/Sesc\/Senac de Sergipe e na C\u00e2mara dos Deputados. <\/p> \t\t\t\t\t\t\t\t\r\n\t\t\t\t\t\t\t<\/div>\r\n\t\t\t\t\t\t<\/div>\r\n\t\t\t\t\t<\/div>\r\n\t\t\t\t\t\r\n\t\t\t\t\t\t\t\t\t\t\t<\/div>\r\n\t\t\t\t\t\t<div class=\"wpsm_row\">\r\n\t\t\t\t\t\t\t\t\t\t\t\t\t\t \r\n\t\t\t\t\t\r\n\t\t\t\t\t\r\n\t\t\t\t\t<div class=\"wpsm_col-md-3 wpsm_col-sm-6  wpsm-col-div\">\r\n\t\t\t\t\t\t<div class=\"wpsm_team_2_member_wrapper\">\r\n\t\t\t\t\t\t\t<img decoding=\"async\" class=\"img-responsive wpsm_team_2_mem_img\" src=\"https:\/\/educacaoempreendedora.com\/cieeci2025\/wp-content\/uploads\/2025\/09\/JessicaRangel.png\" alt=\"J\u00e9ssica Rangel\">\r\n\t\t\t\t\t\t\t<div class=\"wpsm_team_2_member_wrapper_inner\">\r\n\t\t\t\t\t\t\t\t<h3>\r\n\t\t\t\t\t\t\t\t\tJ\u00e9ssica Rangel\t\t\t\t\t\t\t\t<\/h3>\r\n\t\t\t\t\t\t\t\t\t\t\t\t\t\t\t\t<div class=\"wpsm_team_2_social_div\">\r\n\t\t\t\t\t\t\t\t\t\t\t\t\t\t\t\t\t\t\t\t\t\t\t\t\t\t\t\t\t\t\t\t\t\t\t\t\t\t\t\t\t\t\t\t<\/div>\r\n\t\t\t\t\t\t\t\t<p class=\"wpsm_team_2_b_desc\"> Engenheira de produ\u00e7\u00e3o e mestre em Empreendedorismo e Inova\u00e7\u00e3o (UFMG). Com mais de 10 anos de experi\u00eancia em educa\u00e7\u00e3o, impacto social e inova\u00e7\u00e3o, lidera a \u00e1rea de Produtos da Junior Achievement Brasil. <\/p> \t\t\t\t\t\t\t\t\r\n\t\t\t\t\t\t\t<\/div>\r\n\t\t\t\t\t\t<\/div>\r\n\t\t\t\t\t<\/div>\r\n\t\t\t\t\t\r\n\t\t\t\t\t\t\t\t\t\t\t\t\t \r\n\t\t\t\t\t\r\n\t\t\t\t\t\r\n\t\t\t\t\t<div class=\"wpsm_col-md-3 wpsm_col-sm-6  wpsm-col-div\">\r\n\t\t\t\t\t\t<div class=\"wpsm_team_2_member_wrapper\">\r\n\t\t\t\t\t\t\t<img decoding=\"async\" class=\"img-responsive wpsm_team_2_mem_img\" src=\"https:\/\/educacaoempreendedora.com\/cieeci2025\/wp-content\/uploads\/2025\/10\/raquel-kowalski.png\" alt=\"Raquel Kowalski\">\r\n\t\t\t\t\t\t\t<div class=\"wpsm_team_2_member_wrapper_inner\">\r\n\t\t\t\t\t\t\t\t<h3>\r\n\t\t\t\t\t\t\t\t\tRaquel Kowalski\t\t\t\t\t\t\t\t<\/h3>\r\n\t\t\t\t\t\t\t\t\t\t\t\t\t\t\t\t<div class=\"wpsm_team_2_social_div\">\r\n\t\t\t\t\t\t\t\t\t\t\t\t\t\t\t\t\t\t\t\t\t\t\t\t\t\t\t\t\t\t\t\t\t\t\t\t\t\t\t\t\t\t\t\t<\/div>\r\n\t\t\t\t\t\t\t\t<p class=\"wpsm_team_2_b_desc\"> P\u00f3s-doutoranda e Doutora em Educa\u00e7\u00e3o pela PUCPR (com est\u00e1gio na Open University UK), Mestre em Educa\u00e7\u00e3o pela mesma institui\u00e7\u00e3o. Especialista em Web Design e Design Instrucional, graduada em Design Gr\u00e1fico pela PUCPR. Professora do Programa de P\u00f3s-gradua\u00e7\u00e3o em Educa\u00e7\u00e3o e coordenadora da especializa\u00e7\u00e3o em Design Educacional na PUCPR. Atua h\u00e1 mais de 12 anos no ensino superior nas \u00e1reas de Design e Pedagogia, com experi\u00eancia em EAD, forma\u00e7\u00e3o docente e pesquisa em Design Educacional, Educa\u00e7\u00e3o Aberta, REA, Tecnologias Digitais e Inova\u00e7\u00e3o Respons\u00e1vel. <\/p> \t\t\t\t\t\t\t\t\r\n\t\t\t\t\t\t\t<\/div>\r\n\t\t\t\t\t\t<\/div>\r\n\t\t\t\t\t<\/div>\r\n\t\t\t\t\t\r\n\t\t\t\t\t\t\t\t\t\t\t\t\t \r\n\t\t\t\t\t\r\n\t\t\t\t\t\r\n\t\t\t\t\t<div class=\"wpsm_col-md-3 wpsm_col-sm-6  wpsm-col-div\">\r\n\t\t\t\t\t\t<div class=\"wpsm_team_2_member_wrapper\">\r\n\t\t\t\t\t\t\t<img decoding=\"async\" class=\"img-responsive wpsm_team_2_mem_img\" src=\"https:\/\/educacaoempreendedora.com\/cieeci2025\/wp-content\/uploads\/2025\/10\/Jari.png\" alt=\"Jari Matti Riihel\u00e4inen\">\r\n\t\t\t\t\t\t\t<div class=\"wpsm_team_2_member_wrapper_inner\">\r\n\t\t\t\t\t\t\t\t<h3>\r\n\t\t\t\t\t\t\t\t\tJari Matti Riihel\u00e4inen\t\t\t\t\t\t\t\t<\/h3>\r\n\t\t\t\t\t\t\t\t\t\t\t\t\t\t\t\t<div class=\"wpsm_team_2_social_div\">\r\n\t\t\t\t\t\t\t\t\t\t\t\t\t\t\t\t\t\t\t\t\t\t\t\t\t\t\t\t\t\t\t\t\t\t\t\t\t\t\t\t\t\t\t\t<\/div>\r\n\t\t\t\t\t\t\t\t<p class=\"wpsm_team_2_b_desc\"> Policy analyst with over 10 years of experience at the European Education and Culture Executive Agency (EACEA), working on a wide range of education topics. His areas of expertise include the social dimension in higher education, teachers\u2019 salaries and instruction time in schools. He has also co-authored reports on entrepreneurship education, education funding, migrants in education and evidence-based policymaking. <\/p> \t\t\t\t\t\t\t\t\r\n\t\t\t\t\t\t\t<\/div>\r\n\t\t\t\t\t\t<\/div>\r\n\t\t\t\t\t<\/div>\r\n\t\t\t\t\t\r\n\t\t\t\t\t\t\t\t\t\t\t\t\t \r\n\t\t\t\t\t\r\n\t\t\t\t\t\r\n\t\t\t\t\t<div class=\"wpsm_col-md-3 wpsm_col-sm-6  wpsm-col-div\">\r\n\t\t\t\t\t\t<div class=\"wpsm_team_2_member_wrapper\">\r\n\t\t\t\t\t\t\t<img decoding=\"async\" class=\"img-responsive wpsm_team_2_mem_img\" src=\"https:\/\/educacaoempreendedora.com\/cieeci2025\/wp-content\/uploads\/2025\/09\/SUSANAALVES.png\" alt=\"Susana Alves Jesus\">\r\n\t\t\t\t\t\t\t<div class=\"wpsm_team_2_member_wrapper_inner\">\r\n\t\t\t\t\t\t\t\t<h3>\r\n\t\t\t\t\t\t\t\t\tSusana Alves Jesus\t\t\t\t\t\t\t\t<\/h3>\r\n\t\t\t\t\t\t\t\t\t\t\t\t\t\t\t\t<div class=\"wpsm_team_2_social_div\">\r\n\t\t\t\t\t\t\t\t\t\t\t\t\t\t\t\t\t\t\t\t\t\t\t\t\t\t\t\t\t\t\t\t\t\t\t\t\t\t\t\t\t\t\t\t<\/div>\r\n\t\t\t\t\t\t\t\t<p class=\"wpsm_team_2_b_desc\"> Doutora em Hist\u00f3ria Contempor\u00e2nea pela Universidade de Lisboa. Professora convidada na Universidade Aberta e investigadora de p\u00f3s-doutorado no CEG-UAb e na Universit\u00e9 Paris II, atua em projetos internacionais sobre direitos humanos, mem\u00f3ria e globaliza\u00e7\u00e3o. <\/p> \t\t\t\t\t\t\t\t\r\n\t\t\t\t\t\t\t<\/div>\r\n\t\t\t\t\t\t<\/div>\r\n\t\t\t\t\t<\/div>\r\n\t\t\t\t\t\r\n\t\t\t\t\t\t\t\t\t\t\t<\/div>\r\n\t\t\t\t\t\t<div class=\"wpsm_row\">\r\n\t\t\t\t\t\t\t\t\t\t\t\t\t\t \r\n\t\t\t\t\t\r\n\t\t\t\t\t\r\n\t\t\t\t\t<div class=\"wpsm_col-md-3 wpsm_col-sm-6  wpsm-col-div\">\r\n\t\t\t\t\t\t<div class=\"wpsm_team_2_member_wrapper\">\r\n\t\t\t\t\t\t\t<img decoding=\"async\" class=\"img-responsive wpsm_team_2_mem_img\" src=\"https:\/\/educacaoempreendedora.com\/cieeci2025\/wp-content\/uploads\/2025\/09\/wagnerlemos.png\" alt=\"Wagner Lemos\">\r\n\t\t\t\t\t\t\t<div class=\"wpsm_team_2_member_wrapper_inner\">\r\n\t\t\t\t\t\t\t\t<h3>\r\n\t\t\t\t\t\t\t\t\tWagner Lemos\t\t\t\t\t\t\t\t<\/h3>\r\n\t\t\t\t\t\t\t\t\t\t\t\t\t\t\t\t<div class=\"wpsm_team_2_social_div\">\r\n\t\t\t\t\t\t\t\t\t\t\t\t\t\t\t\t\t\t\t\t\t\t\t\t\t\t\t\t\t\t\t\t\t\t\t\t\t\t\t\t\t\t\t\t<\/div>\r\n\t\t\t\t\t\t\t\t<p class=\"wpsm_team_2_b_desc\"> Doutor em Letras pela Universidade de S\u00e3o Paulo (USP), tem p\u00f3s-doutorado em Literatura pela Universidade do Estado do Rio de Janeiro (UERJ), escritor, professor da Universidade do Estado da Bahia (UNEB) e do Programa de P\u00f3s-gradua\u00e7\u00e3o em Estudos Liter\u00e1rios (UEFS) e l\u00edder do Grupo de Pesquisa em Literatura e Hist\u00f3ria (CNPq\/UNEB). <\/p> \t\t\t\t\t\t\t\t\r\n\t\t\t\t\t\t\t<\/div>\r\n\t\t\t\t\t\t<\/div>\r\n\t\t\t\t\t<\/div>\r\n\t\t\t\t\t\r\n\t\t\t\t\t\t\t\t\t\t\t\t\t \r\n\t\t\t\t\t\r\n\t\t\t\t\t\r\n\t\t\t\t\t<div class=\"wpsm_col-md-3 wpsm_col-sm-6  wpsm-col-div\">\r\n\t\t\t\t\t\t<div class=\"wpsm_team_2_member_wrapper\">\r\n\t\t\t\t\t\t\t<img decoding=\"async\" class=\"img-responsive wpsm_team_2_mem_img\" src=\"https:\/\/educacaoempreendedora.com\/cieeci2025\/wp-content\/uploads\/2025\/09\/cleideane.png\" alt=\"Cleide Ane Barbosa\">\r\n\t\t\t\t\t\t\t<div class=\"wpsm_team_2_member_wrapper_inner\">\r\n\t\t\t\t\t\t\t\t<h3>\r\n\t\t\t\t\t\t\t\t\tCleide Ane Barbosa\t\t\t\t\t\t\t\t<\/h3>\r\n\t\t\t\t\t\t\t\t\t\t\t\t\t\t\t\t<div class=\"wpsm_team_2_social_div\">\r\n\t\t\t\t\t\t\t\t\t\t\t\t\t\t\t\t\t\t\t\t\t\t\t\t\t\t\t\t\t\t\t\t\t\t\t\t\t\t\t\t\t\t\t\t<\/div>\r\n\t\t\t\t\t\t\t\t<p class=\"wpsm_team_2_b_desc\"> Doutora em Ci\u00eancia da Propriedade Intelectual. Administradora e Pedagoga. Professora e Pr\u00f3-reitora de Pesquisa, Extens\u00e3o e Internacionaliza\u00e7\u00e3o da Est\u00e1cio Sergipe. <\/p> \t\t\t\t\t\t\t\t\r\n\t\t\t\t\t\t\t<\/div>\r\n\t\t\t\t\t\t<\/div>\r\n\t\t\t\t\t<\/div>\r\n\t\t\t\t\t\r\n\t\t\t\t\t\t\t\t\t\t\t\t\t \r\n\t\t\t\t\t\r\n\t\t\t\t\t\r\n\t\t\t\t\t<div class=\"wpsm_col-md-3 wpsm_col-sm-6  wpsm-col-div\">\r\n\t\t\t\t\t\t<div class=\"wpsm_team_2_member_wrapper\">\r\n\t\t\t\t\t\t\t<img decoding=\"async\" class=\"img-responsive wpsm_team_2_mem_img\" src=\"https:\/\/educacaoempreendedora.com\/cieeci2025\/wp-content\/uploads\/2025\/09\/crlaalmeida.png\" alt=\"Carla Almeida\">\r\n\t\t\t\t\t\t\t<div class=\"wpsm_team_2_member_wrapper_inner\">\r\n\t\t\t\t\t\t\t\t<h3>\r\n\t\t\t\t\t\t\t\t\tCarla Almeida\t\t\t\t\t\t\t\t<\/h3>\r\n\t\t\t\t\t\t\t\t\t\t\t\t\t\t\t\t<div class=\"wpsm_team_2_social_div\">\r\n\t\t\t\t\t\t\t\t\t\t\t\t\t\t\t\t\t\t\t\t\t\t\t\t\t\t\t\t\t\t\t\t\t\t\t\t\t\t\t\t\t\t\t\t<\/div>\r\n\t\t\t\t\t\t\t\t<p class=\"wpsm_team_2_b_desc\"> Mestre em Ci\u00eancia da Computa\u00e7\u00e3o (UFS), com MBA em Ger\u00eancia de Projetos, \u00e9 Gestora de TIC no Sergipe Parque Tecnol\u00f3gico. Tem experi\u00eancia em projetos de inova\u00e7\u00e3o, avalia\u00e7\u00e3o de programas nacionais e doc\u00eancia em Empreendedorismo e Engenharia de Software. <\/p> \t\t\t\t\t\t\t\t\r\n\t\t\t\t\t\t\t<\/div>\r\n\t\t\t\t\t\t<\/div>\r\n\t\t\t\t\t<\/div>\r\n\t\t\t\t\t\r\n\t\t\t\t\t\t\t\t\t\t\t\t\t \r\n\t\t\t\t\t\r\n\t\t\t\t\t\r\n\t\t\t\t\t<div class=\"wpsm_col-md-3 wpsm_col-sm-6  wpsm-col-div\">\r\n\t\t\t\t\t\t<div class=\"wpsm_team_2_member_wrapper\">\r\n\t\t\t\t\t\t\t<img decoding=\"async\" class=\"img-responsive wpsm_team_2_mem_img\" src=\"https:\/\/educacaoempreendedora.com\/cieeci2025\/wp-content\/uploads\/2025\/10\/vitorfigueiredo.png\" alt=\"V\u00edtor Figueiredo\">\r\n\t\t\t\t\t\t\t<div class=\"wpsm_team_2_member_wrapper_inner\">\r\n\t\t\t\t\t\t\t\t<h3>\r\n\t\t\t\t\t\t\t\t\tV\u00edtor Figueiredo\t\t\t\t\t\t\t\t<\/h3>\r\n\t\t\t\t\t\t\t\t\t\t\t\t\t\t\t\t<div class=\"wpsm_team_2_social_div\">\r\n\t\t\t\t\t\t\t\t\t\t\t\t\t\t\t\t\t\t\t\t\t\t\t\t\t\t\t\t\t\t\t\t\t\t\t\t\t\t\t\t\t\t\t\t<\/div>\r\n\t\t\t\t\t\t\t\t<p class=\"wpsm_team_2_b_desc\"> Psic\u00f3logo educacional e T\u00e9cnico Superior da Dire\u00e7\u00e3o-Geral da Educa\u00e7\u00e3o, especialista em Educa\u00e7\u00e3o para a Cidadania e Empreendedorismo. Foi coordenador da rede Euroguidance Portugal e do Projeto Nacional de Educa\u00e7\u00e3o para o Empreendedorismo, al\u00e9m de docente, avaliador externo do Erasmus+ e autor de orienta\u00e7\u00f5es e forma\u00e7\u00f5es para docentes. Foi pioneiro no desenvolvimento do Plano de Educa\u00e7\u00e3o para o Empreendedorismo nas escolas portuguesas. <\/p> \t\t\t\t\t\t\t\t\r\n\t\t\t\t\t\t\t<\/div>\r\n\t\t\t\t\t\t<\/div>\r\n\t\t\t\t\t<\/div>\r\n\t\t\t\t\t\r\n\t\t\t\t\t\t\t\t\t\t\t<\/div>\r\n\t\t\t\t\t\t<div class=\"wpsm_row\">\r\n\t\t\t\t\t\t\t\t\t\t\t\t\t\t \r\n\t\t\t\t\t\r\n\t\t\t\t\t\r\n\t\t\t\t\t<div class=\"wpsm_col-md-3 wpsm_col-sm-6  wpsm-col-div\">\r\n\t\t\t\t\t\t<div class=\"wpsm_team_2_member_wrapper\">\r\n\t\t\t\t\t\t\t<img decoding=\"async\" class=\"img-responsive wpsm_team_2_mem_img\" src=\"https:\/\/educacaoempreendedora.com\/cieeci2025\/wp-content\/uploads\/2025\/10\/brennobarreto.png\" alt=\"Brenno Barreto\">\r\n\t\t\t\t\t\t\t<div class=\"wpsm_team_2_member_wrapper_inner\">\r\n\t\t\t\t\t\t\t\t<h3>\r\n\t\t\t\t\t\t\t\t\tBrenno Barreto\t\t\t\t\t\t\t\t<\/h3>\r\n\t\t\t\t\t\t\t\t\t\t\t\t\t\t\t\t<div class=\"wpsm_team_2_social_div\">\r\n\t\t\t\t\t\t\t\t\t\t\t\t\t\t\t\t\t\t\t\t\t\t\t\t\t\t\t\t\t\t\t\t\t\t\t\t\t\t\t\t\t\t\t\t<\/div>\r\n\t\t\t\t\t\t\t\t<p class=\"wpsm_team_2_b_desc\"> Administrador, p\u00f3s-graduado em Finan\u00e7as Corporativas pela Unit. Foi presidente da CDL Aracaju (2015\u20132020) e Diretor-Presidente do SergipeTec (2019\u20132021). Atualmente \u00e9 o Diretor T\u00e9cnico do Sebrae-SE. Foi conselheiro da Fundat e Acese, al\u00e9m de integrar f\u00f3runs e conselhos ligados ao desenvolvimento econ\u00f4mico de Sergipe. <\/p> \t\t\t\t\t\t\t\t\r\n\t\t\t\t\t\t\t<\/div>\r\n\t\t\t\t\t\t<\/div>\r\n\t\t\t\t\t<\/div>\r\n\t\t\t\t\t\r\n\t\t\t\t\t\t\t\t\t\t\t\t\t \r\n\t\t\t\t\t\r\n\t\t\t\t\t\r\n\t\t\t\t\t<div class=\"wpsm_col-md-3 wpsm_col-sm-6  wpsm-col-div\">\r\n\t\t\t\t\t\t<div class=\"wpsm_team_2_member_wrapper\">\r\n\t\t\t\t\t\t\t<img decoding=\"async\" class=\"img-responsive wpsm_team_2_mem_img\" src=\"https:\/\/educacaoempreendedora.com\/cieeci2025\/wp-content\/uploads\/2025\/10\/NilsonLima.png\" alt=\"Nilson Lima\">\r\n\t\t\t\t\t\t\t<div class=\"wpsm_team_2_member_wrapper_inner\">\r\n\t\t\t\t\t\t\t\t<h3>\r\n\t\t\t\t\t\t\t\t\tNilson Lima\t\t\t\t\t\t\t\t<\/h3>\r\n\t\t\t\t\t\t\t\t\t\t\t\t\t\t\t\t<div class=\"wpsm_team_2_social_div\">\r\n\t\t\t\t\t\t\t\t\t\t\t\t\t\t\t\t\t\t\t\t\t\t\t\t\t\t\t\t\t\t\t\t\t\t\t\t\t\t\t\t\t\t\t\t<\/div>\r\n\t\t\t\t\t\t\t\t<p class=\"wpsm_team_2_b_desc\"> Diretor Regional do Senac Sergipe desde junho de 2024. Graduado em Direito, Ci\u00eancias Cont\u00e1beis e Jornalismo, com p\u00f3s-gradua\u00e7\u00e3o em Direito P\u00fablico e MBA em Administra\u00e7\u00e3o e Gest\u00e3o de Neg\u00f3cios. Por 38 anos atuou na Receita Federal, nos cargos de T\u00e9cnico do Tesouro Nacional e Auditor. Delegado da Receita Federal em Sergipe, Secret\u00e1rio de Finan\u00e7as de Aracaju em tr\u00eas gest\u00f5es e Secret\u00e1rio da Fazenda do Estado de Sergipe (2007\u20132009) <\/p> \t\t\t\t\t\t\t\t\r\n\t\t\t\t\t\t\t<\/div>\r\n\t\t\t\t\t\t<\/div>\r\n\t\t\t\t\t<\/div>\r\n\t\t\t\t\t\r\n\t\t\t\t\t\t\t\t\t\t\t\t\r\n\t\t<\/div>\r\n\t<\/div>\r\n\r\n\t<\/div>\n\t\t\t\t\t\t<\/div>\n\t\t\t\t<\/div>\n\t\t\t\t\t<\/div>\n\t\t\t\t<\/div>\n\t\t<div class=\"elementor-element elementor-element-c02d2f8 e-flex e-con-boxed wpr-particle-no wpr-jarallax-no wpr-parallax-no wpr-sticky-section-no wpr-equal-height-no e-con e-parent\" data-id=\"c02d2f8\" data-element_type=\"container\" data-e-type=\"container\" data-settings=\"{&quot;background_background&quot;:&quot;classic&quot;}\">\n\t\t\t\t\t<div class=\"e-con-inner\">\n\t\t\t\t<div class=\"elementor-element elementor-element-a2b47ad elementor-widget elementor-widget-eael-fancy-text\" data-id=\"a2b47ad\" data-element_type=\"widget\" data-e-type=\"widget\" data-widget_type=\"eael-fancy-text.default\">\n\t\t\t\t<div class=\"elementor-widget-container\">\n\t\t\t\t\t\n\t<div  class=\"eael-fancy-text-container style-1\" data-fancy-text-id=\"a2b47ad\" data-fancy-text=\"|Moderadores Salas Tem\u00e1ticas\" data-fancy-text-transition-type=\"typing\" data-fancy-text-speed=\"25\" data-fancy-text-delay=\"5000\" data-fancy-text-cursor=\"yes\" data-fancy-text-loop=\"yes\" data-fancy-text-action=\"page_load\" >\n\t\t\n\t\t\n\t\t\t\t\t<span id=\"eael-fancy-text-a2b47ad\" class=\"eael-fancy-text-strings solid-color\">\n\t\t\t\t<noscript>\n\t\t\t\t\tModeradores Salas Tem\u00e1ticas\t\t\t\t<\/noscript>\n\t\t\t<\/span>\n\t\t\n\t\t\t\t\t<span class=\"eael-fancy-text-suffix\"> _<\/span>\n\t\t\t<\/div><!-- close .eael-fancy-text-container -->\n\n\t<div class=\"clearfix\"><\/div>\n\n\t\t\t\t\t<\/div>\n\t\t\t\t<\/div>\n\t\t\t\t\t<\/div>\n\t\t\t\t<\/div>\n\t\t<div class=\"elementor-element elementor-element-d8f7b9b e-flex e-con-boxed wpr-particle-no wpr-jarallax-no wpr-parallax-no wpr-sticky-section-no wpr-equal-height-no e-con e-parent\" data-id=\"d8f7b9b\" data-element_type=\"container\" data-e-type=\"container\">\n\t\t\t\t\t<div class=\"e-con-inner\">\n\t\t\t\t<div class=\"elementor-element elementor-element-6833067 elementor-widget elementor-widget-shortcode\" data-id=\"6833067\" data-element_type=\"widget\" data-e-type=\"widget\" data-widget_type=\"shortcode.default\">\n\t\t\t\t<div class=\"elementor-widget-container\">\n\t\t\t\t\t\t\t<div class=\"elementor-shortcode\">\t<!-- wpshopmart team builder design 1 wrapper -->\r\n\t<div class=\"wpsm_team_1_b_row\" id=\"wpsm_team_1_b_row_1561\">\r\n\t\t<div class=\"wpsm_row\">  \r\n\t\t\t<style>\r\n\t\t\t#wpsm_team_1_b_row_1561 .wpsm_team_1_member_wrapper_inner h3{\r\n\t\t\t\tcolor:#000000 !important;\r\n\t\t\t\tfont-size:18px !important;\r\n\t\t\t\t\t\t\t\t  font-family:'Open Sans';\r\n\t\t\t\t\t\t\t\t\r\n\t\t\t}\r\n\t\t\t#wpsm_team_1_b_row_1561 .wpsm_team_1_name_divider{\r\n\t\t\t\tbackground-color:#000000 !important;\r\n\t\t\t}\r\n\t\t\t#wpsm_team_1_b_row_1561 .wpsm_team_1_b_desig{\r\n\t\t\t\tcolor:#000000 !important;\r\n\t\t\t\tfont-size:14px !important;\r\n\t\t\t\t\t\t\t\t   font-family:'Open Sans';\r\n\t\t\t\t\t\t\t}\r\n\t\t\t#wpsm_team_1_b_row_1561 .wpsm_team_1_b_desc{\r\n\t\t\t\tcolor:#000000 !important;\r\n\t\t\t\tfont-size:14px !important;\r\n\t\t\t\t\t\t\t\t   font-family:'Open Sans';\r\n\t\t\t\t\t\t\t}\r\n\t\t\t#wpsm_team_1_b_row_1561  p{\r\n\t\t\t\tcolor:#000000 !important;\r\n\t\t\t\tfont-size:14px !important;\r\n\t\t\t    \t\t\t\t   font-family:'Open Sans';\r\n\t\t\t\t\t\t\t\t\r\n\t\t\t}\r\n\t\t\t\r\n\t\t\t#wpsm_team_1_b_row_1561 .wpsm_team_1_social_div a i{\r\n\t\t\t\tcolor:#000000 !important;\r\n\t\t\t\tbackground:#ffffff !important;\r\n\t\t\t}\r\n\t\t\t\t\t\t\r\n\t\t\t<\/style>\r\n\t\t\t\t\t\t \r\n\t\t\t\t\t<div class=\"wpsm_col-md-3 wpsm_col-sm-6 wpsm-col-div wpsm_single_team\">\r\n\t\t\t\t\t\t<div class=\"wpsm_team_1_member_wrapper\">\r\n\t\t\t\t\t\t\t<img decoding=\"async\" class=\"img-responsive wpsm_team_1_mem_img\" src=\"https:\/\/educacaoempreendedora.com\/cieeci2025\/wp-content\/uploads\/2025\/01\/rodrigorocha.png\" alt=\"Rodrigo Rocha\">\r\n\t\t\t\t\t\t\t<div class=\"wpsm_team_1_member_wrapper_inner\">\r\n\t\t\t\t\t\t\t\t<h3>\r\n\t\t\t\t\t\t\t\t\tRodrigo Rocha\t\t\t\t\t\t\t\t\t<div class=\"wpsm_team_1_name_divider\"><\/div>\r\n\t\t\t\t\t\t\t\t<\/h3>\r\n\t\t\t\t\t\t\t\t<span class=\"wpsm_team_1_b_desig\"> Economista, Superintendente no IEL\/SE e Doutor em Ci\u00eancia da Propriedade Intelectual <\/span> \t\t\t\t\t\t\t\t\t\t\t\t\t\t\t\t<div class=\"wpsm_team_1_social_div\">\r\n\t\t\t\t\t\t\t\t\t\t\t\t\t\t\t\t\t\t\t\t\t\t\t\t\t\t\t\t\t\t\t\t\t\t\t\t\t\t\t\t\t\t\t\t<\/div>\r\n\t\t\t\t\t\t\t<\/div>\r\n\t\t\t\t\t\t<\/div>\r\n\t\t\t\t\t<\/div>\r\n\t\t\t\t\t\t\t\t\t\t\t\t\t \r\n\t\t\t\t\t<div class=\"wpsm_col-md-3 wpsm_col-sm-6 wpsm-col-div wpsm_single_team\">\r\n\t\t\t\t\t\t<div class=\"wpsm_team_1_member_wrapper\">\r\n\t\t\t\t\t\t\t<img decoding=\"async\" class=\"img-responsive wpsm_team_1_mem_img\" src=\"https:\/\/educacaoempreendedora.com\/cieeci2025\/wp-content\/uploads\/2025\/01\/joabsilva.png\" alt=\"Joab Almeida\">\r\n\t\t\t\t\t\t\t<div class=\"wpsm_team_1_member_wrapper_inner\">\r\n\t\t\t\t\t\t\t\t<h3>\r\n\t\t\t\t\t\t\t\t\tJoab Almeida\t\t\t\t\t\t\t\t\t<div class=\"wpsm_team_1_name_divider\"><\/div>\r\n\t\t\t\t\t\t\t\t<\/h3>\r\n\t\t\t\t\t\t\t\t<span class=\"wpsm_team_1_b_desig\"> Doutor e Mestre em Geografia (UFS), Especialista em Gest\u00e3o P\u00fablica e Turism\u00f3logo pela UNIT. <\/span> \t\t\t\t\t\t\t\t\t\t\t\t\t\t\t\t<div class=\"wpsm_team_1_social_div\">\r\n\t\t\t\t\t\t\t\t\t\t\t\t\t\t\t\t\t\t\t\t\t\t\t\t\t\t\t\t\t\t\t\t\t\t\t\t\t\t\t\t\t\t\t\t<\/div>\r\n\t\t\t\t\t\t\t<\/div>\r\n\t\t\t\t\t\t<\/div>\r\n\t\t\t\t\t<\/div>\r\n\t\t\t\t\t\t\t\t\t\t\t\t\t \r\n\t\t\t\t\t<div class=\"wpsm_col-md-3 wpsm_col-sm-6 wpsm-col-div wpsm_single_team\">\r\n\t\t\t\t\t\t<div class=\"wpsm_team_1_member_wrapper\">\r\n\t\t\t\t\t\t\t<img decoding=\"async\" class=\"img-responsive wpsm_team_1_mem_img\" src=\"https:\/\/educacaoempreendedora.com\/cieeci2025\/wp-content\/uploads\/2025\/02\/Deboramendonca-1.png\" alt=\"D\u00e9bora Mendon\u00e7a\">\r\n\t\t\t\t\t\t\t<div class=\"wpsm_team_1_member_wrapper_inner\">\r\n\t\t\t\t\t\t\t\t<h3>\r\n\t\t\t\t\t\t\t\t\tD\u00e9bora Mendon\u00e7a\t\t\t\t\t\t\t\t\t<div class=\"wpsm_team_1_name_divider\"><\/div>\r\n\t\t\t\t\t\t\t\t<\/h3>\r\n\t\t\t\t\t\t\t\t\t\t\t\t\t\t\t\t<p class=\"wpsm_team_1_b_desc\"> Pedagoga, Especialista  em Supervis\u00e3o e Administra\u00e7\u00e3o Escolar,  Alfabetiza\u00e7\u00e3o, Gest\u00e3o de Pessoas, Gest\u00e3o de Pequenos Neg\u00f3cios e em Gest\u00e3o da Qualidade e Produtividade <\/p> \t\t\t\t\t\t\t\t<div class=\"wpsm_team_1_social_div\">\r\n\t\t\t\t\t\t\t\t\t\t\t\t\t\t\t\t\t\t\t\t\t\t\t\t\t\t\t\t\t\t\t\t\t\t\t\t\t\t\t\t\t\t\t\t<\/div>\r\n\t\t\t\t\t\t\t<\/div>\r\n\t\t\t\t\t\t<\/div>\r\n\t\t\t\t\t<\/div>\r\n\t\t\t\t\t\t\t\t\t\t\t\t\t \r\n\t\t\t\t\t<div class=\"wpsm_col-md-3 wpsm_col-sm-6 wpsm-col-div wpsm_single_team\">\r\n\t\t\t\t\t\t<div class=\"wpsm_team_1_member_wrapper\">\r\n\t\t\t\t\t\t\t<img decoding=\"async\" class=\"img-responsive wpsm_team_1_mem_img\" src=\"https:\/\/educacaoempreendedora.com\/cieeci2025\/wp-content\/uploads\/2025\/02\/jaquelinelima.png\" alt=\"Jaqueline Lima\">\r\n\t\t\t\t\t\t\t<div class=\"wpsm_team_1_member_wrapper_inner\">\r\n\t\t\t\t\t\t\t\t<h3>\r\n\t\t\t\t\t\t\t\t\tJaqueline Lima\t\t\t\t\t\t\t\t\t<div class=\"wpsm_team_1_name_divider\"><\/div>\r\n\t\t\t\t\t\t\t\t<\/h3>\r\n\t\t\t\t\t\t\t\t\t\t\t\t\t\t\t\t<p class=\"wpsm_team_1_b_desc\"> Mestre em Administra\u00e7\u00e3o\/Marketing, MBA em Marketing, MBA em Gest\u00e3o de Relacionamento com o Cliente, MBA em Educa\u00e7\u00e3o Empreendedora 5.0., Especialista em Eventos e Cerimoniais. Curadora de Conte\u00fado. Escritora. Atualmente Gestora do CER Polo Sebrae de Educa\u00e7\u00e3o Empreendedora. <\/p> \t\t\t\t\t\t\t\t<div class=\"wpsm_team_1_social_div\">\r\n\t\t\t\t\t\t\t\t\t\t\t\t\t\t\t\t\t\t\t\t\t\t\t\t\t\t\t\t\t\t\t\t\t\t\t\t\t\t\t\t\t\t\t\t<\/div>\r\n\t\t\t\t\t\t\t<\/div>\r\n\t\t\t\t\t\t<\/div>\r\n\t\t\t\t\t<\/div>\r\n\t\t\t\t\t\t\t\t\t\t\t<\/div>\r\n\t\t\t\t\t\t<div class=\"wpsm_row\">\r\n\t\t\t\t\t\t\t\t\t\t\t\t\t\t \r\n\t\t\t\t\t<div class=\"wpsm_col-md-3 wpsm_col-sm-6 wpsm-col-div wpsm_single_team\">\r\n\t\t\t\t\t\t<div class=\"wpsm_team_1_member_wrapper\">\r\n\t\t\t\t\t\t\t<img decoding=\"async\" class=\"img-responsive wpsm_team_1_mem_img\" src=\"https:\/\/educacaoempreendedora.com\/cieeci2025\/wp-content\/uploads\/2025\/09\/vitoraloisio.png\" alt=\"Vitor Alo\u00edsio\">\r\n\t\t\t\t\t\t\t<div class=\"wpsm_team_1_member_wrapper_inner\">\r\n\t\t\t\t\t\t\t\t<h3>\r\n\t\t\t\t\t\t\t\t\tVitor Alo\u00edsio\t\t\t\t\t\t\t\t\t<div class=\"wpsm_team_1_name_divider\"><\/div>\r\n\t\t\t\t\t\t\t\t<\/h3>\r\n\t\t\t\t\t\t\t\t\t\t\t\t\t\t\t\t<p class=\"wpsm_team_1_b_desc\"> Pedagogo, gestor e psic\u00f3logo, atua desde 2019 no setor educacional com foco em inova\u00e7\u00e3o, cidadania e empreendedorismo. Atualmente, \u00e9 gerente da Cultura Empreendedora do Sebrae\/SE, liderando programas que impactam todos os n\u00edveis de ensino em Sergipe. <\/p> \t\t\t\t\t\t\t\t<div class=\"wpsm_team_1_social_div\">\r\n\t\t\t\t\t\t\t\t\t\t\t\t\t\t\t\t\t\t\t\t\t\t\t\t\t\t\t\t\t\t\t\t\t\t\t\t\t\t\t\t\t\t\t\t<\/div>\r\n\t\t\t\t\t\t\t<\/div>\r\n\t\t\t\t\t\t<\/div>\r\n\t\t\t\t\t<\/div>\r\n\t\t\t\t\t\t\t\t\t\t\t\t\t \r\n\t\t\t\t\t<div class=\"wpsm_col-md-3 wpsm_col-sm-6 wpsm-col-div wpsm_single_team\">\r\n\t\t\t\t\t\t<div class=\"wpsm_team_1_member_wrapper\">\r\n\t\t\t\t\t\t\t<img decoding=\"async\" class=\"img-responsive wpsm_team_1_mem_img\" src=\"https:\/\/educacaoempreendedora.com\/cieeci2025\/wp-content\/uploads\/2025\/10\/FlavioYuri.png\" alt=\"Fl\u00e1vio Oliveira\">\r\n\t\t\t\t\t\t\t<div class=\"wpsm_team_1_member_wrapper_inner\">\r\n\t\t\t\t\t\t\t\t<h3>\r\n\t\t\t\t\t\t\t\t\tFl\u00e1vio Oliveira\t\t\t\t\t\t\t\t\t<div class=\"wpsm_team_1_name_divider\"><\/div>\r\n\t\t\t\t\t\t\t\t<\/h3>\r\n\t\t\t\t\t\t\t\t\t\t\t\t\t\t\t\t<p class=\"wpsm_team_1_b_desc\"> Mestre em Inform\u00e1tica. Membro pesquisador na \u00e1rea da sa\u00fade e educa\u00e7\u00e3o para tecnologias emergentes pela UFAL. <\/p> \t\t\t\t\t\t\t\t<div class=\"wpsm_team_1_social_div\">\r\n\t\t\t\t\t\t\t\t\t\t\t\t\t\t\t\t\t\t\t\t\t\t\t\t\t\t\t\t\t\t\t\t\t\t\t\t\t\t\t\t\t\t\t\t<\/div>\r\n\t\t\t\t\t\t\t<\/div>\r\n\t\t\t\t\t\t<\/div>\r\n\t\t\t\t\t<\/div>\r\n\t\t\t\t\t\t\t\t\t\t\t\t\t \r\n\t\t\t\t\t<div class=\"wpsm_col-md-3 wpsm_col-sm-6 wpsm-col-div wpsm_single_team\">\r\n\t\t\t\t\t\t<div class=\"wpsm_team_1_member_wrapper\">\r\n\t\t\t\t\t\t\t<img decoding=\"async\" class=\"img-responsive wpsm_team_1_mem_img\" src=\"https:\/\/educacaoempreendedora.com\/cieeci2025\/wp-content\/uploads\/2025\/10\/abelardomonteiro.png\" alt=\"Abelardo Monteiro\">\r\n\t\t\t\t\t\t\t<div class=\"wpsm_team_1_member_wrapper_inner\">\r\n\t\t\t\t\t\t\t\t<h3>\r\n\t\t\t\t\t\t\t\t\tAbelardo Monteiro\t\t\t\t\t\t\t\t\t<div class=\"wpsm_team_1_name_divider\"><\/div>\r\n\t\t\t\t\t\t\t\t<\/h3>\r\n\t\t\t\t\t\t\t\t\t\t\t\t\t\t\t\t<p class=\"wpsm_team_1_b_desc\"> Gerente da Unidade de Relacionamento Institucional do Sebrae-SE <\/p> \t\t\t\t\t\t\t\t<div class=\"wpsm_team_1_social_div\">\r\n\t\t\t\t\t\t\t\t\t\t\t\t\t\t\t\t\t\t\t\t\t\t\t\t\t\t\t\t\t\t\t\t\t\t\t\t\t\t\t\t\t\t\t\t<\/div>\r\n\t\t\t\t\t\t\t<\/div>\r\n\t\t\t\t\t\t<\/div>\r\n\t\t\t\t\t<\/div>\r\n\t\t\t\t\t\t\t\t\t\t\t\t\r\n\t\t<\/div>\r\n\t<\/div><\/div>\n\t\t\t\t\t\t<\/div>\n\t\t\t\t<\/div>\n\t\t\t\t\t<\/div>\n\t\t\t\t<\/div>\n\t\t<div class=\"elementor-element elementor-element-9eef287 e-grid e-con-boxed wpr-particle-no wpr-jarallax-no wpr-parallax-no wpr-sticky-section-no wpr-equal-height-no e-con e-parent\" data-id=\"9eef287\" data-element_type=\"container\" data-e-type=\"container\">\n\t\t\t\t\t<div class=\"e-con-inner\">\n\t\t\t\t<div class=\"elementor-element elementor-element-05548d4 elementor-widget elementor-widget-image\" data-id=\"05548d4\" data-element_type=\"widget\" data-e-type=\"widget\" data-widget_type=\"image.default\">\n\t\t\t\t<div class=\"elementor-widget-container\">\n\t\t\t\t\t\t\t\t\t\t\t\t\t\t\t\t<a href=\"https:\/\/educacaoempreendedora.com\/cieeci2025\/projeto-construindo-pontes-com-os-municipios-empreendedores\/\">\n\t\t\t\t\t\t\t<img decoding=\"async\" width=\"800\" height=\"600\" src=\"https:\/\/educacaoempreendedora.com\/cieeci2025\/wp-content\/uploads\/2025\/05\/municipio1.jpg\" class=\"attachment-full size-full wp-image-1873\" alt=\"\" srcset=\"https:\/\/educacaoempreendedora.com\/cieeci2025\/wp-content\/uploads\/2025\/05\/municipio1.jpg 800w, https:\/\/educacaoempreendedora.com\/cieeci2025\/wp-content\/uploads\/2025\/05\/municipio1-300x225.jpg 300w, https:\/\/educacaoempreendedora.com\/cieeci2025\/wp-content\/uploads\/2025\/05\/municipio1-768x576.jpg 768w\" sizes=\"(max-width: 800px) 100vw, 800px\" \/>\t\t\t\t\t\t\t\t<\/a>\n\t\t\t\t\t\t\t\t\t\t\t\t\t\t\t<\/div>\n\t\t\t\t<\/div>\n\t\t\t\t<div class=\"elementor-element elementor-element-552473c elementor-widget elementor-widget-image\" data-id=\"552473c\" data-element_type=\"widget\" data-e-type=\"widget\" data-widget_type=\"image.default\">\n\t\t\t\t<div class=\"elementor-widget-container\">\n\t\t\t\t\t\t\t\t\t\t\t\t\t\t\t\t<a href=\"https:\/\/educacaoempreendedora.com\/cieeci2025\/projeto-construindo-pontes-com-os-municipios-empreendedores\/\">\n\t\t\t\t\t\t\t<img decoding=\"async\" width=\"800\" height=\"600\" src=\"https:\/\/educacaoempreendedora.com\/cieeci2025\/wp-content\/uploads\/2025\/05\/PONTES.jpg\" class=\"attachment-full size-full wp-image-1880\" alt=\"\" srcset=\"https:\/\/educacaoempreendedora.com\/cieeci2025\/wp-content\/uploads\/2025\/05\/PONTES.jpg 800w, https:\/\/educacaoempreendedora.com\/cieeci2025\/wp-content\/uploads\/2025\/05\/PONTES-300x225.jpg 300w, https:\/\/educacaoempreendedora.com\/cieeci2025\/wp-content\/uploads\/2025\/05\/PONTES-768x576.jpg 768w\" sizes=\"(max-width: 800px) 100vw, 800px\" \/>\t\t\t\t\t\t\t\t<\/a>\n\t\t\t\t\t\t\t\t\t\t\t\t\t\t\t<\/div>\n\t\t\t\t<\/div>\n\t\t\t\t<div class=\"elementor-element elementor-element-9b48af0 elementor-widget elementor-widget-image\" data-id=\"9b48af0\" data-element_type=\"widget\" data-e-type=\"widget\" data-widget_type=\"image.default\">\n\t\t\t\t<div class=\"elementor-widget-container\">\n\t\t\t\t\t\t\t\t\t\t\t\t\t\t\t\t<a href=\"https:\/\/educacaoempreendedora.com\/cieeci2025\/projeto-construindo-pontes-com-os-municipios-empreendedores\/\">\n\t\t\t\t\t\t\t<img loading=\"lazy\" decoding=\"async\" width=\"800\" height=\"600\" src=\"https:\/\/educacaoempreendedora.com\/cieeci2025\/wp-content\/uploads\/2025\/05\/municipio2.jpg\" class=\"attachment-full size-full wp-image-1878\" alt=\"\" srcset=\"https:\/\/educacaoempreendedora.com\/cieeci2025\/wp-content\/uploads\/2025\/05\/municipio2.jpg 800w, https:\/\/educacaoempreendedora.com\/cieeci2025\/wp-content\/uploads\/2025\/05\/municipio2-300x225.jpg 300w, https:\/\/educacaoempreendedora.com\/cieeci2025\/wp-content\/uploads\/2025\/05\/municipio2-768x576.jpg 768w\" sizes=\"(max-width: 800px) 100vw, 800px\" \/>\t\t\t\t\t\t\t\t<\/a>\n\t\t\t\t\t\t\t\t\t\t\t\t\t\t\t<\/div>\n\t\t\t\t<\/div>\n\t\t\t\t<div class=\"elementor-element elementor-element-f0c3339 elementor-widget elementor-widget-image\" data-id=\"f0c3339\" data-element_type=\"widget\" data-e-type=\"widget\" data-widget_type=\"image.default\">\n\t\t\t\t<div class=\"elementor-widget-container\">\n\t\t\t\t\t\t\t\t\t\t\t\t\t\t\t\t<a href=\"https:\/\/educacaoempreendedora.com\/cieeci2025\/projeto-construindo-pontes-com-os-municipios-empreendedores\/\">\n\t\t\t\t\t\t\t<img loading=\"lazy\" decoding=\"async\" width=\"800\" height=\"600\" src=\"https:\/\/educacaoempreendedora.com\/cieeci2025\/wp-content\/uploads\/2025\/05\/municipio4.jpg\" class=\"attachment-full size-full wp-image-1876\" alt=\"\" srcset=\"https:\/\/educacaoempreendedora.com\/cieeci2025\/wp-content\/uploads\/2025\/05\/municipio4.jpg 800w, https:\/\/educacaoempreendedora.com\/cieeci2025\/wp-content\/uploads\/2025\/05\/municipio4-300x225.jpg 300w, https:\/\/educacaoempreendedora.com\/cieeci2025\/wp-content\/uploads\/2025\/05\/municipio4-768x576.jpg 768w\" sizes=\"(max-width: 800px) 100vw, 800px\" \/>\t\t\t\t\t\t\t\t<\/a>\n\t\t\t\t\t\t\t\t\t\t\t\t\t\t\t<\/div>\n\t\t\t\t<\/div>\n\t\t\t\t<div class=\"elementor-element elementor-element-a13ea07 elementor-widget elementor-widget-image\" data-id=\"a13ea07\" data-element_type=\"widget\" data-e-type=\"widget\" data-widget_type=\"image.default\">\n\t\t\t\t<div class=\"elementor-widget-container\">\n\t\t\t\t\t\t\t\t\t\t\t\t\t\t\t\t<a href=\"https:\/\/educacaoempreendedora.com\/cieeci2025\/projeto-construindo-pontes-com-os-municipios-empreendedores\/\">\n\t\t\t\t\t\t\t<img loading=\"lazy\" decoding=\"async\" width=\"800\" height=\"600\" src=\"https:\/\/educacaoempreendedora.com\/cieeci2025\/wp-content\/uploads\/2025\/05\/municipio5.jpg\" class=\"attachment-full size-full wp-image-1875\" alt=\"\" srcset=\"https:\/\/educacaoempreendedora.com\/cieeci2025\/wp-content\/uploads\/2025\/05\/municipio5.jpg 800w, https:\/\/educacaoempreendedora.com\/cieeci2025\/wp-content\/uploads\/2025\/05\/municipio5-300x225.jpg 300w, https:\/\/educacaoempreendedora.com\/cieeci2025\/wp-content\/uploads\/2025\/05\/municipio5-768x576.jpg 768w\" sizes=\"(max-width: 800px) 100vw, 800px\" \/>\t\t\t\t\t\t\t\t<\/a>\n\t\t\t\t\t\t\t\t\t\t\t\t\t\t\t<\/div>\n\t\t\t\t<\/div>\n\t\t\t\t<div class=\"elementor-element elementor-element-abd6846 elementor-widget elementor-widget-image\" data-id=\"abd6846\" data-element_type=\"widget\" data-e-type=\"widget\" data-widget_type=\"image.default\">\n\t\t\t\t<div class=\"elementor-widget-container\">\n\t\t\t\t\t\t\t\t\t\t\t\t\t\t\t\t<a href=\"https:\/\/educacaoempreendedora.com\/cieeci2025\/projeto-construindo-pontes-com-os-municipios-empreendedores\/\">\n\t\t\t\t\t\t\t<img loading=\"lazy\" decoding=\"async\" width=\"800\" height=\"600\" src=\"https:\/\/educacaoempreendedora.com\/cieeci2025\/wp-content\/uploads\/2025\/05\/municipio3.jpg\" class=\"attachment-full size-full wp-image-1877\" alt=\"\" srcset=\"https:\/\/educacaoempreendedora.com\/cieeci2025\/wp-content\/uploads\/2025\/05\/municipio3.jpg 800w, https:\/\/educacaoempreendedora.com\/cieeci2025\/wp-content\/uploads\/2025\/05\/municipio3-300x225.jpg 300w, https:\/\/educacaoempreendedora.com\/cieeci2025\/wp-content\/uploads\/2025\/05\/municipio3-768x576.jpg 768w\" sizes=\"(max-width: 800px) 100vw, 800px\" \/>\t\t\t\t\t\t\t\t<\/a>\n\t\t\t\t\t\t\t\t\t\t\t\t\t\t\t<\/div>\n\t\t\t\t<\/div>\n\t\t\t\t\t<\/div>\n\t\t\t\t<\/div>\n\t\t<div class=\"elementor-element elementor-element-18001fa e-flex e-con-boxed wpr-particle-no wpr-jarallax-no wpr-parallax-no wpr-sticky-section-no wpr-equal-height-no e-con e-parent\" data-id=\"18001fa\" data-element_type=\"container\" data-e-type=\"container\">\n\t\t\t\t\t<div class=\"e-con-inner\">\n\t\t<div class=\"elementor-element elementor-element-9ce559e e-con-full e-flex wpr-particle-no wpr-jarallax-no wpr-parallax-no wpr-sticky-section-no wpr-equal-height-no e-con e-child\" data-id=\"9ce559e\" data-element_type=\"container\" data-e-type=\"container\">\n\t\t\t\t<div class=\"elementor-element elementor-element-7c20679 elementor-widget elementor-widget-counter\" data-id=\"7c20679\" data-element_type=\"widget\" data-e-type=\"widget\" data-widget_type=\"counter.default\">\n\t\t\t\t<div class=\"elementor-widget-container\">\n\t\t\t\t\t\t\t<div class=\"elementor-counter\">\n\t\t\t<div class=\"elementor-counter-title\">Inscritos em todas as edi\u00e7\u00f5es<\/div>\t\t\t<div class=\"elementor-counter-number-wrapper\">\n\t\t\t\t<span class=\"elementor-counter-number-prefix\">+ de <\/span>\n\t\t\t\t<span class=\"elementor-counter-number\" data-duration=\"4000\" data-to-value=\"900\" data-from-value=\"0\" data-delimiter=\",\">0<\/span>\n\t\t\t\t<span class=\"elementor-counter-number-suffix\"><\/span>\n\t\t\t<\/div>\n\t\t<\/div>\n\t\t\t\t\t\t<\/div>\n\t\t\t\t<\/div>\n\t\t\t\t<div class=\"elementor-element elementor-element-14bfa9c elementor-widget elementor-widget-counter\" data-id=\"14bfa9c\" data-element_type=\"widget\" data-e-type=\"widget\" data-widget_type=\"counter.default\">\n\t\t\t\t<div class=\"elementor-widget-container\">\n\t\t\t\t\t\t\t<div class=\"elementor-counter\">\n\t\t\t<div class=\"elementor-counter-title\">comunica\u00e7\u00f5es apresentadas<\/div>\t\t\t<div class=\"elementor-counter-number-wrapper\">\n\t\t\t\t<span class=\"elementor-counter-number-prefix\">+ de <\/span>\n\t\t\t\t<span class=\"elementor-counter-number\" data-duration=\"4000\" data-to-value=\"200\" data-from-value=\"0\" data-delimiter=\",\">0<\/span>\n\t\t\t\t<span class=\"elementor-counter-number-suffix\"><\/span>\n\t\t\t<\/div>\n\t\t<\/div>\n\t\t\t\t\t\t<\/div>\n\t\t\t\t<\/div>\n\t\t\t\t<div class=\"elementor-element elementor-element-186e0dc elementor-widget elementor-widget-counter\" data-id=\"186e0dc\" data-element_type=\"widget\" data-e-type=\"widget\" data-widget_type=\"counter.default\">\n\t\t\t\t<div class=\"elementor-widget-container\">\n\t\t\t\t\t\t\t<div class=\"elementor-counter\">\n\t\t\t<div class=\"elementor-counter-title\">pa\u00edses participantes<\/div>\t\t\t<div class=\"elementor-counter-number-wrapper\">\n\t\t\t\t<span class=\"elementor-counter-number-prefix\">+ de <\/span>\n\t\t\t\t<span class=\"elementor-counter-number\" data-duration=\"5000\" data-to-value=\"10\" data-from-value=\"0\" data-delimiter=\",\">0<\/span>\n\t\t\t\t<span class=\"elementor-counter-number-suffix\"><\/span>\n\t\t\t<\/div>\n\t\t<\/div>\n\t\t\t\t\t\t<\/div>\n\t\t\t\t<\/div>\n\t\t\t\t<div class=\"elementor-element elementor-element-29c6c66 elementor-widget elementor-widget-counter\" data-id=\"29c6c66\" data-element_type=\"widget\" data-e-type=\"widget\" data-widget_type=\"counter.default\">\n\t\t\t\t<div class=\"elementor-widget-container\">\n\t\t\t\t\t\t\t<div class=\"elementor-counter\">\n\t\t\t<div class=\"elementor-counter-title\">palestrantes<\/div>\t\t\t<div class=\"elementor-counter-number-wrapper\">\n\t\t\t\t<span class=\"elementor-counter-number-prefix\"><\/span>\n\t\t\t\t<span class=\"elementor-counter-number\" data-duration=\"6000\" data-to-value=\"60\" data-from-value=\"0\" data-delimiter=\",\">0<\/span>\n\t\t\t\t<span class=\"elementor-counter-number-suffix\"><\/span>\n\t\t\t<\/div>\n\t\t<\/div>\n\t\t\t\t\t\t<\/div>\n\t\t\t\t<\/div>\n\t\t\t\t<\/div>\n\t\t<div class=\"elementor-element elementor-element-90c45d6 e-con-full e-flex wpr-particle-no wpr-jarallax-no wpr-parallax-no wpr-sticky-section-no wpr-equal-height-no e-con e-child\" data-id=\"90c45d6\" data-element_type=\"container\" data-e-type=\"container\">\n\t\t\t\t<div class=\"elementor-element elementor-element-581467f elementor-widget elementor-widget-text-editor\" data-id=\"581467f\" data-element_type=\"widget\" data-e-type=\"widget\" data-widget_type=\"text-editor.default\">\n\t\t\t\t<div class=\"elementor-widget-container\">\n\t\t\t\t\t\t\t\t\t<p class=\"p1\" style=\"text-align: left;\"><span class=\"s1\">O <b>IV Congresso Internacional de Educa\u00e7\u00e3o Empreendedora e Cidadania<\/b> (CiEECi 2025), a realizar nos dias 16, 17 e 18 de outubro de 2025, na cidade de Aracaju (Sergipe, BR), pretende debater boas pr\u00e1ticas e modelos inovadores de promo\u00e7\u00e3o do empreendedorismo. Organizado pela Universidade Aberta (UAb), de Portugal e v\u00e1rias institui\u00e7\u00f5es locais e internacionais, reunir\u00e1 especialistas, docentes, estudantes, empreendedores e decisores pol\u00edticos. Ao longo dos tr\u00eas dias do evento, os participantes ter\u00e3o acesso ao estado da arte das tem\u00e1ticas do congresso, pain\u00e9is de discuss\u00e3o, apresenta\u00e7\u00f5es de projetos de empreendedorismo, e uma mostra de casos de sucesso. Constitui uma oportunidade de networking atrav\u00e9s da Rede Internacional de Educa\u00e7\u00e3o para o Empreendedorismo (RIEE) e da Rede Internacional dos Munic\u00edpios Promotores do Empreendedorismo (RIMPE). O CiEECi 2025 ser\u00e1, assim, um espa\u00e7o para refletir, inspirar e construir caminhos que favore\u00e7am uma sociedade mais empreendedora, inovadora e sustent\u00e1vel.<\/span><span class=\"s2\">\u00a0<\/span><\/p>\t\t\t\t\t\t\t\t<\/div>\n\t\t\t\t<\/div>\n\t\t\t\t<\/div>\n\t\t\t\t\t<\/div>\n\t\t\t\t<\/div>\n\t\t<div class=\"elementor-element elementor-element-de8e643 e-flex e-con-boxed wpr-particle-no wpr-jarallax-no wpr-parallax-no wpr-sticky-section-no wpr-equal-height-no e-con e-parent\" data-id=\"de8e643\" data-element_type=\"container\" data-e-type=\"container\">\n\t\t\t\t\t<div class=\"e-con-inner\">\n\t\t\t\t<div class=\"elementor-element elementor-element-5d42848 elementor-widget elementor-widget-heading\" data-id=\"5d42848\" data-element_type=\"widget\" data-e-type=\"widget\" data-widget_type=\"heading.default\">\n\t\t\t\t<div class=\"elementor-widget-container\">\n\t\t\t\t\t<h2 class=\"elementor-heading-title elementor-size-default\">OBJETIVOS ESPEC\u00cdFICOS<\/h2>\t\t\t\t<\/div>\n\t\t\t\t<\/div>\n\t\t\t\t<div class=\"elementor-element elementor-element-ab453e0 wpr-feature-list-left wpr-feature-list-square wpr-feature-list-line-yes elementor-widget elementor-widget-wpr-feature-list\" data-id=\"ab453e0\" data-element_type=\"widget\" data-e-type=\"widget\" data-widget_type=\"wpr-feature-list.default\">\n\t\t\t\t<div class=\"elementor-widget-container\">\n\t\t\t\t\t<div class=\"wpr-feature-list-wrap\"><ul class=\"wpr-feature-list\"><li class=\"wpr-feature-list-item elementor-repeater-item-1bdfccc\"><div class=\"wpr-feature-list-icon-wrap\"><span class=\"wpr-feature-list-line\"><\/span><div class=\"wpr-feature-list-icon-inner-wrap\"><svg aria-hidden=\"true\" class=\"e-font-icon-svg e-fab-rocketchat\" viewBox=\"0 0 576 512\" xmlns=\"http:\/\/www.w3.org\/2000\/svg\"><path d=\"M284.046,224.8a34.114,34.114,0,1,0,34.317,34.113A34.217,34.217,0,0,0,284.046,224.8Zm-110.45,0a34.114,34.114,0,1,0,34.317,34.113A34.217,34.217,0,0,0,173.6,224.8Zm220.923,0a34.114,34.114,0,1,0,34.317,34.113A34.215,34.215,0,0,0,394.519,224.8Zm153.807-55.319c-15.535-24.172-37.31-45.57-64.681-63.618-52.886-34.817-122.374-54-195.666-54a405.975,405.975,0,0,0-72.032,6.357,238.524,238.524,0,0,0-49.51-36.588C99.684-11.7,40.859.711,11.135,11.421A14.291,14.291,0,0,0,5.58,34.782C26.542,56.458,61.222,99.3,52.7,138.252c-33.142,33.9-51.112,74.776-51.112,117.337,0,43.372,17.97,84.248,51.112,118.148,8.526,38.956-26.154,81.816-47.116,103.491a14.284,14.284,0,0,0,5.555,23.34c29.724,10.709,88.549,23.147,155.324-10.2a238.679,238.679,0,0,0,49.51-36.589A405.972,405.972,0,0,0,288,460.14c73.313,0,142.8-19.159,195.667-53.975,27.371-18.049,49.145-39.426,64.679-63.619,17.309-26.923,26.07-55.916,26.07-86.125C574.394,225.4,565.634,196.43,548.326,169.485ZM284.987,409.9a345.65,345.65,0,0,1-89.446-11.5l-20.129,19.393a184.366,184.366,0,0,1-37.138,27.585,145.767,145.767,0,0,1-52.522,14.87c.983-1.771,1.881-3.563,2.842-5.356q30.258-55.68,16.325-100.078c-32.992-25.962-52.778-59.2-52.778-95.4,0-83.1,104.254-150.469,232.846-150.469s232.867,67.373,232.867,150.469C517.854,342.525,413.6,409.9,284.987,409.9Z\"><\/path><\/svg><\/div><\/div><div class=\"wpr-feature-list-content-wrap\"><h2 class=\"wpr-feature-list-title\"><a class=\"wpr-feature-list-url\" target=\"_blank\" rel=\"nofollow\">1. Analisar<\/a><\/h2><p class=\"wpr-feature-list-description\">o impacto da educa\u00e7\u00e3o na cria\u00e7\u00e3o de ecossistemas empreendedores e na transforma\u00e7\u00e3o econ\u00f3mica e social, garantindo a valoriza\u00e7\u00e3o dos talentos e recursos locais, bem como da sustentabilidade e cidadania ativa. <\/p><\/div><\/li><li class=\"wpr-feature-list-item elementor-repeater-item-a9eba95\"><div class=\"wpr-feature-list-icon-wrap\"><span class=\"wpr-feature-list-line\"><\/span><div class=\"wpr-feature-list-icon-inner-wrap\"><svg aria-hidden=\"true\" class=\"e-font-icon-svg e-fas-robot\" viewBox=\"0 0 640 512\" xmlns=\"http:\/\/www.w3.org\/2000\/svg\"><path d=\"M32,224H64V416H32A31.96166,31.96166,0,0,1,0,384V256A31.96166,31.96166,0,0,1,32,224Zm512-48V448a64.06328,64.06328,0,0,1-64,64H160a64.06328,64.06328,0,0,1-64-64V176a79.974,79.974,0,0,1,80-80H288V32a32,32,0,0,1,64,0V96H464A79.974,79.974,0,0,1,544,176ZM264,256a40,40,0,1,0-40,40A39.997,39.997,0,0,0,264,256Zm-8,128H192v32h64Zm96,0H288v32h64ZM456,256a40,40,0,1,0-40,40A39.997,39.997,0,0,0,456,256Zm-8,128H384v32h64ZM640,256V384a31.96166,31.96166,0,0,1-32,32H576V224h32A31.96166,31.96166,0,0,1,640,256Z\"><\/path><\/svg><\/div><\/div><div class=\"wpr-feature-list-content-wrap\"><h2 class=\"wpr-feature-list-title\"><a class=\"wpr-feature-list-url\" target=\"_blank\" rel=\"nofollow\">2. Explorar <\/a><\/h2><p class=\"wpr-feature-list-description\">o impacto da intelig\u00eancia artificial e de outras tecnologias emergentes na educa\u00e7\u00e3o empreendedora e no desenvolvimento de solu\u00e7\u00f5es inovadoras e escal\u00e1veis, que atendam \u00e0s necessidades atuais e futuras. <\/p><\/div><\/li><li class=\"wpr-feature-list-item elementor-repeater-item-c33068d\"><div class=\"wpr-feature-list-icon-wrap\"><span class=\"wpr-feature-list-line\"><\/span><div class=\"wpr-feature-list-icon-inner-wrap\"><svg aria-hidden=\"true\" class=\"e-font-icon-svg e-fas-street-view\" viewBox=\"0 0 512 512\" xmlns=\"http:\/\/www.w3.org\/2000\/svg\"><path d=\"M367.9 329.76c-4.62 5.3-9.78 10.1-15.9 13.65v22.94c66.52 9.34 112 28.05 112 49.65 0 30.93-93.12 56-208 56S48 446.93 48 416c0-21.6 45.48-40.3 112-49.65v-22.94c-6.12-3.55-11.28-8.35-15.9-13.65C58.87 345.34 0 378.05 0 416c0 53.02 114.62 96 256 96s256-42.98 256-96c0-37.95-58.87-70.66-144.1-86.24zM256 128c35.35 0 64-28.65 64-64S291.35 0 256 0s-64 28.65-64 64 28.65 64 64 64zm-64 192v96c0 17.67 14.33 32 32 32h64c17.67 0 32-14.33 32-32v-96c17.67 0 32-14.33 32-32v-96c0-26.51-21.49-48-48-48h-11.8c-11.07 5.03-23.26 8-36.2 8s-25.13-2.97-36.2-8H208c-26.51 0-48 21.49-48 48v96c0 17.67 14.33 32 32 32z\"><\/path><\/svg><\/div><\/div><div class=\"wpr-feature-list-content-wrap\"><h2 class=\"wpr-feature-list-title\"><a class=\"wpr-feature-list-url\" target=\"_blank\" rel=\"nofollow\">3. Fomentar<\/a><\/h2><p class=\"wpr-feature-list-description\">o di\u00e1logo e a troca de experi\u00eancias entre os munic\u00edpios sergipanos, incentivando-os a adotar pr\u00e1ticas e pol\u00edticas empreendedoras que fortale\u00e7am o ecossistema local e contribuam para a sua sustentabilidade e prosperidade. <\/p><\/div><\/li><li class=\"wpr-feature-list-item elementor-repeater-item-f385ea2\"><div class=\"wpr-feature-list-icon-wrap\"><span class=\"wpr-feature-list-line\"><\/span><div class=\"wpr-feature-list-icon-inner-wrap\"><svg aria-hidden=\"true\" class=\"e-font-icon-svg e-fas-hand-sparkles\" viewBox=\"0 0 640 512\" xmlns=\"http:\/\/www.w3.org\/2000\/svg\"><path d=\"M106.66,170.64l.09,0,49.55-20.65a7.32,7.32,0,0,0,3.68-6h0a7.29,7.29,0,0,0-3.68-6l-49.57-20.67-.07,0L86,67.68a6.66,6.66,0,0,0-11.92,0l-20.7,49.63-.05,0L3.7,138A7.29,7.29,0,0,0,0,144H0a7.32,7.32,0,0,0,3.68,6L53.27,170.6l.07,0L74,220.26a6.65,6.65,0,0,0,11.92,0l20.69-49.62ZM471.38,467.41l-1-.42-1-.5a38.67,38.67,0,0,1,0-69.14l1-.49,1-.43,37.49-15.63,15.63-37.48.41-1,.47-.95c3.85-7.74,10.58-13.63,18.35-17.34,0-1.33.25-2.69.27-4V144a32,32,0,0,0-64,0v72a8,8,0,0,1-8,8H456a8,8,0,0,1-8-8V64a32,32,0,0,0-64,0V216a8,8,0,0,1-8,8H360a8,8,0,0,1-8-8V32a32,32,0,0,0-64,0V216a8,8,0,0,1-8,8H264a8,8,0,0,1-8-8V64a32,32,0,0,0-64,0v241l-23.59-32.49a40,40,0,0,0-64.71,47.09L229.3,492.21A48.07,48.07,0,0,0,268.09,512H465.7c19.24,0,35.65-11.73,43.24-28.79l-.07-.17ZM349.79,339.52,320,351.93l-12.42,29.78a4,4,0,0,1-7.15,0L288,351.93l-29.79-12.41a4,4,0,0,1,0-7.16L288,319.94l12.42-29.78a4,4,0,0,1,7.15,0L320,319.94l29.79,12.42a4,4,0,0,1,0,7.16ZM640,431.91a7.28,7.28,0,0,0-3.68-6l-49.57-20.67-.07,0L566,355.63a6.66,6.66,0,0,0-11.92,0l-20.7,49.63-.05,0L483.7,426a7.28,7.28,0,0,0-3.68,6h0a7.29,7.29,0,0,0,3.68,5.95l49.57,20.67.07,0L554,508.21a6.65,6.65,0,0,0,11.92,0l20.69-49.62h0l.09,0,49.55-20.66a7.29,7.29,0,0,0,3.68-5.95h0Z\"><\/path><\/svg><\/div><\/div><div class=\"wpr-feature-list-content-wrap\"><h2 class=\"wpr-feature-list-title\"><a class=\"wpr-feature-list-url\" target=\"_blank\" rel=\"nofollow\">4. Apresentar e disseminar <\/a><\/h2><p class=\"wpr-feature-list-description\">exemplos de iniciativas bem-sucedidas em diferentes institutos, escolas, universidade e munic\u00edpios, destacando projetos sociais, startups e incubadoras que contribuem para o desenvolvimento sustent\u00e1vel. <\/p><\/div><\/li><li class=\"wpr-feature-list-item elementor-repeater-item-f11a9bf\"><div class=\"wpr-feature-list-icon-wrap\"><span class=\"wpr-feature-list-line\"><\/span><div class=\"wpr-feature-list-icon-inner-wrap\"><svg aria-hidden=\"true\" class=\"e-font-icon-svg e-fas-hands-helping\" viewBox=\"0 0 640 512\" xmlns=\"http:\/\/www.w3.org\/2000\/svg\"><path d=\"M488 192H336v56c0 39.7-32.3 72-72 72s-72-32.3-72-72V126.4l-64.9 39C107.8 176.9 96 197.8 96 220.2v47.3l-80 46.2C.7 322.5-4.6 342.1 4.3 357.4l80 138.6c8.8 15.3 28.4 20.5 43.7 11.7L231.4 448H368c35.3 0 64-28.7 64-64h16c17.7 0 32-14.3 32-32v-64h8c13.3 0 24-10.7 24-24v-48c0-13.3-10.7-24-24-24zm147.7-37.4L555.7 16C546.9.7 527.3-4.5 512 4.3L408.6 64H306.4c-12 0-23.7 3.4-33.9 9.7L239 94.6c-9.4 5.8-15 16.1-15 27.1V248c0 22.1 17.9 40 40 40s40-17.9 40-40v-88h184c30.9 0 56 25.1 56 56v28.5l80-46.2c15.3-8.9 20.5-28.4 11.7-43.7z\"><\/path><\/svg><\/div><\/div><div class=\"wpr-feature-list-content-wrap\"><h2 class=\"wpr-feature-list-title\"><a class=\"wpr-feature-list-url\" target=\"_blank\" rel=\"nofollow\">5. Facilitar<\/a><\/h2><p class=\"wpr-feature-list-description\"> a cria\u00e7\u00e3o de parcerias entre ensino superior, organiza\u00e7\u00f5es e munic\u00edpios, promovendo a converg\u00eancia entre o conhecimento acad\u00eamico, as necessidades do mercado e o potencial de transforma\u00e7\u00e3o social do empreendedorismo. <\/p><\/div><\/li><li class=\"wpr-feature-list-item elementor-repeater-item-1bb0461\"><div class=\"wpr-feature-list-icon-wrap\"><span class=\"wpr-feature-list-line\"><\/span><div class=\"wpr-feature-list-icon-inner-wrap\"><svg aria-hidden=\"true\" class=\"e-font-icon-svg e-fas-flag\" viewBox=\"0 0 512 512\" xmlns=\"http:\/\/www.w3.org\/2000\/svg\"><path d=\"M349.565 98.783C295.978 98.783 251.721 64 184.348 64c-24.955 0-47.309 4.384-68.045 12.013a55.947 55.947 0 0 0 3.586-23.562C118.117 24.015 94.806 1.206 66.338.048 34.345-1.254 8 24.296 8 56c0 19.026 9.497 35.825 24 45.945V488c0 13.255 10.745 24 24 24h16c13.255 0 24-10.745 24-24v-94.4c28.311-12.064 63.582-22.122 114.435-22.122 53.588 0 97.844 34.783 165.217 34.783 48.169 0 86.667-16.294 122.505-40.858C506.84 359.452 512 349.571 512 339.045v-243.1c0-23.393-24.269-38.87-45.485-29.016-34.338 15.948-76.454 31.854-116.95 31.854z\"><\/path><\/svg><\/div><\/div><div class=\"wpr-feature-list-content-wrap\"><h2 class=\"wpr-feature-list-title\"><a class=\"wpr-feature-list-url\" target=\"_blank\" rel=\"nofollow\">6. Fortalecer<\/a><\/h2><p class=\"wpr-feature-list-description\"> a coopera\u00e7\u00e3o internacional entre pa\u00edses de l\u00edngua portuguesa e espanhola, fomentando parcerias entre especialistas, estudantes e decisores pol\u00edticos. <\/p><\/div><\/li><li class=\"wpr-feature-list-item elementor-repeater-item-b32dfc6\"><div class=\"wpr-feature-list-icon-wrap\"><span class=\"wpr-feature-list-line\"><\/span><div class=\"wpr-feature-list-icon-inner-wrap\"><svg aria-hidden=\"true\" class=\"e-font-icon-svg e-fas-thumbs-up\" viewBox=\"0 0 512 512\" xmlns=\"http:\/\/www.w3.org\/2000\/svg\"><path d=\"M104 224H24c-13.255 0-24 10.745-24 24v240c0 13.255 10.745 24 24 24h80c13.255 0 24-10.745 24-24V248c0-13.255-10.745-24-24-24zM64 472c-13.255 0-24-10.745-24-24s10.745-24 24-24 24 10.745 24 24-10.745 24-24 24zM384 81.452c0 42.416-25.97 66.208-33.277 94.548h101.723c33.397 0 59.397 27.746 59.553 58.098.084 17.938-7.546 37.249-19.439 49.197l-.11.11c9.836 23.337 8.237 56.037-9.308 79.469 8.681 25.895-.069 57.704-16.382 74.757 4.298 17.598 2.244 32.575-6.148 44.632C440.202 511.587 389.616 512 346.839 512l-2.845-.001c-48.287-.017-87.806-17.598-119.56-31.725-15.957-7.099-36.821-15.887-52.651-16.178-6.54-.12-11.783-5.457-11.783-11.998v-213.77c0-3.2 1.282-6.271 3.558-8.521 39.614-39.144 56.648-80.587 89.117-113.111 14.804-14.832 20.188-37.236 25.393-58.902C282.515 39.293 291.817 0 312 0c24 0 72 8 72 81.452z\"><\/path><\/svg><\/div><\/div><div class=\"wpr-feature-list-content-wrap\"><h2 class=\"wpr-feature-list-title\"><a class=\"wpr-feature-list-url\" target=\"_blank\" rel=\"nofollow\">7. Incentivar <\/a><\/h2><p class=\"wpr-feature-list-description\">o desenvolvimento de pol\u00edticas municipais e regionais, particularmente atrav\u00e9s do Sistema S, que promovam pr\u00e1ticas empreendedoras sustent\u00e1veis e \u00e9ticas, alinhadas com as necessidades e oportunidades locais, para enfrentar desafios socioecon\u00f4micos e ambientais. <\/p><\/div><\/li><\/ul><\/div>\t\t\t\t<\/div>\n\t\t\t\t<\/div>\n\t\t\t\t\t<\/div>\n\t\t\t\t<\/div>\n\t\t<div class=\"elementor-element elementor-element-4df83ed e-flex e-con-boxed wpr-particle-no wpr-jarallax-no wpr-parallax-no wpr-sticky-section-no wpr-equal-height-no e-con e-parent\" data-id=\"4df83ed\" data-element_type=\"container\" data-e-type=\"container\">\n\t\t\t\t\t<div class=\"e-con-inner\">\n\t\t\t\t<div class=\"elementor-element elementor-element-54d8441 elementor-widget-divider--separator-type-pattern elementor-widget-divider--view-line elementor-widget elementor-widget-divider\" data-id=\"54d8441\" data-element_type=\"widget\" data-e-type=\"widget\" data-widget_type=\"divider.default\">\n\t\t\t\t<div class=\"elementor-widget-container\">\n\t\t\t\t\t\t\t<div class=\"elementor-divider\" style=\"--divider-pattern-url: url(&quot;data:image\/svg+xml,%3Csvg xmlns=&#039;http:\/\/www.w3.org\/2000\/svg&#039; preserveAspectRatio=&#039;none&#039; overflow=&#039;visible&#039; height=&#039;100%&#039; viewBox=&#039;0 0 24 24&#039; fill=&#039;black&#039; stroke=&#039;none&#039;%3E%3Cpath d=&#039;M12.7,2.3c-0.4-0.4-1.1-0.4-1.5,0l-8,9.1c-0.3,0.4-0.3,0.9,0,1.2l8,9.1c0.4,0.4,1.1,0.4,1.5,0l8-9.1c0.3-0.4,0.3-0.9,0-1.2L12.7,2.3z&#039;\/%3E%3C\/svg%3E&quot;);\">\n\t\t\t<span class=\"elementor-divider-separator\">\n\t\t\t\t\t\t<\/span>\n\t\t<\/div>\n\t\t\t\t\t\t<\/div>\n\t\t\t\t<\/div>\n\t\t\t\t\t<\/div>\n\t\t\t\t<\/div>\n\t\t<div class=\"elementor-element elementor-element-8320971 e-grid e-con-full wpr-particle-no wpr-jarallax-no wpr-parallax-no wpr-sticky-section-no wpr-equal-height-no e-con e-parent\" data-id=\"8320971\" data-element_type=\"container\" data-e-type=\"container\">\n\t\t\t\t<div class=\"elementor-element elementor-element-a91915d elementor-widget elementor-widget-google_maps\" data-id=\"a91915d\" data-element_type=\"widget\" data-e-type=\"widget\" data-widget_type=\"google_maps.default\">\n\t\t\t\t<div class=\"elementor-widget-container\">\n\t\t\t\t\t\t\t<div class=\"elementor-custom-embed\">\n\t\t\t<iframe loading=\"lazy\"\n\t\t\t\t\tsrc=\"https:\/\/maps.google.com\/maps?q=Hotel%20Vidam%2C%20Aracaju&#038;t=m&#038;z=16&#038;output=embed&#038;iwloc=near\"\n\t\t\t\t\ttitle=\"Hotel Vidam, Aracaju\"\n\t\t\t\t\taria-label=\"Hotel Vidam, Aracaju\"\n\t\t\t><\/iframe>\n\t\t<\/div>\n\t\t\t\t\t\t<\/div>\n\t\t\t\t<\/div>\n\t\t\t\t<\/div>\n\t\t<div class=\"elementor-element elementor-element-b3ae508 e-flex e-con-boxed wpr-particle-no wpr-jarallax-no wpr-parallax-no wpr-sticky-section-no wpr-equal-height-no e-con e-parent\" data-id=\"b3ae508\" data-element_type=\"container\" data-e-type=\"container\" data-settings=\"{&quot;background_background&quot;:&quot;classic&quot;}\">\n\t\t\t\t\t<div class=\"e-con-inner\">\n\t\t<div class=\"elementor-element elementor-element-540ab1c e-con-full e-flex wpr-particle-no wpr-jarallax-no wpr-parallax-no wpr-sticky-section-no wpr-equal-height-no e-con e-child\" data-id=\"540ab1c\" data-element_type=\"container\" data-e-type=\"container\">\n\t\t\t\t<\/div>\n\t\t<div class=\"elementor-element elementor-element-9d7b9d0 e-con-full e-flex wpr-particle-no wpr-jarallax-no wpr-parallax-no wpr-sticky-section-no wpr-equal-height-no e-con e-child\" data-id=\"9d7b9d0\" data-element_type=\"container\" data-e-type=\"container\">\n\t\t\t\t<div class=\"elementor-element elementor-element-55d6657 elementor-widget elementor-widget-heading\" data-id=\"55d6657\" data-element_type=\"widget\" data-e-type=\"widget\" data-widget_type=\"heading.default\">\n\t\t\t\t<div class=\"elementor-widget-container\">\n\t\t\t\t\t<h2 class=\"elementor-heading-title elementor-size-default\">REALIZA\u00c7\u00c3O<\/h2>\t\t\t\t<\/div>\n\t\t\t\t<\/div>\n\t\t\t\t<\/div>\n\t\t<div class=\"elementor-element elementor-element-6a42adf e-con-full e-flex wpr-particle-no wpr-jarallax-no wpr-parallax-no wpr-sticky-section-no wpr-equal-height-no e-con e-child\" data-id=\"6a42adf\" data-element_type=\"container\" data-e-type=\"container\">\n\t\t\t\t<\/div>\n\t\t<div class=\"elementor-element elementor-element-ae99a76 e-con-full e-flex wpr-particle-no wpr-jarallax-no wpr-parallax-no wpr-sticky-section-no wpr-equal-height-no e-con e-child\" data-id=\"ae99a76\" data-element_type=\"container\" data-e-type=\"container\">\n\t\t\t\t<div class=\"elementor-element elementor-element-f67efc9 elementor-widget elementor-widget-image\" data-id=\"f67efc9\" data-element_type=\"widget\" data-e-type=\"widget\" data-widget_type=\"image.default\">\n\t\t\t\t<div class=\"elementor-widget-container\">\n\t\t\t\t\t\t\t\t\t\t\t\t\t\t\t<img loading=\"lazy\" decoding=\"async\" width=\"300\" height=\"150\" src=\"https:\/\/educacaoempreendedora.com\/cieeci2025\/wp-content\/uploads\/2025\/01\/white.png\" class=\"attachment-full size-full wp-image-954\" alt=\"\" \/>\t\t\t\t\t\t\t\t\t\t\t\t\t\t\t<\/div>\n\t\t\t\t<\/div>\n\t\t\t\t<\/div>\n\t\t<div class=\"elementor-element elementor-element-b8bab74 e-con-full e-flex wpr-particle-no wpr-jarallax-no wpr-parallax-no wpr-sticky-section-no wpr-equal-height-no e-con e-child\" data-id=\"b8bab74\" data-element_type=\"container\" data-e-type=\"container\">\n\t\t\t\t<div class=\"elementor-element elementor-element-9b59d83 elementor-widget elementor-widget-image\" data-id=\"9b59d83\" data-element_type=\"widget\" data-e-type=\"widget\" data-widget_type=\"image.default\">\n\t\t\t\t<div class=\"elementor-widget-container\">\n\t\t\t\t\t\t\t\t\t\t\t\t\t\t\t<img loading=\"lazy\" decoding=\"async\" width=\"650\" height=\"205\" src=\"https:\/\/educacaoempreendedora.com\/cieeci2025\/wp-content\/uploads\/2025\/02\/uab_final.png\" class=\"attachment-full size-full wp-image-1479\" alt=\"\" srcset=\"https:\/\/educacaoempreendedora.com\/cieeci2025\/wp-content\/uploads\/2025\/02\/uab_final.png 650w, https:\/\/educacaoempreendedora.com\/cieeci2025\/wp-content\/uploads\/2025\/02\/uab_final-300x95.png 300w\" sizes=\"(max-width: 650px) 100vw, 650px\" \/>\t\t\t\t\t\t\t\t\t\t\t\t\t\t\t<\/div>\n\t\t\t\t<\/div>\n\t\t\t\t<\/div>\n\t\t<div class=\"elementor-element elementor-element-74f2b13 e-con-full e-flex wpr-particle-no wpr-jarallax-no wpr-parallax-no wpr-sticky-section-no wpr-equal-height-no e-con e-child\" data-id=\"74f2b13\" data-element_type=\"container\" data-e-type=\"container\">\n\t\t\t\t<div class=\"elementor-element elementor-element-04032cc elementor-widget elementor-widget-image\" data-id=\"04032cc\" data-element_type=\"widget\" data-e-type=\"widget\" data-widget_type=\"image.default\">\n\t\t\t\t<div class=\"elementor-widget-container\">\n\t\t\t\t\t\t\t\t\t\t\t\t\t\t\t<img loading=\"lazy\" decoding=\"async\" width=\"300\" height=\"150\" src=\"https:\/\/educacaoempreendedora.com\/cieeci2025\/wp-content\/uploads\/2025\/01\/white.png\" class=\"attachment-full size-full wp-image-954\" alt=\"\" \/>\t\t\t\t\t\t\t\t\t\t\t\t\t\t\t<\/div>\n\t\t\t\t<\/div>\n\t\t\t\t<\/div>\n\t\t\t\t\t<\/div>\n\t\t\t\t<\/div>\n\t\t<div class=\"elementor-element elementor-element-2dac097 e-flex e-con-boxed wpr-particle-no wpr-jarallax-no wpr-parallax-no wpr-sticky-section-no wpr-equal-height-no e-con e-parent\" data-id=\"2dac097\" data-element_type=\"container\" data-e-type=\"container\" data-settings=\"{&quot;background_background&quot;:&quot;classic&quot;}\">\n\t\t\t\t\t<div class=\"e-con-inner\">\n\t\t<div class=\"elementor-element elementor-element-c942fa0 e-con-full e-flex wpr-particle-no wpr-jarallax-no wpr-parallax-no wpr-sticky-section-no wpr-equal-height-no e-con e-child\" data-id=\"c942fa0\" data-element_type=\"container\" data-e-type=\"container\">\n\t\t\t\t<\/div>\n\t\t<div class=\"elementor-element elementor-element-155b35e e-con-full e-flex wpr-particle-no wpr-jarallax-no wpr-parallax-no wpr-sticky-section-no wpr-equal-height-no e-con e-child\" data-id=\"155b35e\" data-element_type=\"container\" data-e-type=\"container\">\n\t\t\t\t<div class=\"elementor-element elementor-element-64d9257 elementor-widget elementor-widget-heading\" data-id=\"64d9257\" data-element_type=\"widget\" data-e-type=\"widget\" data-widget_type=\"heading.default\">\n\t\t\t\t<div class=\"elementor-widget-container\">\n\t\t\t\t\t<h2 class=\"elementor-heading-title elementor-size-default\">MUNIC\u00cdPIOS CORREALIZADORES<\/h2>\t\t\t\t<\/div>\n\t\t\t\t<\/div>\n\t\t\t\t<\/div>\n\t\t<div class=\"elementor-element elementor-element-7904ee1 e-con-full e-flex wpr-particle-no wpr-jarallax-no wpr-parallax-no wpr-sticky-section-no wpr-equal-height-no e-con e-child\" data-id=\"7904ee1\" data-element_type=\"container\" data-e-type=\"container\">\n\t\t\t\t<\/div>\n\t\t\t\t\t<\/div>\n\t\t\t\t<\/div>\n\t\t<div class=\"elementor-element elementor-element-a7bcb43 e-grid e-con-boxed wpr-particle-no wpr-jarallax-no wpr-parallax-no wpr-sticky-section-no wpr-equal-height-no e-con e-parent\" data-id=\"a7bcb43\" data-element_type=\"container\" data-e-type=\"container\" data-settings=\"{&quot;background_background&quot;:&quot;classic&quot;}\">\n\t\t\t\t\t<div class=\"e-con-inner\">\n\t\t\t\t<div class=\"elementor-element elementor-element-0b747c7 elementor-widget elementor-widget-image\" data-id=\"0b747c7\" data-element_type=\"widget\" data-e-type=\"widget\" data-widget_type=\"image.default\">\n\t\t\t\t<div class=\"elementor-widget-container\">\n\t\t\t\t\t\t\t\t\t\t\t\t\t\t\t\t<a href=\"https:\/\/www.campodobrito.se.gov.br\/\">\n\t\t\t\t\t\t\t<img loading=\"lazy\" decoding=\"async\" width=\"600\" height=\"300\" src=\"https:\/\/educacaoempreendedora.com\/cieeci2025\/wp-content\/uploads\/2025\/02\/campodobrito_oficial.png\" class=\"attachment-full size-full wp-image-1490\" alt=\"\" srcset=\"https:\/\/educacaoempreendedora.com\/cieeci2025\/wp-content\/uploads\/2025\/02\/campodobrito_oficial.png 600w, https:\/\/educacaoempreendedora.com\/cieeci2025\/wp-content\/uploads\/2025\/02\/campodobrito_oficial-300x150.png 300w\" sizes=\"(max-width: 600px) 100vw, 600px\" \/>\t\t\t\t\t\t\t\t<\/a>\n\t\t\t\t\t\t\t\t\t\t\t\t\t\t\t<\/div>\n\t\t\t\t<\/div>\n\t\t\t\t<div class=\"elementor-element elementor-element-422206a elementor-widget elementor-widget-image\" data-id=\"422206a\" data-element_type=\"widget\" data-e-type=\"widget\" data-widget_type=\"image.default\">\n\t\t\t\t<div class=\"elementor-widget-container\">\n\t\t\t\t\t\t\t\t\t\t\t\t\t\t\t\t<a href=\"https:\/\/www.itabi.se.gov.br\/\">\n\t\t\t\t\t\t\t<img loading=\"lazy\" decoding=\"async\" width=\"300\" height=\"150\" src=\"https:\/\/educacaoempreendedora.com\/cieeci2025\/wp-content\/uploads\/2025\/02\/prefitabi.png\" class=\"attachment-full size-full wp-image-1369\" alt=\"\" \/>\t\t\t\t\t\t\t\t<\/a>\n\t\t\t\t\t\t\t\t\t\t\t\t\t\t\t<\/div>\n\t\t\t\t<\/div>\n\t\t\t\t<div class=\"elementor-element elementor-element-6e4b7e2 elementor-widget elementor-widget-image\" data-id=\"6e4b7e2\" data-element_type=\"widget\" data-e-type=\"widget\" data-widget_type=\"image.default\">\n\t\t\t\t<div class=\"elementor-widget-container\">\n\t\t\t\t\t\t\t\t\t\t\t\t\t\t\t\t<a href=\"https:\/\/www.malhadadosbois.se.gov.br\/\">\n\t\t\t\t\t\t\t<img loading=\"lazy\" decoding=\"async\" width=\"600\" height=\"300\" src=\"https:\/\/educacaoempreendedora.com\/cieeci2025\/wp-content\/uploads\/2025\/02\/malahadaoficial.png\" class=\"attachment-full size-full wp-image-1486\" alt=\"\" srcset=\"https:\/\/educacaoempreendedora.com\/cieeci2025\/wp-content\/uploads\/2025\/02\/malahadaoficial.png 600w, https:\/\/educacaoempreendedora.com\/cieeci2025\/wp-content\/uploads\/2025\/02\/malahadaoficial-300x150.png 300w\" sizes=\"(max-width: 600px) 100vw, 600px\" \/>\t\t\t\t\t\t\t\t<\/a>\n\t\t\t\t\t\t\t\t\t\t\t\t\t\t\t<\/div>\n\t\t\t\t<\/div>\n\t\t\t\t<div class=\"elementor-element elementor-element-6ebb468 elementor-widget elementor-widget-image\" data-id=\"6ebb468\" data-element_type=\"widget\" data-e-type=\"widget\" data-widget_type=\"image.default\">\n\t\t\t\t<div class=\"elementor-widget-container\">\n\t\t\t\t\t\t\t\t\t\t\t\t\t\t\t\t<a href=\"https:\/\/www.moitabonita.se.gov.br\/\">\n\t\t\t\t\t\t\t<img loading=\"lazy\" decoding=\"async\" width=\"300\" height=\"150\" src=\"https:\/\/educacaoempreendedora.com\/cieeci2025\/wp-content\/uploads\/2025\/02\/moita.png\" class=\"attachment-full size-full wp-image-1419\" alt=\"\" \/>\t\t\t\t\t\t\t\t<\/a>\n\t\t\t\t\t\t\t\t\t\t\t\t\t\t\t<\/div>\n\t\t\t\t<\/div>\n\t\t\t\t<div class=\"elementor-element elementor-element-9a84763 elementor-widget elementor-widget-image\" data-id=\"9a84763\" data-element_type=\"widget\" data-e-type=\"widget\" data-widget_type=\"image.default\">\n\t\t\t\t<div class=\"elementor-widget-container\">\n\t\t\t\t\t\t\t\t\t\t\t\t\t\t\t\t<a href=\"https:\/\/www.propria.se.gov.br\/\">\n\t\t\t\t\t\t\t<img loading=\"lazy\" decoding=\"async\" width=\"300\" height=\"150\" src=\"https:\/\/educacaoempreendedora.com\/cieeci2025\/wp-content\/uploads\/2025\/02\/propria.png\" class=\"attachment-full size-full wp-image-1421\" alt=\"\" \/>\t\t\t\t\t\t\t\t<\/a>\n\t\t\t\t\t\t\t\t\t\t\t\t\t\t\t<\/div>\n\t\t\t\t<\/div>\n\t\t\t\t\t<\/div>\n\t\t\t\t<\/div>\n\t\t<div class=\"elementor-element elementor-element-37e2540 e-grid e-con-boxed wpr-particle-no wpr-jarallax-no wpr-parallax-no wpr-sticky-section-no wpr-equal-height-no e-con e-parent\" data-id=\"37e2540\" data-element_type=\"container\" data-e-type=\"container\" data-settings=\"{&quot;background_background&quot;:&quot;classic&quot;}\">\n\t\t\t\t\t<div class=\"e-con-inner\">\n\t\t\t\t<div class=\"elementor-element elementor-element-6ca8624 elementor-widget elementor-widget-heading\" data-id=\"6ca8624\" data-element_type=\"widget\" data-e-type=\"widget\" data-widget_type=\"heading.default\">\n\t\t\t\t<div class=\"elementor-widget-container\">\n\t\t\t\t\t<h2 class=\"elementor-heading-title elementor-size-default\">CORREALIZA\u00c7\u00c3O<\/h2>\t\t\t\t<\/div>\n\t\t\t\t<\/div>\n\t\t\t\t<div class=\"elementor-element elementor-element-0b3b2f0 elementor-widget elementor-widget-heading\" data-id=\"0b3b2f0\" data-element_type=\"widget\" data-e-type=\"widget\" data-widget_type=\"heading.default\">\n\t\t\t\t<div class=\"elementor-widget-container\">\n\t\t\t\t\t<h2 class=\"elementor-heading-title elementor-size-default\">PATROC\u00cdNIO<\/h2>\t\t\t\t<\/div>\n\t\t\t\t<\/div>\n\t\t\t\t<div class=\"elementor-element elementor-element-8438797 elementor-widget elementor-widget-image\" data-id=\"8438797\" data-element_type=\"widget\" data-e-type=\"widget\" data-widget_type=\"image.default\">\n\t\t\t\t<div class=\"elementor-widget-container\">\n\t\t\t\t\t\t\t\t\t\t\t\t\t\t\t\t<a href=\"https:\/\/fapitec.se.gov.br\/\">\n\t\t\t\t\t\t\t<img loading=\"lazy\" decoding=\"async\" width=\"600\" height=\"161\" src=\"https:\/\/educacaoempreendedora.com\/cieeci2025\/wp-content\/uploads\/2025\/08\/fapitec_logo.png\" class=\"attachment-full size-full wp-image-2167\" alt=\"\" srcset=\"https:\/\/educacaoempreendedora.com\/cieeci2025\/wp-content\/uploads\/2025\/08\/fapitec_logo.png 600w, https:\/\/educacaoempreendedora.com\/cieeci2025\/wp-content\/uploads\/2025\/08\/fapitec_logo-300x81.png 300w\" sizes=\"(max-width: 600px) 100vw, 600px\" \/>\t\t\t\t\t\t\t\t<\/a>\n\t\t\t\t\t\t\t\t\t\t\t\t\t\t\t<\/div>\n\t\t\t\t<\/div>\n\t\t\t\t<div class=\"elementor-element elementor-element-43ca12d elementor-widget elementor-widget-image\" data-id=\"43ca12d\" data-element_type=\"widget\" data-e-type=\"widget\" data-widget_type=\"image.default\">\n\t\t\t\t<div class=\"elementor-widget-container\">\n\t\t\t\t\t\t\t\t\t\t\t\t\t\t\t<img loading=\"lazy\" decoding=\"async\" width=\"219\" height=\"161\" src=\"https:\/\/educacaoempreendedora.com\/cieeci2025\/wp-content\/uploads\/2024\/10\/sebrae_cieeci2023.jpg\" class=\"attachment-full size-full wp-image-367\" alt=\"\" \/>\t\t\t\t\t\t\t\t\t\t\t\t\t\t\t<\/div>\n\t\t\t\t<\/div>\n\t\t\t\t\t<\/div>\n\t\t\t\t<\/div>\n\t\t<div class=\"elementor-element elementor-element-43bbd8a e-flex e-con-boxed wpr-particle-no wpr-jarallax-no wpr-parallax-no wpr-sticky-section-no wpr-equal-height-no e-con e-parent\" data-id=\"43bbd8a\" data-element_type=\"container\" data-e-type=\"container\" data-settings=\"{&quot;background_background&quot;:&quot;classic&quot;}\">\n\t\t\t\t\t<div class=\"e-con-inner\">\n\t\t<div class=\"elementor-element elementor-element-b46d7ca e-con-full e-flex wpr-particle-no wpr-jarallax-no wpr-parallax-no wpr-sticky-section-no wpr-equal-height-no e-con e-child\" data-id=\"b46d7ca\" data-element_type=\"container\" data-e-type=\"container\">\n\t\t\t\t<\/div>\n\t\t<div class=\"elementor-element elementor-element-1a6f44b e-con-full e-flex wpr-particle-no wpr-jarallax-no wpr-parallax-no wpr-sticky-section-no wpr-equal-height-no e-con e-child\" data-id=\"1a6f44b\" data-element_type=\"container\" data-e-type=\"container\">\n\t\t\t\t<div class=\"elementor-element elementor-element-847a108 elementor-widget elementor-widget-heading\" data-id=\"847a108\" data-element_type=\"widget\" data-e-type=\"widget\" data-widget_type=\"heading.default\">\n\t\t\t\t<div class=\"elementor-widget-container\">\n\t\t\t\t\t<h2 class=\"elementor-heading-title elementor-size-default\">PARCERIA OURO<\/h2>\t\t\t\t<\/div>\n\t\t\t\t<\/div>\n\t\t\t\t<\/div>\n\t\t<div class=\"elementor-element elementor-element-31153c3 e-con-full e-flex wpr-particle-no wpr-jarallax-no wpr-parallax-no wpr-sticky-section-no wpr-equal-height-no e-con e-child\" data-id=\"31153c3\" data-element_type=\"container\" data-e-type=\"container\">\n\t\t\t\t<\/div>\n\t\t\t\t\t<\/div>\n\t\t\t\t<\/div>\n\t\t<div class=\"elementor-element elementor-element-ab1990d e-grid e-con-boxed wpr-particle-no wpr-jarallax-no wpr-parallax-no wpr-sticky-section-no wpr-equal-height-no e-con e-parent\" data-id=\"ab1990d\" data-element_type=\"container\" data-e-type=\"container\" data-settings=\"{&quot;background_background&quot;:&quot;classic&quot;}\">\n\t\t\t\t\t<div class=\"e-con-inner\">\n\t\t\t\t<div class=\"elementor-element elementor-element-6ca14e2 elementor-widget elementor-widget-image\" data-id=\"6ca14e2\" data-element_type=\"widget\" data-e-type=\"widget\" data-widget_type=\"image.default\">\n\t\t\t\t<div class=\"elementor-widget-container\">\n\t\t\t\t\t\t\t\t\t\t\t\t\t\t\t\t<a href=\"https:\/\/cepedi.org.br\/\">\n\t\t\t\t\t\t\t<img loading=\"lazy\" decoding=\"async\" width=\"600\" height=\"300\" src=\"https:\/\/educacaoempreendedora.com\/cieeci2025\/wp-content\/uploads\/2025\/09\/CEPEDI_marca.png\" class=\"attachment-full size-full wp-image-2382\" alt=\"\" srcset=\"https:\/\/educacaoempreendedora.com\/cieeci2025\/wp-content\/uploads\/2025\/09\/CEPEDI_marca.png 600w, https:\/\/educacaoempreendedora.com\/cieeci2025\/wp-content\/uploads\/2025\/09\/CEPEDI_marca-300x150.png 300w\" sizes=\"(max-width: 600px) 100vw, 600px\" \/>\t\t\t\t\t\t\t\t<\/a>\n\t\t\t\t\t\t\t\t\t\t\t\t\t\t\t<\/div>\n\t\t\t\t<\/div>\n\t\t\t\t<div class=\"elementor-element elementor-element-dd4c34b elementor-widget elementor-widget-image\" data-id=\"dd4c34b\" data-element_type=\"widget\" data-e-type=\"widget\" data-widget_type=\"image.default\">\n\t\t\t\t<div class=\"elementor-widget-container\">\n\t\t\t\t\t\t\t\t\t\t\t\t\t\t\t\t<a href=\"https:\/\/www.uesc.br\/\">\n\t\t\t\t\t\t\t<img loading=\"lazy\" decoding=\"async\" width=\"251\" height=\"161\" src=\"https:\/\/educacaoempreendedora.com\/cieeci2025\/wp-content\/uploads\/2024\/08\/uesc.jpg\" class=\"attachment-full size-full wp-image-88\" alt=\"\" \/>\t\t\t\t\t\t\t\t<\/a>\n\t\t\t\t\t\t\t\t\t\t\t\t\t\t\t<\/div>\n\t\t\t\t<\/div>\n\t\t\t\t<div class=\"elementor-element elementor-element-ac6f44e elementor-widget elementor-widget-image\" data-id=\"ac6f44e\" data-element_type=\"widget\" data-e-type=\"widget\" data-widget_type=\"image.default\">\n\t\t\t\t<div class=\"elementor-widget-container\">\n\t\t\t\t\t\t\t\t\t\t\t\t\t\t\t\t<a href=\"https:\/\/estacio.br\/a-estacio\/unidades\/aracaju\">\n\t\t\t\t\t\t\t<img loading=\"lazy\" decoding=\"async\" width=\"600\" height=\"300\" src=\"https:\/\/educacaoempreendedora.com\/cieeci2025\/wp-content\/uploads\/2025\/09\/estaciomarca.png\" class=\"attachment-full size-full wp-image-2401\" alt=\"\" srcset=\"https:\/\/educacaoempreendedora.com\/cieeci2025\/wp-content\/uploads\/2025\/09\/estaciomarca.png 600w, https:\/\/educacaoempreendedora.com\/cieeci2025\/wp-content\/uploads\/2025\/09\/estaciomarca-300x150.png 300w\" sizes=\"(max-width: 600px) 100vw, 600px\" \/>\t\t\t\t\t\t\t\t<\/a>\n\t\t\t\t\t\t\t\t\t\t\t\t\t\t\t<\/div>\n\t\t\t\t<\/div>\n\t\t\t\t<div class=\"elementor-element elementor-element-5042899 elementor-widget elementor-widget-image\" data-id=\"5042899\" data-element_type=\"widget\" data-e-type=\"widget\" data-widget_type=\"image.default\">\n\t\t\t\t<div class=\"elementor-widget-container\">\n\t\t\t\t\t\t\t\t\t\t\t\t\t\t\t\t<a href=\"https:\/\/www.unit.br\/\">\n\t\t\t\t\t\t\t<img loading=\"lazy\" decoding=\"async\" width=\"600\" height=\"300\" src=\"https:\/\/educacaoempreendedora.com\/cieeci2025\/wp-content\/uploads\/2025\/03\/unit.png\" class=\"attachment-full size-full wp-image-1805\" alt=\"\" srcset=\"https:\/\/educacaoempreendedora.com\/cieeci2025\/wp-content\/uploads\/2025\/03\/unit.png 600w, https:\/\/educacaoempreendedora.com\/cieeci2025\/wp-content\/uploads\/2025\/03\/unit-300x150.png 300w\" sizes=\"(max-width: 600px) 100vw, 600px\" \/>\t\t\t\t\t\t\t\t<\/a>\n\t\t\t\t\t\t\t\t\t\t\t\t\t\t\t<\/div>\n\t\t\t\t<\/div>\n\t\t\t\t<div class=\"elementor-element elementor-element-2bbe3ee elementor-widget elementor-widget-image\" data-id=\"2bbe3ee\" data-element_type=\"widget\" data-e-type=\"widget\" data-widget_type=\"image.default\">\n\t\t\t\t<div class=\"elementor-widget-container\">\n\t\t\t\t\t\t\t\t\t\t\t\t\t\t\t\t<a href=\"https:\/\/www.itp.org.br\/\">\n\t\t\t\t\t\t\t<img loading=\"lazy\" decoding=\"async\" width=\"600\" height=\"300\" src=\"https:\/\/educacaoempreendedora.com\/cieeci2025\/wp-content\/uploads\/2025\/03\/itp_marca.png\" class=\"attachment-full size-full wp-image-1765\" alt=\"\" srcset=\"https:\/\/educacaoempreendedora.com\/cieeci2025\/wp-content\/uploads\/2025\/03\/itp_marca.png 600w, https:\/\/educacaoempreendedora.com\/cieeci2025\/wp-content\/uploads\/2025\/03\/itp_marca-300x150.png 300w\" sizes=\"(max-width: 600px) 100vw, 600px\" \/>\t\t\t\t\t\t\t\t<\/a>\n\t\t\t\t\t\t\t\t\t\t\t\t\t\t\t<\/div>\n\t\t\t\t<\/div>\n\t\t\t\t<div class=\"elementor-element elementor-element-bf11744 elementor-widget elementor-widget-image\" data-id=\"bf11744\" data-element_type=\"widget\" data-e-type=\"widget\" data-widget_type=\"image.default\">\n\t\t\t\t<div class=\"elementor-widget-container\">\n\t\t\t\t\t\t\t\t\t\t\t\t\t\t\t\t<a href=\"https:\/\/www.instagram.com\/infographicsaju\/\">\n\t\t\t\t\t\t\t<img loading=\"lazy\" decoding=\"async\" width=\"600\" height=\"300\" src=\"https:\/\/educacaoempreendedora.com\/cieeci2025\/wp-content\/uploads\/2025\/10\/infographics.png\" class=\"attachment-full size-full wp-image-3102\" alt=\"\" srcset=\"https:\/\/educacaoempreendedora.com\/cieeci2025\/wp-content\/uploads\/2025\/10\/infographics.png 600w, https:\/\/educacaoempreendedora.com\/cieeci2025\/wp-content\/uploads\/2025\/10\/infographics-300x150.png 300w\" sizes=\"(max-width: 600px) 100vw, 600px\" \/>\t\t\t\t\t\t\t\t<\/a>\n\t\t\t\t\t\t\t\t\t\t\t\t\t\t\t<\/div>\n\t\t\t\t<\/div>\n\t\t\t\t<div class=\"elementor-element elementor-element-d0380a6 elementor-widget elementor-widget-image\" data-id=\"d0380a6\" data-element_type=\"widget\" data-e-type=\"widget\" data-widget_type=\"image.default\">\n\t\t\t\t<div class=\"elementor-widget-container\">\n\t\t\t\t\t\t\t\t\t\t\t\t\t\t\t\t<a href=\"https:\/\/www.brazmovel.com.br\/?gad_source=1&#038;gad_campaignid=22883452711&#038;gbraid=0AAAAAoYHu3xWnrgiP9Bp9iNBMxC_2KqPF&#038;gclid=CjwKCAjwup3HBhAAEiwA7euZutImsBFaT1fUMqOCB4LnZsN5lfy2L6tGPj1zbbLV4m3UpMRFoGzlDBoC6EUQAvD_BwE\">\n\t\t\t\t\t\t\t<img loading=\"lazy\" decoding=\"async\" width=\"600\" height=\"300\" src=\"https:\/\/educacaoempreendedora.com\/cieeci2025\/wp-content\/uploads\/2025\/10\/brazmovel-1.png\" class=\"attachment-full size-full wp-image-3143\" alt=\"\" srcset=\"https:\/\/educacaoempreendedora.com\/cieeci2025\/wp-content\/uploads\/2025\/10\/brazmovel-1.png 600w, https:\/\/educacaoempreendedora.com\/cieeci2025\/wp-content\/uploads\/2025\/10\/brazmovel-1-300x150.png 300w\" sizes=\"(max-width: 600px) 100vw, 600px\" \/>\t\t\t\t\t\t\t\t<\/a>\n\t\t\t\t\t\t\t\t\t\t\t\t\t\t\t<\/div>\n\t\t\t\t<\/div>\n\t\t\t\t\t<\/div>\n\t\t\t\t<\/div>\n\t\t<div class=\"elementor-element elementor-element-189072d e-flex e-con-boxed wpr-particle-no wpr-jarallax-no wpr-parallax-no wpr-sticky-section-no wpr-equal-height-no e-con e-parent\" data-id=\"189072d\" data-element_type=\"container\" data-e-type=\"container\" data-settings=\"{&quot;background_background&quot;:&quot;classic&quot;}\">\n\t\t\t\t\t<div class=\"e-con-inner\">\n\t\t<div class=\"elementor-element elementor-element-7565dba e-con-full e-flex wpr-particle-no wpr-jarallax-no wpr-parallax-no wpr-sticky-section-no wpr-equal-height-no e-con e-child\" data-id=\"7565dba\" data-element_type=\"container\" data-e-type=\"container\">\n\t\t\t\t<\/div>\n\t\t<div class=\"elementor-element elementor-element-3bf00d7 e-con-full e-flex wpr-particle-no wpr-jarallax-no wpr-parallax-no wpr-sticky-section-no wpr-equal-height-no e-con e-child\" data-id=\"3bf00d7\" data-element_type=\"container\" data-e-type=\"container\">\n\t\t\t\t<div class=\"elementor-element elementor-element-a54271a elementor-widget elementor-widget-heading\" data-id=\"a54271a\" data-element_type=\"widget\" data-e-type=\"widget\" data-widget_type=\"heading.default\">\n\t\t\t\t<div class=\"elementor-widget-container\">\n\t\t\t\t\t<h2 class=\"elementor-heading-title elementor-size-default\">INSTITUI\u00c7\u00d5ES PARCEIRAS<\/h2>\t\t\t\t<\/div>\n\t\t\t\t<\/div>\n\t\t\t\t<\/div>\n\t\t<div class=\"elementor-element elementor-element-2701fea e-con-full e-flex wpr-particle-no wpr-jarallax-no wpr-parallax-no wpr-sticky-section-no wpr-equal-height-no e-con e-child\" data-id=\"2701fea\" data-element_type=\"container\" data-e-type=\"container\">\n\t\t\t\t<\/div>\n\t\t\t\t\t<\/div>\n\t\t\t\t<\/div>\n\t\t<div class=\"elementor-element elementor-element-d283295 e-grid e-con-boxed wpr-particle-no wpr-jarallax-no wpr-parallax-no wpr-sticky-section-no wpr-equal-height-no e-con e-parent\" data-id=\"d283295\" data-element_type=\"container\" data-e-type=\"container\" data-settings=\"{&quot;background_background&quot;:&quot;classic&quot;}\">\n\t\t\t\t\t<div class=\"e-con-inner\">\n\t\t\t\t<div class=\"elementor-element elementor-element-0e0776d elementor-widget elementor-widget-image\" data-id=\"0e0776d\" data-element_type=\"widget\" data-e-type=\"widget\" data-widget_type=\"image.default\">\n\t\t\t\t<div class=\"elementor-widget-container\">\n\t\t\t\t\t\t\t\t\t\t\t\t\t\t\t\t<a href=\"https:\/\/cer.sebrae.com.br\/\">\n\t\t\t\t\t\t\t<img loading=\"lazy\" decoding=\"async\" width=\"600\" height=\"300\" src=\"https:\/\/educacaoempreendedora.com\/cieeci2025\/wp-content\/uploads\/2025\/02\/cer.png\" class=\"attachment-full size-full wp-image-1554\" alt=\"\" srcset=\"https:\/\/educacaoempreendedora.com\/cieeci2025\/wp-content\/uploads\/2025\/02\/cer.png 600w, https:\/\/educacaoempreendedora.com\/cieeci2025\/wp-content\/uploads\/2025\/02\/cer-300x150.png 300w\" sizes=\"(max-width: 600px) 100vw, 600px\" \/>\t\t\t\t\t\t\t\t<\/a>\n\t\t\t\t\t\t\t\t\t\t\t\t\t\t\t<\/div>\n\t\t\t\t<\/div>\n\t\t\t\t<div class=\"elementor-element elementor-element-e900fbc elementor-widget elementor-widget-image\" data-id=\"e900fbc\" data-element_type=\"widget\" data-e-type=\"widget\" data-widget_type=\"image.default\">\n\t\t\t\t<div class=\"elementor-widget-container\">\n\t\t\t\t\t\t\t\t\t\t\t\t\t\t\t\t<a href=\"https:\/\/esec.pt\/\">\n\t\t\t\t\t\t\t<img loading=\"lazy\" decoding=\"async\" width=\"600\" height=\"300\" src=\"https:\/\/educacaoempreendedora.com\/cieeci2025\/wp-content\/uploads\/2025\/06\/esec.png\" class=\"attachment-full size-full wp-image-2114\" alt=\"\" srcset=\"https:\/\/educacaoempreendedora.com\/cieeci2025\/wp-content\/uploads\/2025\/06\/esec.png 600w, https:\/\/educacaoempreendedora.com\/cieeci2025\/wp-content\/uploads\/2025\/06\/esec-300x150.png 300w\" sizes=\"(max-width: 600px) 100vw, 600px\" \/>\t\t\t\t\t\t\t\t<\/a>\n\t\t\t\t\t\t\t\t\t\t\t\t\t\t\t<\/div>\n\t\t\t\t<\/div>\n\t\t\t\t<div class=\"elementor-element elementor-element-f501731 elementor-widget elementor-widget-image\" data-id=\"f501731\" data-element_type=\"widget\" data-e-type=\"widget\" data-widget_type=\"image.default\">\n\t\t\t\t<div class=\"elementor-widget-container\">\n\t\t\t\t\t\t\t\t\t\t\t\t\t\t\t\t<a href=\"https:\/\/portal.fatecba.edu.br\/\">\n\t\t\t\t\t\t\t<img loading=\"lazy\" decoding=\"async\" width=\"600\" height=\"300\" src=\"https:\/\/educacaoempreendedora.com\/cieeci2025\/wp-content\/uploads\/2025\/02\/fatec.png\" class=\"attachment-full size-full wp-image-1669\" alt=\"\" srcset=\"https:\/\/educacaoempreendedora.com\/cieeci2025\/wp-content\/uploads\/2025\/02\/fatec.png 600w, https:\/\/educacaoempreendedora.com\/cieeci2025\/wp-content\/uploads\/2025\/02\/fatec-300x150.png 300w\" sizes=\"(max-width: 600px) 100vw, 600px\" \/>\t\t\t\t\t\t\t\t<\/a>\n\t\t\t\t\t\t\t\t\t\t\t\t\t\t\t<\/div>\n\t\t\t\t<\/div>\n\t\t\t\t<div class=\"elementor-element elementor-element-1909b7c elementor-widget elementor-widget-image\" data-id=\"1909b7c\" data-element_type=\"widget\" data-e-type=\"widget\" data-widget_type=\"image.default\">\n\t\t\t\t<div class=\"elementor-widget-container\">\n\t\t\t\t\t\t\t\t\t\t\t\t\t\t\t\t<a href=\"https:\/\/www.uneal.edu.br\/\">\n\t\t\t\t\t\t\t<img loading=\"lazy\" decoding=\"async\" width=\"600\" height=\"300\" src=\"https:\/\/educacaoempreendedora.com\/cieeci2025\/wp-content\/uploads\/2025\/05\/uneal2.jpg\" class=\"attachment-full size-full wp-image-1979\" alt=\"\" srcset=\"https:\/\/educacaoempreendedora.com\/cieeci2025\/wp-content\/uploads\/2025\/05\/uneal2.jpg 600w, https:\/\/educacaoempreendedora.com\/cieeci2025\/wp-content\/uploads\/2025\/05\/uneal2-300x150.jpg 300w\" sizes=\"(max-width: 600px) 100vw, 600px\" \/>\t\t\t\t\t\t\t\t<\/a>\n\t\t\t\t\t\t\t\t\t\t\t\t\t\t\t<\/div>\n\t\t\t\t<\/div>\n\t\t\t\t<div class=\"elementor-element elementor-element-16e65be elementor-widget elementor-widget-image\" data-id=\"16e65be\" data-element_type=\"widget\" data-e-type=\"widget\" data-widget_type=\"image.default\">\n\t\t\t\t<div class=\"elementor-widget-container\">\n\t\t\t\t\t\t\t\t\t\t\t\t\t\t\t\t<a href=\"https:\/\/anegepe.org.br\/\">\n\t\t\t\t\t\t\t<img loading=\"lazy\" decoding=\"async\" width=\"600\" height=\"300\" src=\"https:\/\/educacaoempreendedora.com\/cieeci2025\/wp-content\/uploads\/2025\/02\/anegepe_marca-1.png\" class=\"attachment-full size-full wp-image-1464\" alt=\"\" srcset=\"https:\/\/educacaoempreendedora.com\/cieeci2025\/wp-content\/uploads\/2025\/02\/anegepe_marca-1.png 600w, https:\/\/educacaoempreendedora.com\/cieeci2025\/wp-content\/uploads\/2025\/02\/anegepe_marca-1-300x150.png 300w\" sizes=\"(max-width: 600px) 100vw, 600px\" \/>\t\t\t\t\t\t\t\t<\/a>\n\t\t\t\t\t\t\t\t\t\t\t\t\t\t\t<\/div>\n\t\t\t\t<\/div>\n\t\t\t\t<div class=\"elementor-element elementor-element-946166d elementor-widget elementor-widget-image\" data-id=\"946166d\" data-element_type=\"widget\" data-e-type=\"widget\" data-widget_type=\"image.default\">\n\t\t\t\t<div class=\"elementor-widget-container\">\n\t\t\t\t\t\t\t\t\t\t\t\t\t\t\t\t<a href=\"https:\/\/www.gemconsortium.org\/\">\n\t\t\t\t\t\t\t<img loading=\"lazy\" decoding=\"async\" width=\"600\" height=\"300\" src=\"https:\/\/educacaoempreendedora.com\/cieeci2025\/wp-content\/uploads\/2025\/09\/gem_marca.png\" class=\"attachment-full size-full wp-image-2391\" alt=\"\" srcset=\"https:\/\/educacaoempreendedora.com\/cieeci2025\/wp-content\/uploads\/2025\/09\/gem_marca.png 600w, https:\/\/educacaoempreendedora.com\/cieeci2025\/wp-content\/uploads\/2025\/09\/gem_marca-300x150.png 300w\" sizes=\"(max-width: 600px) 100vw, 600px\" \/>\t\t\t\t\t\t\t\t<\/a>\n\t\t\t\t\t\t\t\t\t\t\t\t\t\t\t<\/div>\n\t\t\t\t<\/div>\n\t\t\t\t<div class=\"elementor-element elementor-element-76946aa elementor-widget elementor-widget-image\" data-id=\"76946aa\" data-element_type=\"widget\" data-e-type=\"widget\" data-widget_type=\"image.default\">\n\t\t\t\t<div class=\"elementor-widget-container\">\n\t\t\t\t\t\t\t\t\t\t\t\t\t\t\t<img loading=\"lazy\" decoding=\"async\" width=\"399\" height=\"227\" src=\"https:\/\/educacaoempreendedora.com\/cieeci2025\/wp-content\/uploads\/2024\/10\/rect234.png\" class=\"attachment-full size-full wp-image-362\" alt=\"\" srcset=\"https:\/\/educacaoempreendedora.com\/cieeci2025\/wp-content\/uploads\/2024\/10\/rect234.png 399w, https:\/\/educacaoempreendedora.com\/cieeci2025\/wp-content\/uploads\/2024\/10\/rect234-300x171.png 300w\" sizes=\"(max-width: 399px) 100vw, 399px\" \/>\t\t\t\t\t\t\t\t\t\t\t\t\t\t\t<\/div>\n\t\t\t\t<\/div>\n\t\t\t\t<div class=\"elementor-element elementor-element-30fb0fb elementor-widget elementor-widget-image\" data-id=\"30fb0fb\" data-element_type=\"widget\" data-e-type=\"widget\" data-widget_type=\"image.default\">\n\t\t\t\t<div class=\"elementor-widget-container\">\n\t\t\t\t\t\t\t\t\t\t\t\t\t\t\t<img loading=\"lazy\" decoding=\"async\" width=\"300\" height=\"150\" src=\"https:\/\/educacaoempreendedora.com\/cieeci2025\/wp-content\/uploads\/2025\/02\/ceguab.png\" class=\"attachment-full size-full wp-image-1455\" alt=\"\" \/>\t\t\t\t\t\t\t\t\t\t\t\t\t\t\t<\/div>\n\t\t\t\t<\/div>\n\t\t\t\t<div class=\"elementor-element elementor-element-8de9315 elementor-widget elementor-widget-image\" data-id=\"8de9315\" data-element_type=\"widget\" data-e-type=\"widget\" data-widget_type=\"image.default\">\n\t\t\t\t<div class=\"elementor-widget-container\">\n\t\t\t\t\t\t\t\t\t\t\t\t\t\t\t\t<a href=\"https:\/\/www.islagaia.pt\/\">\n\t\t\t\t\t\t\t<img loading=\"lazy\" decoding=\"async\" width=\"300\" height=\"150\" src=\"https:\/\/educacaoempreendedora.com\/cieeci2025\/wp-content\/uploads\/2025\/08\/isla_site.png\" class=\"attachment-full size-full wp-image-2267\" alt=\"\" \/>\t\t\t\t\t\t\t\t<\/a>\n\t\t\t\t\t\t\t\t\t\t\t\t\t\t\t<\/div>\n\t\t\t\t<\/div>\n\t\t\t\t<div class=\"elementor-element elementor-element-06814ee elementor-widget elementor-widget-image\" data-id=\"06814ee\" data-element_type=\"widget\" data-e-type=\"widget\" data-widget_type=\"image.default\">\n\t\t\t\t<div class=\"elementor-widget-container\">\n\t\t\t\t\t\t\t\t\t\t\t\t\t\t\t\t<a href=\"https:\/\/online.pucrs.br\/\">\n\t\t\t\t\t\t\t<img loading=\"lazy\" decoding=\"async\" width=\"300\" height=\"150\" src=\"https:\/\/educacaoempreendedora.com\/cieeci2025\/wp-content\/uploads\/2025\/08\/puc_site.png\" class=\"attachment-full size-full wp-image-2266\" alt=\"\" \/>\t\t\t\t\t\t\t\t<\/a>\n\t\t\t\t\t\t\t\t\t\t\t\t\t\t\t<\/div>\n\t\t\t\t<\/div>\n\t\t\t\t\t<\/div>\n\t\t\t\t<\/div>\n\t\t<div class=\"elementor-element elementor-element-ad8528f e-flex e-con-boxed wpr-particle-no wpr-jarallax-no wpr-parallax-no wpr-sticky-section-no wpr-equal-height-no e-con e-parent\" data-id=\"ad8528f\" data-element_type=\"container\" data-e-type=\"container\" data-settings=\"{&quot;background_background&quot;:&quot;classic&quot;}\">\n\t\t\t\t\t<div class=\"e-con-inner\">\n\t\t<div class=\"elementor-element elementor-element-8e21a18 e-con-full e-flex wpr-particle-no wpr-jarallax-no wpr-parallax-no wpr-sticky-section-no wpr-equal-height-no e-con e-child\" data-id=\"8e21a18\" data-element_type=\"container\" data-e-type=\"container\">\n\t\t\t\t<\/div>\n\t\t<div class=\"elementor-element elementor-element-e1282b8 e-con-full e-flex wpr-particle-no wpr-jarallax-no wpr-parallax-no wpr-sticky-section-no wpr-equal-height-no e-con e-child\" data-id=\"e1282b8\" data-element_type=\"container\" data-e-type=\"container\">\n\t\t\t\t<div class=\"elementor-element elementor-element-a96d498 elementor-widget elementor-widget-heading\" data-id=\"a96d498\" data-element_type=\"widget\" data-e-type=\"widget\" data-widget_type=\"heading.default\">\n\t\t\t\t<div class=\"elementor-widget-container\">\n\t\t\t\t\t<h2 class=\"elementor-heading-title elementor-size-default\">APOIO<\/h2>\t\t\t\t<\/div>\n\t\t\t\t<\/div>\n\t\t\t\t<\/div>\n\t\t<div class=\"elementor-element elementor-element-6bee284 e-con-full e-flex wpr-particle-no wpr-jarallax-no wpr-parallax-no wpr-sticky-section-no wpr-equal-height-no e-con e-child\" data-id=\"6bee284\" data-element_type=\"container\" data-e-type=\"container\">\n\t\t\t\t<\/div>\n\t\t\t\t\t<\/div>\n\t\t\t\t<\/div>\n\t\t<div class=\"elementor-element elementor-element-5c77115 e-grid e-con-boxed wpr-particle-no wpr-jarallax-no wpr-parallax-no wpr-sticky-section-no wpr-equal-height-no e-con e-parent\" data-id=\"5c77115\" data-element_type=\"container\" data-e-type=\"container\" data-settings=\"{&quot;background_background&quot;:&quot;classic&quot;}\">\n\t\t\t\t\t<div class=\"e-con-inner\">\n\t\t\t\t<div class=\"elementor-element elementor-element-d77a595 elementor-widget elementor-widget-image\" data-id=\"d77a595\" data-element_type=\"widget\" data-e-type=\"widget\" data-widget_type=\"image.default\">\n\t\t\t\t<div class=\"elementor-widget-container\">\n\t\t\t\t\t\t\t\t\t\t\t\t\t\t\t\t<a href=\"https:\/\/www.educacaoempreendedora.com\/\">\n\t\t\t\t\t\t\t<img loading=\"lazy\" decoding=\"async\" width=\"600\" height=\"300\" src=\"https:\/\/educacaoempreendedora.com\/cieeci2025\/wp-content\/uploads\/2025\/02\/ee-2.png\" class=\"attachment-full size-full wp-image-1555\" alt=\"\" srcset=\"https:\/\/educacaoempreendedora.com\/cieeci2025\/wp-content\/uploads\/2025\/02\/ee-2.png 600w, https:\/\/educacaoempreendedora.com\/cieeci2025\/wp-content\/uploads\/2025\/02\/ee-2-300x150.png 300w\" sizes=\"(max-width: 600px) 100vw, 600px\" \/>\t\t\t\t\t\t\t\t<\/a>\n\t\t\t\t\t\t\t\t\t\t\t\t\t\t\t<\/div>\n\t\t\t\t<\/div>\n\t\t\t\t<div class=\"elementor-element elementor-element-a95cf52 elementor-widget elementor-widget-image\" data-id=\"a95cf52\" data-element_type=\"widget\" data-e-type=\"widget\" data-widget_type=\"image.default\">\n\t\t\t\t<div class=\"elementor-widget-container\">\n\t\t\t\t\t\t\t\t\t\t\t\t\t\t\t\t<a href=\"https:\/\/tiradentesinnovation.com\/\">\n\t\t\t\t\t\t\t<img loading=\"lazy\" decoding=\"async\" width=\"600\" height=\"300\" src=\"https:\/\/educacaoempreendedora.com\/cieeci2025\/wp-content\/uploads\/2025\/05\/innovation.png\" class=\"attachment-full size-full wp-image-1843\" alt=\"\" srcset=\"https:\/\/educacaoempreendedora.com\/cieeci2025\/wp-content\/uploads\/2025\/05\/innovation.png 600w, https:\/\/educacaoempreendedora.com\/cieeci2025\/wp-content\/uploads\/2025\/05\/innovation-300x150.png 300w\" sizes=\"(max-width: 600px) 100vw, 600px\" \/>\t\t\t\t\t\t\t\t<\/a>\n\t\t\t\t\t\t\t\t\t\t\t\t\t\t\t<\/div>\n\t\t\t\t<\/div>\n\t\t\t\t<div class=\"elementor-element elementor-element-9d2fa67 elementor-widget elementor-widget-image\" data-id=\"9d2fa67\" data-element_type=\"widget\" data-e-type=\"widget\" data-widget_type=\"image.default\">\n\t\t\t\t<div class=\"elementor-widget-container\">\n\t\t\t\t\t\t\t\t\t\t\t\t\t\t\t<img loading=\"lazy\" decoding=\"async\" width=\"600\" height=\"300\" src=\"https:\/\/educacaoempreendedora.com\/cieeci2025\/wp-content\/uploads\/2025\/05\/conexoes.png\" class=\"attachment-full size-full wp-image-2056\" alt=\"\" srcset=\"https:\/\/educacaoempreendedora.com\/cieeci2025\/wp-content\/uploads\/2025\/05\/conexoes.png 600w, https:\/\/educacaoempreendedora.com\/cieeci2025\/wp-content\/uploads\/2025\/05\/conexoes-300x150.png 300w\" sizes=\"(max-width: 600px) 100vw, 600px\" \/>\t\t\t\t\t\t\t\t\t\t\t\t\t\t\t<\/div>\n\t\t\t\t<\/div>\n\t\t\t\t<div class=\"elementor-element elementor-element-2da3ff7 elementor-widget elementor-widget-image\" data-id=\"2da3ff7\" data-element_type=\"widget\" data-e-type=\"widget\" data-widget_type=\"image.default\">\n\t\t\t\t<div class=\"elementor-widget-container\">\n\t\t\t\t\t\t\t\t\t\t\t\t\t\t\t<img loading=\"lazy\" decoding=\"async\" width=\"600\" height=\"300\" src=\"https:\/\/educacaoempreendedora.com\/cieeci2025\/wp-content\/uploads\/2025\/05\/gplh.png\" class=\"attachment-full size-full wp-image-2060\" alt=\"\" srcset=\"https:\/\/educacaoempreendedora.com\/cieeci2025\/wp-content\/uploads\/2025\/05\/gplh.png 600w, https:\/\/educacaoempreendedora.com\/cieeci2025\/wp-content\/uploads\/2025\/05\/gplh-300x150.png 300w\" sizes=\"(max-width: 600px) 100vw, 600px\" \/>\t\t\t\t\t\t\t\t\t\t\t\t\t\t\t<\/div>\n\t\t\t\t<\/div>\n\t\t\t\t<div class=\"elementor-element elementor-element-6208285 elementor-widget elementor-widget-image\" data-id=\"6208285\" data-element_type=\"widget\" data-e-type=\"widget\" data-widget_type=\"image.default\">\n\t\t\t\t<div class=\"elementor-widget-container\">\n\t\t\t\t\t\t\t\t\t\t\t\t\t\t\t\t<a href=\"https:\/\/www.forumempresarial.org.br\/index.php\">\n\t\t\t\t\t\t\t<img loading=\"lazy\" decoding=\"async\" width=\"600\" height=\"300\" src=\"https:\/\/educacaoempreendedora.com\/cieeci2025\/wp-content\/uploads\/2025\/05\/forum.png\" class=\"attachment-full size-full wp-image-2081\" alt=\"\" srcset=\"https:\/\/educacaoempreendedora.com\/cieeci2025\/wp-content\/uploads\/2025\/05\/forum.png 600w, https:\/\/educacaoempreendedora.com\/cieeci2025\/wp-content\/uploads\/2025\/05\/forum-300x150.png 300w\" sizes=\"(max-width: 600px) 100vw, 600px\" \/>\t\t\t\t\t\t\t\t<\/a>\n\t\t\t\t\t\t\t\t\t\t\t\t\t\t\t<\/div>\n\t\t\t\t<\/div>\n\t\t\t\t<div class=\"elementor-element elementor-element-9b10ffd elementor-widget elementor-widget-image\" data-id=\"9b10ffd\" data-element_type=\"widget\" data-e-type=\"widget\" data-widget_type=\"image.default\">\n\t\t\t\t<div class=\"elementor-widget-container\">\n\t\t\t\t\t\t\t\t\t\t\t\t\t\t\t\t<a href=\"https:\/\/abipti.org.br\/\">\n\t\t\t\t\t\t\t<img loading=\"lazy\" decoding=\"async\" width=\"600\" height=\"300\" src=\"https:\/\/educacaoempreendedora.com\/cieeci2025\/wp-content\/uploads\/2025\/05\/abipti.png\" class=\"attachment-full size-full wp-image-2071\" alt=\"\" srcset=\"https:\/\/educacaoempreendedora.com\/cieeci2025\/wp-content\/uploads\/2025\/05\/abipti.png 600w, https:\/\/educacaoempreendedora.com\/cieeci2025\/wp-content\/uploads\/2025\/05\/abipti-300x150.png 300w\" sizes=\"(max-width: 600px) 100vw, 600px\" \/>\t\t\t\t\t\t\t\t<\/a>\n\t\t\t\t\t\t\t\t\t\t\t\t\t\t\t<\/div>\n\t\t\t\t<\/div>\n\t\t\t\t<div class=\"elementor-element elementor-element-939581a elementor-widget elementor-widget-image\" data-id=\"939581a\" data-element_type=\"widget\" data-e-type=\"widget\" data-widget_type=\"image.default\">\n\t\t\t\t<div class=\"elementor-widget-container\">\n\t\t\t\t\t\t\t\t\t\t\t\t\t\t\t\t<a href=\"https:\/\/www.fcpcb.com.br\/\">\n\t\t\t\t\t\t\t<img loading=\"lazy\" decoding=\"async\" width=\"600\" height=\"300\" src=\"https:\/\/educacaoempreendedora.com\/cieeci2025\/wp-content\/uploads\/2025\/08\/federa_camaras.png\" class=\"attachment-full size-full wp-image-2276\" alt=\"\" srcset=\"https:\/\/educacaoempreendedora.com\/cieeci2025\/wp-content\/uploads\/2025\/08\/federa_camaras.png 600w, https:\/\/educacaoempreendedora.com\/cieeci2025\/wp-content\/uploads\/2025\/08\/federa_camaras-300x150.png 300w\" sizes=\"(max-width: 600px) 100vw, 600px\" \/>\t\t\t\t\t\t\t\t<\/a>\n\t\t\t\t\t\t\t\t\t\t\t\t\t\t\t<\/div>\n\t\t\t\t<\/div>\n\t\t\t\t<div class=\"elementor-element elementor-element-149a00c elementor-widget elementor-widget-image\" data-id=\"149a00c\" data-element_type=\"widget\" data-e-type=\"widget\" data-widget_type=\"image.default\">\n\t\t\t\t<div class=\"elementor-widget-container\">\n\t\t\t\t\t\t\t\t\t\t\t\t\t\t\t<img loading=\"lazy\" decoding=\"async\" width=\"600\" height=\"300\" src=\"https:\/\/educacaoempreendedora.com\/cieeci2025\/wp-content\/uploads\/2025\/08\/camara_sergipe.png\" class=\"attachment-full size-full wp-image-2275\" alt=\"\" srcset=\"https:\/\/educacaoempreendedora.com\/cieeci2025\/wp-content\/uploads\/2025\/08\/camara_sergipe.png 600w, https:\/\/educacaoempreendedora.com\/cieeci2025\/wp-content\/uploads\/2025\/08\/camara_sergipe-300x150.png 300w\" sizes=\"(max-width: 600px) 100vw, 600px\" \/>\t\t\t\t\t\t\t\t\t\t\t\t\t\t\t<\/div>\n\t\t\t\t<\/div>\n\t\t\t\t<div class=\"elementor-element elementor-element-73b3b7c elementor-widget elementor-widget-image\" data-id=\"73b3b7c\" data-element_type=\"widget\" data-e-type=\"widget\" data-widget_type=\"image.default\">\n\t\t\t\t<div class=\"elementor-widget-container\">\n\t\t\t\t\t\t\t\t\t\t\t\t\t\t\t\t<a href=\"https:\/\/www.instagram.com\/ja_sergipe\/?hl=en\">\n\t\t\t\t\t\t\t<img loading=\"lazy\" decoding=\"async\" width=\"300\" height=\"150\" src=\"https:\/\/educacaoempreendedora.com\/cieeci2025\/wp-content\/uploads\/2025\/08\/ja_se.png\" class=\"attachment-full size-full wp-image-2284\" alt=\"\" \/>\t\t\t\t\t\t\t\t<\/a>\n\t\t\t\t\t\t\t\t\t\t\t\t\t\t\t<\/div>\n\t\t\t\t<\/div>\n\t\t\t\t<div class=\"elementor-element elementor-element-4280f36 elementor-widget elementor-widget-image\" data-id=\"4280f36\" data-element_type=\"widget\" data-e-type=\"widget\" data-widget_type=\"image.default\">\n\t\t\t\t<div class=\"elementor-widget-container\">\n\t\t\t\t\t\t\t\t\t\t\t\t\t\t\t\t<a href=\"https:\/\/jabrasil.org.br\/\">\n\t\t\t\t\t\t\t<img loading=\"lazy\" decoding=\"async\" width=\"600\" height=\"300\" src=\"https:\/\/educacaoempreendedora.com\/cieeci2025\/wp-content\/uploads\/2025\/09\/JA-BRASIL.png\" class=\"attachment-full size-full wp-image-2354\" alt=\"\" srcset=\"https:\/\/educacaoempreendedora.com\/cieeci2025\/wp-content\/uploads\/2025\/09\/JA-BRASIL.png 600w, https:\/\/educacaoempreendedora.com\/cieeci2025\/wp-content\/uploads\/2025\/09\/JA-BRASIL-300x150.png 300w\" sizes=\"(max-width: 600px) 100vw, 600px\" \/>\t\t\t\t\t\t\t\t<\/a>\n\t\t\t\t\t\t\t\t\t\t\t\t\t\t\t<\/div>\n\t\t\t\t<\/div>\n\t\t\t\t<div class=\"elementor-element elementor-element-945897d elementor-widget elementor-widget-image\" data-id=\"945897d\" data-element_type=\"widget\" data-e-type=\"widget\" data-widget_type=\"image.default\">\n\t\t\t\t<div class=\"elementor-widget-container\">\n\t\t\t\t\t\t\t\t\t\t\t\t\t\t\t\t<a href=\"https:\/\/www.mobilidade.pt\/\">\n\t\t\t\t\t\t\t<img loading=\"lazy\" decoding=\"async\" width=\"600\" height=\"300\" src=\"https:\/\/educacaoempreendedora.com\/cieeci2025\/wp-content\/uploads\/2025\/10\/logo_mobilidade.png\" class=\"attachment-full size-full wp-image-3189\" alt=\"\" srcset=\"https:\/\/educacaoempreendedora.com\/cieeci2025\/wp-content\/uploads\/2025\/10\/logo_mobilidade.png 600w, https:\/\/educacaoempreendedora.com\/cieeci2025\/wp-content\/uploads\/2025\/10\/logo_mobilidade-300x150.png 300w\" sizes=\"(max-width: 600px) 100vw, 600px\" \/>\t\t\t\t\t\t\t\t<\/a>\n\t\t\t\t\t\t\t\t\t\t\t\t\t\t\t<\/div>\n\t\t\t\t<\/div>\n\t\t\t\t<div class=\"elementor-element elementor-element-d90d784 elementor-widget elementor-widget-image\" data-id=\"d90d784\" data-element_type=\"widget\" data-e-type=\"widget\" data-widget_type=\"image.default\">\n\t\t\t\t<div class=\"elementor-widget-container\">\n\t\t\t\t\t\t\t\t\t\t\t\t\t\t\t\t<a href=\"https:\/\/clinicareintegrarsaudemental.com\/\">\n\t\t\t\t\t\t\t<img loading=\"lazy\" decoding=\"async\" width=\"600\" height=\"300\" src=\"https:\/\/educacaoempreendedora.com\/cieeci2025\/wp-content\/uploads\/2025\/10\/logo_reintegrar_site.png\" class=\"attachment-full size-full wp-image-3188\" alt=\"\" srcset=\"https:\/\/educacaoempreendedora.com\/cieeci2025\/wp-content\/uploads\/2025\/10\/logo_reintegrar_site.png 600w, https:\/\/educacaoempreendedora.com\/cieeci2025\/wp-content\/uploads\/2025\/10\/logo_reintegrar_site-300x150.png 300w\" sizes=\"(max-width: 600px) 100vw, 600px\" \/>\t\t\t\t\t\t\t\t<\/a>\n\t\t\t\t\t\t\t\t\t\t\t\t\t\t\t<\/div>\n\t\t\t\t<\/div>\n\t\t\t\t\t<\/div>\n\t\t\t\t<\/div>\n\t\t<div class=\"elementor-element elementor-element-9db313b e-flex e-con-boxed wpr-particle-no wpr-jarallax-no wpr-parallax-no wpr-sticky-section-no wpr-equal-height-no e-con e-parent\" data-id=\"9db313b\" data-element_type=\"container\" data-e-type=\"container\" data-settings=\"{&quot;background_background&quot;:&quot;classic&quot;}\">\n\t\t\t\t\t<div class=\"e-con-inner\">\n\t\t<div class=\"elementor-element elementor-element-c730e18 e-con-full e-flex wpr-particle-no wpr-jarallax-no wpr-parallax-no wpr-sticky-section-no wpr-equal-height-no e-con e-child\" data-id=\"c730e18\" data-element_type=\"container\" data-e-type=\"container\">\n\t\t\t\t<\/div>\n\t\t<div class=\"elementor-element elementor-element-20a2c2f e-con-full e-flex wpr-particle-no wpr-jarallax-no wpr-parallax-no wpr-sticky-section-no wpr-equal-height-no e-con e-child\" data-id=\"20a2c2f\" data-element_type=\"container\" data-e-type=\"container\">\n\t\t\t\t<div class=\"elementor-element elementor-element-8b736ed elementor-widget elementor-widget-heading\" data-id=\"8b736ed\" data-element_type=\"widget\" data-e-type=\"widget\" data-widget_type=\"heading.default\">\n\t\t\t\t<div class=\"elementor-widget-container\">\n\t\t\t\t\t<h2 class=\"elementor-heading-title elementor-size-default\">MEDIA PARTNERS<\/h2>\t\t\t\t<\/div>\n\t\t\t\t<\/div>\n\t\t\t\t<\/div>\n\t\t<div class=\"elementor-element elementor-element-aa750e0 e-con-full e-flex wpr-particle-no wpr-jarallax-no wpr-parallax-no wpr-sticky-section-no wpr-equal-height-no e-con e-child\" data-id=\"aa750e0\" data-element_type=\"container\" data-e-type=\"container\">\n\t\t\t\t<\/div>\n\t\t\t\t\t<\/div>\n\t\t\t\t<\/div>\n\t\t<div class=\"elementor-element elementor-element-956a240 e-grid e-con-boxed wpr-particle-no wpr-jarallax-no wpr-parallax-no wpr-sticky-section-no wpr-equal-height-no e-con e-parent\" data-id=\"956a240\" data-element_type=\"container\" data-e-type=\"container\" data-settings=\"{&quot;background_background&quot;:&quot;classic&quot;}\">\n\t\t\t\t\t<div class=\"e-con-inner\">\n\t\t\t\t<div class=\"elementor-element elementor-element-99639b8 elementor-widget elementor-widget-image\" data-id=\"99639b8\" data-element_type=\"widget\" data-e-type=\"widget\" data-widget_type=\"image.default\">\n\t\t\t\t<div class=\"elementor-widget-container\">\n\t\t\t\t\t\t\t\t\t\t\t\t\t\t\t<img loading=\"lazy\" decoding=\"async\" width=\"300\" height=\"150\" src=\"https:\/\/educacaoempreendedora.com\/cieeci2025\/wp-content\/uploads\/2025\/02\/gabinete.png\" class=\"attachment-large size-large wp-image-1617\" alt=\"\" \/>\t\t\t\t\t\t\t\t\t\t\t\t\t\t\t<\/div>\n\t\t\t\t<\/div>\n\t\t\t\t<div class=\"elementor-element elementor-element-7b27ef8 elementor-widget elementor-widget-image\" data-id=\"7b27ef8\" data-element_type=\"widget\" data-e-type=\"widget\" data-widget_type=\"image.default\">\n\t\t\t\t<div class=\"elementor-widget-container\">\n\t\t\t\t\t\t\t\t\t\t\t\t\t\t\t\t<a href=\"https:\/\/www.f5news.com.br\/\">\n\t\t\t\t\t\t\t<img loading=\"lazy\" decoding=\"async\" width=\"600\" height=\"300\" src=\"https:\/\/educacaoempreendedora.com\/cieeci2025\/wp-content\/uploads\/2025\/02\/f5news.png\" class=\"attachment-full size-full wp-image-1510\" alt=\"\" srcset=\"https:\/\/educacaoempreendedora.com\/cieeci2025\/wp-content\/uploads\/2025\/02\/f5news.png 600w, https:\/\/educacaoempreendedora.com\/cieeci2025\/wp-content\/uploads\/2025\/02\/f5news-300x150.png 300w\" sizes=\"(max-width: 600px) 100vw, 600px\" \/>\t\t\t\t\t\t\t\t<\/a>\n\t\t\t\t\t\t\t\t\t\t\t\t\t\t\t<\/div>\n\t\t\t\t<\/div>\n\t\t\t\t<div class=\"elementor-element elementor-element-3323546 elementor-widget elementor-widget-image\" data-id=\"3323546\" data-element_type=\"widget\" data-e-type=\"widget\" data-widget_type=\"image.default\">\n\t\t\t\t<div class=\"elementor-widget-container\">\n\t\t\t\t\t\t\t\t\t\t\t\t\t\t\t\t<a href=\"https:\/\/www.instagram.com\/eleavorbr\/\">\n\t\t\t\t\t\t\t<img loading=\"lazy\" decoding=\"async\" width=\"600\" height=\"300\" src=\"https:\/\/educacaoempreendedora.com\/cieeci2025\/wp-content\/uploads\/2025\/08\/eleavor_Site.png\" class=\"attachment-full size-full wp-image-2257\" alt=\"\" srcset=\"https:\/\/educacaoempreendedora.com\/cieeci2025\/wp-content\/uploads\/2025\/08\/eleavor_Site.png 600w, https:\/\/educacaoempreendedora.com\/cieeci2025\/wp-content\/uploads\/2025\/08\/eleavor_Site-300x150.png 300w\" sizes=\"(max-width: 600px) 100vw, 600px\" \/>\t\t\t\t\t\t\t\t<\/a>\n\t\t\t\t\t\t\t\t\t\t\t\t\t\t\t<\/div>\n\t\t\t\t<\/div>\n\t\t\t\t<div class=\"elementor-element elementor-element-727c357 elementor-widget elementor-widget-image\" data-id=\"727c357\" data-element_type=\"widget\" data-e-type=\"widget\" data-widget_type=\"image.default\">\n\t\t\t\t<div class=\"elementor-widget-container\">\n\t\t\t\t\t\t\t\t\t\t\t\t\t\t\t\t<a href=\"https:\/\/infonet.com.br\/\">\n\t\t\t\t\t\t\t<img loading=\"lazy\" decoding=\"async\" width=\"300\" height=\"150\" src=\"https:\/\/educacaoempreendedora.com\/cieeci2025\/wp-content\/uploads\/2025\/08\/infonet.png\" class=\"attachment-full size-full wp-image-2288\" alt=\"\" \/>\t\t\t\t\t\t\t\t<\/a>\n\t\t\t\t\t\t\t\t\t\t\t\t\t\t\t<\/div>\n\t\t\t\t<\/div>\n\t\t\t\t<div class=\"elementor-element elementor-element-4b4f092 elementor-widget elementor-widget-image\" data-id=\"4b4f092\" data-element_type=\"widget\" data-e-type=\"widget\" data-widget_type=\"image.default\">\n\t\t\t\t<div class=\"elementor-widget-container\">\n\t\t\t\t\t\t\t\t\t\t\t\t\t\t\t\t<a href=\"https:\/\/www.graficajandrade.com.br\/\">\n\t\t\t\t\t\t\t<img loading=\"lazy\" decoding=\"async\" width=\"600\" height=\"300\" src=\"https:\/\/educacaoempreendedora.com\/cieeci2025\/wp-content\/uploads\/2025\/09\/jandrade_grafica.png\" class=\"attachment-full size-full wp-image-2373\" alt=\"\" srcset=\"https:\/\/educacaoempreendedora.com\/cieeci2025\/wp-content\/uploads\/2025\/09\/jandrade_grafica.png 600w, https:\/\/educacaoempreendedora.com\/cieeci2025\/wp-content\/uploads\/2025\/09\/jandrade_grafica-300x150.png 300w\" sizes=\"(max-width: 600px) 100vw, 600px\" \/>\t\t\t\t\t\t\t\t<\/a>\n\t\t\t\t\t\t\t\t\t\t\t\t\t\t\t<\/div>\n\t\t\t\t<\/div>\n\t\t\t\t<div class=\"elementor-element elementor-element-4a13104 elementor-widget elementor-widget-image\" data-id=\"4a13104\" data-element_type=\"widget\" data-e-type=\"widget\" data-widget_type=\"image.default\">\n\t\t\t\t<div class=\"elementor-widget-container\">\n\t\t\t\t\t\t\t\t\t\t\t\t\t\t\t\t<a href=\"https:\/\/www.rederiofm.com.br\/\">\n\t\t\t\t\t\t\t<img loading=\"lazy\" decoding=\"async\" width=\"600\" height=\"300\" src=\"https:\/\/educacaoempreendedora.com\/cieeci2025\/wp-content\/uploads\/2025\/09\/logorederio.png\" class=\"attachment-full size-full wp-image-2408\" alt=\"\" srcset=\"https:\/\/educacaoempreendedora.com\/cieeci2025\/wp-content\/uploads\/2025\/09\/logorederio.png 600w, https:\/\/educacaoempreendedora.com\/cieeci2025\/wp-content\/uploads\/2025\/09\/logorederio-300x150.png 300w\" sizes=\"(max-width: 600px) 100vw, 600px\" \/>\t\t\t\t\t\t\t\t<\/a>\n\t\t\t\t\t\t\t\t\t\t\t\t\t\t\t<\/div>\n\t\t\t\t<\/div>\n\t\t\t\t\t<\/div>\n\t\t\t\t<\/div>\n\t\t<div class=\"elementor-element elementor-element-a5c7cb2 e-flex e-con-boxed wpr-particle-no wpr-jarallax-no wpr-parallax-no wpr-sticky-section-no wpr-equal-height-no e-con e-parent\" data-id=\"a5c7cb2\" data-element_type=\"container\" data-e-type=\"container\" data-settings=\"{&quot;background_background&quot;:&quot;classic&quot;}\">\n\t\t\t\t\t<div class=\"e-con-inner\">\n\t\t<div class=\"elementor-element elementor-element-6a585d8 e-con-full e-flex wpr-particle-no wpr-jarallax-no wpr-parallax-no wpr-sticky-section-no wpr-equal-height-no e-con e-child\" data-id=\"6a585d8\" data-element_type=\"container\" data-e-type=\"container\">\n\t\t\t\t<\/div>\n\t\t<div class=\"elementor-element elementor-element-6b9d8b4 e-con-full e-flex wpr-particle-no wpr-jarallax-no wpr-parallax-no wpr-sticky-section-no wpr-equal-height-no e-con e-child\" data-id=\"6b9d8b4\" data-element_type=\"container\" data-e-type=\"container\">\n\t\t\t\t<div class=\"elementor-element elementor-element-d62f4da elementor-widget elementor-widget-heading\" data-id=\"d62f4da\" data-element_type=\"widget\" data-e-type=\"widget\" data-widget_type=\"heading.default\">\n\t\t\t\t<div class=\"elementor-widget-container\">\n\t\t\t\t\t<h2 class=\"elementor-heading-title elementor-size-default\">GLOBAL PARTNER<\/h2>\t\t\t\t<\/div>\n\t\t\t\t<\/div>\n\t\t\t\t<\/div>\n\t\t<div class=\"elementor-element elementor-element-d6afd2d e-con-full e-flex wpr-particle-no wpr-jarallax-no wpr-parallax-no wpr-sticky-section-no wpr-equal-height-no e-con e-child\" data-id=\"d6afd2d\" data-element_type=\"container\" data-e-type=\"container\">\n\t\t\t\t<\/div>\n\t\t\t\t\t<\/div>\n\t\t\t\t<\/div>\n\t\t<div class=\"elementor-element elementor-element-1e16590 e-flex e-con-boxed wpr-particle-no wpr-jarallax-no wpr-parallax-no wpr-sticky-section-no wpr-equal-height-no e-con e-parent\" data-id=\"1e16590\" data-element_type=\"container\" data-e-type=\"container\" data-settings=\"{&quot;background_background&quot;:&quot;classic&quot;}\">\n\t\t\t\t\t<div class=\"e-con-inner\">\n\t\t<div class=\"elementor-element elementor-element-cced2f8 e-con-full e-flex wpr-particle-no wpr-jarallax-no wpr-parallax-no wpr-sticky-section-no wpr-equal-height-no e-con e-child\" data-id=\"cced2f8\" data-element_type=\"container\" data-e-type=\"container\">\n\t\t\t\t<\/div>\n\t\t<div class=\"elementor-element elementor-element-e83dd87 e-con-full e-flex wpr-particle-no wpr-jarallax-no wpr-parallax-no wpr-sticky-section-no wpr-equal-height-no e-con e-child\" data-id=\"e83dd87\" data-element_type=\"container\" data-e-type=\"container\">\n\t\t\t\t<div class=\"elementor-element elementor-element-f1f73ec elementor-widget elementor-widget-image\" data-id=\"f1f73ec\" data-element_type=\"widget\" data-e-type=\"widget\" data-widget_type=\"image.default\">\n\t\t\t\t<div class=\"elementor-widget-container\">\n\t\t\t\t\t\t\t\t\t\t\t\t\t\t\t<img loading=\"lazy\" decoding=\"async\" width=\"600\" height=\"300\" src=\"https:\/\/educacaoempreendedora.com\/cieeci2025\/wp-content\/uploads\/2025\/02\/caderno2.png\" class=\"attachment-full size-full wp-image-1475\" alt=\"\" srcset=\"https:\/\/educacaoempreendedora.com\/cieeci2025\/wp-content\/uploads\/2025\/02\/caderno2.png 600w, https:\/\/educacaoempreendedora.com\/cieeci2025\/wp-content\/uploads\/2025\/02\/caderno2-300x150.png 300w\" sizes=\"(max-width: 600px) 100vw, 600px\" \/>\t\t\t\t\t\t\t\t\t\t\t\t\t\t\t<\/div>\n\t\t\t\t<\/div>\n\t\t\t\t<\/div>\n\t\t<div class=\"elementor-element elementor-element-2889474 e-con-full e-flex wpr-particle-no wpr-jarallax-no wpr-parallax-no wpr-sticky-section-no wpr-equal-height-no e-con e-child\" data-id=\"2889474\" data-element_type=\"container\" data-e-type=\"container\">\n\t\t\t\t<\/div>\n\t\t\t\t\t<\/div>\n\t\t\t\t<\/div>\n\t\t\t\t<\/div>\n\t\t","protected":false},"excerpt":{"rendered":"<p>NOS VEREMOS EM PORTUGAL 2026 &#8211; OBRIGADO ARACAJU! OBJETIVO GERAL Debater o impacto da educa\u00e7\u00e3o empreendedora, da intelig\u00eancia artificial e da a\u00e7\u00e3o dos munic\u00edpios na resposta aos desafios econ\u00f4micos, sociais e ambientais atuais. DIA 16 07h00 BR (11h00 PT) Credenciamento 08h00 BR (12h00 PT) SOLENIDADE DE ABERTURA 09h00 BR (13h00 PT) CONFER\u00caNCIA DE ABERTURACONSTRUINDO PONTES COM OS MUNIC\u00cdPIOS EMPREENDEDORES:POL\u00cdTICAS, PR\u00c1TICAS E TEND\u00caNCIASSenador La\u00e9rcio Oliveira (Brasil)Prof.Dr. Jacinto Jardim (UAb &#8211; Portugal)Moderador: Andr\u00e9 Gusm\u00e3o 10h00 BR (14h00 PT) PAINEL ARTICULADOO PAPEL DA EDUCA\u00c7\u00c3O EMPREENDEDORA NO DESENVOLVIMENTO HUMANOAndrea Karla F Nunes (Unit &#8211; SE &#8211; Brasil)Nathalie Ba\u00efdak (EACEA, rede Eurydice)Adelino Ribeiro (MobilidadePT &#8211; Portugal)Moderadora: Naira Libermann (PUCRS) 11h00 BR (15h00 PT) APRESENTA\u00c7\u00c3O DOS PROJETOS EMPREENDEDORESDAS ESCOLAS DE: PROPRI\u00c1 E MALHADA DOS BOIS 11h45 BR (15h45 PT) Intervalo 13h15 BR (17h15 PT) CONFER\u00caNCIACI\u00caNCIA, ENSINO A DIST\u00c2NCIA E EMPREENDEDORISMO PARATRANSFORMAR O FUTURO DA EDUCA\u00c7\u00c3OCarla Padrel de Oliveira (Reitora da Universidade Aberta)Antonio Carlos Kronemberger (Sebrae)Moderador: Marcelo Ponte (Senado Federal) 14h15 BR (18h15 PT) APRESENTA\u00c7\u00c3O DOS PROJETOS EMPREENDEDORESDAS ESCOLAS DE: CAMPO DO BRITO E MOITA BONITA 15h15 BR (19h15 PT) PAINEL ARTICULADOEMPREENDEDORISMO REGIONAL E COOPERA\u00c7\u00c3O INTERNACIONAL:PERSPECTIVAS PARA PA\u00cdSES LUS\u00d3FONOS E HISPANOFALANTESJorge Cabral Nunes (Rotary Club)Otaviano Canuto (PCNS &#8211; USA)Jos\u00e9 Rabelo (UFS)Moderador: Jos\u00e9 Gabriel Beltr\u00e3o (Pres. C\u00e2mara Portuguesa de Sergipe) 16h15 BR (20h15 PT) PAINEL ARTICULADOREDES COLABORATIVAS E TRANSFORMA\u00c7\u00c3O DIGITAL:CONEX\u00d5ES PARA UM FUTURO SUSTENT\u00c1VELChico Saboya (ANPROTEC &#8211; Brasil)Ilka Serra (UE Maranh\u00e3o)Ant\u00f3nio Moreira (UAb &#8211; Portugal)Wagner Lemos (UNEB-BA)Moderadora: Josefina Vervloet (UESC-BA) 17h15 BR (21h15 PT) PAINEL ARTICULADOPARCERIAS ESTRAT\u00c9GICAS ENTRE INSTITUI\u00c7\u00d5ES EDUCACIONAIS,ORGANIZA\u00c7\u00d5ES E MUNIC\u00cdPIOSJ\u00e9ssica Rangel (JA Brasil)Anderson Barros (Uneal &#8211; AL &#8211; Brasil)Elisete Martins (ISLA &#8211; Portugal)Brenno Barreto (Sebrae-SE)Moderador: Cleon Nascimento (Secom Governo de Sergipe) 18h15 BR (22h15 PT) CONFER\u00caNCIAINTELIG\u00caNCIA ARTIFICIAL E EDUCA\u00c7\u00c3O EMPREENDEDORA:CAMINHOS PARA A INOVA\u00c7\u00c3O ESCAL\u00c1VELM\u00e1rcio Gon\u00e7alves (IFPR-PR)Eliane Schlemmer (Unisinos-RS)Moderador: Cl\u00e9ber Lopes DIA 17 08h00\u201311h00 BR (12h00\u201315h00 PT) SESS\u00d5ES TEM\u00c1TICAS SALA 1 &#8211; Intelig\u00eancia Artificial e Tecnologias Emergentes no Empreendedorismo | Forma\u00e7\u00e3o Profissional para o Empreendedorismo SALA 2 &#8211; Educa\u00e7\u00e3o Empreendedora: Teorias, Pr\u00e1ticas e Resultados SALA 3 &#8211; Educa\u00e7\u00e3o Empreendedora: Teorias, Pr\u00e1ticas e Resultados. SALA 4 &#8211; Educa\u00e7\u00e3o Empreendedora: Teorias, Pr\u00e1ticas e Resultados | Empreendedorismo Feminino | Pol\u00edticas P\u00fablicas e Legisla\u00e7\u00e3o de Apoio ao Empreendedorismo SALA 5 &#8211; Empreendedorismo Social, Sustentabilidade e Globaliza\u00e7\u00e3o | Turismo, Com\u00e9rcio e Servi\u00e7os | Ecossistemas Municipais Empreendedores: Desafios e Oportunidades. Confira a Programa\u00e7\u00e3o Completa das Salas 11h00 BR (15h00 PT) Intervalo para o almo\u00e7o 12h30 BR (16h30 PT)\u00a0APRESENTA\u00c7\u00c3O DO PROJETO EMPREENDEDORDA ESCOLA DE ITABI 12h45 BR (16h45 PT)Alunos Convidados Especiais do\u00a0Centro de Excel\u00eancia de Educa\u00e7\u00e3o Profissional Jos\u00e9 Figueiredo BarretoAracaju &#8211; SE 13h30 BR (17h30 PT) PAINEL ARTICULADOUNI\u00c3O DE EMPRESAS COM A EDUCA\u00c7\u00c3O SUPERIOR:CI\u00caNCIA E TECNOLOGIA NA PR\u00c1TICAPaulo do Eirado (ITP-SE)Patr\u00edcia Severino (Unit-SE)Diego Menezes (ABIPTI &#8211; DF)Moderadora: Carla Almeida (SergipeTec) 14h00 BR (18h00 PT) PAINEL ARTICULADOPLANOS ESTRAT\u00c9GICOS MUNICIPAIS PARA O EMPREENDEDORISMODilermando J\u00fanior (Sec. Inova\u00e7\u00e3o de Aracaju)Agla\u00e9 D&#8217;\u00c1vila Fontes (IHGS-SE)Ricardo Nascimento Abreu (UFS-SE)Moderador: Hugo Barbosa (Senado Federal) 15h00 BR (19h00 PT) CONFER\u00caNCIAO IMPACTO DA EDUCA\u00c7\u00c3O PARA O EMPREENDEDORISMONA EUROPA E NO BRASILMargarida Leandro (DGEEC \u2013 Portugal)Eduardo Vilas Boas (Faculdade Sebrae-SP)Moderador: Alercio Bressano (JA Sergipe) 16h00 BR (20h00 PT) PAINEL ARTICULADOPESQUISA, DESENVOLVIMENTO E INOVA\u00c7\u00c3O:A IMPORT\u00c2NCIA DO FOMENTO DA CULTURA EMPREENDEDORA PARA O PROGRESSO DE SERGIPEFelipe H. Souza (Cultive-se Horta Vertical)Victor Nathan Fontes Silva (IAM)M\u00e1rcia Maria Santos (IFS-SE)Moderador: Alex Garcez (Fapitec &#8211; Sergipe) 17h00 BR (21h00 PT) PAINEL ARTICULADOEMPREENDEDORISMO FEMININO: VOZES, NEG\u00d3CIOS E IMPACTO SOCIALPriscila Felizola (Sebrae-SE)Fanie Adans (Eleavor)Sylvia Menezes (SC Consultoria)Manuela Teixeira (UAb &#8211; Portugal)Moderadora: Gl\u00f3ria Sena (Senado Federal) 18h00 BR (22h00 PT) PAINEL ARTICULADO\u00c9TICA, COMPLIANCE E RESPONSABILIDADE SOCIALCleide Ane Barbosa (Est\u00e1cio &#8211; SE)Antonino Sousa (CEG-UAb Portugal)Gl\u00e1ucia Guerra (Casa Civil-SE)Moderador: Nilson Lima (Diretor do Senac-SE) 19h00 BR (23h00 PT) CONFER\u00caNCIAECOSSISTEMAS EMPREENDEDORES: EDUCA\u00c7\u00c3O, TALENTO E SUSTENTABILIDADECristiane Tavares (Senac &#8211; SE)S\u00f4nia Fonseca (UESC-BA)Moderadora: Susana Alves-Jesus (UAb &#8211; Portugal) DIA 18 08h30 BR (12h30 PT) PAINEL ARTICULADOREFERENCIAIS, REDES E APRENDIZAGENS ESSENCIAISV\u00edtor Figueiredo (DGE &#8211; Portugal)Fabiana Pinho (CER Sebrae-MG)Moderador: Andreia Pinho (UAb &#8211; Portugal) 09h30 BR (13h30 PT) PAINEL ARTICULADOO FUTURO DO PROJETO CONSTRUINDO PONTES COM OS MUNIC\u00cdPIOS EMPREENDEDORESMonica Almeida (Malhada dos Bois)Perla Reboiras (Campo do Brito)Marcia Marcelle (Propri\u00e1)Deidiane Andrade (Moita Bonita)Alberto Oliveira (Itabi)Moderador: Jacinto Jardim (UAb &#8211; Portugal) CONFER\u00caNCIAS DE ENCERRAMENTOModeradora: Carla Passos (Senado Federal &#8211; DF)10h30 BR (14h30 PT)DESENVOLVIMENTO E SUSTENTABILIDADE DE ECOSSISTEMAS DE EDUCA\u00c7\u00c3O EMPREENDEDORARose Mary Lopes (ANEGEPE) 11h00 BR (15h PT)DA INVEN\u00c7\u00c3O DA RODA \u00c0 CRIA\u00c7\u00c3O DAS PLATAFORMAS DE IAJos\u00e9 Eduardo Franco (UAb &#8211; PT) 11h30 BR (15h30 PT) SOLENIDADE DE ENCERRAMENTO DO CONGRESSO ENTREGA DOS CERTIFICADOS DE EMBAIXADORES DA EDUCA\u00c7\u00c3O EMPREENDEDORA ENTREGA DA COMENDA DO M\u00c9RITO DA EDUCA\u00c7\u00c3O EMPREENDEDORA Carta de Aracaju Sess\u00f5es Tem\u00e1ticas | Dia 17 | Das 8 \u00e0s 11h 1 &#8211; Intelig\u00eancia Artificial e Tecnologias Emergentes no Empreendedorismo | Forma\u00e7\u00e3o Profissional para o Empreendedorismo Moderador : Fl\u00e1vio Oliveira (Sebrae SE) N\u00ba T\u00edtulo Autores Tipo \u00c1rea Modo 1 A Influ\u00eancia da Forma\u00e7\u00e3o Tecnol\u00f3gica nas Inten\u00e7\u00f5es Empreendedoras dos Estudantes: Proposta de Um Modelo Ana Teresa Colenci Trevelin | Vanessa Cristhina Gatto Artigo Forma\u00e7\u00e3o Profissional para o Empreendedorismo Presencial 2 Ado\u00e7\u00e3o de Blockchain na Gest\u00e3o de Cadeias de Suprimentos Financeiros: Implica\u00e7\u00f5es para a Tokeniza\u00e7\u00e3o de Ativos Francisco Farias Gomes | Glauber Campos Gomes Artigo Intelig\u00eancia Artificial e Tecnologias Emergentes no Empreendedorismo. Presencial 3 Entre Algoritmos e Ilhas: Intelig\u00eancia Artificial, Empreendedorismo e Sustentabilidade na Regi\u00e3o Aut\u00f3noma da Madeira Gilda Maria de Gouveia Jardim | Marco Ant\u00f3nio Freitas Teles Artigo Intelig\u00eancia Artificial e Tecnologias Emergentes no Empreendedorismo. Online 4 Identifica\u00e7\u00e3o e An\u00e1lise da Inova\u00e7\u00e3o Aberta em Micro e Pequenas Empresas e Empresas de Base Tecnol\u00f3gica Adriano Carlos Moraes Rosa |Bruno Donizeti da Silva |Vanessa Cristhina Gatto | Herlandi de Souza Andrade Artigo Intelig\u00eancia Artificial e Tecnologias Emergentes no Empreendedorismo. Online 5 Inova\u00e7\u00e3o pedag\u00f3gica e educa\u00e7\u00e3o empreendedora &#8211; Um modelo de interven\u00e7\u00e3o com docentes e estudantes do ensino superior articulado com desafios da comunidade Ant\u00f3nio Leal | Lu\u00edsa Almeida Artigo Forma\u00e7\u00e3o Profissional para o Empreendedorismo Online 6 Intelig\u00eancia Artificial como Motor do Empreendedorismo Paula Alexandra Valente | Paula Cristina Bra\u00e7ais Artigo Intelig\u00eancia Artificial e Tecnologias Emergentes no Empreendedorismo. Online 7 Intera\u00e7\u00e3o entre carga cognitiva e computacional no uso de enxames de llms quantizados para aplica\u00e7\u00f5es empreendedoras H\u00e9lio Craveiro Pessoa J\u00fanior Resumo Intelig\u00eancia Artificial e Tecnologias Emergentes no Empreendedorismo. Online 8 M\u00e9todo Literacia: Inova\u00e7\u00e3o educacional e empreendedorismo social<\/p>\n","protected":false},"author":1,"featured_media":0,"parent":0,"menu_order":0,"comment_status":"closed","ping_status":"closed","template":"elementor_header_footer","meta":{"footnotes":""},"class_list":["post-3325","page","type-page","status-publish","hentry"],"_links":{"self":[{"href":"https:\/\/educacaoempreendedora.com\/cieeci2025\/wp-json\/wp\/v2\/pages\/3325","targetHints":{"allow":["GET"]}}],"collection":[{"href":"https:\/\/educacaoempreendedora.com\/cieeci2025\/wp-json\/wp\/v2\/pages"}],"about":[{"href":"https:\/\/educacaoempreendedora.com\/cieeci2025\/wp-json\/wp\/v2\/types\/page"}],"author":[{"embeddable":true,"href":"https:\/\/educacaoempreendedora.com\/cieeci2025\/wp-json\/wp\/v2\/users\/1"}],"replies":[{"embeddable":true,"href":"https:\/\/educacaoempreendedora.com\/cieeci2025\/wp-json\/wp\/v2\/comments?post=3325"}],"version-history":[{"count":16,"href":"https:\/\/educacaoempreendedora.com\/cieeci2025\/wp-json\/wp\/v2\/pages\/3325\/revisions"}],"predecessor-version":[{"id":3344,"href":"https:\/\/educacaoempreendedora.com\/cieeci2025\/wp-json\/wp\/v2\/pages\/3325\/revisions\/3344"}],"wp:attachment":[{"href":"https:\/\/educacaoempreendedora.com\/cieeci2025\/wp-json\/wp\/v2\/media?parent=3325"}],"curies":[{"name":"wp","href":"https:\/\/api.w.org\/{rel}","templated":true}]}}