{"id":2963,"date":"2025-10-06T14:29:09","date_gmt":"2025-10-06T17:29:09","guid":{"rendered":"https:\/\/educacaoempreendedora.com\/cieeci2025\/?page_id=2963"},"modified":"2025-10-14T06:29:54","modified_gmt":"2025-10-14T09:29:54","slug":"painelinterativo","status":"publish","type":"page","link":"https:\/\/educacaoempreendedora.com\/cieeci2025\/painelinterativo\/","title":{"rendered":"painelinterativo"},"content":{"rendered":"\t\t<div data-elementor-type=\"wp-page\" data-elementor-id=\"2963\" class=\"elementor elementor-2963\">\n\t\t\t\t<div class=\"elementor-element elementor-element-469a6a9 e-flex e-con-boxed wpr-particle-no wpr-jarallax-no wpr-parallax-no wpr-sticky-section-no wpr-equal-height-no e-con e-parent\" data-id=\"469a6a9\" data-element_type=\"container\" data-e-type=\"container\">\n\t\t\t\t\t<div class=\"e-con-inner\">\n\t\t<div class=\"elementor-element elementor-element-49793ac e-con-full e-flex wpr-particle-no wpr-jarallax-no wpr-parallax-no wpr-sticky-section-no wpr-equal-height-no e-con e-child\" data-id=\"49793ac\" data-element_type=\"container\" data-e-type=\"container\">\n\t\t\t\t<div class=\"elementor-element elementor-element-aa87638 elementor-widget elementor-widget-image\" data-id=\"aa87638\" data-element_type=\"widget\" data-e-type=\"widget\" data-widget_type=\"image.default\">\n\t\t\t\t<div class=\"elementor-widget-container\">\n\t\t\t\t\t\t\t\t\t\t\t\t\t\t\t<img fetchpriority=\"high\" decoding=\"async\" width=\"800\" height=\"223\" src=\"https:\/\/educacaoempreendedora.com\/cieeci2025\/wp-content\/uploads\/2024\/09\/cieeci800.png\" class=\"attachment-full size-full wp-image-1726\" alt=\"\" srcset=\"https:\/\/educacaoempreendedora.com\/cieeci2025\/wp-content\/uploads\/2024\/09\/cieeci800.png 800w, https:\/\/educacaoempreendedora.com\/cieeci2025\/wp-content\/uploads\/2024\/09\/cieeci800-300x84.png 300w, https:\/\/educacaoempreendedora.com\/cieeci2025\/wp-content\/uploads\/2024\/09\/cieeci800-768x214.png 768w\" sizes=\"(max-width: 800px) 100vw, 800px\" \/>\t\t\t\t\t\t\t\t\t\t\t\t\t\t\t<\/div>\n\t\t\t\t<\/div>\n\t\t\t\t<\/div>\n\t\t<div class=\"elementor-element elementor-element-a571913 e-con-full e-flex wpr-particle-no wpr-jarallax-no wpr-parallax-no wpr-sticky-section-no wpr-equal-height-no e-con e-child\" data-id=\"a571913\" data-element_type=\"container\" data-e-type=\"container\">\n\t\t\t\t<div class=\"elementor-element elementor-element-bf624bb elementor-widget elementor-widget-image\" data-id=\"bf624bb\" data-element_type=\"widget\" data-e-type=\"widget\" data-widget_type=\"image.default\">\n\t\t\t\t<div class=\"elementor-widget-container\">\n\t\t\t\t\t\t\t\t\t\t\t\t\t\t\t<img decoding=\"async\" width=\"1080\" height=\"250\" src=\"https:\/\/educacaoempreendedora.com\/cieeci2025\/wp-content\/uploads\/2025\/10\/apoiadores_cieeci2025-1.png\" class=\"attachment-full size-full wp-image-2982\" alt=\"\" srcset=\"https:\/\/educacaoempreendedora.com\/cieeci2025\/wp-content\/uploads\/2025\/10\/apoiadores_cieeci2025-1.png 1080w, https:\/\/educacaoempreendedora.com\/cieeci2025\/wp-content\/uploads\/2025\/10\/apoiadores_cieeci2025-1-300x69.png 300w, https:\/\/educacaoempreendedora.com\/cieeci2025\/wp-content\/uploads\/2025\/10\/apoiadores_cieeci2025-1-1024x237.png 1024w, https:\/\/educacaoempreendedora.com\/cieeci2025\/wp-content\/uploads\/2025\/10\/apoiadores_cieeci2025-1-768x178.png 768w\" sizes=\"(max-width: 1080px) 100vw, 1080px\" \/>\t\t\t\t\t\t\t\t\t\t\t\t\t\t\t<\/div>\n\t\t\t\t<\/div>\n\t\t\t\t<\/div>\n\t\t\t\t\t<\/div>\n\t\t\t\t<\/div>\n\t\t<div class=\"elementor-element elementor-element-f4fc356 e-flex e-con-boxed wpr-particle-no wpr-jarallax-no wpr-parallax-no wpr-sticky-section-no wpr-equal-height-no e-con e-parent\" data-id=\"f4fc356\" data-element_type=\"container\" data-e-type=\"container\">\n\t\t\t\t\t<div class=\"e-con-inner\">\n\t\t<div class=\"elementor-element elementor-element-24bb663 e-con-full e-flex wpr-particle-no wpr-jarallax-no wpr-parallax-no wpr-sticky-section-no wpr-equal-height-no e-con e-child\" data-id=\"24bb663\" data-element_type=\"container\" data-e-type=\"container\">\n\t\t\t\t<div class=\"elementor-element elementor-element-97966ad elementor-widget elementor-widget-heading\" data-id=\"97966ad\" data-element_type=\"widget\" data-e-type=\"widget\" data-widget_type=\"heading.default\">\n\t\t\t\t<div class=\"elementor-widget-container\">\n\t\t\t\t\t<h2 class=\"elementor-heading-title elementor-size-default\">TOQUE E CONFIRA A PROGRAMA\u00c7\u00c3O<\/h2>\t\t\t\t<\/div>\n\t\t\t\t<\/div>\n\t\t\t\t<div class=\"elementor-element elementor-element-456b162 elementor-widget elementor-widget-eael-adv-accordion\" data-id=\"456b162\" data-element_type=\"widget\" data-e-type=\"widget\" data-widget_type=\"eael-adv-accordion.default\">\n\t\t\t\t<div class=\"elementor-widget-container\">\n\t\t\t\t\t            <div class=\"eael-adv-accordion\" id=\"eael-adv-accordion-456b162\" data-scroll-on-click=\"no\" data-scroll-speed=\"300\" data-accordion-id=\"456b162\" data-accordion-type=\"accordion\" data-toogle-speed=\"300\">\n            <div class=\"eael-accordion-list\">\n\t\t\t\t\t<div id=\"dia-16\" class=\"elementor-tab-title eael-accordion-header\" tabindex=\"0\" data-tab=\"1\" aria-controls=\"elementor-tab-content-7271\"><span class=\"eael-advanced-accordion-icon-closed\"><svg aria-hidden=\"true\" class=\"fa-accordion-icon e-font-icon-svg e-fas-plus\" viewBox=\"0 0 448 512\" xmlns=\"http:\/\/www.w3.org\/2000\/svg\"><path d=\"M416 208H272V64c0-17.67-14.33-32-32-32h-32c-17.67 0-32 14.33-32 32v144H32c-17.67 0-32 14.33-32 32v32c0 17.67 14.33 32 32 32h144v144c0 17.67 14.33 32 32 32h32c17.67 0 32-14.33 32-32V304h144c17.67 0 32-14.33 32-32v-32c0-17.67-14.33-32-32-32z\"><\/path><\/svg><\/span><span class=\"eael-advanced-accordion-icon-opened\"><svg aria-hidden=\"true\" class=\"fa-accordion-icon e-font-icon-svg e-fas-minus\" viewBox=\"0 0 448 512\" xmlns=\"http:\/\/www.w3.org\/2000\/svg\"><path d=\"M416 208H32c-17.67 0-32 14.33-32 32v32c0 17.67 14.33 32 32 32h384c17.67 0 32-14.33 32-32v-32c0-17.67-14.33-32-32-32z\"><\/path><\/svg><\/span><span class=\"eael-accordion-tab-title\">DIA 16<\/span><svg aria-hidden=\"true\" class=\"fa-toggle e-font-icon-svg e-fas-angle-right\" viewBox=\"0 0 256 512\" xmlns=\"http:\/\/www.w3.org\/2000\/svg\"><path d=\"M224.3 273l-136 136c-9.4 9.4-24.6 9.4-33.9 0l-22.6-22.6c-9.4-9.4-9.4-24.6 0-33.9l96.4-96.4-96.4-96.4c-9.4-9.4-9.4-24.6 0-33.9L54.3 103c9.4-9.4 24.6-9.4 33.9 0l136 136c9.5 9.4 9.5 24.6.1 34z\"><\/path><\/svg><\/div><div id=\"elementor-tab-content-7271\" class=\"eael-accordion-content clearfix\" data-tab=\"1\" aria-labelledby=\"dia-16\"><p><strong>07h00 BR (11h00 PT) Credenciamento<\/strong><\/p><p><strong>08h00 BR (12h00 PT) SOLENIDADE DE ABERTURA<\/strong><\/p><p><span style=\"color: #3366ff\"><strong>09h00 BR (13h00 PT) CONFER\u00caNCIA DE ABERTURA<\/strong><\/span><br \/><strong>CONSTRUINDO PONTES COM OS MUNIC\u00cdPIOS EMPREENDEDORES:<\/strong><br \/><strong>POL\u00cdTICAS, PR\u00c1TICAS E TEND\u00caNCIAS<\/strong><br \/><span style=\"color: #3366ff\">Senador La\u00e9rcio Oliveira (Brasil)<\/span><br \/><span style=\"color: #3366ff\">Prof.Dr. Jacinto Jardim (UAb &#8211; Portugal)<\/span><br \/>Moderador: Andr\u00e9 Gusm\u00e3o<\/p><p><span style=\"color: #3366ff\"><strong>10h00 BR (14h00 PT) PAINEL ARTICULADO<\/strong><\/span><br \/><strong>O PAPEL DA EDUCA\u00c7\u00c3O EMPREENDEDORA NO DESENVOLVIMENTO HUMANO<\/strong><br \/><span style=\"color: #3366ff\">Andrea Karla F Nunes (Unit &#8211; SE &#8211; Brasil)<\/span><br \/><span style=\"color: #3366ff\">Jari Riihel\u00e4inen (EACEA, rede Eurydice)<br \/>Adelino Ribeiro (MobilidadePT &#8211; Portugal)<\/span><br \/>Moderadora: Naira Libermann (PUCRS)<\/p><p><strong><span style=\"color: #3366ff\">11h00 BR (15h00 PT) APRESENTA\u00c7\u00c3O DOS PROJETOS EMPREENDEDORES<\/span><\/strong><br \/><strong><span style=\"color: #3366ff\">DAS ESCOLAS DE: <span style=\"color: #000080\">PROPRI\u00c1 E MALHADA DOS BOIS<\/span><\/span><\/strong><\/p><p>11h45 BR (15h45 PT) Intervalo<\/p><p><span style=\"color: #3366ff\"><strong>13h15 BR (17h15 PT) <span style=\"color: #0000ff\">CONFER\u00caNCIA<br \/><\/span><span style=\"color: #000000\">CI\u00caNCIA, ENSINO A DIST\u00c2NCIA E EMPREENDEDORISMO PARA<\/span><br \/><span style=\"color: #000000\">TRANSFORMAR O FUTURO DA EDUCA\u00c7\u00c3O<\/span><br \/><\/strong><span style=\"color: #0000ff\">Carla Padrel de Oliveira (Reitora da Universidade Aberta)<\/span><br \/><span style=\"color: #0000ff\">Antonio Carlos Kronemberger (Sebrae)<\/span><strong><br \/><\/strong><span style=\"color: #000000\">Moderador: Marcelo Ponte (Senado Federal)<\/span><\/span><\/p><p><strong><span style=\"color: #3366ff\">14h15 BR (18h15 PT) APRESENTA\u00c7\u00c3O DOS PROJETOS EMPREENDEDORES<\/span><\/strong><br \/><strong><span style=\"color: #3366ff\">DAS ESCOLAS DE: <span style=\"color: #000080\">CAMPO DO BRITO E MOITA BONITA<\/span><\/span><\/strong><\/p><p><span style=\"color: #0000ff\"><strong><span style=\"color: #3366ff\">15h15 BR (19h15 PT) PAINEL ARTICULADO<\/span><br \/><\/strong><\/span><strong>EMPREENDEDORISMO REGIONAL E COOPERA\u00c7\u00c3O <\/strong><strong>INTERNACIONAL:<br \/>PERSPECTIVAS PARA PA\u00cdSES LUS\u00d3FONOS E HISPANOFALANTES<br \/><\/strong><span style=\"color: #3366ff\">Jorge Cabral Nunes (Rotary Club)<br \/>Otaviano Canuto (PCNS &#8211; USA)<br \/>Jos\u00e9 Rabelo (UFS)<br \/><\/span><span style=\"color: #000000\">Moderador: Jos\u00e9 Gabriel Beltr\u00e3o (Pres. C\u00e2mara Portuguesa de Sergipe)<\/span><\/p><p><span style=\"color: #3366ff\"><strong>16h15 BR (20h15 PT) PAINEL ARTICULADO<\/strong><\/span><br \/><strong>REDES COLABORATIVAS E TRANSFORMA\u00c7\u00c3O DIGITAL:<\/strong><br \/><strong>CONEX\u00d5ES PARA UM FUTURO SUSTENT\u00c1VEL<\/strong><br \/><span style=\"color: #3366ff\">Chico Saboya (ANPROTEC &#8211; Brasil)<\/span><br \/><span style=\"color: #3366ff\">Ilka Serra (UE Maranh\u00e3o)<\/span><br \/><span style=\"color: #3366ff\">Ant\u00f3nio Moreira (UAb &#8211; Portugal)<br \/>Wagner Lemos (UNEB-BA)<\/span><br \/>Moderadora: Josefina Vervloet (UESC-BA)<\/p><p><span style=\"color: #3366ff\"><strong>17h15 BR (21h15 PT) PAINEL ARTICULADO<\/strong><\/span><br \/><strong>PARCERIAS ESTRAT\u00c9GICAS ENTRE INSTITUI\u00c7\u00d5ES EDUCACIONAIS,<\/strong><br \/><strong>ORGANIZA\u00c7\u00d5ES E MUNIC\u00cdPIOS<\/strong><br \/><span style=\"color: #3366ff\">J\u00e9ssica Rangel (JA Brasil)<br \/>Anderson Barros (Uneal &#8211; AL &#8211; Brasil)<\/span><br \/><span style=\"color: #3366ff\">Elisete Martins (ISLA &#8211; Portugal)<br \/>Brenno Barreto (Sebrae-SE)<\/span><br \/>Moderador: Cleon Nascimento (Secom Governo de Sergipe)<\/p><p><strong><span style=\"color: #3366ff\">18h15 BR (22h15 PT) CONFER\u00caNCIA<\/span><\/strong><br \/><strong>INTELIG\u00caNCIA ARTIFICIAL E EDUCA\u00c7\u00c3O EMPREENDEDORA:<\/strong><br \/><strong>CAMINHOS PARA A INOVA\u00c7\u00c3O ESCAL\u00c1VEL<\/strong><br \/><span style=\"color: #3366ff\">M\u00e1rcio Gon\u00e7alves (IFPR-PR)<\/span><br \/><span style=\"color: #3366ff\">Eliane Schlemmer (Unisinos-RS)<\/span><br \/>Moderador: Cl\u00e9ber Lopes<\/p><\/div>\n\t\t\t\t\t<\/div><div class=\"eael-accordion-list\">\n\t\t\t\t\t<div id=\"dia-17\" class=\"elementor-tab-title eael-accordion-header\" tabindex=\"0\" data-tab=\"2\" aria-controls=\"elementor-tab-content-7272\"><span class=\"eael-advanced-accordion-icon-closed\"><svg aria-hidden=\"true\" class=\"fa-accordion-icon e-font-icon-svg e-fas-plus\" viewBox=\"0 0 448 512\" xmlns=\"http:\/\/www.w3.org\/2000\/svg\"><path d=\"M416 208H272V64c0-17.67-14.33-32-32-32h-32c-17.67 0-32 14.33-32 32v144H32c-17.67 0-32 14.33-32 32v32c0 17.67 14.33 32 32 32h144v144c0 17.67 14.33 32 32 32h32c17.67 0 32-14.33 32-32V304h144c17.67 0 32-14.33 32-32v-32c0-17.67-14.33-32-32-32z\"><\/path><\/svg><\/span><span class=\"eael-advanced-accordion-icon-opened\"><svg aria-hidden=\"true\" class=\"fa-accordion-icon e-font-icon-svg e-fas-minus\" viewBox=\"0 0 448 512\" xmlns=\"http:\/\/www.w3.org\/2000\/svg\"><path d=\"M416 208H32c-17.67 0-32 14.33-32 32v32c0 17.67 14.33 32 32 32h384c17.67 0 32-14.33 32-32v-32c0-17.67-14.33-32-32-32z\"><\/path><\/svg><\/span><span class=\"eael-accordion-tab-title\">DIA 17<\/span><svg aria-hidden=\"true\" class=\"fa-toggle e-font-icon-svg e-fas-angle-right\" viewBox=\"0 0 256 512\" xmlns=\"http:\/\/www.w3.org\/2000\/svg\"><path d=\"M224.3 273l-136 136c-9.4 9.4-24.6 9.4-33.9 0l-22.6-22.6c-9.4-9.4-9.4-24.6 0-33.9l96.4-96.4-96.4-96.4c-9.4-9.4-9.4-24.6 0-33.9L54.3 103c9.4-9.4 24.6-9.4 33.9 0l136 136c9.5 9.4 9.5 24.6.1 34z\"><\/path><\/svg><\/div><div id=\"elementor-tab-content-7272\" class=\"eael-accordion-content clearfix\" data-tab=\"2\" aria-labelledby=\"dia-17\"><p><strong>08h00\u201311h00 BR (12h00\u201315h00 PT) SESS\u00d5ES TEM\u00c1TICAS<\/strong><\/p><p><span style=\"color: #000000\"><strong>SALA 1 &#8211; Intelig\u00eancia Artificial e Tecnologias Emergentes no Empreendedorismo | Forma\u00e7\u00e3o Profissional para o Empreendedorismo<\/strong><\/span><\/p><p><span style=\"color: #000000\"><strong>SALA 2 &#8211; Educa\u00e7\u00e3o Empreendedora: Teorias, Pr\u00e1ticas e Resultados<\/strong><\/span><\/p><p><strong><span style=\"color: #000000\">SALA 3 &#8211; Educa\u00e7\u00e3o Empreended<\/span>ora: Teorias, Pr\u00e1ticas e Resultados.<\/strong><\/p><p><strong>SALA 4 &#8211; Educa\u00e7\u00e3o Empreendedora: Teorias, Pr\u00e1ticas e Resultados | Empreendedorismo Feminino | Pol\u00edticas P\u00fablicas e Legisla\u00e7\u00e3o de Apoio ao Empreendedorismo <\/strong><\/p><p><strong>SALA 5 &#8211; Empreendedorismo Social, Sustentabilidade e Globaliza\u00e7\u00e3o | Turismo, Com\u00e9rcio e Servi\u00e7os | Ecossistemas Municipais Empreendedores: Desafios e Oportunidades.<\/strong><\/p><p><span style=\"color: #ff0000\"><strong><em><a style=\"color: #ff0000\" href=\"https:\/\/educacaoempreendedora.com\/cieeci2025\/sessoes-tematicas\/\">Confira a Programa\u00e7\u00e3o Completa das Salas<\/a><\/em><\/strong><\/span><\/p><p><span style=\"color: #000000\">11h00 BR (15h00 PT) Intervalo para o almo\u00e7o<\/span><\/p><p><span style=\"color: #0000ff\"><strong>12h30 BR (16h30 PT)\u00a0<br \/>APRESENTA\u00c7\u00c3O DO PROJETO EMPREENDEDOR<br \/>DA ESCOLA DE <span style=\"color: #000080\">ITABI<br \/><\/span><br \/>12h45 BR (16h45 PT)<br \/><\/strong>Alunos Convidados Especiais do\u00a0<strong><br \/><span style=\"color: #000000\">Centro de Excel\u00eancia de Educa\u00e7\u00e3o Profissional Jos\u00e9 Figueiredo Barreto<\/span><\/strong><br \/><span style=\"color: #000000\"><strong>Aracaju &#8211; SE<\/strong><\/span><\/span><\/p><p><span style=\"color: #0000ff\"><strong>13h00 BR (17h30 PT) <br \/><span style=\"color: #3366ff\">PAINEL ARTICULADO<\/span><br \/><span style=\"color: #000000\">UNI\u00c3O DE EMPRESAS COM A EDUCA\u00c7\u00c3O SUPERIOR:<\/span><br \/><span style=\"color: #000000\">CI\u00caNCIA E TECNOLOGIA NA PR\u00c1TICA<\/span><br \/><\/strong><span style=\"color: #3366ff\">Paulo do Eirado (ITP-SE)<\/span><br \/><span style=\"color: #3366ff\">Patr\u00edcia Severino (Unit-SE)<\/span><br \/><span style=\"color: #3366ff\">Diego Menezes (ABIPTI &#8211; DF)<\/span><br \/>Moderadora: Carla Almeida (SergipeTec)<strong><br \/><\/strong><\/span><\/p><p><strong><span style=\"color: #0000ff\">14h00 BR (18h00 PT) PAINEL ARTICULADO<\/span><\/strong><br \/><strong>PLANOS ESTRAT\u00c9GICOS MUNICIPAIS PARA O EMPREENDEDORISMO<\/strong><br \/><span style=\"color: #0000ff\">Dilermando J\u00fanior (Sec. Inova\u00e7\u00e3o de Aracaju)<\/span><br \/><span style=\"color: #0000ff\">Agla\u00e9 D&#8217;\u00c1vila Fontes (IHGS-SE)<\/span><br \/><span style=\"color: #0000ff\">Ricardo Nascimento Abreu (UFS-SE)<\/span><br \/>Moderador: Hugo Barbosa (Senado Federal)<\/p><p><strong><span style=\"color: #0000ff\">15h00 BR (19h00 PT) CONFER\u00caNCIA<\/span><\/strong><br \/><strong>O IMPACTO DA EDUCA\u00c7\u00c3O PARA O EMPREENDEDORISMO<\/strong><br \/><strong>NA EUROPA E NO BRASIL<\/strong><br \/><span style=\"color: #0000ff\">Margarida Leandro (DGEEC \u2013 Portugal)<\/span><br \/><span style=\"color: #0000ff\">Eduardo Vilas Boas (Faculdade Sebrae-SP)<\/span><br \/>Moderador: Alercio Bressano (JA Sergipe)<\/p><p><strong><span style=\"color: #0000ff\">16h00 BR (20h00 PT) PAINEL ARTICULADO<\/span><\/strong><br \/><strong>PESQUISA, DESENVOLVIMENTO E INOVA\u00c7\u00c3O:<\/strong><br \/><strong>A IMPORT\u00c2NCIA DO FOMENTO DA CULTURA EMPREENDEDORA PARA O PROGRESSO DE SERGIPE<\/strong><br \/><span style=\"color: #0000ff\">Felipe H. Souza (Cultive-se Horta Vertical)<\/span><br \/><span style=\"color: #0000ff\">Victor Nathan Fontes Silva (IAM)<\/span><br \/><span style=\"color: #0000ff\">M\u00e1rcia Maria Santos (IFS-SE)<\/span><br \/>Moderador: Alex Garcez (Fapitec &#8211; Sergipe)<\/p><p><strong><span style=\"color: #0000ff\">17h00 BR (21h00 PT) PAINEL ARTICULADO<\/span><\/strong><br \/><strong>EMPREENDEDORISMO FEMININO: VOZES, NEG\u00d3CIOS E IMPACTO SOCIAL<\/strong><br \/><span style=\"color: #0000ff\">Priscila Felizola (Sebrae-SE)<br \/>Fanie Adans (Eleavor)<br \/>Sylvia Menezes (SC Consultoria)<br \/>Manuela Teixeira (UAb &#8211; Portugal)<\/span><br \/>Moderadora: Gl\u00f3ria Sena (Senado Federal)<\/p><p><strong><span style=\"color: #0000ff\">18h00 BR (22h00 PT) PAINEL ARTICULADO<\/span><\/strong><br \/><strong>\u00c9TICA, COMPLIANCE E RESPONSABILIDADE SOCIAL<br \/><\/strong><span style=\"color: #0000ff\">Cleide Ane Barbosa (Est\u00e1cio &#8211; SE)<br \/>Antonino Sousa (CEG-UAb Portugal)<\/span><br \/><span style=\"color: #0000ff\">Gl\u00e1ucia Guerra (Casa Civil-SE)<\/span><br \/>Moderador: Nilson Lima (Diretor do Senac-SE)<\/p><p><strong><span style=\"color: #0000ff\">19h00 BR (23h00 PT) CONFER\u00caNCIA<\/span><\/strong><br \/><strong>ECOSSISTEMAS EMPREENDEDORES: EDUCA\u00c7\u00c3O, TALENTO E SUSTENTABILIDADE<\/strong><br \/><span style=\"color: #0000ff\">Cristiane Tavares (Senac &#8211; SE)<br \/>S\u00f4nia Fonseca (UESC-BA)<br \/><\/span>Moderadora: Susana Alves-Jesus (UAb &#8211; Portugal)<\/p><\/div>\n\t\t\t\t\t<\/div><div class=\"eael-accordion-list\">\n\t\t\t\t\t<div id=\"dia-18\" class=\"elementor-tab-title eael-accordion-header\" tabindex=\"0\" data-tab=\"3\" aria-controls=\"elementor-tab-content-7273\"><span class=\"eael-advanced-accordion-icon-closed\"><svg aria-hidden=\"true\" class=\"fa-accordion-icon e-font-icon-svg e-fas-plus\" viewBox=\"0 0 448 512\" xmlns=\"http:\/\/www.w3.org\/2000\/svg\"><path d=\"M416 208H272V64c0-17.67-14.33-32-32-32h-32c-17.67 0-32 14.33-32 32v144H32c-17.67 0-32 14.33-32 32v32c0 17.67 14.33 32 32 32h144v144c0 17.67 14.33 32 32 32h32c17.67 0 32-14.33 32-32V304h144c17.67 0 32-14.33 32-32v-32c0-17.67-14.33-32-32-32z\"><\/path><\/svg><\/span><span class=\"eael-advanced-accordion-icon-opened\"><svg aria-hidden=\"true\" class=\"fa-accordion-icon e-font-icon-svg e-fas-minus\" viewBox=\"0 0 448 512\" xmlns=\"http:\/\/www.w3.org\/2000\/svg\"><path d=\"M416 208H32c-17.67 0-32 14.33-32 32v32c0 17.67 14.33 32 32 32h384c17.67 0 32-14.33 32-32v-32c0-17.67-14.33-32-32-32z\"><\/path><\/svg><\/span><span class=\"eael-accordion-tab-title\">DIA 18<\/span><svg aria-hidden=\"true\" class=\"fa-toggle e-font-icon-svg e-fas-angle-right\" viewBox=\"0 0 256 512\" xmlns=\"http:\/\/www.w3.org\/2000\/svg\"><path d=\"M224.3 273l-136 136c-9.4 9.4-24.6 9.4-33.9 0l-22.6-22.6c-9.4-9.4-9.4-24.6 0-33.9l96.4-96.4-96.4-96.4c-9.4-9.4-9.4-24.6 0-33.9L54.3 103c9.4-9.4 24.6-9.4 33.9 0l136 136c9.5 9.4 9.5 24.6.1 34z\"><\/path><\/svg><\/div><div id=\"elementor-tab-content-7273\" class=\"eael-accordion-content clearfix\" data-tab=\"3\" aria-labelledby=\"dia-18\"><p><strong><span style=\"color: #3366ff\">08h30 BR (12h30 PT) PAINEL ARTICULADO<br \/><\/span><\/strong><strong>REFERENCIAIS, REDES E APRENDIZAGENS ESSENCIAIS<br \/><\/strong><span style=\"color: #0000ff\">V\u00edtor Figueiredo (DGE &#8211; Portugal)<\/span><br \/><span style=\"color: #0000ff\">Fabiana Pinho (CER Sebrae-MG)<\/span><br \/><span style=\"color: #000000\">Moderador: Andreia Pinho (UAb &#8211; Portugal)<\/span><\/p><p><strong><span style=\"color: #3366ff\">09h30 BR (13h30 PT) PAINEL ARTICULADO<br \/><\/span><\/strong><strong>O FUTURO DO PROJETO CONSTRUINDO PONTES COM OS MUNIC\u00cdPIOS EMPREENDEDORES<br \/><\/strong><span style=\"color: #0000ff\">Monica Almeida (Malhada dos Bois)<\/span><br \/><span style=\"color: #0000ff\">Perla Reboiras (Campo do Brito)<\/span><br \/><span style=\"color: #0000ff\">Marcia Marcelle (Propri\u00e1)<\/span><br \/><span style=\"color: #0000ff\">Deidiane Andrade (Moita Bonita)<\/span><br \/><span style=\"color: #0000ff\">Alberto Oliveira (Itabi)<\/span><br \/><span style=\"color: #000000\">Moderador: Jacinto Jardim (UAb &#8211; Portugal)<\/span><\/p><p><strong><span style=\"color: #3366ff\">CONFER\u00caNCIAS DE ENCERRAMENTO<br \/><\/span><\/strong><span style=\"color: #000000\">Moderadora: Carla Passos (Senado Federal &#8211; DF)<br \/><\/span><strong><span style=\"color: #000000\"><br \/><span style=\"color: #3366ff\">10h30 BR (14h30 PT)<\/span><br \/>DESENVOLVIMENTO E SUSTENTABILIDADE DE ECOSSISTEMAS DE EDUCA\u00c7\u00c3O EMPREENDEDORA<br \/><\/span><span style=\"color: #0000ff\">Rose Mary Lopes (ANEGEPE)<\/span><\/strong><\/p><p><strong><span style=\"color: #3366ff\">11h00 BR (15h PT)<br \/><\/span><span style=\"color: #000000\">DA INVEN\u00c7\u00c3O DA RODA \u00c0 CRIA\u00c7\u00c3O DAS PLATAFORMAS DE IA<\/span><\/strong><br \/><strong><span style=\"color: #0000ff\">Jos\u00e9 Eduardo Franco (UAb &#8211; PT)<\/span><\/strong><\/p><p><span style=\"color: #0000ff\"><strong>11h30 BR (15h30 PT) SOLENIDADE DE ENCERRAMENTO DO CONGRESSO<\/strong><\/span><\/p><p>ENTREGA DOS CERTIFICADOS DE EMBAIXADORES DA EDUCA\u00c7\u00c3O EMPREENDEDORA<\/p><p><strong>ENTREGA DA COMENDA DO M\u00c9RITO DA EDUCA\u00c7\u00c3O EMPREENDEDORA<br \/><\/strong><\/p><p>Carta de Aracaju<\/p><\/div>\n\t\t\t\t\t<\/div><\/div>\t\t\t\t<\/div>\n\t\t\t\t<\/div>\n\t\t\t\t<\/div>\n\t\t<div class=\"elementor-element elementor-element-d2061f3 e-con-full e-flex wpr-particle-no wpr-jarallax-no wpr-parallax-no wpr-sticky-section-no wpr-equal-height-no e-con e-child\" data-id=\"d2061f3\" data-element_type=\"container\" data-e-type=\"container\">\n\t\t\t\t<div class=\"elementor-element elementor-element-74d3ef6 elementor-widget elementor-widget-heading\" data-id=\"74d3ef6\" data-element_type=\"widget\" data-e-type=\"widget\" data-widget_type=\"heading.default\">\n\t\t\t\t<div class=\"elementor-widget-container\">\n\t\t\t\t\t<h2 class=\"elementor-heading-title elementor-size-default\">SESS\u00d5ES TEM\u00c1TICAS<\/h2>\t\t\t\t<\/div>\n\t\t\t\t<\/div>\n\t\t\t\t<div class=\"elementor-element elementor-element-fe8845f elementor-widget elementor-widget-eael-adv-accordion\" data-id=\"fe8845f\" data-element_type=\"widget\" data-e-type=\"widget\" data-widget_type=\"eael-adv-accordion.default\">\n\t\t\t\t<div class=\"elementor-widget-container\">\n\t\t\t\t\t            <div class=\"eael-adv-accordion\" id=\"eael-adv-accordion-fe8845f\" data-scroll-on-click=\"no\" data-scroll-speed=\"300\" data-accordion-id=\"fe8845f\" data-accordion-type=\"accordion\" data-toogle-speed=\"300\">\n            <div class=\"eael-accordion-list\">\n\t\t\t\t\t<div id=\"1-inteligncia-artificial-e-tecnologias-emergentes-no-empreendedorismo-formao-profissional-para-o-empreendedorismo\" class=\"elementor-tab-title eael-accordion-header\" tabindex=\"0\" data-tab=\"1\" aria-controls=\"elementor-tab-content-2661\"><span class=\"eael-advanced-accordion-icon-closed\"><svg aria-hidden=\"true\" class=\"fa-accordion-icon e-font-icon-svg e-fas-plus\" viewBox=\"0 0 448 512\" xmlns=\"http:\/\/www.w3.org\/2000\/svg\"><path d=\"M416 208H272V64c0-17.67-14.33-32-32-32h-32c-17.67 0-32 14.33-32 32v144H32c-17.67 0-32 14.33-32 32v32c0 17.67 14.33 32 32 32h144v144c0 17.67 14.33 32 32 32h32c17.67 0 32-14.33 32-32V304h144c17.67 0 32-14.33 32-32v-32c0-17.67-14.33-32-32-32z\"><\/path><\/svg><\/span><span class=\"eael-advanced-accordion-icon-opened\"><svg aria-hidden=\"true\" class=\"fa-accordion-icon e-font-icon-svg e-fas-robot\" viewBox=\"0 0 640 512\" xmlns=\"http:\/\/www.w3.org\/2000\/svg\"><path d=\"M32,224H64V416H32A31.96166,31.96166,0,0,1,0,384V256A31.96166,31.96166,0,0,1,32,224Zm512-48V448a64.06328,64.06328,0,0,1-64,64H160a64.06328,64.06328,0,0,1-64-64V176a79.974,79.974,0,0,1,80-80H288V32a32,32,0,0,1,64,0V96H464A79.974,79.974,0,0,1,544,176ZM264,256a40,40,0,1,0-40,40A39.997,39.997,0,0,0,264,256Zm-8,128H192v32h64Zm96,0H288v32h64ZM456,256a40,40,0,1,0-40,40A39.997,39.997,0,0,0,456,256Zm-8,128H384v32h64ZM640,256V384a31.96166,31.96166,0,0,1-32,32H576V224h32A31.96166,31.96166,0,0,1,640,256Z\"><\/path><\/svg><\/span><span class=\"eael-accordion-tab-title\">1 - Intelig\u00eancia Artificial e Tecnologias Emergentes no Empreendedorismo | Forma\u00e7\u00e3o Profissional para o Empreendedorismo<\/span><svg aria-hidden=\"true\" class=\"fa-toggle e-font-icon-svg e-fas-angle-right\" viewBox=\"0 0 256 512\" xmlns=\"http:\/\/www.w3.org\/2000\/svg\"><path d=\"M224.3 273l-136 136c-9.4 9.4-24.6 9.4-33.9 0l-22.6-22.6c-9.4-9.4-9.4-24.6 0-33.9l96.4-96.4-96.4-96.4c-9.4-9.4-9.4-24.6 0-33.9L54.3 103c9.4-9.4 24.6-9.4 33.9 0l136 136c9.5 9.4 9.5 24.6.1 34z\"><\/path><\/svg><\/div><div id=\"elementor-tab-content-2661\" class=\"eael-accordion-content clearfix\" data-tab=\"1\" aria-labelledby=\"1-inteligncia-artificial-e-tecnologias-emergentes-no-empreendedorismo-formao-profissional-para-o-empreendedorismo\"><h4>Moderador : Fl\u00e1vio Oliveira (Sebrae SE)<\/h4><table style=\"width: 100%;border-collapse: collapse;border: 1px solid #999\"><thead><tr style=\"background: #AAA\"><th style=\"font-weight: bold;padding: 8px;border-left: 1px solid #999;border-right: 1px solid #999\">N\u00ba<\/th><th style=\"font-weight: bold;padding: 8px;border-left: 1px solid #999;border-right: 1px solid #999\">T\u00edtulo<\/th><th style=\"font-weight: bold;padding: 8px;border-left: 1px solid #999;border-right: 1px solid #999\">Autores<\/th><th style=\"font-weight: bold;padding: 8px;border-left: 1px solid #999;border-right: 1px solid #999\">Tipo<\/th><th style=\"font-weight: bold;padding: 8px;border-left: 1px solid #999;border-right: 1px solid #999\">\u00c1rea<\/th><th style=\"font-weight: bold;padding: 8px;border-left: 1px solid #999;border-right: 1px solid #999\">Modo<\/th><\/tr><\/thead><tbody><tr style=\"background: #FFF\"><td style=\"padding: 8px;border-left: 1px solid #999;border-right: 1px solid #999\">1<\/td><td style=\"padding: 8px;border-left: 1px solid #999;border-right: 1px solid #999\">A Influ\u00eancia da Forma\u00e7\u00e3o Tecnol\u00f3gica nas Inten\u00e7\u00f5es Empreendedoras dos Estudantes: Proposta de Um Modelo<\/td><td style=\"padding: 8px;border-left: 1px solid #999;border-right: 1px solid #999\">Ana Teresa Colenci Trevelin | Vanessa Cristhina Gatto<\/td><td style=\"padding: 8px;border-left: 1px solid #999;border-right: 1px solid #999\">Artigo<\/td><td style=\"padding: 8px;border-left: 1px solid #999;border-right: 1px solid #999\">Forma\u00e7\u00e3o Profissional para o Empreendedorismo<\/td><td style=\"padding: 8px;border-left: 1px solid #999;border-right: 1px solid #999\">Presencial<\/td><\/tr><tr style=\"background: #CCC\"><td style=\"padding: 8px;border-left: 1px solid #999;border-right: 1px solid #999\">2<\/td><td style=\"padding: 8px;border-left: 1px solid #999;border-right: 1px solid #999\">Ado\u00e7\u00e3o de Blockchain na Gest\u00e3o de Cadeias de Suprimentos Financeiros: Implica\u00e7\u00f5es para a Tokeniza\u00e7\u00e3o de Ativos<\/td><td style=\"padding: 8px;border-left: 1px solid #999;border-right: 1px solid #999\">Francisco Farias Gomes | Glauber Campos Gomes<\/td><td style=\"padding: 8px;border-left: 1px solid #999;border-right: 1px solid #999\">Artigo<\/td><td style=\"padding: 8px;border-left: 1px solid #999;border-right: 1px solid #999\">Intelig\u00eancia Artificial e Tecnologias Emergentes no Empreendedorismo.<\/td><td style=\"padding: 8px;border-left: 1px solid #999;border-right: 1px solid #999\">Presencial<\/td><\/tr><tr style=\"background: #FFF\"><td style=\"padding: 8px;border-left: 1px solid #999;border-right: 1px solid #999\">3<\/td><td style=\"padding: 8px;border-left: 1px solid #999;border-right: 1px solid #999\">Entre Algoritmos e Ilhas: Intelig\u00eancia Artificial, Empreendedorismo e Sustentabilidade na Regi\u00e3o Aut\u00f3noma da Madeira<\/td><td style=\"padding: 8px;border-left: 1px solid #999;border-right: 1px solid #999\">Gilda Maria de Gouveia Jardim | Marco Ant\u00f3nio Freitas Teles<\/td><td style=\"padding: 8px;border-left: 1px solid #999;border-right: 1px solid #999\">Artigo<\/td><td style=\"padding: 8px;border-left: 1px solid #999;border-right: 1px solid #999\">Intelig\u00eancia Artificial e Tecnologias Emergentes no Empreendedorismo.<\/td><td style=\"padding: 8px;border-left: 1px solid #999;border-right: 1px solid #999\">Online<\/td><\/tr><tr style=\"background: #CCC\"><td style=\"padding: 8px;border-left: 1px solid #999;border-right: 1px solid #999\">4<\/td><td style=\"padding: 8px;border-left: 1px solid #999;border-right: 1px solid #999\">Identifica\u00e7\u00e3o e An\u00e1lise da Inova\u00e7\u00e3o Aberta em Micro e Pequenas Empresas e Empresas de Base Tecnol\u00f3gica<\/td><td style=\"padding: 8px;border-left: 1px solid #999;border-right: 1px solid #999\">Adriano Carlos Moraes Rosa |Bruno Donizeti da Silva |Vanessa Cristhina Gatto | Herlandi de Souza Andrade<\/td><td style=\"padding: 8px;border-left: 1px solid #999;border-right: 1px solid #999\">Artigo<\/td><td style=\"padding: 8px;border-left: 1px solid #999;border-right: 1px solid #999\">Intelig\u00eancia Artificial e Tecnologias Emergentes no Empreendedorismo.<\/td><td style=\"padding: 8px;border-left: 1px solid #999;border-right: 1px solid #999\">Online<\/td><\/tr><tr style=\"background: #FFF\"><td style=\"padding: 8px;border-left: 1px solid #999;border-right: 1px solid #999\">5<\/td><td style=\"padding: 8px;border-left: 1px solid #999;border-right: 1px solid #999\">Inova\u00e7\u00e3o pedag\u00f3gica e educa\u00e7\u00e3o empreendedora &#8211; Um modelo de interven\u00e7\u00e3o com docentes e estudantes do ensino superior articulado com desafios da comunidade<\/td><td style=\"padding: 8px;border-left: 1px solid #999;border-right: 1px solid #999\">Ant\u00f3nio Leal | Lu\u00edsa Almeida<\/td><td style=\"padding: 8px;border-left: 1px solid #999;border-right: 1px solid #999\">Artigo<\/td><td style=\"padding: 8px;border-left: 1px solid #999;border-right: 1px solid #999\">Forma\u00e7\u00e3o Profissional para o Empreendedorismo<\/td><td style=\"padding: 8px;border-left: 1px solid #999;border-right: 1px solid #999\">Online<\/td><\/tr><tr style=\"background: #CCC\"><td style=\"padding: 8px;border-left: 1px solid #999;border-right: 1px solid #999\">6<\/td><td style=\"padding: 8px;border-left: 1px solid #999;border-right: 1px solid #999\">Intelig\u00eancia Artificial como Motor do Empreendedorismo<\/td><td style=\"padding: 8px;border-left: 1px solid #999;border-right: 1px solid #999\">Paula Alexandra Valente | Paula Cristina Bra\u00e7ais<\/td><td style=\"padding: 8px;border-left: 1px solid #999;border-right: 1px solid #999\">Artigo<\/td><td style=\"padding: 8px;border-left: 1px solid #999;border-right: 1px solid #999\">Intelig\u00eancia Artificial e Tecnologias Emergentes no Empreendedorismo.<\/td><td style=\"padding: 8px;border-left: 1px solid #999;border-right: 1px solid #999\">Online<\/td><\/tr><tr style=\"background: #FFF\"><td style=\"padding: 8px;border-left: 1px solid #999;border-right: 1px solid #999\">7<\/td><td style=\"padding: 8px;border-left: 1px solid #999;border-right: 1px solid #999\">Intera\u00e7\u00e3o entre carga cognitiva e computacional no uso de enxames de llms quantizados para aplica\u00e7\u00f5es empreendedoras<\/td><td style=\"padding: 8px;border-left: 1px solid #999;border-right: 1px solid #999\">H\u00e9lio Craveiro Pessoa J\u00fanior<\/td><td style=\"padding: 8px;border-left: 1px solid #999;border-right: 1px solid #999\">Resumo<\/td><td style=\"padding: 8px;border-left: 1px solid #999;border-right: 1px solid #999\">Intelig\u00eancia Artificial e Tecnologias Emergentes no Empreendedorismo.<\/td><td style=\"padding: 8px;border-left: 1px solid #999;border-right: 1px solid #999\">Online<\/td><\/tr><tr style=\"background: #CCC\"><td style=\"padding: 8px;border-left: 1px solid #999;border-right: 1px solid #999\">8<\/td><td style=\"padding: 8px;border-left: 1px solid #999;border-right: 1px solid #999\">M\u00e9todo Literacia: Inova\u00e7\u00e3o educacional e empreendedorismo social na era da Intelig\u00eancia Artificial (IA)<\/td><td style=\"padding: 8px;border-left: 1px solid #999;border-right: 1px solid #999\">Renata Maria dos Santos<\/td><td style=\"padding: 8px;border-left: 1px solid #999;border-right: 1px solid #999\">Artigo<\/td><td style=\"padding: 8px;border-left: 1px solid #999;border-right: 1px solid #999\">Intelig\u00eancia Artificial e Tecnologias Emergentes no Empreendedorismo.<\/td><td style=\"padding: 8px;border-left: 1px solid #999;border-right: 1px solid #999\">Presencial<\/td><\/tr><tr style=\"background: #FFF\"><td style=\"padding: 8px;border-left: 1px solid #999;border-right: 1px solid #999\">9<\/td><td style=\"padding: 8px;border-left: 1px solid #999;border-right: 1px solid #999\">O guia de ind\u00edcios atitudinais da PUCPR e a educa\u00e7\u00e3o empreendedora &#8211; rela\u00e7\u00f5es no desenvolvimento e avalia\u00e7\u00e3o do Saber Ser<\/td><td style=\"padding: 8px;border-left: 1px solid #999;border-right: 1px solid #999\">V\u00e2nia Terra | Cl\u00e9ber Lopes<\/td><td style=\"padding: 8px;border-left: 1px solid #999;border-right: 1px solid #999\">Artigo<\/td><td style=\"padding: 8px;border-left: 1px solid #999;border-right: 1px solid #999\">Forma\u00e7\u00e3o Profissional para o Empreendedorismo<\/td><td style=\"padding: 8px;border-left: 1px solid #999;border-right: 1px solid #999\">Online<\/td><\/tr><tr style=\"background: #CCC\"><td style=\"padding: 8px;border-left: 1px solid #999;border-right: 1px solid #999\">10<\/td><td style=\"padding: 8px;border-left: 1px solid #999;border-right: 1px solid #999\">O jogo Criaturas Empreendedoras como recurso estrat\u00e9gico para o desenvolvimento da carreira empreendedora universit\u00e1ria<\/td><td style=\"padding: 8px;border-left: 1px solid #999;border-right: 1px solid #999\">Naira Libermann | Ana Nunes | Silvia Dopper<\/td><td style=\"padding: 8px;border-left: 1px solid #999;border-right: 1px solid #999\">Artigo<\/td><td style=\"padding: 8px;border-left: 1px solid #999;border-right: 1px solid #999\">Forma\u00e7\u00e3o Profissional para o Empreendedorismo<\/td><td style=\"padding: 8px;border-left: 1px solid #999;border-right: 1px solid #999\">Online<\/td><\/tr><tr style=\"background: #FFF\"><td style=\"padding: 8px;border-left: 1px solid #999;border-right: 1px solid #999\">11<\/td><td style=\"padding: 8px;border-left: 1px solid #999;border-right: 1px solid #999\">O papel do professor no ensino do empreendedorismo: o acompanhante na forma\u00e7\u00e3o de compet\u00eancias<\/td><td style=\"padding: 8px;border-left: 1px solid #999;border-right: 1px solid #999\">Gl\u00e1ucia Botan Rufato<\/td><td style=\"padding: 8px;border-left: 1px solid #999;border-right: 1px solid #999\">Artigo<\/td><td style=\"padding: 8px;border-left: 1px solid #999;border-right: 1px solid #999\">Forma\u00e7\u00e3o Profissional para o Empreendedorismo<\/td><td style=\"padding: 8px;border-left: 1px solid #999;border-right: 1px solid #999\">Online<\/td><\/tr><tr style=\"background: #CCC\"><td style=\"padding: 8px;border-left: 1px solid #999;border-right: 1px solid #999\">12<\/td><td style=\"padding: 8px;border-left: 1px solid #999;border-right: 1px solid #999\">Potencializando a educa\u00e7\u00e3o empreendedora: O di\u00e1logo com Paulo Freire para uma forma\u00e7\u00e3o cidad\u00e3<\/td><td style=\"padding: 8px;border-left: 1px solid #999;border-right: 1px solid #999\">Raquel Kowalski | Cl\u00e9ber Lopes<\/td><td style=\"padding: 8px;border-left: 1px solid #999;border-right: 1px solid #999\">Artigo<\/td><td style=\"padding: 8px;border-left: 1px solid #999;border-right: 1px solid #999\">Forma\u00e7\u00e3o Profissional para o Empreendedorismo<\/td><td style=\"padding: 8px;border-left: 1px solid #999;border-right: 1px solid #999\">Online<\/td><\/tr><tr style=\"background: #FFF\"><td style=\"padding: 8px;border-left: 1px solid #999;border-right: 1px solid #999\">13<\/td><td style=\"padding: 8px;border-left: 1px solid #999;border-right: 1px solid #999\">Promo\u00e7\u00e3o da educa\u00e7\u00e3o empreendedora atrav\u00e9s da educa\u00e7\u00e3o \u00e0 dist\u00e2ncia: uma an\u00e1lise de possibilidades e desafios<\/td><td style=\"padding: 8px;border-left: 1px solid #999;border-right: 1px solid #999\">Sandra Mara Lara | Cl\u00e9ber Lopes<\/td><td style=\"padding: 8px;border-left: 1px solid #999;border-right: 1px solid #999\">Artigo<\/td><td style=\"padding: 8px;border-left: 1px solid #999;border-right: 1px solid #999\">Forma\u00e7\u00e3o Profissional para o Empreendedorismo<\/td><td style=\"padding: 8px;border-left: 1px solid #999;border-right: 1px solid #999\">Presencial<\/td><\/tr><tr style=\"background: #CCC\"><td style=\"padding: 8px;border-left: 1px solid #999;border-right: 1px solid #999\">14<\/td><td style=\"padding: 8px;border-left: 1px solid #999;border-right: 1px solid #999\">Saber-Ser Empreendedor: o ensino das soft skills como base para a educa\u00e7\u00e3o empreendedora<\/td><td style=\"padding: 8px;border-left: 1px solid #999;border-right: 1px solid #999\">Evary Elys Anghinoni<\/td><td style=\"padding: 8px;border-left: 1px solid #999;border-right: 1px solid #999\">Artigo<\/td><td style=\"padding: 8px;border-left: 1px solid #999;border-right: 1px solid #999\">Forma\u00e7\u00e3o Profissional para o Empreendedorismo<\/td><td style=\"padding: 8px;border-left: 1px solid #999;border-right: 1px solid #999\">Online<\/td><\/tr><tr style=\"background: #FFF\"><td style=\"padding: 8px;border-left: 1px solid #999;border-right: 1px solid #999\">15<\/td><td style=\"padding: 8px;border-left: 1px solid #999;border-right: 1px solid #999\">Tecnologia como Extens\u00e3o Humana e os Desafios da Governan\u00e7a Antecipativa: Uma An\u00e1lise Cr\u00edtica da Intelig\u00eancia Artificial e seus Impactos \u00c9ticos e Sociais<\/td><td style=\"padding: 8px;border-left: 1px solid #999;border-right: 1px solid #999\">Ronald Jean Degen<\/td><td style=\"padding: 8px;border-left: 1px solid #999;border-right: 1px solid #999\">Artigo<\/td><td style=\"padding: 8px;border-left: 1px solid #999;border-right: 1px solid #999\">Intelig\u00eancia Artificial e Tecnologias Emergentes no Empreendedorismo.<\/td><td style=\"padding: 8px;border-left: 1px solid #999;border-right: 1px solid #999\">Presencial<\/td><\/tr><tr style=\"background: #CCC\"><td style=\"padding: 8px;border-left: 1px solid #999;border-right: 1px solid #999\">16<\/td><td style=\"padding: 8px;border-left: 1px solid #999;border-right: 1px solid #999\">Tecnologia e Empreendedorismo em A\u00e7\u00e3o: A Revolu\u00e7\u00e3o do RESTIC 36 na Bahia<\/td><td style=\"padding: 8px;border-left: 1px solid #999;border-right: 1px solid #999\">Eduardo Silva Palmeira | Jos\u00e9 Alfredo Santos Souza | Liliane Xavier Neves | Ana Paula Perovano | Leila Vita<\/td><td style=\"padding: 8px;border-left: 1px solid #999;border-right: 1px solid #999\">Artigo<\/td><td style=\"padding: 8px;border-left: 1px solid #999;border-right: 1px solid #999\">Intelig\u00eancia Artificial e Tecnologias Emergentes no Empreendedorismo.<\/td><td style=\"padding: 8px;border-left: 1px solid #999;border-right: 1px solid #999\">Presencial<\/td><\/tr><tr style=\"background: #FFF\"><td style=\"padding: 8px;border-left: 1px solid #999;border-right: 1px solid #999\">17<\/td><td style=\"padding: 8px;border-left: 1px solid #999;border-right: 1px solid #999\">Tokeniza\u00e7\u00e3o de Ativos Financeiros: uma an\u00e1lise da permuta financeira no contexto imobili\u00e1rio brasileiro<\/td><td style=\"padding: 8px;border-left: 1px solid #999;border-right: 1px solid #999\">Glauber Campos Gomes | Francisco Farias Gomes<\/td><td style=\"padding: 8px;border-left: 1px solid #999;border-right: 1px solid #999\">Artigo<\/td><td style=\"padding: 8px;border-left: 1px solid #999;border-right: 1px solid #999\">Intelig\u00eancia Artificial e Tecnologias Emergentes no Empreendedorismo.<\/td><td style=\"padding: 8px;border-left: 1px solid #999;border-right: 1px solid #999\">Presencial<\/td><\/tr><\/tbody><\/table><\/div>\n\t\t\t\t\t<\/div><div class=\"eael-accordion-list\">\n\t\t\t\t\t<div id=\"2-educao-empreendedora-teorias-prticas-e-resultados\" class=\"elementor-tab-title eael-accordion-header\" tabindex=\"0\" data-tab=\"2\" aria-controls=\"elementor-tab-content-2662\"><span class=\"eael-advanced-accordion-icon-closed\"><svg aria-hidden=\"true\" class=\"fa-accordion-icon e-font-icon-svg e-fas-plus\" viewBox=\"0 0 448 512\" xmlns=\"http:\/\/www.w3.org\/2000\/svg\"><path d=\"M416 208H272V64c0-17.67-14.33-32-32-32h-32c-17.67 0-32 14.33-32 32v144H32c-17.67 0-32 14.33-32 32v32c0 17.67 14.33 32 32 32h144v144c0 17.67 14.33 32 32 32h32c17.67 0 32-14.33 32-32V304h144c17.67 0 32-14.33 32-32v-32c0-17.67-14.33-32-32-32z\"><\/path><\/svg><\/span><span class=\"eael-advanced-accordion-icon-opened\"><svg aria-hidden=\"true\" class=\"fa-accordion-icon e-font-icon-svg e-fas-people-arrows\" viewBox=\"0 0 576 512\" xmlns=\"http:\/\/www.w3.org\/2000\/svg\"><path d=\"M96,128A64,64,0,1,0,32,64,64,64,0,0,0,96,128Zm0,176.08a44.11,44.11,0,0,1,13.64-32L181.77,204c1.65-1.55,3.77-2.31,5.61-3.57A63.91,63.91,0,0,0,128,160H64A64,64,0,0,0,0,224v96a32,32,0,0,0,32,32V480a32,32,0,0,0,32,32h64a32,32,0,0,0,32-32V383.61l-50.36-47.53A44.08,44.08,0,0,1,96,304.08ZM480,128a64,64,0,1,0-64-64A64,64,0,0,0,480,128Zm32,32H448a63.91,63.91,0,0,0-59.38,40.42c1.84,1.27,4,2,5.62,3.59l72.12,68.06a44.37,44.37,0,0,1,0,64L416,383.62V480a32,32,0,0,0,32,32h64a32,32,0,0,0,32-32V352a32,32,0,0,0,32-32V224A64,64,0,0,0,512,160ZM444.4,295.34l-72.12-68.06A12,12,0,0,0,352,236v36H224V236a12,12,0,0,0-20.28-8.73L131.6,295.34a12.4,12.4,0,0,0,0,17.47l72.12,68.07A12,12,0,0,0,224,372.14V336H352v36.14a12,12,0,0,0,20.28,8.74l72.12-68.07A12.4,12.4,0,0,0,444.4,295.34Z\"><\/path><\/svg><\/span><span class=\"eael-accordion-tab-title\">2 - Educa\u00e7\u00e3o Empreendedora: Teorias, Pr\u00e1ticas e Resultados<\/span><svg aria-hidden=\"true\" class=\"fa-toggle e-font-icon-svg e-fas-angle-right\" viewBox=\"0 0 256 512\" xmlns=\"http:\/\/www.w3.org\/2000\/svg\"><path d=\"M224.3 273l-136 136c-9.4 9.4-24.6 9.4-33.9 0l-22.6-22.6c-9.4-9.4-9.4-24.6 0-33.9l96.4-96.4-96.4-96.4c-9.4-9.4-9.4-24.6 0-33.9L54.3 103c9.4-9.4 24.6-9.4 33.9 0l136 136c9.5 9.4 9.5 24.6.1 34z\"><\/path><\/svg><\/div><div id=\"elementor-tab-content-2662\" class=\"eael-accordion-content clearfix\" data-tab=\"2\" aria-labelledby=\"2-educao-empreendedora-teorias-prticas-e-resultados\"><h3>Moderadora: D\u00e9bora Mendon\u00e7a (Sebrae SE)<\/h3><table style=\"width: 100%;border-collapse: collapse;border: 1px solid #999\"><thead><tr style=\"background: #AAA\"><th style=\"font-weight: bold;padding: 8px;border-left: 1px solid #999;border-right: 1px solid #999\">N\u00ba<\/th><th style=\"font-weight: bold;padding: 8px;border-left: 1px solid #999;border-right: 1px solid #999\">T\u00edtulo<\/th><th style=\"font-weight: bold;padding: 8px;border-left: 1px solid #999;border-right: 1px solid #999\">Autores<\/th><th style=\"font-weight: bold;padding: 8px;border-left: 1px solid #999;border-right: 1px solid #999\">Tipo<\/th><th style=\"font-weight: bold;padding: 8px;border-left: 1px solid #999;border-right: 1px solid #999\">\u00c1rea<\/th><th style=\"font-weight: bold;padding: 8px;border-left: 1px solid #999;border-right: 1px solid #999\">Modo<\/th><\/tr><\/thead><tbody><tr style=\"background: #FFF\"><td style=\"padding: 8px;border-left: 1px solid #999;border-right: 1px solid #999\">1<\/td><td style=\"padding: 8px;border-left: 1px solid #999;border-right: 1px solid #999\">A Educa\u00e7\u00e3o Empreendedora nos cursos de gradua\u00e7\u00e3o das institui\u00e7\u00f5es p\u00fablicas de ensino superior de Petrolina-PE o cen\u00e1rio em seus projetos pedag\u00f3gicos de curso<\/td><td style=\"padding: 8px;border-left: 1px solid #999;border-right: 1px solid #999\">T\u00e1cio Nunes Carvalho | Deranor Gomes de Oliveira<\/td><td style=\"padding: 8px;border-left: 1px solid #999;border-right: 1px solid #999\">Artigo<\/td><td style=\"padding: 8px;border-left: 1px solid #999;border-right: 1px solid #999\">Educa\u00e7\u00e3o Empreendedora: Teorias, Pr\u00e1ticas e Resultados.<\/td><td style=\"padding: 8px;border-left: 1px solid #999;border-right: 1px solid #999\">Online<\/td><\/tr><tr style=\"background: #CCC\"><td style=\"padding: 8px;border-left: 1px solid #999;border-right: 1px solid #999\">2<\/td><td style=\"padding: 8px;border-left: 1px solid #999;border-right: 1px solid #999\">A Escola Cidad\u00e3 como Ambiente de Fomento \u00e0 Educa\u00e7\u00e3o Empreendedora no Ensino M\u00e9dio<\/td><td style=\"padding: 8px;border-left: 1px solid #999;border-right: 1px solid #999\">Alice Rodrigues Almeida<\/td><td style=\"padding: 8px;border-left: 1px solid #999;border-right: 1px solid #999\">Artigo<\/td><td style=\"padding: 8px;border-left: 1px solid #999;border-right: 1px solid #999\">Educa\u00e7\u00e3o Empreendedora: Teorias, Pr\u00e1ticas e Resultados.<\/td><td style=\"padding: 8px;border-left: 1px solid #999;border-right: 1px solid #999\">Online<\/td><\/tr><tr style=\"background: #FFF\"><td style=\"padding: 8px;border-left: 1px solid #999;border-right: 1px solid #999\">3<\/td><td style=\"padding: 8px;border-left: 1px solid #999;border-right: 1px solid #999\">A Turma do Rafa: Material Did\u00e1tico Inovador Integra Projeto de Vida, Educa\u00e7\u00e3o Empreendedora e Financeira no Ensino Fundamental de Sergipe<\/td><td style=\"padding: 8px;border-left: 1px solid #999;border-right: 1px solid #999\">Rosana Soares Leite, Erinaldo Alves, Fernanda Merces e Vitor Aloisio<\/td><td style=\"padding: 8px;border-left: 1px solid #999;border-right: 1px solid #999\">Resumo<\/td><td style=\"padding: 8px;border-left: 1px solid #999;border-right: 1px solid #999\">Educa\u00e7\u00e3o Empreendedora: Teorias, Pr\u00e1ticas e Resultados.<\/td><td style=\"padding: 8px;border-left: 1px solid #999;border-right: 1px solid #999\">Presencial<\/td><\/tr><tr style=\"background: #CCC\"><td style=\"padding: 8px;border-left: 1px solid #999;border-right: 1px solid #999\">4<\/td><td style=\"padding: 8px;border-left: 1px solid #999;border-right: 1px solid #999\">Analisis de la Deserci\u00dbn Estudiantil de Bachilleres Destacados en la Facultad Polit\u00c8cnica<\/td><td style=\"padding: 8px;border-left: 1px solid #999;border-right: 1px solid #999\">Tom\u00e1s Alberto Salazar P\u00e9rez<\/td><td style=\"padding: 8px;border-left: 1px solid #999;border-right: 1px solid #999\">Artigo<\/td><td style=\"padding: 8px;border-left: 1px solid #999;border-right: 1px solid #999\">Educa\u00e7\u00e3o Empreendedora: Teorias, Pr\u00e1ticas e Resultados.<\/td><td style=\"padding: 8px;border-left: 1px solid #999;border-right: 1px solid #999\">Online<\/td><\/tr><tr style=\"background: #FFF\"><td style=\"padding: 8px;border-left: 1px solid #999;border-right: 1px solid #999\">5<\/td><td style=\"padding: 8px;border-left: 1px solid #999;border-right: 1px solid #999\">Chatbots como ferramenta de apoio para cursos de Empreendedorismo Digital: uma abordagem te\u00f3rico-conceitual<\/td><td style=\"padding: 8px;border-left: 1px solid #999;border-right: 1px solid #999\">Mikaela de Andrade Lima Villa\u00e7a<\/td><td style=\"padding: 8px;border-left: 1px solid #999;border-right: 1px solid #999\">Resumo<\/td><td style=\"padding: 8px;border-left: 1px solid #999;border-right: 1px solid #999\">Educa\u00e7\u00e3o Empreendedora: Teorias, Pr\u00e1ticas e Resultados.<\/td><td style=\"padding: 8px;border-left: 1px solid #999;border-right: 1px solid #999\">Online<\/td><\/tr><tr style=\"background: #CCC\"><td style=\"padding: 8px;border-left: 1px solid #999;border-right: 1px solid #999\">6<\/td><td style=\"padding: 8px;border-left: 1px solid #999;border-right: 1px solid #999\">Ciclo Virtuoso: Educa\u00e7\u00e3o Empreendedora na Inf\u00e2ncia<\/td><td style=\"padding: 8px;border-left: 1px solid #999;border-right: 1px solid #999\">Luiz Alberto Turmina de Oliveira<\/td><td style=\"padding: 8px;border-left: 1px solid #999;border-right: 1px solid #999\">Resumo<\/td><td style=\"padding: 8px;border-left: 1px solid #999;border-right: 1px solid #999\">Educa\u00e7\u00e3o Empreendedora: Teorias, Pr\u00e1ticas e Resultados.<\/td><td style=\"padding: 8px;border-left: 1px solid #999;border-right: 1px solid #999\">Presencial<\/td><\/tr><tr style=\"background: #FFF\"><td style=\"padding: 8px;border-left: 1px solid #999;border-right: 1px solid #999\">7<\/td><td style=\"padding: 8px;border-left: 1px solid #999;border-right: 1px solid #999\">Desenvolvendo a Educa\u00e7\u00e3o Empreendedora sob a perspectiva do paradigma da educa\u00e7\u00e3o ONLIFE<\/td><td style=\"padding: 8px;border-left: 1px solid #999;border-right: 1px solid #999\">Gustavo Henrique Silva de Souza | Eliane Schlemmer | Aline Patr\u00edcia Sobral dos Santos<\/td><td style=\"padding: 8px;border-left: 1px solid #999;border-right: 1px solid #999\">Artigo<\/td><td style=\"padding: 8px;border-left: 1px solid #999;border-right: 1px solid #999\">Educa\u00e7\u00e3o Empreendedora: Teorias, Pr\u00e1ticas e Resultados.<\/td><td style=\"padding: 8px;border-left: 1px solid #999;border-right: 1px solid #999\">Presencial<\/td><\/tr><tr style=\"background: #CCC\"><td style=\"padding: 8px;border-left: 1px solid #999;border-right: 1px solid #999\">8<\/td><td style=\"padding: 8px;border-left: 1px solid #999;border-right: 1px solid #999\">Diagn\u00f3stico de los modelos de Incubacion de Empresas en la Universidad Aut\u00dbnoma Gabriel Ren\u00c8 Moreno en la Gesti\u00dbn 2024.<\/td><td style=\"padding: 8px;border-left: 1px solid #999;border-right: 1px solid #999\">Carlos Alberto Fonseca Vargas<\/td><td style=\"padding: 8px;border-left: 1px solid #999;border-right: 1px solid #999\">Artigo<\/td><td style=\"padding: 8px;border-left: 1px solid #999;border-right: 1px solid #999\">Educa\u00e7\u00e3o Empreendedora: Teorias, Pr\u00e1ticas e Resultados.<\/td><td style=\"padding: 8px;border-left: 1px solid #999;border-right: 1px solid #999\">Presencial<\/td><\/tr><tr style=\"background: #FFF\"><td style=\"padding: 8px;border-left: 1px solid #999;border-right: 1px solid #999\">9<\/td><td style=\"padding: 8px;border-left: 1px solid #999;border-right: 1px solid #999\">ECOSSISTEMAS DE EDUCA\u00c7\u00c3O EMPREENDEDORA NA EDUCA\u00c7\u00c3O B\u00c1SICA BRASILEIRA: Uma an\u00e1lise a partir do Radar de Educa\u00e7\u00e3o Empreendedora do Sebrae<\/td><td style=\"padding: 8px;border-left: 1px solid #999;border-right: 1px solid #999\">Daniel Paulino Teixeira Lopes | Esdras de Freitas Emiliano | Eduarda Corr\u00eaa Moravia | Cacilda Maria de Almeida<\/td><td style=\"padding: 8px;border-left: 1px solid #999;border-right: 1px solid #999\">Artigo<\/td><td style=\"padding: 8px;border-left: 1px solid #999;border-right: 1px solid #999\">Educa\u00e7\u00e3o Empreendedora: Teorias, Pr\u00e1ticas e Resultados.<\/td><td style=\"padding: 8px;border-left: 1px solid #999;border-right: 1px solid #999\">Online<\/td><\/tr><tr style=\"background: #CCC\"><td style=\"padding: 8px;border-left: 1px solid #999;border-right: 1px solid #999\">10<\/td><td style=\"padding: 8px;border-left: 1px solid #999;border-right: 1px solid #999\">Educa\u00e7\u00e3o Empreendedora como estrat\u00e9gia de perman\u00eancia e autonomia estudantil: projeto trilhas de empreendedorismo UFG<\/td><td style=\"padding: 8px;border-left: 1px solid #999;border-right: 1px solid #999\">Fernanda Paula Arantes Manso | Bianca Mariano Porto | Lorrana Laila Silva de Almeida | C\u00e2ndido Vieira Borges Junior<\/td><td style=\"padding: 8px;border-left: 1px solid #999;border-right: 1px solid #999\">Artigo<\/td><td style=\"padding: 8px;border-left: 1px solid #999;border-right: 1px solid #999\">Educa\u00e7\u00e3o Empreendedora: Teorias, Pr\u00e1ticas e Resultados.<\/td><td style=\"padding: 8px;border-left: 1px solid #999;border-right: 1px solid #999\">Online<\/td><\/tr><tr style=\"background: #FFF\"><td style=\"padding: 8px;border-left: 1px solid #999;border-right: 1px solid #999\">11<\/td><td style=\"padding: 8px;border-left: 1px solid #999;border-right: 1px solid #999\">Educa\u00e7\u00e3o Empreendedora e pr\u00e1tica profissional: uma an\u00e1lise da imers\u00e3o inicial em contextos reais de interven\u00e7\u00e3o<\/td><td style=\"padding: 8px;border-left: 1px solid #999;border-right: 1px solid #999\">Virg\u00edlio Correia<\/td><td style=\"padding: 8px;border-left: 1px solid #999;border-right: 1px solid #999\">Artigo<\/td><td style=\"padding: 8px;border-left: 1px solid #999;border-right: 1px solid #999\">Educa\u00e7\u00e3o Empreendedora: Teorias, Pr\u00e1ticas e Resultados.<\/td><td style=\"padding: 8px;border-left: 1px solid #999;border-right: 1px solid #999\">Online<\/td><\/tr><tr style=\"background: #CCC\"><td style=\"padding: 8px;border-left: 1px solid #999;border-right: 1px solid #999\">12<\/td><td style=\"padding: 8px;border-left: 1px solid #999;border-right: 1px solid #999\">Educa\u00e7\u00e3o Empreendedora na rede SESC de educa\u00e7\u00e3o: processo de estrutura\u00e7\u00e3o e implementa\u00e7\u00e3o de um programa institucional<\/td><td style=\"padding: 8px;border-left: 1px solid #999;border-right: 1px solid #999\">Ana Luc\u00e9lia Silva Dias | Carla R\u00eanes de Alencar Machado Fontenelle<\/td><td style=\"padding: 8px;border-left: 1px solid #999;border-right: 1px solid #999\">Artigo<\/td><td style=\"padding: 8px;border-left: 1px solid #999;border-right: 1px solid #999\">Educa\u00e7\u00e3o Empreendedora: Teorias, Pr\u00e1ticas e Resultados.<\/td><td style=\"padding: 8px;border-left: 1px solid #999;border-right: 1px solid #999\">Presencial<\/td><\/tr><tr style=\"background: #FFF\"><td style=\"padding: 8px;border-left: 1px solid #999;border-right: 1px solid #999\">13<\/td><td style=\"padding: 8px;border-left: 1px solid #999;border-right: 1px solid #999\">Educa\u00e7\u00e3o Empreendedora no Brasil: articula\u00e7\u00f5es entre o modelo entrecomp e a base nacional comum curricular (bncc)<\/td><td style=\"padding: 8px;border-left: 1px solid #999;border-right: 1px solid #999\">Cleber Lopes | Aldemar Costa<\/td><td style=\"padding: 8px;border-left: 1px solid #999;border-right: 1px solid #999\">Resumo<\/td><td style=\"padding: 8px;border-left: 1px solid #999;border-right: 1px solid #999\">Educa\u00e7\u00e3o Empreendedora: Teorias, Pr\u00e1ticas e Resultados.<\/td><td style=\"padding: 8px;border-left: 1px solid #999;border-right: 1px solid #999\">Sem resposta<\/td><\/tr><tr style=\"background: #CCC\"><td style=\"padding: 8px;border-left: 1px solid #999;border-right: 1px solid #999\">14<\/td><td style=\"padding: 8px;border-left: 1px solid #999;border-right: 1px solid #999\">Educa\u00e7\u00e3o Empreendedora no Ensino Prim\u00e1rio (6-9 anos) em Portugal: Pr\u00e1ticas e Desafios<\/td><td style=\"padding: 8px;border-left: 1px solid #999;border-right: 1px solid #999\">Andreia Filipa Martins Gon\u00e7alves Pinho | Jacinto Jardim<\/td><td style=\"padding: 8px;border-left: 1px solid #999;border-right: 1px solid #999\">Artigo<\/td><td style=\"padding: 8px;border-left: 1px solid #999;border-right: 1px solid #999\">Educa\u00e7\u00e3o Empreendedora: Teorias, Pr\u00e1ticas e Resultados.<\/td><td style=\"padding: 8px;border-left: 1px solid #999;border-right: 1px solid #999\">Presencial<\/td><\/tr><tr style=\"background: #FFF\"><td style=\"padding: 8px;border-left: 1px solid #999;border-right: 1px solid #999\">15<\/td><td style=\"padding: 8px;border-left: 1px solid #999;border-right: 1px solid #999\">Educa\u00e7\u00e3o Empreendedora no ensino superior &#8211; Um Modelo H\u00edbrido Integrando Aprendizagem Baseada em Projetos e Experi\u00eancia Pr\u00e1tica<\/td><td style=\"padding: 8px;border-left: 1px solid #999;border-right: 1px solid #999\">Lu\u00edsa Almeida<\/td><td style=\"padding: 8px;border-left: 1px solid #999;border-right: 1px solid #999\">Artigo<\/td><td style=\"padding: 8px;border-left: 1px solid #999;border-right: 1px solid #999\">Educa\u00e7\u00e3o Empreendedora: Teorias, Pr\u00e1ticas e Resultados.<\/td><td style=\"padding: 8px;border-left: 1px solid #999;border-right: 1px solid #999\">Online<\/td><\/tr><tr style=\"background: #CCC\"><td style=\"padding: 8px;border-left: 1px solid #999;border-right: 1px solid #999\">16<\/td><td style=\"padding: 8px;border-left: 1px solid #999;border-right: 1px solid #999\">Educa\u00e7\u00e3o a dist\u00e2ncia em cursos de licenciatura e a lacuna da educa\u00e7\u00e3o empreendedora na forma\u00e7\u00e3o docente<\/td><td style=\"padding: 8px;border-left: 1px solid #999;border-right: 1px solid #999\">Beatriz Maria Zoppo | Cl\u00e9ber Lopes<\/td><td style=\"padding: 8px;border-left: 1px solid #999;border-right: 1px solid #999\">Resumo<\/td><td style=\"padding: 8px;border-left: 1px solid #999;border-right: 1px solid #999\">Educa\u00e7\u00e3o Empreendedora: Teorias, Pr\u00e1ticas e Resultados.<\/td><td style=\"padding: 8px;border-left: 1px solid #999;border-right: 1px solid #999\">Presencial<\/td><\/tr><tr style=\"background: #FFF\"><td style=\"padding: 8px;border-left: 1px solid #999;border-right: 1px solid #999\">17<\/td><td style=\"padding: 8px;border-left: 1px solid #999;border-right: 1px solid #999\">Educa\u00e7\u00e3o decolonial em uma sociedade l\u00edquida: fronteiras culturais, epistemol\u00f3gicas e sociais, e suas colis\u00f5es no contexto educacional<\/td><td style=\"padding: 8px;border-left: 1px solid #999;border-right: 1px solid #999\">Raimundo Washington dos Santos<\/td><td style=\"padding: 8px;border-left: 1px solid #999;border-right: 1px solid #999\">Artigo<\/td><td style=\"padding: 8px;border-left: 1px solid #999;border-right: 1px solid #999\">Educa\u00e7\u00e3o Empreendedora: Teorias, Pr\u00e1ticas e Resultados.<\/td><td style=\"padding: 8px;border-left: 1px solid #999;border-right: 1px solid #999\">Online<\/td><\/tr><tr style=\"background: #CCC\"><td style=\"padding: 8px;border-left: 1px solid #999;border-right: 1px solid #999\">18<\/td><td style=\"padding: 8px;border-left: 1px solid #999;border-right: 1px solid #999\">Educa\u00e7\u00e3o e o curr\u00edculo do empreendedorismo: uma revis\u00e3o sistem\u00e1tica da literatura<\/td><td style=\"padding: 8px;border-left: 1px solid #999;border-right: 1px solid #999\">Deranor Gomes de Oliveira | T\u00e1cio Nunes de Carvalho<\/td><td style=\"padding: 8px;border-left: 1px solid #999;border-right: 1px solid #999\">Artigo<\/td><td style=\"padding: 8px;border-left: 1px solid #999;border-right: 1px solid #999\">Educa\u00e7\u00e3o Empreendedora: Teorias, Pr\u00e1ticas e Resultados.<\/td><td style=\"padding: 8px;border-left: 1px solid #999;border-right: 1px solid #999\">Presencial<\/td><\/tr><\/tbody><\/table><\/div>\n\t\t\t\t\t<\/div><div class=\"eael-accordion-list\">\n\t\t\t\t\t<div id=\"3-educao-empreendedora-teorias-prticas-e-resultados\" class=\"elementor-tab-title eael-accordion-header\" tabindex=\"0\" data-tab=\"3\" aria-controls=\"elementor-tab-content-2663\"><span class=\"eael-advanced-accordion-icon-closed\"><svg aria-hidden=\"true\" class=\"fa-accordion-icon e-font-icon-svg e-fas-plus\" viewBox=\"0 0 448 512\" xmlns=\"http:\/\/www.w3.org\/2000\/svg\"><path d=\"M416 208H272V64c0-17.67-14.33-32-32-32h-32c-17.67 0-32 14.33-32 32v144H32c-17.67 0-32 14.33-32 32v32c0 17.67 14.33 32 32 32h144v144c0 17.67 14.33 32 32 32h32c17.67 0 32-14.33 32-32V304h144c17.67 0 32-14.33 32-32v-32c0-17.67-14.33-32-32-32z\"><\/path><\/svg><\/span><span class=\"eael-advanced-accordion-icon-opened\"><svg aria-hidden=\"true\" class=\"fa-accordion-icon e-font-icon-svg e-fas-retweet\" viewBox=\"0 0 640 512\" xmlns=\"http:\/\/www.w3.org\/2000\/svg\"><path d=\"M629.657 343.598L528.971 444.284c-9.373 9.372-24.568 9.372-33.941 0L394.343 343.598c-9.373-9.373-9.373-24.569 0-33.941l10.823-10.823c9.562-9.562 25.133-9.34 34.419.492L480 342.118V160H292.451a24.005 24.005 0 0 1-16.971-7.029l-16-16C244.361 121.851 255.069 96 276.451 96H520c13.255 0 24 10.745 24 24v222.118l40.416-42.792c9.285-9.831 24.856-10.054 34.419-.492l10.823 10.823c9.372 9.372 9.372 24.569-.001 33.941zm-265.138 15.431A23.999 23.999 0 0 0 347.548 352H160V169.881l40.416 42.792c9.286 9.831 24.856 10.054 34.419.491l10.822-10.822c9.373-9.373 9.373-24.569 0-33.941L144.971 67.716c-9.373-9.373-24.569-9.373-33.941 0L10.343 168.402c-9.373 9.373-9.373 24.569 0 33.941l10.822 10.822c9.562 9.562 25.133 9.34 34.419-.491L96 169.881V392c0 13.255 10.745 24 24 24h243.549c21.382 0 32.09-25.851 16.971-40.971l-16.001-16z\"><\/path><\/svg><\/span><span class=\"eael-accordion-tab-title\">3 - Educa\u00e7\u00e3o Empreendedora: Teorias, Pr\u00e1ticas e Resultados.<\/span><svg aria-hidden=\"true\" class=\"fa-toggle e-font-icon-svg e-fas-angle-right\" viewBox=\"0 0 256 512\" xmlns=\"http:\/\/www.w3.org\/2000\/svg\"><path d=\"M224.3 273l-136 136c-9.4 9.4-24.6 9.4-33.9 0l-22.6-22.6c-9.4-9.4-9.4-24.6 0-33.9l96.4-96.4-96.4-96.4c-9.4-9.4-9.4-24.6 0-33.9L54.3 103c9.4-9.4 24.6-9.4 33.9 0l136 136c9.5 9.4 9.5 24.6.1 34z\"><\/path><\/svg><\/div><div id=\"elementor-tab-content-2663\" class=\"eael-accordion-content clearfix\" data-tab=\"3\" aria-labelledby=\"3-educao-empreendedora-teorias-prticas-e-resultados\"><h3>Moderadora : Jaqueline Lima (Sebrae &#8211; MG)<\/h3><table style=\"width: 100%;border-collapse: collapse;border: 1px solid #999\"><thead><tr style=\"background: #AAA\"><th style=\"font-weight: bold;padding: 8px;border-left: 1px solid #999;border-right: 1px solid #999\">N\u00ba<\/th><th style=\"font-weight: bold;padding: 8px;border-left: 1px solid #999;border-right: 1px solid #999\">T\u00edtulo<\/th><th style=\"font-weight: bold;padding: 8px;border-left: 1px solid #999;border-right: 1px solid #999\">Autores<\/th><th style=\"font-weight: bold;padding: 8px;border-left: 1px solid #999;border-right: 1px solid #999\">Tipo<\/th><th style=\"font-weight: bold;padding: 8px;border-left: 1px solid #999;border-right: 1px solid #999\">\u00c1rea<\/th><th style=\"font-weight: bold;padding: 8px;border-left: 1px solid #999;border-right: 1px solid #999\">Modo<\/th><\/tr><\/thead><tbody><tr style=\"background: #FFF\"><td style=\"padding: 8px;border-left: 1px solid #999;border-right: 1px solid #999\">1<\/td><td style=\"padding: 8px;border-left: 1px solid #999;border-right: 1px solid #999\">Educa\u00e7\u00e3o Empreendedora ONLIFE: analisando o ato educativo a partir do ciclo da aprendizagem experiencial<\/td><td style=\"padding: 8px;border-left: 1px solid #999;border-right: 1px solid #999\">Gustavo Henrique Souza | Aline Patr\u00edcia Sobral dos Santos | F\u00e1bia Magali Santos Vieira<\/td><td style=\"padding: 8px;border-left: 1px solid #999;border-right: 1px solid #999\">Artigo<\/td><td style=\"padding: 8px;border-left: 1px solid #999;border-right: 1px solid #999\">Educa\u00e7\u00e3o Empreendedora: Teorias, Pr\u00e1ticas e Resultados.<\/td><td style=\"padding: 8px;border-left: 1px solid #999;border-right: 1px solid #999\">Online<\/td><\/tr><tr style=\"background: #CCC\"><td style=\"padding: 8px;border-left: 1px solid #999;border-right: 1px solid #999\">2<\/td><td style=\"padding: 8px;border-left: 1px solid #999;border-right: 1px solid #999\">Educa\u00e7\u00e3o Empreendedora OnLIFE na Cibricidade<\/td><td style=\"padding: 8px;border-left: 1px solid #999;border-right: 1px solid #999\">Patr\u00edcia Bassani | Eliane Schlemmer<\/td><td style=\"padding: 8px;border-left: 1px solid #999;border-right: 1px solid #999\">Artigo<\/td><td style=\"padding: 8px;border-left: 1px solid #999;border-right: 1px solid #999\">Educa\u00e7\u00e3o Empreendedora: Teorias, Pr\u00e1ticas e Resultados.<\/td><td style=\"padding: 8px;border-left: 1px solid #999;border-right: 1px solid #999\">Online<\/td><\/tr><tr style=\"background: #FFF\"><td style=\"padding: 8px;border-left: 1px solid #999;border-right: 1px solid #999\">3<\/td><td style=\"padding: 8px;border-left: 1px solid #999;border-right: 1px solid #999\">Educa\u00e7\u00e3o Empreendedora: os desafios da educa\u00e7\u00e3o empreendedora na educa\u00e7\u00e3o b\u00e1sica brasileira<\/td><td style=\"padding: 8px;border-left: 1px solid #999;border-right: 1px solid #999\">Gicele Santos da Silva<\/td><td style=\"padding: 8px;border-left: 1px solid #999;border-right: 1px solid #999\">Artigo<\/td><td style=\"padding: 8px;border-left: 1px solid #999;border-right: 1px solid #999\">Educa\u00e7\u00e3o Empreendedora: Teorias, Pr\u00e1ticas e Resultados.<\/td><td style=\"padding: 8px;border-left: 1px solid #999;border-right: 1px solid #999\">Online<\/td><\/tr><tr style=\"background: #CCC\"><td style=\"padding: 8px;border-left: 1px solid #999;border-right: 1px solid #999\">4<\/td><td style=\"padding: 8px;border-left: 1px solid #999;border-right: 1px solid #999\">Educa\u00e7\u00e3o Empreendedora: teorias, pr\u00e1ticas e resultados<\/td><td style=\"padding: 8px;border-left: 1px solid #999;border-right: 1px solid #999\">Jakson Silva Santos<\/td><td style=\"padding: 8px;border-left: 1px solid #999;border-right: 1px solid #999\">Artigo<\/td><td style=\"padding: 8px;border-left: 1px solid #999;border-right: 1px solid #999\">Educa\u00e7\u00e3o Empreendedora: Teorias, Pr\u00e1ticas e Resultados.<\/td><td style=\"padding: 8px;border-left: 1px solid #999;border-right: 1px solid #999\">Online<\/td><\/tr><tr style=\"background: #FFF\"><td style=\"padding: 8px;border-left: 1px solid #999;border-right: 1px solid #999\">5<\/td><td style=\"padding: 8px;border-left: 1px solid #999;border-right: 1px solid #999\">Educa\u00e7\u00e3o para os empreendedores: utilidade do uso do Ponto cr\u00edtico das vendas e margem de seguran\u00e7a<\/td><td style=\"padding: 8px;border-left: 1px solid #999;border-right: 1px solid #999\">Jorge Caetano Fonseca | Jo\u00e3o Ant\u00f3nio Dias J\u00fanior<\/td><td style=\"padding: 8px;border-left: 1px solid #999;border-right: 1px solid #999\">Artigo<\/td><td style=\"padding: 8px;border-left: 1px solid #999;border-right: 1px solid #999\">Educa\u00e7\u00e3o Empreendedora: Teorias, Pr\u00e1ticas e Resultados.<\/td><td style=\"padding: 8px;border-left: 1px solid #999;border-right: 1px solid #999\">Online<\/td><\/tr><tr style=\"background: #CCC\"><td style=\"padding: 8px;border-left: 1px solid #999;border-right: 1px solid #999\">6<\/td><td style=\"padding: 8px;border-left: 1px solid #999;border-right: 1px solid #999\">Empreendedorismo no ensino m\u00e9dio sob o paradigma da educa\u00e7\u00e3o ONLIFE: Uma revis\u00e3o sistem\u00e1tica da literatura<\/td><td style=\"padding: 8px;border-left: 1px solid #999;border-right: 1px solid #999\">Gregui Becker Luz | Eliane Schlemmer<\/td><td style=\"padding: 8px;border-left: 1px solid #999;border-right: 1px solid #999\">Artigo<\/td><td style=\"padding: 8px;border-left: 1px solid #999;border-right: 1px solid #999\">Educa\u00e7\u00e3o Empreendedora: Teorias, Pr\u00e1ticas e Resultados.<\/td><td style=\"padding: 8px;border-left: 1px solid #999;border-right: 1px solid #999\">Online<\/td><\/tr><tr style=\"background: #FFF\"><td style=\"padding: 8px;border-left: 1px solid #999;border-right: 1px solid #999\">7<\/td><td style=\"padding: 8px;border-left: 1px solid #999;border-right: 1px solid #999\">Emprendiendo mi Carrera Profesional: estrategias para su desarrollo<\/td><td style=\"padding: 8px;border-left: 1px solid #999;border-right: 1px solid #999\">Sa\u00fal Severiche Toledo<\/td><td style=\"padding: 8px;border-left: 1px solid #999;border-right: 1px solid #999\">Resumo<\/td><td style=\"padding: 8px;border-left: 1px solid #999;border-right: 1px solid #999\">Educa\u00e7\u00e3o Empreendedora: Teorias, Pr\u00e1ticas e Resultados.<\/td><td style=\"padding: 8px;border-left: 1px solid #999;border-right: 1px solid #999\">Online<\/td><\/tr><tr style=\"background: #CCC\"><td style=\"padding: 8px;border-left: 1px solid #999;border-right: 1px solid #999\">8<\/td><td style=\"padding: 8px;border-left: 1px solid #999;border-right: 1px solid #999\">Ensino Transformador: O Papel das Pol\u00edticas P\u00fablicas na Promo\u00e7\u00e3o da Educa\u00e7\u00e3o Empreendedora<\/td><td style=\"padding: 8px;border-left: 1px solid #999;border-right: 1px solid #999\">La\u00e9rcio Jos\u00e9 de Oliveira | Andr\u00e9 Gusm\u00e3o Cavalcanti<\/td><td style=\"padding: 8px;border-left: 1px solid #999;border-right: 1px solid #999\">Artigo<\/td><td style=\"padding: 8px;border-left: 1px solid #999;border-right: 1px solid #999\">Educa\u00e7\u00e3o Empreendedora: Teorias, Pr\u00e1ticas e Resultados.<\/td><td style=\"padding: 8px;border-left: 1px solid #999;border-right: 1px solid #999\">Presencial<\/td><\/tr><tr style=\"background: #FFF\"><td style=\"padding: 8px;border-left: 1px solid #999;border-right: 1px solid #999\">9<\/td><td style=\"padding: 8px;border-left: 1px solid #999;border-right: 1px solid #999\">Estudo de caso sobre o Empreendedorismo Educacional<\/td><td style=\"padding: 8px;border-left: 1px solid #999;border-right: 1px solid #999\">Jo\u00e3o Manuel de Lemos Baptista<\/td><td style=\"padding: 8px;border-left: 1px solid #999;border-right: 1px solid #999\">Artigo<\/td><td style=\"padding: 8px;border-left: 1px solid #999;border-right: 1px solid #999\">Educa\u00e7\u00e3o Empreendedora: Teorias, Pr\u00e1ticas e Resultados.<\/td><td style=\"padding: 8px;border-left: 1px solid #999;border-right: 1px solid #999\">Online<\/td><\/tr><tr style=\"background: #CCC\"><td style=\"padding: 8px;border-left: 1px solid #999;border-right: 1px solid #999\">10<\/td><td style=\"padding: 8px;border-left: 1px solid #999;border-right: 1px solid #999\">Expectativas e Desafios dos Empregadores na Contrata\u00e7\u00e3oo de Pessoas com Defici\u00eancia<\/td><td style=\"padding: 8px;border-left: 1px solid #999;border-right: 1px solid #999\">Maria Celeste de Sousa Lopes | Sancha Dinis<\/td><td style=\"padding: 8px;border-left: 1px solid #999;border-right: 1px solid #999\">Resumo<\/td><td style=\"padding: 8px;border-left: 1px solid #999;border-right: 1px solid #999\">Educa\u00e7\u00e3o Empreendedora: Teorias, Pr\u00e1ticas e Resultados.<\/td><td style=\"padding: 8px;border-left: 1px solid #999;border-right: 1px solid #999\">Online<\/td><\/tr><tr style=\"background: #FFF\"><td style=\"padding: 8px;border-left: 1px solid #999;border-right: 1px solid #999\">11<\/td><td style=\"padding: 8px;border-left: 1px solid #999;border-right: 1px solid #999\">Fluxo da informa\u00e7\u00e3o e conhecimento sens\u00edveis em institui\u00e7\u00f5es de ensino b\u00e1sico: diagn\u00f3stico e otimiza\u00e7\u00e3o&#8230;<\/td><td style=\"padding: 8px;border-left: 1px solid #999;border-right: 1px solid #999\">Rubens da Silva | Humberto Lopes<\/td><td style=\"padding: 8px;border-left: 1px solid #999;border-right: 1px solid #999\">Artigo<\/td><td style=\"padding: 8px;border-left: 1px solid #999;border-right: 1px solid #999\">Educa\u00e7\u00e3o Empreendedora: Teorias, Pr\u00e1ticas e Resultados.<\/td><td style=\"padding: 8px;border-left: 1px solid #999;border-right: 1px solid #999\">Online<\/td><\/tr><tr style=\"background: #CCC\"><td style=\"padding: 8px;border-left: 1px solid #999;border-right: 1px solid #999\">12<\/td><td style=\"padding: 8px;border-left: 1px solid #999;border-right: 1px solid #999\">Identidade cultural e Empreendedorismo no artesanato de Barra dos Coqueiros<\/td><td style=\"padding: 8px;border-left: 1px solid #999;border-right: 1px solid #999\">Claudia Val\u00e9ria de Moraes<\/td><td style=\"padding: 8px;border-left: 1px solid #999;border-right: 1px solid #999\">Artigo<\/td><td style=\"padding: 8px;border-left: 1px solid #999;border-right: 1px solid #999\">Educa\u00e7\u00e3o Empreendedora: Teorias, Pr\u00e1ticas e Resultados.<\/td><td style=\"padding: 8px;border-left: 1px solid #999;border-right: 1px solid #999\">Presencial<\/td><\/tr><tr style=\"background: #FFF\"><td style=\"padding: 8px;border-left: 1px solid #999;border-right: 1px solid #999\">13<\/td><td style=\"padding: 8px;border-left: 1px solid #999;border-right: 1px solid #999\">Intraemprendimiento desde la filosof\u00eda organizacional en instituciones prestadoras de servicios de salud de Col\u00f4mbia<\/td><td style=\"padding: 8px;border-left: 1px solid #999;border-right: 1px solid #999\">Elvira Dur\u00e1n-Rojas y Katia Andrea Gonz\u00e1lez-Pastrana<\/td><td style=\"padding: 8px;border-left: 1px solid #999;border-right: 1px solid #999\">Artigo<\/td><td style=\"padding: 8px;border-left: 1px solid #999;border-right: 1px solid #999\">Educa\u00e7\u00e3o Empreendedora: Teorias, Pr\u00e1ticas e Resultados.<\/td><td style=\"padding: 8px;border-left: 1px solid #999;border-right: 1px solid #999\">Online<\/td><\/tr><tr style=\"background: #CCC\"><td style=\"padding: 8px;border-left: 1px solid #999;border-right: 1px solid #999\">14<\/td><td style=\"padding: 8px;border-left: 1px solid #999;border-right: 1px solid #999\">Marketing de entretenimento como ferramenta educativa li\u00e7\u00f5es empreendedoras a partir do caso bts<\/td><td style=\"padding: 8px;border-left: 1px solid #999;border-right: 1px solid #999\">Stefany Lobato Guimar\u00e3es | Camille de Souza Nunes | Ronalty Rocha<\/td><td style=\"padding: 8px;border-left: 1px solid #999;border-right: 1px solid #999\">Artigo<\/td><td style=\"padding: 8px;border-left: 1px solid #999;border-right: 1px solid #999\">Educa\u00e7\u00e3o Empreendedora: Teorias, Pr\u00e1ticas e Resultados.<\/td><td style=\"padding: 8px;border-left: 1px solid #999;border-right: 1px solid #999\">Online<\/td><\/tr><tr style=\"background: #FFF\"><td style=\"padding: 8px;border-left: 1px solid #999;border-right: 1px solid #999\">15<\/td><td style=\"padding: 8px;border-left: 1px solid #999;border-right: 1px solid #999\">O papel de agentes do governo e da sociedade civil no desenvolvimento da educa\u00e7\u00e3o empreendedora nas IES brasileiras<\/td><td style=\"padding: 8px;border-left: 1px solid #999;border-right: 1px solid #999\">Rose Mary Almeida Lopes<\/td><td style=\"padding: 8px;border-left: 1px solid #999;border-right: 1px solid #999\">Artigo<\/td><td style=\"padding: 8px;border-left: 1px solid #999;border-right: 1px solid #999\">Educa\u00e7\u00e3o Empreendedora: Teorias, Pr\u00e1ticas e Resultados.<\/td><td style=\"padding: 8px;border-left: 1px solid #999;border-right: 1px solid #999\">Presencial<\/td><\/tr><tr style=\"background: #CCC\"><td style=\"padding: 8px;border-left: 1px solid #999;border-right: 1px solid #999\">16<\/td><td style=\"padding: 8px;border-left: 1px solid #999;border-right: 1px solid #999\">O papel do consultor no programa de educa\u00e7\u00e3o empreendedora no Baixo S\u00e3o Francisco: Uma experi\u00eancia no territ\u00f3rio Sergipiano<\/td><td style=\"padding: 8px;border-left: 1px solid #999;border-right: 1px solid #999\">Aldjane Moura Costa | Ant\u00f4nio Neto | Elis Gardenia Santos | Frank Albuquerque<\/td><td style=\"padding: 8px;border-left: 1px solid #999;border-right: 1px solid #999\">Resumo<\/td><td style=\"padding: 8px;border-left: 1px solid #999;border-right: 1px solid #999\">Educa\u00e7\u00e3o Empreendedora: Teorias, Pr\u00e1ticas e Resultados.<\/td><td style=\"padding: 8px;border-left: 1px solid #999;border-right: 1px solid #999\">Online<\/td><\/tr><tr style=\"background: #FFF\"><td style=\"padding: 8px;border-left: 1px solid #999;border-right: 1px solid #999\">17<\/td><td style=\"padding: 8px;border-left: 1px solid #999;border-right: 1px solid #999\">O uso estrat\u00e9gico do Instagram para a amplia\u00e7\u00e3o da visibilidade digital de uma ONG em Itabaiana, Sergipe<\/td><td style=\"padding: 8px;border-left: 1px solid #999;border-right: 1px solid #999\">Amanda Santana Lima | Visl\u00e2nia Mendon\u00e7a dos Santos | Hiago da Silva Santos<\/td><td style=\"padding: 8px;border-left: 1px solid #999;border-right: 1px solid #999\">Artigo<\/td><td style=\"padding: 8px;border-left: 1px solid #999;border-right: 1px solid #999\">Educa\u00e7\u00e3o Empreendedora: Teorias, Pr\u00e1ticas e Resultados.<\/td><td style=\"padding: 8px;border-left: 1px solid #999;border-right: 1px solid #999\">Presencial<\/td><\/tr><tr style=\"background: #CCC\"><td style=\"padding: 8px;border-left: 1px solid #999;border-right: 1px solid #999\">18<\/td><td style=\"padding: 8px;border-left: 1px solid #999;border-right: 1px solid #999\">Os desafios na constru\u00e7\u00e3o de um programa de empreendedorismo na vis\u00e3o dos docentes<\/td><td style=\"padding: 8px;border-left: 1px solid #999;border-right: 1px solid #999\">Roosiley dos Santos Souza | Rosa de Barros Ferreira de Almeida | Nortonciste Guedes da Silva Junior<\/td><td style=\"padding: 8px;border-left: 1px solid #999;border-right: 1px solid #999\">Artigo<\/td><td style=\"padding: 8px;border-left: 1px solid #999;border-right: 1px solid #999\">Educa\u00e7\u00e3o Empreendedora: Teorias, Pr\u00e1ticas e Resultados.<\/td><td style=\"padding: 8px;border-left: 1px solid #999;border-right: 1px solid #999\">Online<\/td><\/tr><\/tbody><\/table><\/div>\n\t\t\t\t\t<\/div><div class=\"eael-accordion-list\">\n\t\t\t\t\t<div id=\"4-educao-empreendedora-teorias-prticas-e-resultados-empreendedorismo-feminino-polticas-pblicas-e-legislao-de-apoio-ao-empreendedorismo-\" class=\"elementor-tab-title eael-accordion-header\" tabindex=\"0\" data-tab=\"4\" aria-controls=\"elementor-tab-content-2664\"><span class=\"eael-advanced-accordion-icon-closed\"><svg aria-hidden=\"true\" class=\"fa-accordion-icon e-font-icon-svg e-fas-plus\" viewBox=\"0 0 448 512\" xmlns=\"http:\/\/www.w3.org\/2000\/svg\"><path d=\"M416 208H272V64c0-17.67-14.33-32-32-32h-32c-17.67 0-32 14.33-32 32v144H32c-17.67 0-32 14.33-32 32v32c0 17.67 14.33 32 32 32h144v144c0 17.67 14.33 32 32 32h32c17.67 0 32-14.33 32-32V304h144c17.67 0 32-14.33 32-32v-32c0-17.67-14.33-32-32-32z\"><\/path><\/svg><\/span><span class=\"eael-advanced-accordion-icon-opened\"><svg aria-hidden=\"true\" class=\"fa-accordion-icon e-font-icon-svg e-fas-female\" viewBox=\"0 0 256 512\" xmlns=\"http:\/\/www.w3.org\/2000\/svg\"><path d=\"M128 0c35.346 0 64 28.654 64 64s-28.654 64-64 64c-35.346 0-64-28.654-64-64S92.654 0 128 0m119.283 354.179l-48-192A24 24 0 0 0 176 144h-11.36c-22.711 10.443-49.59 10.894-73.28 0H80a24 24 0 0 0-23.283 18.179l-48 192C4.935 369.305 16.383 384 32 384h56v104c0 13.255 10.745 24 24 24h32c13.255 0 24-10.745 24-24V384h56c15.591 0 27.071-14.671 23.283-29.821z\"><\/path><\/svg><\/span><span class=\"eael-accordion-tab-title\">4 - Educa\u00e7\u00e3o Empreendedora: Teorias, Pr\u00e1ticas e Resultados | Empreendedorismo Feminino | Pol\u00edticas P\u00fablicas e Legisla\u00e7\u00e3o de Apoio ao Empreendedorismo <\/span><svg aria-hidden=\"true\" class=\"fa-toggle e-font-icon-svg e-fas-angle-right\" viewBox=\"0 0 256 512\" xmlns=\"http:\/\/www.w3.org\/2000\/svg\"><path d=\"M224.3 273l-136 136c-9.4 9.4-24.6 9.4-33.9 0l-22.6-22.6c-9.4-9.4-9.4-24.6 0-33.9l96.4-96.4-96.4-96.4c-9.4-9.4-9.4-24.6 0-33.9L54.3 103c9.4-9.4 24.6-9.4 33.9 0l136 136c9.5 9.4 9.5 24.6.1 34z\"><\/path><\/svg><\/div><div id=\"elementor-tab-content-2664\" class=\"eael-accordion-content clearfix\" data-tab=\"4\" aria-labelledby=\"4-educao-empreendedora-teorias-prticas-e-resultados-empreendedorismo-feminino-polticas-pblicas-e-legislao-de-apoio-ao-empreendedorismo-\"><h3>Moderador: V\u00edtor Alo\u00edsio (Sebrae &#8211; SE)<\/h3><table style=\"width: 100%;border-collapse: collapse;border: 1px solid #999\"><thead><tr style=\"background: #AAA\"><th style=\"font-weight: bold;padding: 8px;border-left: 1px solid #999;border-right: 1px solid #999\">N\u00ba<\/th><th style=\"font-weight: bold;padding: 8px;border-left: 1px solid #999;border-right: 1px solid #999\">T\u00edtulo<\/th><th style=\"font-weight: bold;padding: 8px;border-left: 1px solid #999;border-right: 1px solid #999\">Autores<\/th><th style=\"font-weight: bold;padding: 8px;border-left: 1px solid #999;border-right: 1px solid #999\">Tipo<\/th><th style=\"font-weight: bold;padding: 8px;border-left: 1px solid #999;border-right: 1px solid #999\">\u00c1rea<\/th><th style=\"font-weight: bold;padding: 8px;border-left: 1px solid #999;border-right: 1px solid #999\">Modo<\/th><\/tr><\/thead><tbody><tr style=\"background: #FFF\"><td style=\"padding: 8px;border-left: 1px solid #999;border-right: 1px solid #999\">1<\/td><td style=\"padding: 8px;border-left: 1px solid #999;border-right: 1px solid #999\">Da sobreviv\u00eancia \u00e0 Autonomia: O papel do estado na Promo\u00e7\u00e3o do Popular como Ferramenta de Inclus\u00e3o Produtiva<\/td><td style=\"padding: 8px;border-left: 1px solid #999;border-right: 1px solid #999\">Jhonas Max Guimar\u00e3es Dias<\/td><td style=\"padding: 8px;border-left: 1px solid #999;border-right: 1px solid #999\">Artigo<\/td><td style=\"padding: 8px;border-left: 1px solid #999;border-right: 1px solid #999\">Pol\u00edticas P\u00fablicas e Legisla\u00e7\u00e3o de Apoio ao Empreendedorismo.<\/td><td style=\"padding: 8px;border-left: 1px solid #999;border-right: 1px solid #999\">Presencial<\/td><\/tr><tr style=\"background: #CCC\"><td style=\"padding: 8px;border-left: 1px solid #999;border-right: 1px solid #999\">2<\/td><td style=\"padding: 8px;border-left: 1px solid #999;border-right: 1px solid #999\">Determinantes do Empreendedorismo Feminino em Xai-Xai: Uma An\u00e1lise dos Fatores Socioecon\u00f3micos, Culturais e Institucionais<\/td><td style=\"padding: 8px;border-left: 1px solid #999;border-right: 1px solid #999\">Cecilia Basilio Fulau | Cl\u00e1udia de Ruv\u00eddia Augusto Viola | Agostinho Macane<\/td><td style=\"padding: 8px;border-left: 1px solid #999;border-right: 1px solid #999\">Resumo<\/td><td style=\"padding: 8px;border-left: 1px solid #999;border-right: 1px solid #999\">Empreendedorismo Feminino<\/td><td style=\"padding: 8px;border-left: 1px solid #999;border-right: 1px solid #999\">Presencial<\/td><\/tr><tr style=\"background: #FFF\"><td style=\"padding: 8px;border-left: 1px solid #999;border-right: 1px solid #999\">3<\/td><td style=\"padding: 8px;border-left: 1px solid #999;border-right: 1px solid #999\">Empreendedorismo Feminino: Desafios, Potencialidades e Impacto Social<\/td><td style=\"padding: 8px;border-left: 1px solid #999;border-right: 1px solid #999\">Elisete Martins | Manuela Teixeira<\/td><td style=\"padding: 8px;border-left: 1px solid #999;border-right: 1px solid #999\">Artigo<\/td><td style=\"padding: 8px;border-left: 1px solid #999;border-right: 1px solid #999\">Empreendedorismo Feminino<\/td><td style=\"padding: 8px;border-left: 1px solid #999;border-right: 1px solid #999\">Online<\/td><\/tr><tr style=\"background: #CCC\"><td style=\"padding: 8px;border-left: 1px solid #999;border-right: 1px solid #999\">4<\/td><td style=\"padding: 8px;border-left: 1px solid #999;border-right: 1px solid #999\">Empreendedorismo Feminino: a Inibi\u00e7\u00e3o Empreendedora Feminina \u00e0 luz da Teoria Polivagal e os Efeitos do Trauma<\/td><td style=\"padding: 8px;border-left: 1px solid #999;border-right: 1px solid #999\">Liliana Seixas<\/td><td style=\"padding: 8px;border-left: 1px solid #999;border-right: 1px solid #999\">Resumo<\/td><td style=\"padding: 8px;border-left: 1px solid #999;border-right: 1px solid #999\">Empreendedorismo Feminino<\/td><td style=\"padding: 8px;border-left: 1px solid #999;border-right: 1px solid #999\">Online<\/td><\/tr><tr style=\"background: #FFF\"><td style=\"padding: 8px;border-left: 1px solid #999;border-right: 1px solid #999\">5<\/td><td style=\"padding: 8px;border-left: 1px solid #999;border-right: 1px solid #999\">Empreendedorismo feminino e educa\u00e7\u00e3o profissional: An\u00e1lise comparativa das matrizes curriculares do programa mulheres mil nas regi\u00f5es norte e sul do Brasil.<\/td><td style=\"padding: 8px;border-left: 1px solid #999;border-right: 1px solid #999\">Dirlei Terezinha Fachinello | Jacinto Jardim<\/td><td style=\"padding: 8px;border-left: 1px solid #999;border-right: 1px solid #999\">Artigo<\/td><td style=\"padding: 8px;border-left: 1px solid #999;border-right: 1px solid #999\">Empreendedorismo Feminino<\/td><td style=\"padding: 8px;border-left: 1px solid #999;border-right: 1px solid #999\">Presencial<\/td><\/tr><tr style=\"background: #CCC\"><td style=\"padding: 8px;border-left: 1px solid #999;border-right: 1px solid #999\">6<\/td><td style=\"padding: 8px;border-left: 1px solid #999;border-right: 1px solid #999\">Empreendedorismo Tecnol\u00f3gico de G\u00e9nero: A Experi\u00eancia do coletivo BIT ROSA<\/td><td style=\"padding: 8px;border-left: 1px solid #999;border-right: 1px solid #999\">Lisiane C\u00e9zar de Oliveira<\/td><td style=\"padding: 8px;border-left: 1px solid #999;border-right: 1px solid #999\">Artigo<\/td><td style=\"padding: 8px;border-left: 1px solid #999;border-right: 1px solid #999\">Empreendedorismo Feminino<\/td><td style=\"padding: 8px;border-left: 1px solid #999;border-right: 1px solid #999\">Presencial<\/td><\/tr><tr style=\"background: #FFF\"><td style=\"padding: 8px;border-left: 1px solid #999;border-right: 1px solid #999\">7<\/td><td style=\"padding: 8px;border-left: 1px solid #999;border-right: 1px solid #999\">Empreendorismo e conviv\u00eancia humana com o semi\u00e1rido: o caso das cooperativas de mulheres no sert\u00e3o da Bahia<\/td><td style=\"padding: 8px;border-left: 1px solid #999;border-right: 1px solid #999\">Elane Santos Geraldo | Juliana Correia Almeida | Thain\u00e1 Nascimento Andrade | Wagner Gonzaga Lemos<\/td><td style=\"padding: 8px;border-left: 1px solid #999;border-right: 1px solid #999\">Resumo<\/td><td style=\"padding: 8px;border-left: 1px solid #999;border-right: 1px solid #999\">Empreendedorismo Feminino<\/td><td style=\"padding: 8px;border-left: 1px solid #999;border-right: 1px solid #999\">Online<\/td><\/tr><tr style=\"background: #CCC\"><td style=\"padding: 8px;border-left: 1px solid #999;border-right: 1px solid #999\">8<\/td><td style=\"padding: 8px;border-left: 1px solid #999;border-right: 1px solid #999\">Empreendedorismo Inclusivo no Brasil: Limites e Potenciais das Pol\u00edticas P\u00fablicas para a Sustentabilidade dos Neg\u00f3cios<\/td><td style=\"padding: 8px;border-left: 1px solid #999;border-right: 1px solid #999\">Hudson Alves Batista<\/td><td style=\"padding: 8px;border-left: 1px solid #999;border-right: 1px solid #999\">Artigo<\/td><td style=\"padding: 8px;border-left: 1px solid #999;border-right: 1px solid #999\">Pol\u00edticas P\u00fablicas e Legisla\u00e7\u00e3o de Apoio ao Empreendedorismo.<\/td><td style=\"padding: 8px;border-left: 1px solid #999;border-right: 1px solid #999\">Online<\/td><\/tr><tr style=\"background: #FFF\"><td style=\"padding: 8px;border-left: 1px solid #999;border-right: 1px solid #999\">9<\/td><td style=\"padding: 8px;border-left: 1px solid #999;border-right: 1px solid #999\">O Papel Transformador do Instituto DOM: Inova\u00e7\u00e3o no apoio a Empreendedoras<\/td><td style=\"padding: 8px;border-left: 1px solid #999;border-right: 1px solid #999\">Caio Flavio Stettiner | Karl Johnsson |Alexandre Formigoni | Robson dos Santos<\/td><td style=\"padding: 8px;border-left: 1px solid #999;border-right: 1px solid #999\">Artigo<\/td><td style=\"padding: 8px;border-left: 1px solid #999;border-right: 1px solid #999\">Empreendedorismo Feminino<\/td><td style=\"padding: 8px;border-left: 1px solid #999;border-right: 1px solid #999\">Presencial<\/td><\/tr><tr style=\"background: #CCC\"><td style=\"padding: 8px;border-left: 1px solid #999;border-right: 1px solid #999\">10<\/td><td style=\"padding: 8px;border-left: 1px solid #999;border-right: 1px solid #999\">Para al\u00e9m do empreendedorismo: a educa\u00e7\u00e3o como ferramenta de transforma\u00e7\u00e3o de mulheres em vulnerabilidade social<\/td><td style=\"padding: 8px;border-left: 1px solid #999;border-right: 1px solid #999\">Franciele Silva Cruz<\/td><td style=\"padding: 8px;border-left: 1px solid #999;border-right: 1px solid #999\">Artigo<\/td><td style=\"padding: 8px;border-left: 1px solid #999;border-right: 1px solid #999\">Empreendedorismo Feminino<\/td><td style=\"padding: 8px;border-left: 1px solid #999;border-right: 1px solid #999\">Presencial<\/td><\/tr><tr style=\"background: #FFF\"><td style=\"padding: 8px;border-left: 1px solid #999;border-right: 1px solid #999\">11<\/td><td style=\"padding: 8px;border-left: 1px solid #999;border-right: 1px solid #999\">Perspectivas de crescimento das empresas da cidade de lichinga face \u00e0s linhas de cr\u00e9dito BNI e GOV. Covid-19<\/td><td style=\"padding: 8px;border-left: 1px solid #999;border-right: 1px solid #999\">Stiven Manuel | Saide Mirasse | Jacinto Jemusse | Ver\u00f3nica Manuel<\/td><td style=\"padding: 8px;border-left: 1px solid #999;border-right: 1px solid #999\">Artigo<\/td><td style=\"padding: 8px;border-left: 1px solid #999;border-right: 1px solid #999\">Educa\u00e7\u00e3o Empreendedora: Teorias, Pr\u00e1ticas e Resultados.<\/td><td style=\"padding: 8px;border-left: 1px solid #999;border-right: 1px solid #999\">Presencial<\/td><\/tr><tr style=\"background: #CCC\"><td style=\"padding: 8px;border-left: 1px solid #999;border-right: 1px solid #999\">12<\/td><td style=\"padding: 8px;border-left: 1px solid #999;border-right: 1px solid #999\">Pol\u00edticas P\u00fablicas para o Empreendedorismo em Portugal: Evolu\u00e7\u00e3o, Desafios e tendencias para a constru\u00e7\u00e3o de Ecossistemas Empreendedores<\/td><td style=\"padding: 8px;border-left: 1px solid #999;border-right: 1px solid #999\">Leonel Cunca | Jacinto Jardim<\/td><td style=\"padding: 8px;border-left: 1px solid #999;border-right: 1px solid #999\">Artigo<\/td><td style=\"padding: 8px;border-left: 1px solid #999;border-right: 1px solid #999\">Pol\u00edticas P\u00fablicas e Legisla\u00e7\u00e3o de Apoio ao Empreendedorismo.<\/td><td style=\"padding: 8px;border-left: 1px solid #999;border-right: 1px solid #999\">Online<\/td><\/tr><tr style=\"background: #FFF\"><td style=\"padding: 8px;border-left: 1px solid #999;border-right: 1px solid #999\">13<\/td><td style=\"padding: 8px;border-left: 1px solid #999;border-right: 1px solid #999\">Pol\u00edticas p\u00fablicas e Empreendedorismo em Contextos perif\u00e9ricos &#8211; O caso dos A\u00e7ores como Ecossistema em Transforma\u00e7\u00e3o<\/td><td style=\"padding: 8px;border-left: 1px solid #999;border-right: 1px solid #999\">Catarina Gaspar<\/td><td style=\"padding: 8px;border-left: 1px solid #999;border-right: 1px solid #999\">Artigo<\/td><td style=\"padding: 8px;border-left: 1px solid #999;border-right: 1px solid #999\">Pol\u00edticas P\u00fablicas e Legisla\u00e7\u00e3o de Apoio ao Empreendedorismo.<\/td><td style=\"padding: 8px;border-left: 1px solid #999;border-right: 1px solid #999\">Online<\/td><\/tr><tr style=\"background: #CCC\"><td style=\"padding: 8px;border-left: 1px solid #999;border-right: 1px solid #999\">14<\/td><td style=\"padding: 8px;border-left: 1px solid #999;border-right: 1px solid #999\">Programa de movilidad universitaria de la Facultad Politecnica de la Universidad Autonoma Gabriel Rene Moreno (UAGRM), realizado en la Gestion 2024<\/td><td style=\"padding: 8px;border-left: 1px solid #999;border-right: 1px solid #999\">Roy Pastor Bejarano | Saul Severiche Toledo | Ronal Arteaga Hernandez<\/td><td style=\"padding: 8px;border-left: 1px solid #999;border-right: 1px solid #999\">Resumo<\/td><td style=\"padding: 8px;border-left: 1px solid #999;border-right: 1px solid #999\">Educa\u00e7\u00e3o Empreendedora: Teorias, Pr\u00e1ticas e Resultados.<\/td><td style=\"padding: 8px;border-left: 1px solid #999;border-right: 1px solid #999\">Presencial<\/td><\/tr><tr style=\"background: #FFF\"><td style=\"padding: 8px;border-left: 1px solid #999;border-right: 1px solid #999\">15<\/td><td style=\"padding: 8px;border-left: 1px solid #999;border-right: 1px solid #999\">Projeto Empreendedor Jovem: Capacita\u00e7\u00e3o para a Transforma\u00e7\u00e3o Social<\/td><td style=\"padding: 8px;border-left: 1px solid #999;border-right: 1px solid #999\">Irandi de Jesus Silva | Jucileia Aparecida da Silva Morais<\/td><td style=\"padding: 8px;border-left: 1px solid #999;border-right: 1px solid #999\">Artigo<\/td><td style=\"padding: 8px;border-left: 1px solid #999;border-right: 1px solid #999\">Educa\u00e7\u00e3o Empreendedora: Teorias, Pr\u00e1ticas e Resultados.<\/td><td style=\"padding: 8px;border-left: 1px solid #999;border-right: 1px solid #999\">Online<\/td><\/tr><tr style=\"background: #CCC\"><td style=\"padding: 8px;border-left: 1px solid #999;border-right: 1px solid #999\">16<\/td><td style=\"padding: 8px;border-left: 1px solid #999;border-right: 1px solid #999\">Pr\u00e1ticas did\u00e1tico pedag\u00f3gicas expositivo-dialogadas e a sensibiliza\u00e7\u00e3o empreendedora de t\u00e9cnicos em seguran\u00e7a do trabalho e administra\u00e7\u00e3o no CEEPAMEV* em Ilh\u00e9us BA.<\/td><td style=\"padding: 8px;border-left: 1px solid #999;border-right: 1px solid #999\">Ismara Sobral Pereira | Milton Junior | Cl\u00e1udia Reis<\/td><td style=\"padding: 8px;border-left: 1px solid #999;border-right: 1px solid #999\">Artigo<\/td><td style=\"padding: 8px;border-left: 1px solid #999;border-right: 1px solid #999\">Educa\u00e7\u00e3o Empreendedora: Teorias, Pr\u00e1ticas e Resultados.<\/td><td style=\"padding: 8px;border-left: 1px solid #999;border-right: 1px solid #999\">Online<\/td><\/tr><tr style=\"background: #FFF\"><td style=\"padding: 8px;border-left: 1px solid #999;border-right: 1px solid #999\">17<\/td><td style=\"padding: 8px;border-left: 1px solid #999;border-right: 1px solid #999\">T\u00e9cnico o Emprendedor<\/td><td style=\"padding: 8px;border-left: 1px solid #999;border-right: 1px solid #999\">Juan Otoniel Martinez Sallama | Julitza Gisel Guzm\u00e1n Andame<\/td><td style=\"padding: 8px;border-left: 1px solid #999;border-right: 1px solid #999\">Artigo<\/td><td style=\"padding: 8px;border-left: 1px solid #999;border-right: 1px solid #999\">Educa\u00e7\u00e3o Empreendedora: Teorias, Pr\u00e1ticas e Resultados.<\/td><td style=\"padding: 8px;border-left: 1px solid #999;border-right: 1px solid #999\">OnLine<\/td><\/tr><tr style=\"background: #CCC\"><td style=\"padding: 8px;border-left: 1px solid #999;border-right: 1px solid #999\">18<\/td><td style=\"padding: 8px;border-left: 1px solid #999;border-right: 1px solid #999\">Pol\u00edticas p\u00fablicas de inser\u00e7\u00e3o produtiva juvenil: uma an\u00e1lise do programa primeiro emprego em sergipe em parceria com o SENAC Sergipe<\/td><td style=\"padding: 8px;border-left: 1px solid #999;border-right: 1px solid #999\">Cristiane Tavares Nunes |Leila Santos Silva<\/td><td style=\"padding: 8px;border-left: 1px solid #999;border-right: 1px solid #999\">Artigo<\/td><td style=\"padding: 8px;border-left: 1px solid #999;border-right: 1px solid #999\">Pol\u00edticas P\u00fablicas e Legisla\u00e7\u00e3o de Apoio ao Empreendedorismo.<\/td><td style=\"padding: 8px;border-left: 1px solid #999;border-right: 1px solid #999\">Presencial<\/td><\/tr><\/tbody><\/table><\/div>\n\t\t\t\t\t<\/div><div class=\"eael-accordion-list\">\n\t\t\t\t\t<div id=\"5-empreendedorismo-social-sustentabilidade-e-globalizao-turismo-comrcio-e-servios-ecossistemas-municipais-empreendedores-desafios-e-oportunidades\" class=\"elementor-tab-title eael-accordion-header\" tabindex=\"0\" data-tab=\"5\" aria-controls=\"elementor-tab-content-2665\"><span class=\"eael-advanced-accordion-icon-closed\"><svg aria-hidden=\"true\" class=\"fa-accordion-icon e-font-icon-svg e-fas-plus\" viewBox=\"0 0 448 512\" xmlns=\"http:\/\/www.w3.org\/2000\/svg\"><path d=\"M416 208H272V64c0-17.67-14.33-32-32-32h-32c-17.67 0-32 14.33-32 32v144H32c-17.67 0-32 14.33-32 32v32c0 17.67 14.33 32 32 32h144v144c0 17.67 14.33 32 32 32h32c17.67 0 32-14.33 32-32V304h144c17.67 0 32-14.33 32-32v-32c0-17.67-14.33-32-32-32z\"><\/path><\/svg><\/span><span class=\"eael-advanced-accordion-icon-opened\"><svg aria-hidden=\"true\" class=\"fa-accordion-icon e-font-icon-svg e-fas-people-carry\" viewBox=\"0 0 640 512\" xmlns=\"http:\/\/www.w3.org\/2000\/svg\"><path d=\"M128 96c26.5 0 48-21.5 48-48S154.5 0 128 0 80 21.5 80 48s21.5 48 48 48zm384 0c26.5 0 48-21.5 48-48S538.5 0 512 0s-48 21.5-48 48 21.5 48 48 48zm125.7 372.1l-44-110-41.1 46.4-2 18.2 27.7 69.2c5 12.5 17 20.1 29.7 20.1 4 0 8-.7 11.9-2.3 16.4-6.6 24.4-25.2 17.8-41.6zm-34.2-209.8L585 178.1c-4.6-20-18.6-36.8-37.5-44.9-18.5-8-39-6.7-56.1 3.3-22.7 13.4-39.7 34.5-48.1 59.4L432 229.8 416 240v-96c0-8.8-7.2-16-16-16H240c-8.8 0-16 7.2-16 16v96l-16.1-10.2-11.3-33.9c-8.3-25-25.4-46-48.1-59.4-17.2-10-37.6-11.3-56.1-3.3-18.9 8.1-32.9 24.9-37.5 44.9l-18.4 80.2c-4.6 20 .7 41.2 14.4 56.7l67.2 75.9 10.1 92.6C130 499.8 143.8 512 160 512c1.2 0 2.3-.1 3.5-.2 17.6-1.9 30.2-17.7 28.3-35.3l-10.1-92.8c-1.5-13-6.9-25.1-15.6-35l-43.3-49 17.6-70.3 6.8 20.4c4.1 12.5 11.9 23.4 24.5 32.6l51.1 32.5c4.6 2.9 12.1 4.6 17.2 5h160c5.1-.4 12.6-2.1 17.2-5l51.1-32.5c12.6-9.2 20.4-20 24.5-32.6l6.8-20.4 17.6 70.3-43.3 49c-8.7 9.9-14.1 22-15.6 35l-10.1 92.8c-1.9 17.6 10.8 33.4 28.3 35.3 1.2.1 2.3.2 3.5.2 16.1 0 30-12.1 31.8-28.5l10.1-92.6 67.2-75.9c13.6-15.5 19-36.7 14.4-56.7zM46.3 358.1l-44 110c-6.6 16.4 1.4 35 17.8 41.6 16.8 6.6 35.1-1.7 41.6-17.8l27.7-69.2-2-18.2-41.1-46.4z\"><\/path><\/svg><\/span><span class=\"eael-accordion-tab-title\">5 - Empreendedorismo Social, Sustentabilidade e Globaliza\u00e7\u00e3o | Turismo, Com\u00e9rcio e Servi\u00e7os  | Ecossistemas Municipais Empreendedores: Desafios e Oportunidades.<\/span><svg aria-hidden=\"true\" class=\"fa-toggle e-font-icon-svg e-fas-angle-right\" viewBox=\"0 0 256 512\" xmlns=\"http:\/\/www.w3.org\/2000\/svg\"><path d=\"M224.3 273l-136 136c-9.4 9.4-24.6 9.4-33.9 0l-22.6-22.6c-9.4-9.4-9.4-24.6 0-33.9l96.4-96.4-96.4-96.4c-9.4-9.4-9.4-24.6 0-33.9L54.3 103c9.4-9.4 24.6-9.4 33.9 0l136 136c9.5 9.4 9.5 24.6.1 34z\"><\/path><\/svg><\/div><div id=\"elementor-tab-content-2665\" class=\"eael-accordion-content clearfix\" data-tab=\"5\" aria-labelledby=\"5-empreendedorismo-social-sustentabilidade-e-globalizao-turismo-comrcio-e-servios-ecossistemas-municipais-empreendedores-desafios-e-oportunidades\"><h4>Moderadores:<br \/>Joab Almeida (UFS) | Rodrigo Rocha (IEL) | Abelardo Monteiro (Sebrae SE)<\/h4><table style=\"width: 100%;border-collapse: collapse;border: 1px solid #999\"><thead><tr style=\"background: #AAA\"><th style=\"font-weight: bold;padding: 8px;border-left: 1px solid #999;border-right: 1px solid #999\">N\u00ba<\/th><th style=\"font-weight: bold;padding: 8px;border-left: 1px solid #999;border-right: 1px solid #999\">T\u00edtulo<\/th><th style=\"font-weight: bold;padding: 8px;border-left: 1px solid #999;border-right: 1px solid #999\">Autores<\/th><th style=\"font-weight: bold;padding: 8px;border-left: 1px solid #999;border-right: 1px solid #999\">Tipo<\/th><th style=\"font-weight: bold;padding: 8px;border-left: 1px solid #999;border-right: 1px solid #999\">\u00c1rea<\/th><th style=\"font-weight: bold;padding: 8px;border-left: 1px solid #999;border-right: 1px solid #999\">Modo<\/th><\/tr><\/thead><tbody><tr style=\"background: #FFF\"><td style=\"padding: 8px;border-left: 1px solid #999;border-right: 1px solid #999\">1<\/td><td style=\"padding: 8px;border-left: 1px solid #999;border-right: 1px solid #999\">A inclus\u00e3o digital numa perspetiva de inclus\u00e3o social e inova\u00e7\u00e3o na educa\u00e7\u00e3o<\/td><td style=\"padding: 8px;border-left: 1px solid #999;border-right: 1px solid #999\">M\u00f3nica Cardoso | Manuela Teixeira<\/td><td style=\"padding: 8px;border-left: 1px solid #999;border-right: 1px solid #999\">Resumo<\/td><td style=\"padding: 8px;border-left: 1px solid #999;border-right: 1px solid #999\">Empreendedorismo Social, Sustentabilidade e Globaliza\u00e7\u00e3o<\/td><td style=\"padding: 8px;border-left: 1px solid #999;border-right: 1px solid #999\">Online<\/td><\/tr><tr style=\"background: #CCC\"><td style=\"padding: 8px;border-left: 1px solid #999;border-right: 1px solid #999\">2<\/td><td style=\"padding: 8px;border-left: 1px solid #999;border-right: 1px solid #999\">Cartografia afetiva de uma cidade: Pontes entre a materializa\u00e7\u00e3o da mem\u00f3ria e a constru\u00e7\u00e3o do presente<\/td><td style=\"padding: 8px;border-left: 1px solid #999;border-right: 1px solid #999\">Rosane Bezerra Soares<\/td><td style=\"padding: 8px;border-left: 1px solid #999;border-right: 1px solid #999\">Artigo<\/td><td style=\"padding: 8px;border-left: 1px solid #999;border-right: 1px solid #999\">Empreendedorismo Social, Sustentabilidade e Globaliza\u00e7\u00e3o<\/td><td style=\"padding: 8px;border-left: 1px solid #999;border-right: 1px solid #999\">Presencial<\/td><\/tr><tr style=\"background: #FFF\"><td style=\"padding: 8px;border-left: 1px solid #999;border-right: 1px solid #999\">3<\/td><td style=\"padding: 8px;border-left: 1px solid #999;border-right: 1px solid #999\">Comunidades Empreendedoras: redes locais que geram impacto<\/td><td style=\"padding: 8px;border-left: 1px solid #999;border-right: 1px solid #999\">Diogo Jos\u00e9 Tirbutino de Oliveira | Stefanny da Paix\u00e3o Nascimento |Caio Flavio Stettiner |Roberto Padilha Moia<\/td><td style=\"padding: 8px;border-left: 1px solid #999;border-right: 1px solid #999\">Artigo<\/td><td style=\"padding: 8px;border-left: 1px solid #999;border-right: 1px solid #999\">Ecossistemas Municipais Empreendedores: Desafios e Oportunidades<\/td><td style=\"padding: 8px;border-left: 1px solid #999;border-right: 1px solid #999\">OnLine<\/td><\/tr><tr style=\"background: #CCC\"><td style=\"padding: 8px;border-left: 1px solid #999;border-right: 1px solid #999\">4<\/td><td style=\"padding: 8px;border-left: 1px solid #999;border-right: 1px solid #999\">Efeito das a\u00e7\u00f5es empreendedoras na sustentabilidade financeira e na longevidade dos grupos empresariais de sa\u00fade privada no Brasil<\/td><td style=\"padding: 8px;border-left: 1px solid #999;border-right: 1px solid #999\">Wesley Marques Nascimento | Wendel Alex Castro Silva | Jos\u00e9 Edson Lara<\/td><td style=\"padding: 8px;border-left: 1px solid #999;border-right: 1px solid #999\">Artigo<\/td><td style=\"padding: 8px;border-left: 1px solid #999;border-right: 1px solid #999\">Empreendedorismo Social, Sustentabilidade e Globaliza\u00e7\u00e3o<\/td><td style=\"padding: 8px;border-left: 1px solid #999;border-right: 1px solid #999\">Online<\/td><\/tr><tr style=\"background: #FFF\"><td style=\"padding: 8px;border-left: 1px solid #999;border-right: 1px solid #999\">5<\/td><td style=\"padding: 8px;border-left: 1px solid #999;border-right: 1px solid #999\">Empreendedorismo Social e Educa\u00e7\u00e3o Transformadora nos Centro Social e Centro de Conv\u00edvio.<\/td><td style=\"padding: 8px;border-left: 1px solid #999;border-right: 1px solid #999\">Manuela Pereira<\/td><td style=\"padding: 8px;border-left: 1px solid #999;border-right: 1px solid #999\">Artigo<\/td><td style=\"padding: 8px;border-left: 1px solid #999;border-right: 1px solid #999\">Empreendedorismo Social, Sustentabilidade e Globaliza\u00e7\u00e3o<\/td><td style=\"padding: 8px;border-left: 1px solid #999;border-right: 1px solid #999\">Online<\/td><\/tr><tr style=\"background: #CCC\"><td style=\"padding: 8px;border-left: 1px solid #999;border-right: 1px solid #999\">6<\/td><td style=\"padding: 8px;border-left: 1px solid #999;border-right: 1px solid #999\">Empreendedorismo Sustent\u00e1vel e Modelos de Neg\u00f3cio com Impacto: entre a utopia ecol\u00f3gica e a viabilidade econ\u00f3mica \u00e1rea<\/td><td style=\"padding: 8px;border-left: 1px solid #999;border-right: 1px solid #999\">Andr\u00e9 Filipe da Costa Leite e Silva Ferreira<\/td><td style=\"padding: 8px;border-left: 1px solid #999;border-right: 1px solid #999\">Resumo<\/td><td style=\"padding: 8px;border-left: 1px solid #999;border-right: 1px solid #999\">Empreendedorismo Social, Sustentabilidade e Globaliza\u00e7\u00e3o<\/td><td style=\"padding: 8px;border-left: 1px solid #999;border-right: 1px solid #999\">Presencial<\/td><\/tr><tr style=\"background: #FFF\"><td style=\"padding: 8px;border-left: 1px solid #999;border-right: 1px solid #999\">7<\/td><td style=\"padding: 8px;border-left: 1px solid #999;border-right: 1px solid #999\">Empreendedorismo Sustent\u00e1vel para Restaura\u00e7\u00e3o de Mata Ciliar do Rio Paj\u00e9u: A\u00e7\u00f5es Humanas e Parcerias Interisnstitucionais entre a UFRPE\/UAST e uma Escola P\u00fablica Municipal em Serra Talhada -PE<\/td><td style=\"padding: 8px;border-left: 1px solid #999;border-right: 1px solid #999\">Walber Santos Baptista |Genival Barros J\u00fanior | Maria Waleska Camboim Lopes de Andrade | Sa\u00fal Severiche Toledo<\/td><td style=\"padding: 8px;border-left: 1px solid #999;border-right: 1px solid #999\">Resumo<\/td><td style=\"padding: 8px;border-left: 1px solid #999;border-right: 1px solid #999\">Empreendedorismo Social, Sustentabilidade e Globaliza\u00e7\u00e3o<\/td><td style=\"padding: 8px;border-left: 1px solid #999;border-right: 1px solid #999\">Online<\/td><\/tr><tr style=\"background: #CCC\"><td style=\"padding: 8px;border-left: 1px solid #999;border-right: 1px solid #999\">8<\/td><td style=\"padding: 8px;border-left: 1px solid #999;border-right: 1px solid #999\">Empreendedorismo e Cidadania na periferia: Projeto Minha Casa Meu Neg\u00f3cio<\/td><td style=\"padding: 8px;border-left: 1px solid #999;border-right: 1px solid #999\">Jo\u00e3o Pinheiro de Barros Neto |Geraldo Gianini | Larissa Alves de Macedo<\/td><td style=\"padding: 8px;border-left: 1px solid #999;border-right: 1px solid #999\">Artigo<\/td><td style=\"padding: 8px;border-left: 1px solid #999;border-right: 1px solid #999\">Empreendedorismo Social, Sustentabilidade e Globaliza\u00e7\u00e3o<\/td><td style=\"padding: 8px;border-left: 1px solid #999;border-right: 1px solid #999\">OnLine<\/td><\/tr><tr style=\"background: #FFF\"><td style=\"padding: 8px;border-left: 1px solid #999;border-right: 1px solid #999\">9<\/td><td style=\"padding: 8px;border-left: 1px solid #999;border-right: 1px solid #999\">Empreendedorismo no paradigma da educa\u00e7\u00e3o ONLIFE &#8211; Aventuras do Gato das Botas pela cultura na cibricidade de Bento Gon\u00e7alves &#8211; RS<\/td><td style=\"padding: 8px;border-left: 1px solid #999;border-right: 1px solid #999\">Natalia Sitnievski | Eliane Schlemmer<\/td><td style=\"padding: 8px;border-left: 1px solid #999;border-right: 1px solid #999\">Artigo<\/td><td style=\"padding: 8px;border-left: 1px solid #999;border-right: 1px solid #999\">Turismo, Com\u00e9rcio e Servi\u00e7os<\/td><td style=\"padding: 8px;border-left: 1px solid #999;border-right: 1px solid #999\">Online<\/td><\/tr><tr style=\"background: #CCC\"><td style=\"padding: 8px;border-left: 1px solid #999;border-right: 1px solid #999\">10<\/td><td style=\"padding: 8px;border-left: 1px solid #999;border-right: 1px solid #999\">Empreendedorismo social como ferramenta de transforma\u00e7\u00e3o comunit\u00e1ria: o impacto dos projetos Churras do Bem e Acaraj\u00e9 do Bem do Rotary Club Aracaju Nova Gera\u00e7\u00e3o<\/td><td style=\"padding: 8px;border-left: 1px solid #999;border-right: 1px solid #999\">Jorge Nunes | Eduardo Salustino | Paulo J\u00fanior | Al\u00e9rcio Silva<\/td><td style=\"padding: 8px;border-left: 1px solid #999;border-right: 1px solid #999\">Resumo<\/td><td style=\"padding: 8px;border-left: 1px solid #999;border-right: 1px solid #999\">Empreendedorismo Social, Sustentabilidade e Globaliza\u00e7\u00e3o<\/td><td style=\"padding: 8px;border-left: 1px solid #999;border-right: 1px solid #999\">Sem resposta<\/td><\/tr><tr style=\"background: #FFF\"><td style=\"padding: 8px;border-left: 1px solid #999;border-right: 1px solid #999\">11<\/td><td style=\"padding: 8px;border-left: 1px solid #999;border-right: 1px solid #999\">Empreendedorismo social: Transformando realidades com impacto positivo<\/td><td style=\"padding: 8px;border-left: 1px solid #999;border-right: 1px solid #999\">Igor Maguellitoh<\/td><td style=\"padding: 8px;border-left: 1px solid #999;border-right: 1px solid #999\">Resumo<\/td><td style=\"padding: 8px;border-left: 1px solid #999;border-right: 1px solid #999\">Empreendedorismo Social, Sustentabilidade e Globaliza\u00e7\u00e3o<\/td><td style=\"padding: 8px;border-left: 1px solid #999;border-right: 1px solid #999\">Online<\/td><\/tr><tr style=\"background: #CCC\"><td style=\"padding: 8px;border-left: 1px solid #999;border-right: 1px solid #999\">12<\/td><td style=\"padding: 8px;border-left: 1px solid #999;border-right: 1px solid #999\">Envelhecimento e Inova\u00e7\u00e3o Social em Portugal: O Papel do Empreendedorismo Social<\/td><td style=\"padding: 8px;border-left: 1px solid #999;border-right: 1px solid #999\">Manuela Teixeira |M\u00f3nica Cardoso | \u00c2ngela Firmino<\/td><td style=\"padding: 8px;border-left: 1px solid #999;border-right: 1px solid #999\">Artigo<\/td><td style=\"padding: 8px;border-left: 1px solid #999;border-right: 1px solid #999\">Empreendedorismo Social, Sustentabilidade e Globaliza\u00e7\u00e3o<\/td><td style=\"padding: 8px;border-left: 1px solid #999;border-right: 1px solid #999\">Online<\/td><\/tr><tr style=\"background: #FFF\"><td style=\"padding: 8px;border-left: 1px solid #999;border-right: 1px solid #999\">13<\/td><td style=\"padding: 8px;border-left: 1px solid #999;border-right: 1px solid #999\">Idiomas que geram neg\u00f3cios: como o bilinguismo impulsiona cidadania global, empreendedorismo e com\u00e9rcio exterior<\/td><td style=\"padding: 8px;border-left: 1px solid #999;border-right: 1px solid #999\">Giselle Menezes Mendes Cintado | Dirlei Terezinha Fachinello<\/td><td style=\"padding: 8px;border-left: 1px solid #999;border-right: 1px solid #999\">Artigo<\/td><td style=\"padding: 8px;border-left: 1px solid #999;border-right: 1px solid #999\">Turismo, Com\u00e9rcio e Servi\u00e7os<\/td><td style=\"padding: 8px;border-left: 1px solid #999;border-right: 1px solid #999\">Presencial<\/td><\/tr><tr style=\"background: #CCC\"><td style=\"padding: 8px;border-left: 1px solid #999;border-right: 1px solid #999\">14<\/td><td style=\"padding: 8px;border-left: 1px solid #999;border-right: 1px solid #999\">O Estilo de Empreender Mediterr\u00e2nico: Perspetivas para um Ecossistema Diferenciado<\/td><td style=\"padding: 8px;border-left: 1px solid #999;border-right: 1px solid #999\">Patr\u00edcia Jardim Palma | Jacinto Jardim<\/td><td style=\"padding: 8px;border-left: 1px solid #999;border-right: 1px solid #999\">Artigo<\/td><td style=\"padding: 8px;border-left: 1px solid #999;border-right: 1px solid #999\">Ecossistemas Municipais Empreendedores: Desafios e Oportunidades<\/td><td style=\"padding: 8px;border-left: 1px solid #999;border-right: 1px solid #999\">Online<\/td><\/tr><tr style=\"background: #FFF\"><td style=\"padding: 8px;border-left: 1px solid #999;border-right: 1px solid #999\">15<\/td><td style=\"padding: 8px;border-left: 1px solid #999;border-right: 1px solid #999\">Oficinas Viver com Vitalidade: Empreendedorismo Social para um Envelhecimento Ativo e Digital<\/td><td style=\"padding: 8px;border-left: 1px solid #999;border-right: 1px solid #999\">Sandro Jorge | S\u00f3nia Valente<\/td><td style=\"padding: 8px;border-left: 1px solid #999;border-right: 1px solid #999\">Artigo<\/td><td style=\"padding: 8px;border-left: 1px solid #999;border-right: 1px solid #999\">Empreendedorismo Social, Sustentabilidade e Globaliza\u00e7\u00e3o<\/td><td style=\"padding: 8px;border-left: 1px solid #999;border-right: 1px solid #999\">Online<\/td><\/tr><tr style=\"background: #CCC\"><td style=\"padding: 8px;border-left: 1px solid #999;border-right: 1px solid #999\">16<\/td><td style=\"padding: 8px;border-left: 1px solid #999;border-right: 1px solid #999\">Munic\u00edpios Empreendedores na Era da Conetividade: Pol\u00edticas, Pr\u00e1ticas e Tend\u00eancias da Administra\u00e7\u00e3o Local<\/td><td style=\"padding: 8px;border-left: 1px solid #999;border-right: 1px solid #999\">Jacinto Jardim<\/td><td style=\"padding: 8px;border-left: 1px solid #999;border-right: 1px solid #999\">Artigo<\/td><td style=\"padding: 8px;border-left: 1px solid #999;border-right: 1px solid #999\">Ecossistemas Municipais Empreendedores: Desafios e Oportunidades<\/td><td style=\"padding: 8px;border-left: 1px solid #999;border-right: 1px solid #999\">Presencial<\/td><\/tr><tr style=\"background: #FFF\"><td style=\"padding: 8px;border-left: 1px solid #999;border-right: 1px solid #999\">17<\/td><td style=\"padding: 8px;border-left: 1px solid #999;border-right: 1px solid #999\">Teoria e pr\u00e1tica empreendedora na aplica\u00e7\u00e3o do modelo canvas num empreendimento local sustent\u00e1vel<\/td><td style=\"padding: 8px;border-left: 1px solid #999;border-right: 1px solid #999\">Alexandro Santos Silva | Cac\u00e1 Gon\u00e7alves<\/td><td style=\"padding: 8px;border-left: 1px solid #999;border-right: 1px solid #999\">Artigo<\/td><td style=\"padding: 8px;border-left: 1px solid #999;border-right: 1px solid #999\">Empreendedorismo Social, Sustentabilidade e Globaliza\u00e7\u00e3o<\/td><td style=\"padding: 8px;border-left: 1px solid #999;border-right: 1px solid #999\">OnLine<\/td><\/tr><tr style=\"background: #CCC\"><td style=\"padding: 8px;border-left: 1px solid #999;border-right: 1px solid #999\">18<\/td><td style=\"padding: 8px;border-left: 1px solid #999;border-right: 1px solid #999\">Transformando ritmo em profiss\u00e3o: a oportunidade de profissionaliza\u00e7\u00e3o das escolas de Samba em Corumba-MS<\/td><td style=\"padding: 8px;border-left: 1px solid #999;border-right: 1px solid #999\">Juliana Bispo Rodrigues dos Santos<\/td><td style=\"padding: 8px;border-left: 1px solid #999;border-right: 1px solid #999\">Artigo<\/td><td style=\"padding: 8px;border-left: 1px solid #999;border-right: 1px solid #999\">Ecossistemas Municipais Empreendedores: Desafios e Oportunidades<\/td><td style=\"padding: 8px;border-left: 1px solid #999;border-right: 1px solid #999\">Online<\/td><\/tr><\/tbody><\/table><\/div>\n\t\t\t\t\t<\/div><\/div>\t\t\t\t<\/div>\n\t\t\t\t<\/div>\n\t\t\t\t<\/div>\n\t\t\t\t\t<\/div>\n\t\t\t\t<\/div>\n\t\t<div class=\"elementor-element elementor-element-d8dd83a e-flex e-con-boxed wpr-particle-no wpr-jarallax-no wpr-parallax-no wpr-sticky-section-no wpr-equal-height-no e-con e-parent\" data-id=\"d8dd83a\" data-element_type=\"container\" data-e-type=\"container\">\n\t\t\t\t\t<div class=\"e-con-inner\">\n\t\t\t\t<div class=\"elementor-element elementor-element-8814999 elementor-widget elementor-widget-image\" data-id=\"8814999\" data-element_type=\"widget\" data-e-type=\"widget\" data-widget_type=\"image.default\">\n\t\t\t\t<div class=\"elementor-widget-container\">\n\t\t\t\t\t\t\t\t\t\t\t\t\t\t\t<img decoding=\"async\" width=\"1024\" height=\"333\" src=\"https:\/\/educacaoempreendedora.com\/cieeci2025\/wp-content\/uploads\/2025\/10\/Apoiadores-1024x333.png\" class=\"attachment-large size-large wp-image-3260\" alt=\"\" srcset=\"https:\/\/educacaoempreendedora.com\/cieeci2025\/wp-content\/uploads\/2025\/10\/Apoiadores-1024x333.png 1024w, https:\/\/educacaoempreendedora.com\/cieeci2025\/wp-content\/uploads\/2025\/10\/Apoiadores-300x98.png 300w, https:\/\/educacaoempreendedora.com\/cieeci2025\/wp-content\/uploads\/2025\/10\/Apoiadores-768x250.png 768w, https:\/\/educacaoempreendedora.com\/cieeci2025\/wp-content\/uploads\/2025\/10\/Apoiadores-1536x500.png 1536w, https:\/\/educacaoempreendedora.com\/cieeci2025\/wp-content\/uploads\/2025\/10\/Apoiadores.png 1968w\" sizes=\"(max-width: 1024px) 100vw, 1024px\" \/>\t\t\t\t\t\t\t\t\t\t\t\t\t\t\t<\/div>\n\t\t\t\t<\/div>\n\t\t\t\t\t<\/div>\n\t\t\t\t<\/div>\n\t\t\t\t<\/div>\n\t\t","protected":false},"excerpt":{"rendered":"<p>TOQUE E CONFIRA A PROGRAMA\u00c7\u00c3O DIA 16 07h00 BR (11h00 PT) Credenciamento 08h00 BR (12h00 PT) SOLENIDADE DE ABERTURA 09h00 BR (13h00 PT) CONFER\u00caNCIA DE ABERTURACONSTRUINDO PONTES COM OS MUNIC\u00cdPIOS EMPREENDEDORES:POL\u00cdTICAS, PR\u00c1TICAS E TEND\u00caNCIASSenador La\u00e9rcio Oliveira (Brasil)Prof.Dr. Jacinto Jardim (UAb &#8211; Portugal)Moderador: Andr\u00e9 Gusm\u00e3o 10h00 BR (14h00 PT) PAINEL ARTICULADOO PAPEL DA EDUCA\u00c7\u00c3O EMPREENDEDORA NO DESENVOLVIMENTO HUMANOAndrea Karla F Nunes (Unit &#8211; SE &#8211; Brasil)Jari Riihel\u00e4inen (EACEA, rede Eurydice)Adelino Ribeiro (MobilidadePT &#8211; Portugal)Moderadora: Naira Libermann (PUCRS) 11h00 BR (15h00 PT) APRESENTA\u00c7\u00c3O DOS PROJETOS EMPREENDEDORESDAS ESCOLAS DE: PROPRI\u00c1 E MALHADA DOS BOIS 11h45 BR (15h45 PT) Intervalo 13h15 BR (17h15 PT) CONFER\u00caNCIACI\u00caNCIA, ENSINO A DIST\u00c2NCIA E EMPREENDEDORISMO PARATRANSFORMAR O FUTURO DA EDUCA\u00c7\u00c3OCarla Padrel de Oliveira (Reitora da Universidade Aberta)Antonio Carlos Kronemberger (Sebrae)Moderador: Marcelo Ponte (Senado Federal) 14h15 BR (18h15 PT) APRESENTA\u00c7\u00c3O DOS PROJETOS EMPREENDEDORESDAS ESCOLAS DE: CAMPO DO BRITO E MOITA BONITA 15h15 BR (19h15 PT) PAINEL ARTICULADOEMPREENDEDORISMO REGIONAL E COOPERA\u00c7\u00c3O INTERNACIONAL:PERSPECTIVAS PARA PA\u00cdSES LUS\u00d3FONOS E HISPANOFALANTESJorge Cabral Nunes (Rotary Club)Otaviano Canuto (PCNS &#8211; USA)Jos\u00e9 Rabelo (UFS)Moderador: Jos\u00e9 Gabriel Beltr\u00e3o (Pres. C\u00e2mara Portuguesa de Sergipe) 16h15 BR (20h15 PT) PAINEL ARTICULADOREDES COLABORATIVAS E TRANSFORMA\u00c7\u00c3O DIGITAL:CONEX\u00d5ES PARA UM FUTURO SUSTENT\u00c1VELChico Saboya (ANPROTEC &#8211; Brasil)Ilka Serra (UE Maranh\u00e3o)Ant\u00f3nio Moreira (UAb &#8211; Portugal)Wagner Lemos (UNEB-BA)Moderadora: Josefina Vervloet (UESC-BA) 17h15 BR (21h15 PT) PAINEL ARTICULADOPARCERIAS ESTRAT\u00c9GICAS ENTRE INSTITUI\u00c7\u00d5ES EDUCACIONAIS,ORGANIZA\u00c7\u00d5ES E MUNIC\u00cdPIOSJ\u00e9ssica Rangel (JA Brasil)Anderson Barros (Uneal &#8211; AL &#8211; Brasil)Elisete Martins (ISLA &#8211; Portugal)Brenno Barreto (Sebrae-SE)Moderador: Cleon Nascimento (Secom Governo de Sergipe) 18h15 BR (22h15 PT) CONFER\u00caNCIAINTELIG\u00caNCIA ARTIFICIAL E EDUCA\u00c7\u00c3O EMPREENDEDORA:CAMINHOS PARA A INOVA\u00c7\u00c3O ESCAL\u00c1VELM\u00e1rcio Gon\u00e7alves (IFPR-PR)Eliane Schlemmer (Unisinos-RS)Moderador: Cl\u00e9ber Lopes DIA 17 08h00\u201311h00 BR (12h00\u201315h00 PT) SESS\u00d5ES TEM\u00c1TICAS SALA 1 &#8211; Intelig\u00eancia Artificial e Tecnologias Emergentes no Empreendedorismo | Forma\u00e7\u00e3o Profissional para o Empreendedorismo SALA 2 &#8211; Educa\u00e7\u00e3o Empreendedora: Teorias, Pr\u00e1ticas e Resultados SALA 3 &#8211; Educa\u00e7\u00e3o Empreendedora: Teorias, Pr\u00e1ticas e Resultados. SALA 4 &#8211; Educa\u00e7\u00e3o Empreendedora: Teorias, Pr\u00e1ticas e Resultados | Empreendedorismo Feminino | Pol\u00edticas P\u00fablicas e Legisla\u00e7\u00e3o de Apoio ao Empreendedorismo SALA 5 &#8211; Empreendedorismo Social, Sustentabilidade e Globaliza\u00e7\u00e3o | Turismo, Com\u00e9rcio e Servi\u00e7os | Ecossistemas Municipais Empreendedores: Desafios e Oportunidades. Confira a Programa\u00e7\u00e3o Completa das Salas 11h00 BR (15h00 PT) Intervalo para o almo\u00e7o 12h30 BR (16h30 PT)\u00a0APRESENTA\u00c7\u00c3O DO PROJETO EMPREENDEDORDA ESCOLA DE ITABI 12h45 BR (16h45 PT)Alunos Convidados Especiais do\u00a0Centro de Excel\u00eancia de Educa\u00e7\u00e3o Profissional Jos\u00e9 Figueiredo BarretoAracaju &#8211; SE 13h00 BR (17h30 PT) PAINEL ARTICULADOUNI\u00c3O DE EMPRESAS COM A EDUCA\u00c7\u00c3O SUPERIOR:CI\u00caNCIA E TECNOLOGIA NA PR\u00c1TICAPaulo do Eirado (ITP-SE)Patr\u00edcia Severino (Unit-SE)Diego Menezes (ABIPTI &#8211; DF)Moderadora: Carla Almeida (SergipeTec) 14h00 BR (18h00 PT) PAINEL ARTICULADOPLANOS ESTRAT\u00c9GICOS MUNICIPAIS PARA O EMPREENDEDORISMODilermando J\u00fanior (Sec. Inova\u00e7\u00e3o de Aracaju)Agla\u00e9 D&#8217;\u00c1vila Fontes (IHGS-SE)Ricardo Nascimento Abreu (UFS-SE)Moderador: Hugo Barbosa (Senado Federal) 15h00 BR (19h00 PT) CONFER\u00caNCIAO IMPACTO DA EDUCA\u00c7\u00c3O PARA O EMPREENDEDORISMONA EUROPA E NO BRASILMargarida Leandro (DGEEC \u2013 Portugal)Eduardo Vilas Boas (Faculdade Sebrae-SP)Moderador: Alercio Bressano (JA Sergipe) 16h00 BR (20h00 PT) PAINEL ARTICULADOPESQUISA, DESENVOLVIMENTO E INOVA\u00c7\u00c3O:A IMPORT\u00c2NCIA DO FOMENTO DA CULTURA EMPREENDEDORA PARA O PROGRESSO DE SERGIPEFelipe H. Souza (Cultive-se Horta Vertical)Victor Nathan Fontes Silva (IAM)M\u00e1rcia Maria Santos (IFS-SE)Moderador: Alex Garcez (Fapitec &#8211; Sergipe) 17h00 BR (21h00 PT) PAINEL ARTICULADOEMPREENDEDORISMO FEMININO: VOZES, NEG\u00d3CIOS E IMPACTO SOCIALPriscila Felizola (Sebrae-SE)Fanie Adans (Eleavor)Sylvia Menezes (SC Consultoria)Manuela Teixeira (UAb &#8211; Portugal)Moderadora: Gl\u00f3ria Sena (Senado Federal) 18h00 BR (22h00 PT) PAINEL ARTICULADO\u00c9TICA, COMPLIANCE E RESPONSABILIDADE SOCIALCleide Ane Barbosa (Est\u00e1cio &#8211; SE)Antonino Sousa (CEG-UAb Portugal)Gl\u00e1ucia Guerra (Casa Civil-SE)Moderador: Nilson Lima (Diretor do Senac-SE) 19h00 BR (23h00 PT) CONFER\u00caNCIAECOSSISTEMAS EMPREENDEDORES: EDUCA\u00c7\u00c3O, TALENTO E SUSTENTABILIDADECristiane Tavares (Senac &#8211; SE)S\u00f4nia Fonseca (UESC-BA)Moderadora: Susana Alves-Jesus (UAb &#8211; Portugal) DIA 18 08h30 BR (12h30 PT) PAINEL ARTICULADOREFERENCIAIS, REDES E APRENDIZAGENS ESSENCIAISV\u00edtor Figueiredo (DGE &#8211; Portugal)Fabiana Pinho (CER Sebrae-MG)Moderador: Andreia Pinho (UAb &#8211; Portugal) 09h30 BR (13h30 PT) PAINEL ARTICULADOO FUTURO DO PROJETO CONSTRUINDO PONTES COM OS MUNIC\u00cdPIOS EMPREENDEDORESMonica Almeida (Malhada dos Bois)Perla Reboiras (Campo do Brito)Marcia Marcelle (Propri\u00e1)Deidiane Andrade (Moita Bonita)Alberto Oliveira (Itabi)Moderador: Jacinto Jardim (UAb &#8211; Portugal) CONFER\u00caNCIAS DE ENCERRAMENTOModeradora: Carla Passos (Senado Federal &#8211; DF)10h30 BR (14h30 PT)DESENVOLVIMENTO E SUSTENTABILIDADE DE ECOSSISTEMAS DE EDUCA\u00c7\u00c3O EMPREENDEDORARose Mary Lopes (ANEGEPE) 11h00 BR (15h PT)DA INVEN\u00c7\u00c3O DA RODA \u00c0 CRIA\u00c7\u00c3O DAS PLATAFORMAS DE IAJos\u00e9 Eduardo Franco (UAb &#8211; PT) 11h30 BR (15h30 PT) SOLENIDADE DE ENCERRAMENTO DO CONGRESSO ENTREGA DOS CERTIFICADOS DE EMBAIXADORES DA EDUCA\u00c7\u00c3O EMPREENDEDORA ENTREGA DA COMENDA DO M\u00c9RITO DA EDUCA\u00c7\u00c3O EMPREENDEDORA Carta de Aracaju SESS\u00d5ES TEM\u00c1TICAS 1 &#8211; Intelig\u00eancia Artificial e Tecnologias Emergentes no Empreendedorismo | Forma\u00e7\u00e3o Profissional para o Empreendedorismo Moderador : Fl\u00e1vio Oliveira (Sebrae SE) N\u00ba T\u00edtulo Autores Tipo \u00c1rea Modo 1 A Influ\u00eancia da Forma\u00e7\u00e3o Tecnol\u00f3gica nas Inten\u00e7\u00f5es Empreendedoras dos Estudantes: Proposta de Um Modelo Ana Teresa Colenci Trevelin | Vanessa Cristhina Gatto Artigo Forma\u00e7\u00e3o Profissional para o Empreendedorismo Presencial 2 Ado\u00e7\u00e3o de Blockchain na Gest\u00e3o de Cadeias de Suprimentos Financeiros: Implica\u00e7\u00f5es para a Tokeniza\u00e7\u00e3o de Ativos Francisco Farias Gomes | Glauber Campos Gomes Artigo Intelig\u00eancia Artificial e Tecnologias Emergentes no Empreendedorismo. Presencial 3 Entre Algoritmos e Ilhas: Intelig\u00eancia Artificial, Empreendedorismo e Sustentabilidade na Regi\u00e3o Aut\u00f3noma da Madeira Gilda Maria de Gouveia Jardim | Marco Ant\u00f3nio Freitas Teles Artigo Intelig\u00eancia Artificial e Tecnologias Emergentes no Empreendedorismo. Online 4 Identifica\u00e7\u00e3o e An\u00e1lise da Inova\u00e7\u00e3o Aberta em Micro e Pequenas Empresas e Empresas de Base Tecnol\u00f3gica Adriano Carlos Moraes Rosa |Bruno Donizeti da Silva |Vanessa Cristhina Gatto | Herlandi de Souza Andrade Artigo Intelig\u00eancia Artificial e Tecnologias Emergentes no Empreendedorismo. Online 5 Inova\u00e7\u00e3o pedag\u00f3gica e educa\u00e7\u00e3o empreendedora &#8211; Um modelo de interven\u00e7\u00e3o com docentes e estudantes do ensino superior articulado com desafios da comunidade Ant\u00f3nio Leal | Lu\u00edsa Almeida Artigo Forma\u00e7\u00e3o Profissional para o Empreendedorismo Online 6 Intelig\u00eancia Artificial como Motor do Empreendedorismo Paula Alexandra Valente | Paula Cristina Bra\u00e7ais Artigo Intelig\u00eancia Artificial e Tecnologias Emergentes no Empreendedorismo. Online 7 Intera\u00e7\u00e3o entre carga cognitiva e computacional no uso de enxames de llms quantizados para aplica\u00e7\u00f5es empreendedoras H\u00e9lio Craveiro Pessoa J\u00fanior Resumo Intelig\u00eancia Artificial e Tecnologias Emergentes no Empreendedorismo. Online 8 M\u00e9todo Literacia: Inova\u00e7\u00e3o educacional e empreendedorismo social na era da Intelig\u00eancia Artificial (IA) Renata Maria dos Santos Artigo Intelig\u00eancia Artificial e Tecnologias Emergentes no Empreendedorismo. Presencial 9 O guia de ind\u00edcios atitudinais da PUCPR e a educa\u00e7\u00e3o empreendedora &#8211; rela\u00e7\u00f5es no desenvolvimento e<\/p>\n","protected":false},"author":1,"featured_media":0,"parent":0,"menu_order":0,"comment_status":"closed","ping_status":"closed","template":"elementor_canvas","meta":{"footnotes":""},"class_list":["post-2963","page","type-page","status-publish","hentry"],"_links":{"self":[{"href":"https:\/\/educacaoempreendedora.com\/cieeci2025\/wp-json\/wp\/v2\/pages\/2963","targetHints":{"allow":["GET"]}}],"collection":[{"href":"https:\/\/educacaoempreendedora.com\/cieeci2025\/wp-json\/wp\/v2\/pages"}],"about":[{"href":"https:\/\/educacaoempreendedora.com\/cieeci2025\/wp-json\/wp\/v2\/types\/page"}],"author":[{"embeddable":true,"href":"https:\/\/educacaoempreendedora.com\/cieeci2025\/wp-json\/wp\/v2\/users\/1"}],"replies":[{"embeddable":true,"href":"https:\/\/educacaoempreendedora.com\/cieeci2025\/wp-json\/wp\/v2\/comments?post=2963"}],"version-history":[{"count":50,"href":"https:\/\/educacaoempreendedora.com\/cieeci2025\/wp-json\/wp\/v2\/pages\/2963\/revisions"}],"predecessor-version":[{"id":3290,"href":"https:\/\/educacaoempreendedora.com\/cieeci2025\/wp-json\/wp\/v2\/pages\/2963\/revisions\/3290"}],"wp:attachment":[{"href":"https:\/\/educacaoempreendedora.com\/cieeci2025\/wp-json\/wp\/v2\/media?parent=2963"}],"curies":[{"name":"wp","href":"https:\/\/api.w.org\/{rel}","templated":true}]}}