{"id":1848,"date":"2025-05-08T22:33:38","date_gmt":"2025-05-09T01:33:38","guid":{"rendered":"https:\/\/educacaoempreendedora.com\/cieeci2025\/?page_id=1848"},"modified":"2025-09-23T08:44:20","modified_gmt":"2025-09-23T11:44:20","slug":"projeto-construindo-pontes-com-os-municipios-empreendedores","status":"publish","type":"page","link":"https:\/\/educacaoempreendedora.com\/cieeci2025\/projeto-construindo-pontes-com-os-municipios-empreendedores\/","title":{"rendered":"Projeto Construindo Pontes Com os  Munic\u00edpios Empreendedores"},"content":{"rendered":"\t\t<div data-elementor-type=\"wp-page\" data-elementor-id=\"1848\" class=\"elementor elementor-1848\">\n\t\t\t\t<div class=\"elementor-element elementor-element-55ebc1f e-flex e-con-boxed wpr-particle-no wpr-jarallax-no wpr-parallax-no wpr-sticky-section-no wpr-equal-height-no e-con e-parent\" data-id=\"55ebc1f\" data-element_type=\"container\" data-e-type=\"container\">\n\t\t\t\t\t<div class=\"e-con-inner\">\n\t\t<div class=\"elementor-element elementor-element-4498db0 e-con-full e-flex wpr-particle-no wpr-jarallax-no wpr-parallax-no wpr-sticky-section-no wpr-equal-height-no e-con e-child\" data-id=\"4498db0\" data-element_type=\"container\" data-e-type=\"container\">\n\t\t\t\t<div class=\"elementor-element elementor-element-64e459e elementor-widget elementor-widget-image\" data-id=\"64e459e\" data-element_type=\"widget\" data-e-type=\"widget\" data-widget_type=\"image.default\">\n\t\t\t\t<div class=\"elementor-widget-container\">\n\t\t\t\t\t\t\t\t\t\t\t\t\t\t\t<img fetchpriority=\"high\" decoding=\"async\" width=\"858\" height=\"1024\" src=\"https:\/\/educacaoempreendedora.com\/cieeci2025\/wp-content\/uploads\/2025\/09\/JORNAL-DE-PORTUGAL-858x1024.png\" class=\"attachment-large size-large wp-image-2502\" alt=\"\" srcset=\"https:\/\/educacaoempreendedora.com\/cieeci2025\/wp-content\/uploads\/2025\/09\/JORNAL-DE-PORTUGAL-858x1024.png 858w, https:\/\/educacaoempreendedora.com\/cieeci2025\/wp-content\/uploads\/2025\/09\/JORNAL-DE-PORTUGAL-251x300.png 251w, https:\/\/educacaoempreendedora.com\/cieeci2025\/wp-content\/uploads\/2025\/09\/JORNAL-DE-PORTUGAL-768x917.png 768w, https:\/\/educacaoempreendedora.com\/cieeci2025\/wp-content\/uploads\/2025\/09\/JORNAL-DE-PORTUGAL.png 1080w\" sizes=\"(max-width: 858px) 100vw, 858px\" \/>\t\t\t\t\t\t\t\t\t\t\t\t\t\t\t<\/div>\n\t\t\t\t<\/div>\n\t\t\t\t<div class=\"elementor-element elementor-element-4ccd6d0 elementor-widget elementor-widget-shortcode\" data-id=\"4ccd6d0\" data-element_type=\"widget\" data-e-type=\"widget\" data-widget_type=\"shortcode.default\">\n\t\t\t\t<div class=\"elementor-widget-container\">\n\t\t\t\t\t\t\t<div class=\"elementor-shortcode\"><div class='photonic-flickr-stream photonic-stream ' id='photonic-flickr-stream-1'>\n<header class='photonic-object-header photonic-flickr-set '><div class='photonic-header-details photonic-set-details'><div class='photonic-header-title photonic-set-title'><a href='https:\/\/www.flickr.com\/photos\/202775620@N02\/sets\/72177720326024759'>Projeto Construindo Pontes com o Munic\u00edpios Empreeendedores<\/a><\/div><span class='photonic-header-info photonic-set-photos'>99 photos<\/span><\/div><!-- .photonic-set-details --><\/header>\n\t<div id='photonic-flickr-stream-1-container' class='title-display-tooltip photonic-level-1-container sizes-present photonic-random-layout photonic-thumbnail-effect-none' data-photonic-platform=\"flickr\" data-photonic-gallery-columns=\"auto\" data-photonic-query=\"columns=auto&amp;layout=random&amp;display=local&amp;popup=hide&amp;filter=&amp;filter_type=include&amp;more=Mais&amp;panel=&amp;custom_classes=&amp;alignment=&amp;photo_layout=square&amp;caption=title&amp;thumb_size=s&amp;main_size=z&amp;tile_size=same&amp;video_size=Video Original&amp;privacy_filter=&amp;count=10&amp;page=1&amp;paginate=&amp;collections_display=expanded&amp;user_id=202775620@N02&amp;collection_id=&amp;photoset_id=72177720326024759&amp;gallery_id=&amp;photo_id=&amp;media=photos&amp;type=flickr&amp;style=default&amp;view=photosets&amp;headers=title,counter&amp;iterate_level_3=1&amp;per_page=10&amp;photo_count=10&amp;overlay_size=s&amp;overlay_video_size=Video Original\" style='--tile-min-height: 200px'>\n\t\t<figure class='photonic-level-1 photonic-thumb' style='--dw: 640;--dh: 480'>\n\t\t\t<a href='https:\/\/live.staticflickr.com\/65535\/54508681164_d45cee308b_z.jpg' title='Moita Bonita' rel='lightbox-photonic-flickr-stream-1' class='photonic-lb photonic-baguettebox baguettebox' data-photonic-media-type=\"image\" data-content-type=\"image\" data-photonic-deep=\"gallery[photonic-flickr-set-1]\/54508681164\/\" data-title=\"&lt;a href=&#039;https:\/\/www.flickr.com\/photos\/202775620@N02\/54508681164\/in\/set-72177720326024759&#039; &gt;Moita Bonita&lt;\/a&gt;\" data-photonic-tooltip=\"Moita Bonita\">\n\t\t\t\t<img alt='Moita Bonita' class='random' data-src='https:\/\/live.staticflickr.com\/65535\/54508681164_d45cee308b_z.jpg' loading='lazy' width='640' height='480' \/>\n\t\t\t<\/a>\n\t\t<\/figure>\n\t\t<figure class='photonic-level-1 photonic-thumb' style='--dw: 640;--dh: 480'>\n\t\t\t<a href='https:\/\/live.staticflickr.com\/65535\/54508494956_6911a9a3c9_z.jpg' title='Moita Bonita' rel='lightbox-photonic-flickr-stream-1' class='photonic-lb photonic-baguettebox baguettebox' data-photonic-media-type=\"image\" data-content-type=\"image\" data-photonic-deep=\"gallery[photonic-flickr-set-1]\/54508494956\/\" data-title=\"&lt;a href=&#039;https:\/\/www.flickr.com\/photos\/202775620@N02\/54508494956\/in\/set-72177720326024759&#039; &gt;Moita Bonita&lt;\/a&gt;\" data-photonic-tooltip=\"Moita Bonita\">\n\t\t\t\t<img alt='Moita Bonita' class='random' data-src='https:\/\/live.staticflickr.com\/65535\/54508494956_6911a9a3c9_z.jpg' loading='lazy' width='640' height='480' \/>\n\t\t\t<\/a>\n\t\t<\/figure>\n\t\t<figure class='photonic-level-1 photonic-thumb' style='--dw: 640;--dh: 480'>\n\t\t\t<a href='https:\/\/live.staticflickr.com\/65535\/54507623812_128b2f4685_z.jpg' title='Moita Bonita' rel='lightbox-photonic-flickr-stream-1' class='photonic-lb photonic-baguettebox baguettebox' data-photonic-media-type=\"image\" data-content-type=\"image\" data-photonic-deep=\"gallery[photonic-flickr-set-1]\/54507623812\/\" data-title=\"&lt;a href=&#039;https:\/\/www.flickr.com\/photos\/202775620@N02\/54507623812\/in\/set-72177720326024759&#039; &gt;Moita Bonita&lt;\/a&gt;\" data-photonic-tooltip=\"Moita Bonita\">\n\t\t\t\t<img alt='Moita Bonita' class='random' data-src='https:\/\/live.staticflickr.com\/65535\/54507623812_128b2f4685_z.jpg' loading='lazy' width='640' height='480' \/>\n\t\t\t<\/a>\n\t\t<\/figure>\n\t\t<figure class='photonic-level-1 photonic-thumb' style='--dw: 640;--dh: 480'>\n\t\t\t<a href='https:\/\/live.staticflickr.com\/65535\/54508681289_a6fff539e4_z.jpg' title='Moita Bonita' rel='lightbox-photonic-flickr-stream-1' class='photonic-lb photonic-baguettebox baguettebox' data-photonic-media-type=\"image\" data-content-type=\"image\" data-photonic-deep=\"gallery[photonic-flickr-set-1]\/54508681289\/\" data-title=\"&lt;a href=&#039;https:\/\/www.flickr.com\/photos\/202775620@N02\/54508681289\/in\/set-72177720326024759&#039; &gt;Moita Bonita&lt;\/a&gt;\" data-photonic-tooltip=\"Moita Bonita\">\n\t\t\t\t<img alt='Moita Bonita' class='random' data-src='https:\/\/live.staticflickr.com\/65535\/54508681289_a6fff539e4_z.jpg' loading='lazy' width='640' height='480' \/>\n\t\t\t<\/a>\n\t\t<\/figure>\n\t\t<figure class='photonic-level-1 photonic-thumb' style='--dw: 640;--dh: 480'>\n\t\t\t<a href='https:\/\/live.staticflickr.com\/65535\/54508760188_6169d38cbc_z.jpg' title='Moita Bonita' rel='lightbox-photonic-flickr-stream-1' class='photonic-lb photonic-baguettebox baguettebox' data-photonic-media-type=\"image\" data-content-type=\"image\" data-photonic-deep=\"gallery[photonic-flickr-set-1]\/54508760188\/\" data-title=\"&lt;a href=&#039;https:\/\/www.flickr.com\/photos\/202775620@N02\/54508760188\/in\/set-72177720326024759&#039; &gt;Moita Bonita&lt;\/a&gt;\" data-photonic-tooltip=\"Moita Bonita\">\n\t\t\t\t<img alt='Moita Bonita' class='random' data-src='https:\/\/live.staticflickr.com\/65535\/54508760188_6169d38cbc_z.jpg' loading='lazy' width='640' height='480' \/>\n\t\t\t<\/a>\n\t\t<\/figure>\n\t\t<figure class='photonic-level-1 photonic-thumb' style='--dw: 640;--dh: 480'>\n\t\t\t<a href='https:\/\/live.staticflickr.com\/65535\/54508681239_c162975aca_z.jpg' title='Moita Bonita' rel='lightbox-photonic-flickr-stream-1' class='photonic-lb photonic-baguettebox baguettebox' data-photonic-media-type=\"image\" data-content-type=\"image\" data-photonic-deep=\"gallery[photonic-flickr-set-1]\/54508681239\/\" data-title=\"&lt;a href=&#039;https:\/\/www.flickr.com\/photos\/202775620@N02\/54508681239\/in\/set-72177720326024759&#039; &gt;Moita Bonita&lt;\/a&gt;\" data-photonic-tooltip=\"Moita Bonita\">\n\t\t\t\t<img alt='Moita Bonita' class='random' data-src='https:\/\/live.staticflickr.com\/65535\/54508681239_c162975aca_z.jpg' loading='lazy' width='640' height='480' \/>\n\t\t\t<\/a>\n\t\t<\/figure>\n\t\t<figure class='photonic-level-1 photonic-thumb' style='--dw: 640;--dh: 480'>\n\t\t\t<a href='https:\/\/live.staticflickr.com\/65535\/54508760098_01ed327c51_z.jpg' title='Moita Bonita' rel='lightbox-photonic-flickr-stream-1' class='photonic-lb photonic-baguettebox baguettebox' data-photonic-media-type=\"image\" data-content-type=\"image\" data-photonic-deep=\"gallery[photonic-flickr-set-1]\/54508760098\/\" data-title=\"&lt;a href=&#039;https:\/\/www.flickr.com\/photos\/202775620@N02\/54508760098\/in\/set-72177720326024759&#039; &gt;Moita Bonita&lt;\/a&gt;\" data-photonic-tooltip=\"Moita Bonita\">\n\t\t\t\t<img alt='Moita Bonita' class='random' data-src='https:\/\/live.staticflickr.com\/65535\/54508760098_01ed327c51_z.jpg' loading='lazy' width='640' height='480' \/>\n\t\t\t<\/a>\n\t\t<\/figure>\n\t\t<figure class='photonic-level-1 photonic-thumb' style='--dw: 640;--dh: 480'>\n\t\t\t<a href='https:\/\/live.staticflickr.com\/65535\/54508494746_9fb1348cb6_z.jpg' title='Moita Bonita' rel='lightbox-photonic-flickr-stream-1' class='photonic-lb photonic-baguettebox baguettebox' data-photonic-media-type=\"image\" data-content-type=\"image\" data-photonic-deep=\"gallery[photonic-flickr-set-1]\/54508494746\/\" data-title=\"&lt;a href=&#039;https:\/\/www.flickr.com\/photos\/202775620@N02\/54508494746\/in\/set-72177720326024759&#039; &gt;Moita Bonita&lt;\/a&gt;\" data-photonic-tooltip=\"Moita Bonita\">\n\t\t\t\t<img alt='Moita Bonita' class='random' data-src='https:\/\/live.staticflickr.com\/65535\/54508494746_9fb1348cb6_z.jpg' loading='lazy' width='640' height='480' \/>\n\t\t\t<\/a>\n\t\t<\/figure>\n\t\t<figure class='photonic-level-1 photonic-thumb' style='--dw: 640;--dh: 480'>\n\t\t\t<a href='https:\/\/live.staticflickr.com\/65535\/54508494741_53471985cc_z.jpg' title='Moita Bonita' rel='lightbox-photonic-flickr-stream-1' class='photonic-lb photonic-baguettebox baguettebox' data-photonic-media-type=\"image\" data-content-type=\"image\" data-photonic-deep=\"gallery[photonic-flickr-set-1]\/54508494741\/\" data-title=\"&lt;a href=&#039;https:\/\/www.flickr.com\/photos\/202775620@N02\/54508494741\/in\/set-72177720326024759&#039; &gt;Moita Bonita&lt;\/a&gt;\" data-photonic-tooltip=\"Moita Bonita\">\n\t\t\t\t<img alt='Moita Bonita' class='random' data-src='https:\/\/live.staticflickr.com\/65535\/54508494741_53471985cc_z.jpg' loading='lazy' width='640' height='480' \/>\n\t\t\t<\/a>\n\t\t<\/figure>\n\t\t<figure class='photonic-level-1 photonic-thumb' style='--dw: 640;--dh: 480'>\n\t\t\t<a href='https:\/\/live.staticflickr.com\/65535\/54508977323_a98c9c5ab5_z.jpg' title='Campo do Brito' rel='lightbox-photonic-flickr-stream-1' class='photonic-lb photonic-baguettebox baguettebox' data-photonic-media-type=\"image\" data-content-type=\"image\" data-photonic-deep=\"gallery[photonic-flickr-set-1]\/54508977323\/\" data-title=\"&lt;a href=&#039;https:\/\/www.flickr.com\/photos\/202775620@N02\/54508977323\/in\/set-72177720326024759&#039; &gt;Campo do Brito&lt;\/a&gt;\" data-photonic-tooltip=\"Campo do Brito\">\n\t\t\t\t<img alt='Campo do Brito' class='random' data-src='https:\/\/live.staticflickr.com\/65535\/54508977323_a98c9c5ab5_z.jpg' loading='lazy' width='640' height='480' \/>\n\t\t\t<\/a>\n\t\t<\/figure>\n\n\t<\/div> <!-- .\/photonic-level-1-container -->\n\t<span id='photonic-flickr-stream-1-container-end'><\/span>\n\t<a href='#' class='photonic-more-button photonic-more-dynamic'>Mais<\/a>\n\n<\/div><!-- .photonic-stream or .photonic-panel -->\n\n<\/div>\n\t\t\t\t\t\t<\/div>\n\t\t\t\t<\/div>\n\t\t\t\t<\/div>\n\t\t<div class=\"elementor-element elementor-element-b0ad1e3 e-con-full e-flex wpr-particle-no wpr-jarallax-no wpr-parallax-no wpr-sticky-section-no wpr-equal-height-no e-con e-child\" data-id=\"b0ad1e3\" data-element_type=\"container\" data-e-type=\"container\">\n\t\t\t\t<div class=\"elementor-element elementor-element-a1e9eb1 elementor-widget elementor-widget-text-editor\" data-id=\"a1e9eb1\" data-element_type=\"widget\" data-e-type=\"widget\" data-widget_type=\"text-editor.default\">\n\t\t\t\t<div class=\"elementor-widget-container\">\n\t\t\t\t\t\t\t\t\t<h2><strong>PROJETO CONSTRUINDO PONTES COM OS MUNIC\u00cdPIOS EMPREENDEDORES<\/strong><\/h2><p style=\"text-align: left;\"><span style=\"font-size: 16.8px;\">O Projeto tem como objetivo geral a s<\/span>ensibiliza\u00e7\u00e3o de alunos e professores para a cultura empreendedora, desenvolvendo compet\u00eancias e preparando apresenta\u00e7\u00f5es noCongresso Internacional de Educa\u00e7\u00e3o Empreendedora e Cidadania(CiEECi, 2025). O Projeto come\u00e7ou a ser desenhado em 2024, no Funchal, e desde ent\u00e3o foram constru\u00eddas o<span style=\"font-size: 16.8px;\">ficinas, aulas online e encontros aconteceram para a prepara\u00e7\u00e3o das apresenta\u00e7\u00f5es de Outubro.\u00a0<\/span><\/p><p style=\"text-align: left;\"><span style=\"font-size: 16.8px;\">Entre os dias 05 e 09 de maio de 2025, o professor doutor Jacinto Jardim, da Universidade Aberta de Portugal, esteve em Sergipe em uma intensa agenda de atividades no \u00e2mbito do projeto \u201cConstruindo Pontes com os Munic\u00edpios Empreendedores\u201d, que antecipa o IV Congresso Internacional de Educa\u00e7\u00e3o Empreendedora e Cidadania (CiEECi). O projeto, que mobiliza comunidades escolares em cinco munic\u00edpios sergipanos, tem como foco a valoriza\u00e7\u00e3o da educa\u00e7\u00e3o empreendedora como ferramenta de transforma\u00e7\u00e3o social e cidad\u00e3.<\/span><\/p><p>A agenda teve in\u00edcio na segunda-feira (05), com uma reuni\u00e3o estrat\u00e9gica no Sebrae Sergipe, onde o professor foi recebido pelo Diretor-T\u00e9cnico Brenno Barreto, pelo gerente de Cultura Empreendedora Vitor Alo\u00edsio, e pela analista Rosana Leite. O encontro tratou dos detalhes para que o Sebrae atue como correalizador do Congresso, ao lado da Universidade Aberta e dos cinco munic\u00edpios parceiros: Moita Bonita, Campo do Brito, Malhada dos Bois, Propri\u00e1 e Itabi.<\/p><p><strong>Inspira\u00e7\u00e3o e protagonismo local nas escolas sergipanas<\/strong><\/p><p>Na ter\u00e7a-feira, a comitiva iniciou as visitas pelos munic\u00edpios. A primeira parada foi em Moita Bonita, onde alunos do ensino m\u00e9dio apresentaram os primeiros passos de seu projeto empreendedor. Em sua palestra, Jacinto Jardim falou sobre resili\u00eancia, sonho e protagonismo, incentivando os jovens a acreditarem em seus projetos como pontes para o futuro.<\/p><p>Ainda na ter\u00e7a, foi a vez de Campo do Brito, onde o projeto \u201cCrian\u00e7a Empreendedora \u2013 O Futuro Come\u00e7a Agora\u201d, desenvolvido com alunos do povoado Cercado, emocionou a todos. A professora Cida, com l\u00e1grimas nos olhos, apresentou a experi\u00eancia vivida pelas crian\u00e7as que, por meio do estudo do sistema monet\u00e1rio, j\u00e1 produzem e vendem produtos como pulseiras e bolos de pote, aprendendo na pr\u00e1tica sobre empreendedorismo e cidadania. A iniciativa j\u00e1 chama aten\u00e7\u00e3o internacional e ser\u00e1 apresentada oficialmente no Congresso de outubro, em Aracaju.<\/p><p>A quarta-feira foi marcada pela visita a Malhada dos Bois, onde o clima de encantamento foi traduzido em atividades de criatividade, escuta ativa e constru\u00e7\u00e3o coletiva de ideias. Os alunos ouviram atentos a fala de Jacinto Jardim, que destacou a import\u00e2ncia de unir educa\u00e7\u00e3o, inclus\u00e3o e empreendedorismo.<\/p><p>\u00c0 tarde, em Propri\u00e1, a comitiva encontrou-se com os alunos da Educa\u00e7\u00e3o de Jovens e Adultos (EJA). O projeto EmpreendEJA emocionou a todos pela pot\u00eancia das hist\u00f3rias de vida compartilhadas. O professor \u00c9lder, \u00e0 frente da iniciativa, refor\u00e7ou o desejo de que o projeto continue e amplie seu impacto mesmo ap\u00f3s o Congresso.<\/p><p>O encerramento da jornada aconteceu na sexta-feira (09), em Itabi, com uma recep\u00e7\u00e3o calorosa marcada por m\u00fasica, cultura, artesanato e esperan\u00e7a. Alunos e professores demonstraram forte envolvimento com a proposta do evento e destacaram o quanto falar de educa\u00e7\u00e3o empreendedora, intelig\u00eancia emocional e projeto de vida est\u00e1 sendo transformador para a comunidade escolar.<\/p><p>Mais que um congresso: uma miss\u00e3o transformadora<br \/>Para Andr\u00e9 Gusm\u00e3o, coordenador geral do IV CiEECi no Brasil, \u201co Congresso cumpre uma fun\u00e7\u00e3o cient\u00edfica important\u00edssima, mas a agrega\u00e7\u00e3o dos cinco munic\u00edpios traz uma responsabilidade ainda maior, pois carrega a concretiza\u00e7\u00e3o de um sonho daquelas crian\u00e7as, daqueles adolescentes, daqueles adultos. Educa\u00e7\u00e3o Empreendedora \u00e9 projeto de vida, e o Congresso de outubro vem com essa responsabilidade e essa miss\u00e3o\u201d.<\/p><p>Ao final da visita, o professor Jacinto Jardim fez quest\u00e3o de destacar a vis\u00e3o estrat\u00e9gica do Senador La\u00e9rcio Oliveira, que, em 2024, durante o Congresso Internacional de Munic\u00edpios Promotores do Empreendedorismo, no Funchal, afirmou: \u201cEu quero isto no meu Estado de Sergipe\u201d. Segundo Jardim, \u201ca decis\u00e3o do Senador de trazer o Congresso para Aracaju demonstra um compromisso genu\u00edno com a transforma\u00e7\u00e3o educacional e com o fortalecimento dos ecossistemas locais de inova\u00e7\u00e3o\u201d.<\/p><p>O IV CiEECi ser\u00e1 realizado entre os dias 16 e 18 de outubro de 2025, em Aracaju\/SE, reunindo educadores, gestores p\u00fablicos, empreendedores e estudiosos de v\u00e1rios pa\u00edses para discutir e compartilhar experi\u00eancias sobre educa\u00e7\u00e3o empreendedora, cidadania global e inova\u00e7\u00e3o social.<\/p>\t\t\t\t\t\t\t\t<\/div>\n\t\t\t\t<\/div>\n\t\t\t\t<\/div>\n\t\t\t\t\t<\/div>\n\t\t\t\t<\/div>\n\t\t\t\t<\/div>\n\t\t","protected":false},"excerpt":{"rendered":"<p>PROJETO CONSTRUINDO PONTES COM OS MUNIC\u00cdPIOS EMPREENDEDORES O Projeto tem como objetivo geral a sensibiliza\u00e7\u00e3o de alunos e professores para a cultura empreendedora, desenvolvendo compet\u00eancias e preparando apresenta\u00e7\u00f5es noCongresso Internacional de Educa\u00e7\u00e3o Empreendedora e Cidadania(CiEECi, 2025). O Projeto come\u00e7ou a ser desenhado em 2024, no Funchal, e desde ent\u00e3o foram constru\u00eddas oficinas, aulas online e encontros aconteceram para a prepara\u00e7\u00e3o das apresenta\u00e7\u00f5es de Outubro.\u00a0 Entre os dias 05 e 09 de maio de 2025, o professor doutor Jacinto Jardim, da Universidade Aberta de Portugal, esteve em Sergipe em uma intensa agenda de atividades no \u00e2mbito do projeto \u201cConstruindo Pontes com os Munic\u00edpios Empreendedores\u201d, que antecipa o IV Congresso Internacional de Educa\u00e7\u00e3o Empreendedora e Cidadania (CiEECi). O projeto, que mobiliza comunidades escolares em cinco munic\u00edpios sergipanos, tem como foco a valoriza\u00e7\u00e3o da educa\u00e7\u00e3o empreendedora como ferramenta de transforma\u00e7\u00e3o social e cidad\u00e3. A agenda teve in\u00edcio na segunda-feira (05), com uma reuni\u00e3o estrat\u00e9gica no Sebrae Sergipe, onde o professor foi recebido pelo Diretor-T\u00e9cnico Brenno Barreto, pelo gerente de Cultura Empreendedora Vitor Alo\u00edsio, e pela analista Rosana Leite. O encontro tratou dos detalhes para que o Sebrae atue como correalizador do Congresso, ao lado da Universidade Aberta e dos cinco munic\u00edpios parceiros: Moita Bonita, Campo do Brito, Malhada dos Bois, Propri\u00e1 e Itabi. Inspira\u00e7\u00e3o e protagonismo local nas escolas sergipanas Na ter\u00e7a-feira, a comitiva iniciou as visitas pelos munic\u00edpios. A primeira parada foi em Moita Bonita, onde alunos do ensino m\u00e9dio apresentaram os primeiros passos de seu projeto empreendedor. Em sua palestra, Jacinto Jardim falou sobre resili\u00eancia, sonho e protagonismo, incentivando os jovens a acreditarem em seus projetos como pontes para o futuro. Ainda na ter\u00e7a, foi a vez de Campo do Brito, onde o projeto \u201cCrian\u00e7a Empreendedora \u2013 O Futuro Come\u00e7a Agora\u201d, desenvolvido com alunos do povoado Cercado, emocionou a todos. A professora Cida, com l\u00e1grimas nos olhos, apresentou a experi\u00eancia vivida pelas crian\u00e7as que, por meio do estudo do sistema monet\u00e1rio, j\u00e1 produzem e vendem produtos como pulseiras e bolos de pote, aprendendo na pr\u00e1tica sobre empreendedorismo e cidadania. A iniciativa j\u00e1 chama aten\u00e7\u00e3o internacional e ser\u00e1 apresentada oficialmente no Congresso de outubro, em Aracaju. A quarta-feira foi marcada pela visita a Malhada dos Bois, onde o clima de encantamento foi traduzido em atividades de criatividade, escuta ativa e constru\u00e7\u00e3o coletiva de ideias. Os alunos ouviram atentos a fala de Jacinto Jardim, que destacou a import\u00e2ncia de unir educa\u00e7\u00e3o, inclus\u00e3o e empreendedorismo. \u00c0 tarde, em Propri\u00e1, a comitiva encontrou-se com os alunos da Educa\u00e7\u00e3o de Jovens e Adultos (EJA). O projeto EmpreendEJA emocionou a todos pela pot\u00eancia das hist\u00f3rias de vida compartilhadas. O professor \u00c9lder, \u00e0 frente da iniciativa, refor\u00e7ou o desejo de que o projeto continue e amplie seu impacto mesmo ap\u00f3s o Congresso. O encerramento da jornada aconteceu na sexta-feira (09), em Itabi, com uma recep\u00e7\u00e3o calorosa marcada por m\u00fasica, cultura, artesanato e esperan\u00e7a. Alunos e professores demonstraram forte envolvimento com a proposta do evento e destacaram o quanto falar de educa\u00e7\u00e3o empreendedora, intelig\u00eancia emocional e projeto de vida est\u00e1 sendo transformador para a comunidade escolar. Mais que um congresso: uma miss\u00e3o transformadoraPara Andr\u00e9 Gusm\u00e3o, coordenador geral do IV CiEECi no Brasil, \u201co Congresso cumpre uma fun\u00e7\u00e3o cient\u00edfica important\u00edssima, mas a agrega\u00e7\u00e3o dos cinco munic\u00edpios traz uma responsabilidade ainda maior, pois carrega a concretiza\u00e7\u00e3o de um sonho daquelas crian\u00e7as, daqueles adolescentes, daqueles adultos. Educa\u00e7\u00e3o Empreendedora \u00e9 projeto de vida, e o Congresso de outubro vem com essa responsabilidade e essa miss\u00e3o\u201d. Ao final da visita, o professor Jacinto Jardim fez quest\u00e3o de destacar a vis\u00e3o estrat\u00e9gica do Senador La\u00e9rcio Oliveira, que, em 2024, durante o Congresso Internacional de Munic\u00edpios Promotores do Empreendedorismo, no Funchal, afirmou: \u201cEu quero isto no meu Estado de Sergipe\u201d. Segundo Jardim, \u201ca decis\u00e3o do Senador de trazer o Congresso para Aracaju demonstra um compromisso genu\u00edno com a transforma\u00e7\u00e3o educacional e com o fortalecimento dos ecossistemas locais de inova\u00e7\u00e3o\u201d. O IV CiEECi ser\u00e1 realizado entre os dias 16 e 18 de outubro de 2025, em Aracaju\/SE, reunindo educadores, gestores p\u00fablicos, empreendedores e estudiosos de v\u00e1rios pa\u00edses para discutir e compartilhar experi\u00eancias sobre educa\u00e7\u00e3o empreendedora, cidadania global e inova\u00e7\u00e3o social.<\/p>\n","protected":false},"author":1,"featured_media":0,"parent":0,"menu_order":0,"comment_status":"closed","ping_status":"closed","template":"elementor_header_footer","meta":{"footnotes":""},"class_list":["post-1848","page","type-page","status-publish","hentry"],"_links":{"self":[{"href":"https:\/\/educacaoempreendedora.com\/cieeci2025\/wp-json\/wp\/v2\/pages\/1848","targetHints":{"allow":["GET"]}}],"collection":[{"href":"https:\/\/educacaoempreendedora.com\/cieeci2025\/wp-json\/wp\/v2\/pages"}],"about":[{"href":"https:\/\/educacaoempreendedora.com\/cieeci2025\/wp-json\/wp\/v2\/types\/page"}],"author":[{"embeddable":true,"href":"https:\/\/educacaoempreendedora.com\/cieeci2025\/wp-json\/wp\/v2\/users\/1"}],"replies":[{"embeddable":true,"href":"https:\/\/educacaoempreendedora.com\/cieeci2025\/wp-json\/wp\/v2\/comments?post=1848"}],"version-history":[{"count":48,"href":"https:\/\/educacaoempreendedora.com\/cieeci2025\/wp-json\/wp\/v2\/pages\/1848\/revisions"}],"predecessor-version":[{"id":2511,"href":"https:\/\/educacaoempreendedora.com\/cieeci2025\/wp-json\/wp\/v2\/pages\/1848\/revisions\/2511"}],"wp:attachment":[{"href":"https:\/\/educacaoempreendedora.com\/cieeci2025\/wp-json\/wp\/v2\/media?parent=1848"}],"curies":[{"name":"wp","href":"https:\/\/api.w.org\/{rel}","templated":true}]}}