{"id":17,"date":"2024-08-01T13:14:02","date_gmt":"2024-08-01T13:14:02","guid":{"rendered":"https:\/\/educacaoempreendedora.com\/cieeci2025\/?page_id=17"},"modified":"2025-07-17T14:13:22","modified_gmt":"2025-07-17T17:13:22","slug":"comunicacoes","status":"publish","type":"page","link":"https:\/\/educacaoempreendedora.com\/cieeci2025\/comunicacoes\/","title":{"rendered":"COMUNICA\u00c7\u00d5ES"},"content":{"rendered":"\t\t<div data-elementor-type=\"wp-page\" data-elementor-id=\"17\" class=\"elementor elementor-17\">\n\t\t\t\t<div class=\"elementor-element elementor-element-a868c0c e-flex e-con-boxed wpr-particle-no wpr-jarallax-no wpr-parallax-no wpr-sticky-section-no wpr-equal-height-no e-con e-parent\" data-id=\"a868c0c\" data-element_type=\"container\" data-e-type=\"container\">\n\t\t\t\t\t<div class=\"e-con-inner\">\n\t\t\t\t<div class=\"elementor-element elementor-element-b903c33 elementor-widget elementor-widget-heading\" data-id=\"b903c33\" data-element_type=\"widget\" data-e-type=\"widget\" data-widget_type=\"heading.default\">\n\t\t\t\t<div class=\"elementor-widget-container\">\n\t\t\t\t\t<h2 class=\"elementor-heading-title elementor-size-default\">Lista Atualizada dos Resumos aceitos - Data Limite para envio do Artigo : 31\/07<\/h2>\t\t\t\t<\/div>\n\t\t\t\t<\/div>\n\t\t\t\t\t<\/div>\n\t\t\t\t<\/div>\n\t\t<div class=\"elementor-element elementor-element-9b1e266 e-flex e-con-boxed wpr-particle-no wpr-jarallax-no wpr-parallax-no wpr-sticky-section-no wpr-equal-height-no e-con e-parent\" data-id=\"9b1e266\" data-element_type=\"container\" data-e-type=\"container\">\n\t\t\t\t\t<div class=\"e-con-inner\">\n\t\t\t\t<div class=\"elementor-element elementor-element-0728e26 elementor-widget elementor-widget-shortcode\" data-id=\"0728e26\" data-element_type=\"widget\" data-e-type=\"widget\" data-widget_type=\"shortcode.default\">\n\t\t\t\t<div class=\"elementor-widget-container\">\n\t\t\t\t\t\t\t<div class=\"elementor-shortcode\">\n<table id=\"tablepress-2\" class=\"tablepress tablepress-id-2\">\n<thead>\n<tr class=\"row-1\">\n\t<td class=\"column-1\"><\/td><th class=\"column-2\">T\u00edtulo<\/th><th class=\"column-3\">Autores<\/th><th class=\"column-4\">Sala Tem\u00e1tica<\/th><th class=\"column-5\">Modalidade<\/th>\n<\/tr>\n<\/thead>\n<tbody class=\"row-striping row-hover\">\n<tr class=\"row-2\">\n\t<td class=\"column-1\">1<\/td><td class=\"column-2\">A Educa\u00e7\u00e3o Empreendedora nos cursos de gradua\u00e7\u00e3o das institui\u00e7\u00f5es p\u00fablicas de ensino superior de Petrolina-PE o cen\u00e1rio em seus projetos pedag\u00f3gicos de curso<\/td><td class=\"column-3\">T\u00e1cio Nunes Carvalho | Deranor Gomes de Oliveira<\/td><td class=\"column-4\"><\/td><td class=\"column-5\"><\/td>\n<\/tr>\n<tr class=\"row-3\">\n\t<td class=\"column-1\">2<\/td><td class=\"column-2\">A Escola Cidad\u00e3 como Ambiente de Fomento \u00e0 Educa\u00e7\u00e3o Empreendedora no Ensino M\u00e9dio<\/td><td class=\"column-3\">Alice Rodrigues Almeida<\/td><td class=\"column-4\"><\/td><td class=\"column-5\"><\/td>\n<\/tr>\n<tr class=\"row-4\">\n\t<td class=\"column-1\">3<\/td><td class=\"column-2\">A inclus\u00e3o digital numa perspetiva de inclus\u00e3o social e inova\u00e7\u00e3o na educa\u00e7\u00e3o<\/td><td class=\"column-3\">M\u00f3nica Cardoso | Manuela Teixeira<\/td><td class=\"column-4\"><\/td><td class=\"column-5\"><\/td>\n<\/tr>\n<tr class=\"row-5\">\n\t<td class=\"column-1\">4<\/td><td class=\"column-2\">A Turma do Rafa: Material Did\u00e1tico Inovador Integra Projeto de Vida, Educa\u00e7\u00e3o Empreendedora e Financeira no Ensino Fundamental de Sergipe<\/td><td class=\"column-3\">Rosana Soares Leite<\/td><td class=\"column-4\"><\/td><td class=\"column-5\"><\/td>\n<\/tr>\n<tr class=\"row-6\">\n\t<td class=\"column-1\">5<\/td><td class=\"column-2\">Ado\u00e7\u00e3o de Blockchain na Gest\u00e3o de Cadeias de Suprimentos Financeiros: Implica\u00e7\u00f5es para a Tokeniza\u00e7\u00e3o de Ativos<\/td><td class=\"column-3\">Francisco Farias Gomes | Glauber Campos Gomes2<\/td><td class=\"column-4\"><\/td><td class=\"column-5\"><\/td>\n<\/tr>\n<tr class=\"row-7\">\n\t<td class=\"column-1\">6<\/td><td class=\"column-2\">Analisis de la Deserci\u00dbn Estudiantil de Bachilleres Destacados en la Facultad Polit\u00c8cnica<\/td><td class=\"column-3\">Tom\u00e1s Alberto Salazar P\u00e9rez<\/td><td class=\"column-4\"><\/td><td class=\"column-5\"><\/td>\n<\/tr>\n<tr class=\"row-8\">\n\t<td class=\"column-1\">7<\/td><td class=\"column-2\">Cartografia afetiva de uma cidade: Pontes entre a materializa\u00e7\u00e3o da mem\u00f3ria e a constru\u00e7\u00e3o do presente<\/td><td class=\"column-3\">Rosane Bezerra Soares<\/td><td class=\"column-4\"><\/td><td class=\"column-5\"><\/td>\n<\/tr>\n<tr class=\"row-9\">\n\t<td class=\"column-1\">8<\/td><td class=\"column-2\">Chatbots como ferramenta de apoio para cursos de Empreendedorismo Digital: uma abordagem te\u00f3rico-conceitual<\/td><td class=\"column-3\">Mikaela de Andrade Lima Villa\u00e7a<\/td><td class=\"column-4\"><\/td><td class=\"column-5\"><\/td>\n<\/tr>\n<tr class=\"row-10\">\n\t<td class=\"column-1\">9<\/td><td class=\"column-2\">Ciclo Virtuoso: Educa\u00e7\u00e3o Empreendedora na Inf\u00e2ncia<\/td><td class=\"column-3\">Luiz Alberto Turmina de Oliveira<\/td><td class=\"column-4\"><\/td><td class=\"column-5\"><\/td>\n<\/tr>\n<tr class=\"row-11\">\n\t<td class=\"column-1\">10<\/td><td class=\"column-2\">Comunidades Empreendedoras: redes locais que geram impacto<\/td><td class=\"column-3\">Diogo Jos\u00e9 Tirbutino de Oliveira | Stefanny da Paix\u00e3o Nascimento |Caio Flavio Stettiner |Roberto Padilha Moia<\/td><td class=\"column-4\"><\/td><td class=\"column-5\"><\/td>\n<\/tr>\n<tr class=\"row-12\">\n\t<td class=\"column-1\">11<\/td><td class=\"column-2\">Da sobreviv\u00eancia \u00e0 Autonomia: O papel do estado na Promo\u00e7\u00e3o do Popular como Ferramenta de Inclus\u00e3o Produtiva<\/td><td class=\"column-3\">Jhonas Max Guimar\u00e3es Dias<\/td><td class=\"column-4\"><\/td><td class=\"column-5\"><\/td>\n<\/tr>\n<tr class=\"row-13\">\n\t<td class=\"column-1\">12<\/td><td class=\"column-2\">Desenvolvendo a Educa\u00e7\u00e3o Empreendedora sob a perspectiva do paradigma da educa\u00e7\u00e3o ONLIFE<\/td><td class=\"column-3\">Gustavo Henrique Silva de Souza | Eliane Schlemmer |Aline Patr\u00edcia Sobral dos Santos<\/td><td class=\"column-4\"><\/td><td class=\"column-5\"><\/td>\n<\/tr>\n<tr class=\"row-14\">\n\t<td class=\"column-1\">13<\/td><td class=\"column-2\">Determinantes do Empreendedorismo Feminino em Xai-Xai: Uma An\u00e1lise dos Fatores Socioecon\u00f3micos, Culturais e Institucionais<\/td><td class=\"column-3\">Cecilia Basilio Fulau | Cl\u00e1udia de Ruv\u00eddia Augusto Viola | Agostinho Macane<\/td><td class=\"column-4\"><\/td><td class=\"column-5\"><\/td>\n<\/tr>\n<tr class=\"row-15\">\n\t<td class=\"column-1\">14<\/td><td class=\"column-2\">Diagn\u00f3stico de los modelos de Incubacion de Empresas en la Universidad Aut\u00dbnoma Gabriel Ren\u00c8 Moreno en la Gesti\u00dbn 2024.<\/td><td class=\"column-3\">Carlos Alberto Fonseca Vargas<\/td><td class=\"column-4\"><\/td><td class=\"column-5\"><\/td>\n<\/tr>\n<tr class=\"row-16\">\n\t<td class=\"column-1\">15<\/td><td class=\"column-2\">ECOSSISTEMAS DE EDUCA\u00c7\u00c3O EMPREENDEDORA NA EDUCA\u00c7\u00c3O B\u00c1SICA BRASILEIRA: Uma an\u00e1lise a partir do Radar de Educa\u00e7\u00e3o Empreendedora do Sebrae<\/td><td class=\"column-3\">Daniel Paulino Teixeira Lopes | Esdras de Freitas Emiliano | Eduarda Corr\u00eaa Moravia | Cacilda Maria de Almeida<\/td><td class=\"column-4\"><\/td><td class=\"column-5\"><\/td>\n<\/tr>\n<tr class=\"row-17\">\n\t<td class=\"column-1\">16<\/td><td class=\"column-2\">Educa\u00e7\u00e3o a dist\u00e2ncia em cursos de licenciatura e a lacuna da educa\u00e7\u00e3o empreendedora na forma\u00e7\u00e3o docente<\/td><td class=\"column-3\">Beatriz Maria Zoppo | Cl\u00e9ber Lopes<\/td><td class=\"column-4\"><\/td><td class=\"column-5\"><\/td>\n<\/tr>\n<tr class=\"row-18\">\n\t<td class=\"column-1\">17<\/td><td class=\"column-2\">Educa\u00e7\u00e3o decolonial em uma sociedade l\u00edquida: fronteiras culturais, epistemol\u00f3gicas e sociais, e suas colis\u00f5es no contexto educacional<\/td><td class=\"column-3\">Raimundo Washington dos Santos<\/td><td class=\"column-4\"><\/td><td class=\"column-5\"><\/td>\n<\/tr>\n<tr class=\"row-19\">\n\t<td class=\"column-1\">18<\/td><td class=\"column-2\">Educa\u00e7\u00e3o e o curr\u00edculo do empreendedorismo: uma revis\u00e3o sistem\u00e1tica da literatura<\/td><td class=\"column-3\">Deranor Gomes de Oliveira | T\u00e1cio Nunes de Carvalho<\/td><td class=\"column-4\"><\/td><td class=\"column-5\"><\/td>\n<\/tr>\n<tr class=\"row-20\">\n\t<td class=\"column-1\">19<\/td><td class=\"column-2\">Educa\u00e7\u00e3o Empreendedora como estrat\u00e9gia de perman\u00eancia e autonomia estudantil: projeto trilhas de empreendedorismo UFG<\/td><td class=\"column-3\">Fernanda Paula Arantes Manso | Bianca Mariano Porto | Lorrana Laila Silva de Almeida |C\u00e2ndido Vieira Borges Junior<\/td><td class=\"column-4\"><\/td><td class=\"column-5\"><\/td>\n<\/tr>\n<tr class=\"row-21\">\n\t<td class=\"column-1\">20<\/td><td class=\"column-2\">Educa\u00e7\u00e3o Empreendedora na rede SESC de educa\u00e7\u00e3o: processo de estrutura\u00e7\u00e3o e implementa\u00e7\u00e3o de um programa institucional<\/td><td class=\"column-3\">Ana Luc\u00e9lia Silva Dias | Carla R\u00eanes de Alencar Machado Fontenelle<\/td><td class=\"column-4\"><\/td><td class=\"column-5\"><\/td>\n<\/tr>\n<tr class=\"row-22\">\n\t<td class=\"column-1\">21<\/td><td class=\"column-2\">Educa\u00e7\u00e3o Empreendedora no Brasil: articula\u00e7\u00f5es entre o modelo entrecomp e a base nacional comum curricular (bncc)<\/td><td class=\"column-3\">Cleber Lopes | Aldemar Costa<\/td><td class=\"column-4\"><\/td><td class=\"column-5\"><\/td>\n<\/tr>\n<tr class=\"row-23\">\n\t<td class=\"column-1\">22<\/td><td class=\"column-2\">Educa\u00e7\u00e3o Empreendedora no Ensino Prim\u00e1rio (6-9 anos) em Portugal: Pr\u00e1ticas e Desafios<\/td><td class=\"column-3\">Andreia Filipa Martins Gon\u00e7alves Pinho | Jacinto Jardim<\/td><td class=\"column-4\"><\/td><td class=\"column-5\"><\/td>\n<\/tr>\n<tr class=\"row-24\">\n\t<td class=\"column-1\">23<\/td><td class=\"column-2\">Educa\u00e7\u00e3o Empreendedora OnLIFE na Cibricidade<\/td><td class=\"column-3\">Patr\u00edcia Bassani | Eliane Schlemmer<\/td><td class=\"column-4\"><\/td><td class=\"column-5\"><\/td>\n<\/tr>\n<tr class=\"row-25\">\n\t<td class=\"column-1\">24<\/td><td class=\"column-2\">Educa\u00e7\u00e3o Empreendedora ONLIFE: analisando o ato educativo a partir do ciclo da aprendizagem experiencial<\/td><td class=\"column-3\">Gustavo Henrique Souza | Aline Patr\u00edcia Sobral dos Santos | F\u00e1bia Magali Santos Vieira<\/td><td class=\"column-4\"><\/td><td class=\"column-5\"><\/td>\n<\/tr>\n<tr class=\"row-26\">\n\t<td class=\"column-1\">25<\/td><td class=\"column-2\">Educa\u00e7\u00e3o Empreendedora: a consultoria como ferramenta para o desenvolvimento de habilidades e a promo\u00e7\u00e3o do empreendedorismo<\/td><td class=\"column-3\">Aldjane Moura Costa<\/td><td class=\"column-4\"><\/td><td class=\"column-5\"><\/td>\n<\/tr>\n<tr class=\"row-27\">\n\t<td class=\"column-1\">26<\/td><td class=\"column-2\">Educa\u00e7\u00e3o Empreendedora: os desafios da educa\u00e7\u00e3o empreendedora na educa\u00e7\u00e3o b\u00e1sica brasileira<\/td><td class=\"column-3\">Gicele Santos da Silva<\/td><td class=\"column-4\"><\/td><td class=\"column-5\"><\/td>\n<\/tr>\n<tr class=\"row-28\">\n\t<td class=\"column-1\">27<\/td><td class=\"column-2\">Educa\u00e7\u00e3o Empreendedora: teorias, pr\u00e1ticas e resultados<\/td><td class=\"column-3\">Jakson Silva Santos<\/td><td class=\"column-4\"><\/td><td class=\"column-5\"><\/td>\n<\/tr>\n<tr class=\"row-29\">\n\t<td class=\"column-1\">28<\/td><td class=\"column-2\">Educa\u00e7\u00e3o para os empreendedores: utilidade do uso do Ponto cr\u00edtico das vendas e margem de seguran\u00e7a<\/td><td class=\"column-3\">Jorge Caetano Fonseca | Jo\u00e3o Ant\u00f3nio Dias J\u00fanior<\/td><td class=\"column-4\"><\/td><td class=\"column-5\"><\/td>\n<\/tr>\n<tr class=\"row-30\">\n\t<td class=\"column-1\">29<\/td><td class=\"column-2\">Efeito das a\u00e7\u00f5es empreendedoras na sustentabilidade financeira e na longevidade dos grupos empresariais de sa\u00fade privada no Brasil<\/td><td class=\"column-3\">Wesley Marques Nascimento | Wendel Alex Castro Silva<\/td><td class=\"column-4\"><\/td><td class=\"column-5\"><\/td>\n<\/tr>\n<tr class=\"row-31\">\n\t<td class=\"column-1\">30<\/td><td class=\"column-2\">Empreendedorismo e Cidadania na periferia: Projeto Minha Casa Meu Neg\u00f3cio<\/td><td class=\"column-3\">Jo\u00e3o Pinheiro de Barros Neto |Geraldo Gianini | Larissa Alves de Macedo<\/td><td class=\"column-4\"><\/td><td class=\"column-5\"><\/td>\n<\/tr>\n<tr class=\"row-32\">\n\t<td class=\"column-1\">31<\/td><td class=\"column-2\">Empreendedorismo Feminino: a Inibi\u00e7\u00e3o Empreendedora Feminina \u00e0 luz da Teoria Polivagal e os Efeitos do Trauma<\/td><td class=\"column-3\">Liliana Seixas<\/td><td class=\"column-4\"><\/td><td class=\"column-5\"><\/td>\n<\/tr>\n<tr class=\"row-33\">\n\t<td class=\"column-1\">32<\/td><td class=\"column-2\">Empreendedorismo Feminino: Desafios, Potencialidades e Impacto Social<\/td><td class=\"column-3\">Elisete Martins | Manuela Teixeira<\/td><td class=\"column-4\"><\/td><td class=\"column-5\"><\/td>\n<\/tr>\n<tr class=\"row-34\">\n\t<td class=\"column-1\">33<\/td><td class=\"column-2\">Empreendedorismo Feminino: uma an\u00e1lise das matrizes curriculares dos cursos de empreendedorismo ofertados no programa mulheres mil nas regi\u00f5es sul e norte<\/td><td class=\"column-3\">Dirlei Terezinha Fachinello<\/td><td class=\"column-4\"><\/td><td class=\"column-5\"><\/td>\n<\/tr>\n<tr class=\"row-35\">\n\t<td class=\"column-1\">34<\/td><td class=\"column-2\">Empreendedorismo no contexto do Ensino M\u00e9dio - Reflex\u00e3o sob o Paradigma da Educa\u00e7\u00e3o OnLIFE<\/td><td class=\"column-3\">Gregui Becker Luz | Eliane Schlemmer<\/td><td class=\"column-4\"><\/td><td class=\"column-5\"><\/td>\n<\/tr>\n<tr class=\"row-36\">\n\t<td class=\"column-1\">35<\/td><td class=\"column-2\">Empreendedorismo no paradigma da educa\u00e7\u00e3o ONLIFE - Aventuras do Gato das Botas pela cultura na cibricidade de Bento Gon\u00e7alves - RS<\/td><td class=\"column-3\">Natalia Sitnievski | Eliane Schlemmer<\/td><td class=\"column-4\"><\/td><td class=\"column-5\"><\/td>\n<\/tr>\n<tr class=\"row-37\">\n\t<td class=\"column-1\">36<\/td><td class=\"column-2\">Empreendedorismo social como ferramenta de transforma\u00e7\u00e3o comunit\u00e1ria: o impacto dos projetos Churras do Bem e Acaraj\u00e9 do Bem do Rotary Club Aracaju Nova Gera\u00e7\u00e3o<\/td><td class=\"column-3\">Jorge Nunes | Eduardo Salustino | Paulo J\u00fanior | Al\u00e9rcio Silva<\/td><td class=\"column-4\"><\/td><td class=\"column-5\"><\/td>\n<\/tr>\n<tr class=\"row-38\">\n\t<td class=\"column-1\">37<\/td><td class=\"column-2\">Empreendedorismo Social e Educa\u00e7\u00e3o Transformadora nos Centro Social e Centro de Conv\u00edvio.<\/td><td class=\"column-3\">Manuela Pereira<\/td><td class=\"column-4\"><\/td><td class=\"column-5\"><\/td>\n<\/tr>\n<tr class=\"row-39\">\n\t<td class=\"column-1\">38<\/td><td class=\"column-2\">Empreendedorismo Social e Envelhecimento em Portugal - Uma perpetiva anal\u00edtica<\/td><td class=\"column-3\">Manuela Teixeira |M\u00f3nica Cardoso | Jacinto Jardim<\/td><td class=\"column-4\"><\/td><td class=\"column-5\"><\/td>\n<\/tr>\n<tr class=\"row-40\">\n\t<td class=\"column-1\">39<\/td><td class=\"column-2\">Empreendedorismo social: Transformando realidades com impacto positivo<\/td><td class=\"column-3\">Igor Maguellitoh<\/td><td class=\"column-4\"><\/td><td class=\"column-5\"><\/td>\n<\/tr>\n<tr class=\"row-41\">\n\t<td class=\"column-1\">40<\/td><td class=\"column-2\">Empreendedorismo Sustent\u00e1vel e Modelos de Neg\u00f3cio com Impacto: entre a utopia ecol\u00f3gica e a viabilidade econ\u00f3mica \u00e1rea<\/td><td class=\"column-3\">Andr\u00e9 Filipe da Costa Leite e Silva Ferreira<\/td><td class=\"column-4\"><\/td><td class=\"column-5\"><\/td>\n<\/tr>\n<tr class=\"row-42\">\n\t<td class=\"column-1\">41<\/td><td class=\"column-2\">Empreendedorismo Tecnol\u00f3gico de G\u00e9nero: A Experi\u00eancia do coletivo BIT ROSA<\/td><td class=\"column-3\">Lisiane C\u00e9zar de Oliveira<\/td><td class=\"column-4\"><\/td><td class=\"column-5\"><\/td>\n<\/tr>\n<tr class=\"row-43\">\n\t<td class=\"column-1\">42<\/td><td class=\"column-2\">Empreendorismo e conviv\u00eancia humana com o semi\u00e1rido: o caso das cooperativas de mulheres no sert\u00e3o da Bahia<\/td><td class=\"column-3\">Elane Santos Geraldo | Juliana Correia Almeida | Thain\u00e1 Nascimento Andrade | Wagner Gonzaga Lemos<\/td><td class=\"column-4\"><\/td><td class=\"column-5\"><\/td>\n<\/tr>\n<tr class=\"row-44\">\n\t<td class=\"column-1\">43<\/td><td class=\"column-2\">Emprendiendo mi Carrera Profesional: estrategias para su desarrollo<\/td><td class=\"column-3\">Sa\u00fal Severiche Toledo<\/td><td class=\"column-4\"><\/td><td class=\"column-5\"><\/td>\n<\/tr>\n<tr class=\"row-45\">\n\t<td class=\"column-1\">44<\/td><td class=\"column-2\">Ensino Transformador: O Papel das Pol\u00edticas P\u00fablicas na Promo\u00e7\u00e3o da Educa\u00e7\u00e3o Empreendedora<\/td><td class=\"column-3\">La\u00e9rcio Jos\u00e9 de Oliveira | Andr\u00e9 Gusm\u00e3o Cavalcanti<\/td><td class=\"column-4\"><\/td><td class=\"column-5\"><\/td>\n<\/tr>\n<tr class=\"row-46\">\n\t<td class=\"column-1\">45<\/td><td class=\"column-2\">Estudo de caso sobre o Empreendedorismo Educacional<\/td><td class=\"column-3\">Jo\u00e3o Manuel de Lemos Baptista<\/td><td class=\"column-4\"><\/td><td class=\"column-5\"><\/td>\n<\/tr>\n<tr class=\"row-47\">\n\t<td class=\"column-1\">46<\/td><td class=\"column-2\">Expectativas e Desafios dos Empregadores na Contrata\u00e7\u00e3oo de Pessoas com Defici\u00eancia<\/td><td class=\"column-3\">Maria Celeste de Sousa Lopes | Sancha Dinis<\/td><td class=\"column-4\"><\/td><td class=\"column-5\"><\/td>\n<\/tr>\n<tr class=\"row-48\">\n\t<td class=\"column-1\">47<\/td><td class=\"column-2\">Fluxo da informa\u00e7\u00e3o e conhecimento sens\u00edveis em institui\u00e7\u00f5es de ensino b\u00e1sico: diagn\u00f3stico e otimiza\u00e7\u00e3o do fluxo de informa\u00e7\u00e3o e conhecimento para aprimorar o desempenho em institui\u00e7\u00f5es de ensino b\u00e1sico.<\/td><td class=\"column-3\">Rubens da Silva | Humberto Lopes<\/td><td class=\"column-4\"><\/td><td class=\"column-5\"><\/td>\n<\/tr>\n<tr class=\"row-49\">\n\t<td class=\"column-1\">48<\/td><td class=\"column-2\">Governan\u00e7a Antecipativa e sua Aplica\u00e7\u00e3o na Governan\u00e7a de Inova\u00e7\u00f5es Tecnol\u00f3gicas como a Intelig\u00eancia Artificial<\/td><td class=\"column-3\">Ronald Jean Degen<\/td><td class=\"column-4\"><\/td><td class=\"column-5\"><\/td>\n<\/tr>\n<tr class=\"row-50\">\n\t<td class=\"column-1\">49<\/td><td class=\"column-2\">Identidade cultural e Empreendedorismo no artesanato de Barra dos Coqueiros<\/td><td class=\"column-3\">Claudia Val\u00e9ria de Moraes<\/td><td class=\"column-4\"><\/td><td class=\"column-5\"><\/td>\n<\/tr>\n<tr class=\"row-51\">\n\t<td class=\"column-1\">50<\/td><td class=\"column-2\">Identifica\u00e7\u00e3o e An\u00e1lise da Inova\u00e7\u00e3o Aberta em Micro e Pequenas Empresas e Empresas de Base Tecnol\u00f3gica<\/td><td class=\"column-3\">Adriano Carlos Moraes Rosa |Bruno Donizeti da Silva |Vanessa Cristhina Gatto | Herlandi de Souza Andrade<\/td><td class=\"column-4\"><\/td><td class=\"column-5\"><\/td>\n<\/tr>\n<tr class=\"row-52\">\n\t<td class=\"column-1\">51<\/td><td class=\"column-2\">Idiomas que geram neg\u00f3cios: como o bilinguismo impulsiona cidadania global, empreendedorismo e com\u00e9rcio exterior<\/td><td class=\"column-3\">Giselle Menezes Mendes Cintado | Dirlei Terezinha Fachinello<\/td><td class=\"column-4\"><\/td><td class=\"column-5\"><\/td>\n<\/tr>\n<tr class=\"row-53\">\n\t<td class=\"column-1\">52<\/td><td class=\"column-2\">Intelig\u00eancia Artificial como Motor do Empreendedorismo<\/td><td class=\"column-3\">Paula Alexandra Valente | Paula Cristina Bra\u00e7ais<\/td><td class=\"column-4\"><\/td><td class=\"column-5\"><\/td>\n<\/tr>\n<tr class=\"row-54\">\n\t<td class=\"column-1\">53<\/td><td class=\"column-2\">Intera\u00e7\u00e3o entre carga cognitiva e computacional no uso de enxames de llms quantizados para aplica\u00e7\u00f5es empreendedoras<\/td><td class=\"column-3\">H\u00e9lio Craveiro Pessoa J\u00fanior<\/td><td class=\"column-4\"><\/td><td class=\"column-5\"><\/td>\n<\/tr>\n<tr class=\"row-55\">\n\t<td class=\"column-1\">54<\/td><td class=\"column-2\">Intraemprendimiento desde la filosof\u00eda organizacional en instituciones prestadoras de servicios de salud colombianas<\/td><td class=\"column-3\">Elvira Duran Rojas | Katy Andrea Gonz\u00e1lez-Pastrana<\/td><td class=\"column-4\"><\/td><td class=\"column-5\"><\/td>\n<\/tr>\n<tr class=\"row-56\">\n\t<td class=\"column-1\">55<\/td><td class=\"column-2\">Marketing de entretenimento como ferramenta educativa li\u00e7\u00f5es empreendedoras a partir do caso bts<\/td><td class=\"column-3\">Stefany Lobato Guimar\u00e3es |Camille de Souza Nunes |Ronalty Rocha<\/td><td class=\"column-4\"><\/td><td class=\"column-5\"><\/td>\n<\/tr>\n<tr class=\"row-57\">\n\t<td class=\"column-1\">56<\/td><td class=\"column-2\">M\u00e9todo Literacia: Inova\u00e7\u00e3o educacional e empreendedorismo social na era da Intelig\u00eancia Artificial (IA)<\/td><td class=\"column-3\">Renata Maria dos Santos<\/td><td class=\"column-4\"><\/td><td class=\"column-5\"><\/td>\n<\/tr>\n<tr class=\"row-58\">\n\t<td class=\"column-1\">57<\/td><td class=\"column-2\">Muito Al\u00e9m do CNPJ: Limites e Potencial das Pol\u00edticas P\u00fablicas para o Empreendimento Inclusivo<\/td><td class=\"column-3\">Hudson Alves Batista<\/td><td class=\"column-4\"><\/td><td class=\"column-5\"><\/td>\n<\/tr>\n<tr class=\"row-59\">\n\t<td class=\"column-1\">58<\/td><td class=\"column-2\">O guia de ind\u00edcios atitudinais da PUCPR e a educa\u00e7\u00e3o empreendedora - rela\u00e7\u00f5es no desenvolvimento e avalia\u00e7\u00e3o do Saber Ser<\/td><td class=\"column-3\">V\u00e2nia Terra | Cl\u00e9ber Lopes<\/td><td class=\"column-4\"><\/td><td class=\"column-5\"><\/td>\n<\/tr>\n<tr class=\"row-60\">\n\t<td class=\"column-1\">59<\/td><td class=\"column-2\">O impacto da Intelig\u00eancia Artificial no Empreendedorismo Sustent\u00e1vel em Regi\u00f5es Ultraperif\u00e9ricas: O caso particular da Regi\u00e3o Aut\u00f3noma da Madeira<\/td><td class=\"column-3\">Gilda Maria de Gouveia Jardim | Marco Ant\u00f3nio Freitas Teles<\/td><td class=\"column-4\"><\/td><td class=\"column-5\"><\/td>\n<\/tr>\n<tr class=\"row-61\">\n\t<td class=\"column-1\">60<\/td><td class=\"column-2\">O jogo Criaturas Empreendedoras como recurso estrat\u00e9gico para o desenvolvimento da carreira empreendedora universit\u00e1ria<\/td><td class=\"column-3\">Ana Nunes | Naira Libermann | Silvia Dopper<\/td><td class=\"column-4\"><\/td><td class=\"column-5\"><\/td>\n<\/tr>\n<tr class=\"row-62\">\n\t<td class=\"column-1\">61<\/td><td class=\"column-2\">O papel de agentes do governo e da sociedade civil no desenvolvimento da educa\u00e7\u00e3o empreendedora nas IES brasileiras<\/td><td class=\"column-3\">Rose Mary Almeida Lopes<\/td><td class=\"column-4\"><\/td><td class=\"column-5\"><\/td>\n<\/tr>\n<tr class=\"row-63\">\n\t<td class=\"column-1\">62<\/td><td class=\"column-2\">O papel do professor no ensino do empreendedorismo: o acompanhante na forma\u00e7\u00e3o de compet\u00eancias<\/td><td class=\"column-3\">Gl\u00e1ucia Botan Rufato<\/td><td class=\"column-4\"><\/td><td class=\"column-5\"><\/td>\n<\/tr>\n<tr class=\"row-64\">\n\t<td class=\"column-1\">63<\/td><td class=\"column-2\">Oficinas Viver com Vitalidade: Empreendedorismo Social para um Envelhecimento Ativo e Digital<\/td><td class=\"column-3\">Sandro Jorge | S\u00f3nia Valente<\/td><td class=\"column-4\"><\/td><td class=\"column-5\"><\/td>\n<\/tr>\n<tr class=\"row-65\">\n\t<td class=\"column-1\">64<\/td><td class=\"column-2\">Os desafios na constru\u00e7\u00e3o de um programa de empreendedorismo na vis\u00e3o dos docentes<\/td><td class=\"column-3\">Roosiley dos Santos Souza | Rosa de Barros Ferreira de Almeida | Nortonciste Guedes da Silva Junior<\/td><td class=\"column-4\"><\/td><td class=\"column-5\"><\/td>\n<\/tr>\n<tr class=\"row-66\">\n\t<td class=\"column-1\">65<\/td><td class=\"column-2\">Para al\u00e9m do empreendedorismo: a educa\u00e7\u00e3o como ferramenta de transforma\u00e7\u00e3o de mulheres em vulnerabilidade social<\/td><td class=\"column-3\">Franciele Silva Cruz<\/td><td class=\"column-4\"><\/td><td class=\"column-5\"><\/td>\n<\/tr>\n<tr class=\"row-67\">\n\t<td class=\"column-1\">66<\/td><td class=\"column-2\">Perspectivas de crescimento das empresas da cidade de lichinga face \u00e0s linhas de cr\u00e9dito BNI e GOV. Covid-19<\/td><td class=\"column-3\">Stiven Manuel | Saide Mirasse | Jacinto Jemusse | Ver\u00f3nica Manuel<\/td><td class=\"column-4\"><\/td><td class=\"column-5\"><\/td>\n<\/tr>\n<tr class=\"row-68\">\n\t<td class=\"column-1\">67<\/td><td class=\"column-2\">Pol\u00edticas p\u00fablicas de inser\u00e7\u00e3o produtiva juvenil: uma an\u00e1lise do programa primeiro emprego em sergipe em parceria com o SENAC Sergipe<\/td><td class=\"column-3\">Cristiane Tavares Nunes |Leila Santos Silva<\/td><td class=\"column-4\"><\/td><td class=\"column-5\"><\/td>\n<\/tr>\n<tr class=\"row-69\">\n\t<td class=\"column-1\">68<\/td><td class=\"column-2\">Pol\u00edticas p\u00fablicas e Empreendedorismo em Contextos perif\u00e9ricos - O caso dos A\u00e7ores como Ecossistema em Transforma\u00e7\u00e3o<\/td><td class=\"column-3\">Catarina Gaspar<\/td><td class=\"column-4\"><\/td><td class=\"column-5\"><\/td>\n<\/tr>\n<tr class=\"row-70\">\n\t<td class=\"column-1\">69<\/td><td class=\"column-2\">Pr\u00e1ticas did\u00e1tico pedag\u00f3gicas expositivo-dialogadas e a sensibiliza\u00e7\u00e3o empreendedora de t\u00e9cnicos em seguran\u00e7a do trabalho e administra\u00e7\u00e3o no CEEPAMEV* em Ilh\u00e9us BA.<\/td><td class=\"column-3\">Ismara Sobral Pereira | Milton Junior | Cl\u00e1udia Reis<\/td><td class=\"column-4\"><\/td><td class=\"column-5\"><\/td>\n<\/tr>\n<tr class=\"row-71\">\n\t<td class=\"column-1\">70<\/td><td class=\"column-2\">Programa de movilidad universitaria de la Facultad Politecnica de la Universidad Autonoma Gabriel Rene Moreno (UAGRM) para visita t\u00e9cnica a instituto nacional de telecomunicaciones (i.na.tel) de Brasil, realizado el 18 a 22 de noviembre de 2024<\/td><td class=\"column-3\">Roy Pastor Bejarano | Saul Severiche Toledo | Ronal Arteaga Hernandez<\/td><td class=\"column-4\"><\/td><td class=\"column-5\"><\/td>\n<\/tr>\n<tr class=\"row-72\">\n\t<td class=\"column-1\">71<\/td><td class=\"column-2\">Programa de movilidad universitaria de la Facultad Politecnica de la Universidad Autonoma Gabriel Rene Moreno (UAGRM), realizado en la Gestion 2024<\/td><td class=\"column-3\">Roy Pastor Bejarano | Saul Severiche Toledo | Ronal Arteaga Hernandez<\/td><td class=\"column-4\"><\/td><td class=\"column-5\"><\/td>\n<\/tr>\n<tr class=\"row-73\">\n\t<td class=\"column-1\">72<\/td><td class=\"column-2\">Projeto Empreendedor Jovem: Capacita\u00e7\u00e3o para a Transforma\u00e7\u00e3o Social<\/td><td class=\"column-3\">Irandi de Jesus Silva<\/td><td class=\"column-4\"><\/td><td class=\"column-5\"><\/td>\n<\/tr>\n<tr class=\"row-74\">\n\t<td class=\"column-1\">73<\/td><td class=\"column-2\">Promo\u00e7\u00e3o da educa\u00e7\u00e3o empreendedora atrav\u00e9s da educa\u00e7\u00e3o \u00e0 dist\u00e2ncia: uma an\u00e1lise de possibilidades e desafios<\/td><td class=\"column-3\">Sandra Mara Lara | Cl\u00e9ber Lopes<\/td><td class=\"column-4\"><\/td><td class=\"column-5\"><\/td>\n<\/tr>\n<tr class=\"row-75\">\n\t<td class=\"column-1\">74<\/td><td class=\"column-2\">Saber-Ser Empreendedor: o ensino das soft skills como base para a educa\u00e7\u00e3o empreendedora<\/td><td class=\"column-3\">Evary Elys Anghinoni<\/td><td class=\"column-4\"><\/td><td class=\"column-5\"><\/td>\n<\/tr>\n<tr class=\"row-76\">\n\t<td class=\"column-1\">75<\/td><td class=\"column-2\">T\u00e9cnico o Emprendedor<\/td><td class=\"column-3\">Juan Otoniel Martinez Sallama | Julitza Gisel Guzm\u00e1n Andame<\/td><td class=\"column-4\"><\/td><td class=\"column-5\"><\/td>\n<\/tr>\n<tr class=\"row-77\">\n\t<td class=\"column-1\">76<\/td><td class=\"column-2\">Tecnologia e Empreendedorismo em A\u00e7\u00e3o: A Revolu\u00e7\u00e3o do RESTIC 36 na Bahia<\/td><td class=\"column-3\">Eduardo Silva Palmeira | Jos\u00e9 Alfredo Santos Souza | Liliane Xavier Neves | Ana Paula Perovano | Leila Vita<\/td><td class=\"column-4\"><\/td><td class=\"column-5\"><\/td>\n<\/tr>\n<tr class=\"row-78\">\n\t<td class=\"column-1\">77<\/td><td class=\"column-2\">Teoria e pr\u00e1tica empreendedora na aplica\u00e7\u00e3o do modelo canvas num empreendimento local sustent\u00e1vel<\/td><td class=\"column-3\">Alexandro Santos Silva | Cac\u00e1 Gon\u00e7alves<\/td><td class=\"column-4\"><\/td><td class=\"column-5\"><\/td>\n<\/tr>\n<tr class=\"row-79\">\n\t<td class=\"column-1\">78<\/td><td class=\"column-2\">Tokeniza\u00e7\u00e3o de Ativos Financeiros: uma an\u00e1lise da permuta financeira no contexto imobili\u00e1rio brasileiro<\/td><td class=\"column-3\">Glauber Campos Gomes | Francisco Farias Gomes<\/td><td class=\"column-4\"><\/td><td class=\"column-5\"><\/td>\n<\/tr>\n<tr class=\"row-80\">\n\t<td class=\"column-1\">79<\/td><td class=\"column-2\">Transformando ritmo em profiss\u00e3o: a oportunidade de profissionaliza\u00e7\u00e3o das escolas de Samba em Corumba-MS<\/td><td class=\"column-3\">Juliana Bispo Rodrigues dos Santos<\/td><td class=\"column-4\"><\/td><td class=\"column-5\"><\/td>\n<\/tr>\n<tr class=\"row-81\">\n\t<td class=\"column-1\">80<\/td><td class=\"column-2\">O Papel Transformador do Instituto DOM: Inova\u00e7\u00e3o no apoio a Empreendedoras<\/td><td class=\"column-3\">Caio Flavio Stettiner | Karl Johnsson |Alexandre Formigoni | Robson dos Santos<\/td><td class=\"column-4\"><\/td><td class=\"column-5\"><\/td>\n<\/tr>\n<tr class=\"row-82\">\n\t<td class=\"column-1\">81<\/td><td class=\"column-2\">A Influ\u00eancia da Forma\u00e7\u00e3o Tecnol\u00f3gica nas Inten\u00e7\u00f5es Empreendedoras dos Estudantes: Proposta de Um Modelo<\/td><td class=\"column-3\">Ana Teresa Colenci Trevelin - Vanessa Cristhina Gatto<\/td><td class=\"column-4\"><\/td><td class=\"column-5\"><\/td>\n<\/tr>\n<tr class=\"row-83\">\n\t<td class=\"column-1\">82<\/td><td class=\"column-2\">Educa\u00e7\u00e3o Empreendedora no ensino superior - Um Modelo H\u00edbrido Integrando Aprendizagem Baseada em Projetos e Experi\u00eancia Pr\u00e1tica<\/td><td class=\"column-3\">Lu\u00edsa Almeida<\/td><td class=\"column-4\"><\/td><td class=\"column-5\"><\/td>\n<\/tr>\n<tr class=\"row-84\">\n\t<td class=\"column-1\">83<\/td><td class=\"column-2\">Educa\u00e7\u00e3o Empreendedora e pr\u00e1tica profissional: uma an\u00e1lise da imers\u00e3o inicial em contextos reais de interven\u00e7\u00e3o<\/td><td class=\"column-3\">Virg\u00edlio Correia<\/td><td class=\"column-4\"><\/td><td class=\"column-5\"><\/td>\n<\/tr>\n<tr class=\"row-85\">\n\t<td class=\"column-1\">84<\/td><td class=\"column-2\">Inova\u00e7\u00e3o pedag\u00f3gica e educa\u00e7\u00e3o empreendedora - Um modelo de interven\u00e7\u00e3o com docentes e estudantes do ensino superior articulado com desafios da comunidade<\/td><td class=\"column-3\">Ant\u00f3nio Leal | Lu\u00edsa Almeida<\/td><td class=\"column-4\"><\/td><td class=\"column-5\"><\/td>\n<\/tr>\n<tr class=\"row-86\">\n\t<td class=\"column-1\">85<\/td><td class=\"column-2\">Potencializando a educa\u00e7\u00e3o empreendedora: O di\u00e1logo com Paulo Freire para uma forma\u00e7\u00e3o cidad\u00e3<\/td><td class=\"column-3\">Raquel Kowalski | Cl\u00e9ber Lopes<\/td><td class=\"column-4\"><\/td><td class=\"column-5\"><\/td>\n<\/tr>\n<tr class=\"row-87\">\n\t<td class=\"column-1\">86<\/td><td class=\"column-2\">Empreendedorismo Sustent\u00e1vel para Restaura\u00e7\u00e3o de Mata Ciliar do Rio Paj\u00e9u: A\u00e7\u00f5es Humanas e Parcerias Interinstitucionais entre a UFRPE\/UAST e uma Escola P\u00fablica Municipal em Serra Talhada - PE<\/td><td class=\"column-3\">Walber Santos Baptista | Genival Barros J\u00fanior | Maria Waleska Camboim Lopes de Andrade | Sa\u00fal Severiche Toledo<\/td><td class=\"column-4\"><\/td><td class=\"column-5\"><\/td>\n<\/tr>\n<\/tbody>\n<\/table>\n<\/div>\n\t\t\t\t\t\t<\/div>\n\t\t\t\t<\/div>\n\t\t\t\t\t<\/div>\n\t\t\t\t<\/div>\n\t\t<div class=\"elementor-element elementor-element-7c8d210 e-grid e-con-boxed wpr-particle-no wpr-jarallax-no wpr-parallax-no wpr-sticky-section-no wpr-equal-height-no e-con e-parent\" data-id=\"7c8d210\" data-element_type=\"container\" data-e-type=\"container\">\n\t\t\t\t\t<div class=\"e-con-inner\">\n\t\t\t\t<div class=\"elementor-element elementor-element-d5d7b91 elementor-widget elementor-widget-shortcode\" data-id=\"d5d7b91\" data-element_type=\"widget\" data-e-type=\"widget\" data-widget_type=\"shortcode.default\">\n\t\t\t\t<div class=\"elementor-widget-container\">\n\t\t\t\t\t\t\t<div class=\"elementor-shortcode\"><style>\n    .wpdmdt-toolbar {\n        padding: 10px;\n    }\n    .wpdmdt-toolbarb {\n        padding: 5px 10px 10px;\n    }\n    .wpdmdt-toolbar > div {\n        display: inline-block;\n    }\n    table,td,th{\n        border: 0;\n    }\n    #wpdm-all-packages .card{\n        overflow: hidden;\n    }\n    .dataTables_wrapper .table{\n        margin: 0;\n    }\n    #wpdmmydls-40cd750bba9870f18aada2478b24840a{\n        border-bottom: 1px solid #dddddd;\n        border-top: 1px solid #dddddd;\n        font-size: 10pt;\n        min-width: 100%;\n    }\n    #wpdmmydls-40cd750bba9870f18aada2478b24840a .wpdm-download-link img{\n        box-shadow: none !important;\n        max-width: 100%;\n    }\n    .w3eden .pagination{\n        margin: 0 !important;\n    }\n    #wpdmmydls-40cd750bba9870f18aada2478b24840a td:not(:first-child){\n        vertical-align: middle !important;\n    }\n    #wpdmmydls-40cd750bba9870f18aada2478b24840a td.__dt_col_download_link .btn{\n        display: flex;\n        width: 100%;\n    }\n    #wpdmmydls-40cd750bba9870f18aada2478b24840a td.__dt_col_download_link,\n    #wpdmmydls-40cd750bba9870f18aada2478b24840a th#download_link{\n        max-width: 155px !important;\n        width: 155px;\n\n    }\n    #wpdmmydls-40cd750bba9870f18aada2478b24840a th{\n        background-color: rgba(0,0,0,0.04);\n        border-bottom: 1px solid rgba(0,0,0,0.025);\n    }\n    #wpdmmydls-40cd750bba9870f18aada2478b24840a_length label,\n    #wpdmmydls-40cd750bba9870f18aada2478b24840a_filter label{\n        font-weight: 400;\n    }\n    #wpdmmydls-40cd750bba9870f18aada2478b24840a_filter input[type=search]{\n        display: inline-block;\n        width: 200px;\n    }\n    #wpdmmydls-40cd750bba9870f18aada2478b24840a_length select{\n        display: inline-block;\n        width: 60px;\n    }\n\n    #wpdmmydls-40cd750bba9870f18aada2478b24840a .package-title{\n        color:#36597C;\n        font-size: 11pt;\n        font-weight: 700;\n    }\n    #wpdmmydls-40cd750bba9870f18aada2478b24840a .small-txt{\n        margin-right: 7px;\n    }\n    #wpdmmydls-40cd750bba9870f18aada2478b24840a td{\n        min-width: 150px;\n    }\n\n    #wpdmmydls-40cd750bba9870f18aada2478b24840a td.__dt_col_categories{\n        max-width: 300px;\n    }\n\n    #wpdmmydls-40cd750bba9870f18aada2478b24840a .small-txt,\n    #wpdmmydls-40cd750bba9870f18aada2478b24840a small{\n        font-size: 9pt;\n    }\n    .w3eden .table-striped tbody tr:nth-of-type(2n+1) {\n        background-color: rgba(0,0,0,0.015);\n    }\n    .dataTables_wrapper .dataTables_paginate .paginate_button:active,\n    .dataTables_wrapper .dataTables_paginate .paginate_button:focus,\n    .dataTables_wrapper .dataTables_paginate .paginate_button:hover,\n    .dataTables_wrapper .dataTables_paginate .paginate_button{\n        margin: 0 !important;\n        padding: 0 !important;\n        border: 0 !important;\n        background: transparent !important;\n    }\n\n\n    @media (max-width: 799px) {\n        #wpdmmydls-40cd750bba9870f18aada2478b24840a tr {\n            display: block;\n            border: 3px solid rgba(0,0,0,0.3) !important;\n            margin-bottom: 10px !important;\n            position: relative;\n        }\n        #wpdmmydls-40cd750bba9870f18aada2478b24840a thead{\n            display: none;\n        }\n        #wpdmmydls-40cd750bba9870f18aada2478b24840a,\n        #wpdmmydls-40cd750bba9870f18aada2478b24840a td:first-child {\n            border: 0 !important;\n        }\n        #wpdmmydls-40cd750bba9870f18aada2478b24840a td {\n            display: block;\n        }\n        #wpdmmydls-40cd750bba9870f18aada2478b24840a td.__dt_col_download_link {\n            display: block;\n            max-width: 100% !important;\n            width: auto !important;\n\n        }\n    }\n\n\n<\/style>\n<div class=\"w3eden\">\n    <div id=\"wpdm-all-packages\">\n        <table id=\"wpdmmydls-40cd750bba9870f18aada2478b24840a\" class=\"table table-striped wpdm-all-packages-table\">\n            <thead>\n            <tr>\n                                <th style=\"\"  id=\"pagelink\" class=\"\">T\u00edtulo<\/th>\n                                <th style=\"\"  id=\"categories\" class=\"hidden-sm hidden-xs\">Categorias<\/th>\n                                <th style=\"\"  id=\"updatedate\" class=\"hidden-sm hidden-xs\"> Data de atualiza\u00e7\u00e3o<\/th>\n                                <th style=\"\"  id=\"downloadlink\" class=\"hidden-sm hidden-xs\">Download<\/th>\n                \n            <\/tr>\n            <\/thead>\n            <tbody>\n            \n                    <tr class=\"__dt_row\">\n                                                <td  class=\"__dt_col_0 __dt_col __dt_col_page_link\" style=\"background-image: url('https:\/\/educacaoempreendedora.com\/cieeci2025\/wp-content\/plugins\/download-manager\/assets\/file-type-icons\/doc.svg');background-size: 36px;background-position: 5px 8px;background-repeat:  no-repeat;padding-left: 52px;line-height: normal;\">\n                            <a class=\"package-title\" href='https:\/\/educacaoempreendedora.com\/cieeci2025\/download\/modelo-cieeci2025-artigos\/'>MODELO CIEECI2025 ARTIGOS<\/a><br\/><span class='__dt_file_count small-txt'>1<\/span><span class='__dt_download_count small-txt'><i class=\"far fa-arrow-alt-circle-down\"><\/i> 84 downloads<\/span><div class=\"hidden-md hidden-lg td-mobile\"><\/div>\n\n                        <\/td>\n                                                <td  class=\"__dt_col_1 __dt_col __dt_col_categories\" >\n                            <span class='__dt_categories '><\/span>\n\n                        <\/td>\n                                                <td  data-order=\"1750723200\"  class=\"__dt_col_2 __dt_col __dt_col_update_date\" >\n                            <span class='__dt_update_date '>24\/06\/2025<\/span>\n\n                        <\/td>\n                                                <td  class=\"__dt_col_3 __dt_col __dt_col_download_link\" >\n                            <a class='wpdm-download-link download-on-click btn btn-primary ' rel='nofollow' href='#' data-downloadurl=\"https:\/\/educacaoempreendedora.com\/cieeci2025\/download\/modelo-cieeci2025-artigos\/?wpdmdl=2112&refresh=69f36be6d696f1777560550\">Download<\/a>\n\n                        <\/td>\n                        \n                    <\/tr>\n                \n                    <tr class=\"__dt_row\">\n                                                <td  class=\"__dt_col_0 __dt_col __dt_col_page_link\" style=\"background-image: url('https:\/\/educacaoempreendedora.com\/cieeci2025\/wp-content\/plugins\/download-manager\/assets\/file-type-icons\/doc.svg');background-size: 36px;background-position: 5px 8px;background-repeat:  no-repeat;padding-left: 52px;line-height: normal;\">\n                            <a class=\"package-title\" href='https:\/\/educacaoempreendedora.com\/cieeci2025\/download\/modelo-de-resumo-de-artigo-comunicacao\/'>Modelo de Resumo de Artigo \/ Comunica\u00e7\u00e3o<\/a><br\/><span class='__dt_file_count small-txt'>1<\/span><span class='__dt_download_count small-txt'><i class=\"far fa-arrow-alt-circle-down\"><\/i> 215 downloads<\/span><div class=\"hidden-md hidden-lg td-mobile\"><\/div>\n\n                        <\/td>\n                                                <td  class=\"__dt_col_1 __dt_col __dt_col_categories\" >\n                            <span class='__dt_categories '><\/span>\n\n                        <\/td>\n                                                <td  data-order=\"1743206400\"  class=\"__dt_col_2 __dt_col __dt_col_update_date\" >\n                            <span class='__dt_update_date '>29\/03\/2025<\/span>\n\n                        <\/td>\n                                                <td  class=\"__dt_col_3 __dt_col __dt_col_download_link\" >\n                            <a class='wpdm-download-link download-on-click btn btn-primary ' rel='nofollow' href='#' data-downloadurl=\"https:\/\/educacaoempreendedora.com\/cieeci2025\/download\/modelo-de-resumo-de-artigo-comunicacao\/?wpdmdl=1631&refresh=69f36be6dbd901777560550\">Download<\/a>\n\n                        <\/td>\n                        \n                    <\/tr>\n                \n                    <tr class=\"__dt_row\">\n                                                <td  class=\"__dt_col_0 __dt_col __dt_col_page_link\" style=\"background-image: url('https:\/\/educacaoempreendedora.com\/cieeci2025\/wp-content\/plugins\/download-manager\/assets\/file-type-icons\/pdf.svg');background-size: 36px;background-position: 5px 8px;background-repeat:  no-repeat;padding-left: 52px;line-height: normal;\">\n                            <a class=\"package-title\" href='https:\/\/educacaoempreendedora.com\/cieeci2025\/download\/ebook-do-iii-congresso-internacional-de-educac%cc%a7a%cc%83o-empreendedora-e-cidadania\/'>Ebook do III Congresso Internacional de Educac\u0327a\u0303o Empreendedora e Cidadania<\/a><br\/><span class='__dt_file_count small-txt'>1<\/span><span class='__dt_download_count small-txt'><i class=\"far fa-arrow-alt-circle-down\"><\/i> 118 downloads<\/span><div class=\"hidden-md hidden-lg td-mobile\"><\/div>\n\n                        <\/td>\n                                                <td  class=\"__dt_col_1 __dt_col __dt_col_categories\" >\n                            <span class='__dt_categories '><\/span>\n\n                        <\/td>\n                                                <td  data-order=\"1740096000\"  class=\"__dt_col_2 __dt_col __dt_col_update_date\" >\n                            <span class='__dt_update_date '>21\/02\/2025<\/span>\n\n                        <\/td>\n                                                <td  class=\"__dt_col_3 __dt_col __dt_col_download_link\" >\n                            <a class='wpdm-download-link download-on-click btn btn-primary ' rel='nofollow' href='#' data-downloadurl=\"https:\/\/educacaoempreendedora.com\/cieeci2025\/download\/ebook-do-iii-congresso-internacional-de-educac%cc%a7a%cc%83o-empreendedora-e-cidadania\/?wpdmdl=1630&refresh=69f36be6e09ef1777560550\">Download<\/a>\n\n                        <\/td>\n                        \n                    <\/tr>\n                \n                    <tr class=\"__dt_row\">\n                                                <td  class=\"__dt_col_0 __dt_col __dt_col_page_link\" style=\"background-image: url('https:\/\/educacaoempreendedora.com\/cieeci2025\/wp-content\/plugins\/download-manager\/assets\/file-type-icons\/pdf.svg');background-size: 36px;background-position: 5px 8px;background-repeat:  no-repeat;padding-left: 52px;line-height: normal;\">\n                            <a class=\"package-title\" href='https:\/\/educacaoempreendedora.com\/cieeci2025\/download\/ebook-anais-do-ii-congresso-internacional-de-educac%cc%a7a%cc%83o-empreendedora-e-cidadania-resumos-expandidos\/'>Ebook do II Congresso Internacional de Educac\u0327a\u0303o Empreendedora e Cidadania<\/a><br\/><span class='__dt_file_count small-txt'>1<\/span><span class='__dt_download_count small-txt'><i class=\"far fa-arrow-alt-circle-down\"><\/i> 44 downloads<\/span><div class=\"hidden-md hidden-lg td-mobile\"><\/div>\n\n                        <\/td>\n                                                <td  class=\"__dt_col_1 __dt_col __dt_col_categories\" >\n                            <span class='__dt_categories '><\/span>\n\n                        <\/td>\n                                                <td  data-order=\"1740096000\"  class=\"__dt_col_2 __dt_col __dt_col_update_date\" >\n                            <span class='__dt_update_date '>21\/02\/2025<\/span>\n\n                        <\/td>\n                                                <td  class=\"__dt_col_3 __dt_col __dt_col_download_link\" >\n                            <a class='wpdm-download-link download-on-click btn btn-primary ' rel='nofollow' href='#' data-downloadurl=\"https:\/\/educacaoempreendedora.com\/cieeci2025\/download\/ebook-anais-do-ii-congresso-internacional-de-educac%cc%a7a%cc%83o-empreendedora-e-cidadania-resumos-expandidos\/?wpdmdl=1629&refresh=69f36be6e538a1777560550\">Download<\/a>\n\n                        <\/td>\n                        \n                    <\/tr>\n                \n                    <tr class=\"__dt_row\">\n                                                <td  class=\"__dt_col_0 __dt_col __dt_col_page_link\" style=\"background-image: url('https:\/\/educacaoempreendedora.com\/cieeci2025\/wp-content\/plugins\/download-manager\/assets\/file-type-icons\/pdf.svg');background-size: 36px;background-position: 5px 8px;background-repeat:  no-repeat;padding-left: 52px;line-height: normal;\">\n                            <a class=\"package-title\" href='https:\/\/educacaoempreendedora.com\/cieeci2025\/download\/ebook-anais-do-i-congresso-internacional-de-educac%cc%a7a%cc%83o-empreendedora-e-cidadania-resumos-expandidos\/'>Ebook do I Congresso Internacional de Educac\u0327a\u0303o Empreendedora e Cidadania<\/a><br\/><span class='__dt_file_count small-txt'>1<\/span><span class='__dt_download_count small-txt'><i class=\"far fa-arrow-alt-circle-down\"><\/i> 38 downloads<\/span><div class=\"hidden-md hidden-lg td-mobile\"><\/div>\n\n                        <\/td>\n                                                <td  class=\"__dt_col_1 __dt_col __dt_col_categories\" >\n                            <span class='__dt_categories '><\/span>\n\n                        <\/td>\n                                                <td  data-order=\"1740096000\"  class=\"__dt_col_2 __dt_col __dt_col_update_date\" >\n                            <span class='__dt_update_date '>21\/02\/2025<\/span>\n\n                        <\/td>\n                                                <td  class=\"__dt_col_3 __dt_col __dt_col_download_link\" >\n                            <a class='wpdm-download-link download-on-click btn btn-primary ' rel='nofollow' href='#' data-downloadurl=\"https:\/\/educacaoempreendedora.com\/cieeci2025\/download\/ebook-anais-do-i-congresso-internacional-de-educac%cc%a7a%cc%83o-empreendedora-e-cidadania-resumos-expandidos\/?wpdmdl=1628&refresh=69f36be6e96f51777560550\">Download<\/a>\n\n                        <\/td>\n                        \n                    <\/tr>\n                \n                    <tr class=\"__dt_row\">\n                                                <td  class=\"__dt_col_0 __dt_col __dt_col_page_link\" style=\"background-image: url('https:\/\/educacaoempreendedora.com\/cieeci2025\/wp-content\/plugins\/download-manager\/assets\/file-type-icons\/unknown.svg');background-size: 36px;background-position: 5px 8px;background-repeat:  no-repeat;padding-left: 52px;line-height: normal;\">\n                            <a class=\"package-title\" href='https:\/\/educacaoempreendedora.com\/cieeci2025\/download\/apa-publication-manual-7th-edition-by-american-psychological-association\/'>APA Publication Manual 7th Edition by American Psychological Association<\/a><br\/><span class='__dt_file_count small-txt'>1<\/span><span class='__dt_download_count small-txt'><i class=\"far fa-arrow-alt-circle-down\"><\/i> 0 download<\/span><div class=\"hidden-md hidden-lg td-mobile\"><\/div>\n\n                        <\/td>\n                                                <td  class=\"__dt_col_1 __dt_col __dt_col_categories\" >\n                            <span class='__dt_categories '><\/span>\n\n                        <\/td>\n                                                <td  data-order=\"1737504000\"  class=\"__dt_col_2 __dt_col __dt_col_update_date\" >\n                            <span class='__dt_update_date '>22\/01\/2025<\/span>\n\n                        <\/td>\n                                                <td  class=\"__dt_col_3 __dt_col __dt_col_download_link\" >\n                            <a class='wpdm-download-link download-on-click btn btn-primary ' rel='nofollow' href='#' data-downloadurl=\"https:\/\/educacaoempreendedora.com\/cieeci2025\/download\/apa-publication-manual-7th-edition-by-american-psychological-association\/?wpdmdl=1183&refresh=69f36be6ed4681777560550\">Download<\/a>\n\n                        <\/td>\n                        \n                    <\/tr>\n                \n                    <tr class=\"__dt_row\">\n                                                <td  class=\"__dt_col_0 __dt_col __dt_col_page_link\" style=\"background-image: url('https:\/\/educacaoempreendedora.com\/cieeci2025\/wp-content\/plugins\/download-manager\/assets\/file-type-icons\/pdf.svg');background-size: 36px;background-position: 5px 8px;background-repeat:  no-repeat;padding-left: 52px;line-height: normal;\">\n                            <a class=\"package-title\" href='https:\/\/educacaoempreendedora.com\/cieeci2025\/download\/normas-da-apa-7a-edicao\/'>Normas da APA 7a Edi\u00e7\u00e3o<\/a><br\/><span class='__dt_file_count small-txt'>1<\/span><span class='__dt_download_count small-txt'><i class=\"far fa-arrow-alt-circle-down\"><\/i> 82 downloads<\/span><div class=\"hidden-md hidden-lg td-mobile\"><\/div>\n\n                        <\/td>\n                                                <td  class=\"__dt_col_1 __dt_col __dt_col_categories\" >\n                            <span class='__dt_categories '><\/span>\n\n                        <\/td>\n                                                <td  data-order=\"1737504000\"  class=\"__dt_col_2 __dt_col __dt_col_update_date\" >\n                            <span class='__dt_update_date '>22\/01\/2025<\/span>\n\n                        <\/td>\n                                                <td  class=\"__dt_col_3 __dt_col __dt_col_download_link\" >\n                            <a class='wpdm-download-link download-on-click btn btn-primary ' rel='nofollow' href='#' data-downloadurl=\"https:\/\/educacaoempreendedora.com\/cieeci2025\/download\/normas-da-apa-7a-edicao\/?wpdmdl=1182&refresh=69f36be6f11ab1777560550\">Download<\/a>\n\n                        <\/td>\n                        \n                    <\/tr>\n                                        <\/tbody>\n        <\/table>\n\n        <div class='text-center'><ul class='pagination wpdm-pagination pagination-centered text-center'><\/ul><\/div>\n    <\/div>\n<\/div>\n<\/div>\n\t\t\t\t\t\t<\/div>\n\t\t\t\t<\/div>\n\t\t\t\t\t<\/div>\n\t\t\t\t<\/div>\n\t\t<div class=\"elementor-element elementor-element-c3d7c45 e-flex e-con-boxed wpr-particle-no wpr-jarallax-no wpr-parallax-no wpr-sticky-section-no wpr-equal-height-no e-con e-parent\" data-id=\"c3d7c45\" data-element_type=\"container\" data-e-type=\"container\">\n\t\t\t\t\t<div class=\"e-con-inner\">\n\t\t\t\t\t<\/div>\n\t\t\t\t<\/div>\n\t\t\t\t<\/div>\n\t\t","protected":false},"excerpt":{"rendered":"<p>Lista Atualizada dos Resumos aceitos &#8211; Data Limite para envio do Artigo : 31\/07<\/p>\n","protected":false},"author":1,"featured_media":0,"parent":0,"menu_order":0,"comment_status":"closed","ping_status":"closed","template":"elementor_header_footer","meta":{"footnotes":""},"class_list":["post-17","page","type-page","status-publish","hentry"],"_links":{"self":[{"href":"https:\/\/educacaoempreendedora.com\/cieeci2025\/wp-json\/wp\/v2\/pages\/17","targetHints":{"allow":["GET"]}}],"collection":[{"href":"https:\/\/educacaoempreendedora.com\/cieeci2025\/wp-json\/wp\/v2\/pages"}],"about":[{"href":"https:\/\/educacaoempreendedora.com\/cieeci2025\/wp-json\/wp\/v2\/types\/page"}],"author":[{"embeddable":true,"href":"https:\/\/educacaoempreendedora.com\/cieeci2025\/wp-json\/wp\/v2\/users\/1"}],"replies":[{"embeddable":true,"href":"https:\/\/educacaoempreendedora.com\/cieeci2025\/wp-json\/wp\/v2\/comments?post=17"}],"version-history":[{"count":150,"href":"https:\/\/educacaoempreendedora.com\/cieeci2025\/wp-json\/wp\/v2\/pages\/17\/revisions"}],"predecessor-version":[{"id":2151,"href":"https:\/\/educacaoempreendedora.com\/cieeci2025\/wp-json\/wp\/v2\/pages\/17\/revisions\/2151"}],"wp:attachment":[{"href":"https:\/\/educacaoempreendedora.com\/cieeci2025\/wp-json\/wp\/v2\/media?parent=17"}],"curies":[{"name":"wp","href":"https:\/\/api.w.org\/{rel}","templated":true}]}}