{"id":135,"date":"2024-08-01T18:35:44","date_gmt":"2024-08-01T18:35:44","guid":{"rendered":"https:\/\/educacaoempreendedora.com\/cieeci2025\/?page_id=135"},"modified":"2025-10-08T07:40:03","modified_gmt":"2025-10-08T10:40:03","slug":"comissao-organizadora","status":"publish","type":"page","link":"https:\/\/educacaoempreendedora.com\/cieeci2025\/comissao-organizadora\/","title":{"rendered":"Comiss\u00e3o Organizadora"},"content":{"rendered":"\t\t<div data-elementor-type=\"wp-page\" data-elementor-id=\"135\" class=\"elementor elementor-135\">\n\t\t\t\t<div class=\"elementor-element elementor-element-f4622d5 e-flex e-con-boxed wpr-particle-no wpr-jarallax-no wpr-parallax-no wpr-sticky-section-no wpr-equal-height-no e-con e-parent\" data-id=\"f4622d5\" data-element_type=\"container\" data-e-type=\"container\">\n\t\t\t\t\t<div class=\"e-con-inner\">\n\t\t<div class=\"elementor-element elementor-element-0400692 e-con-full e-flex wpr-particle-no wpr-jarallax-no wpr-parallax-no wpr-sticky-section-no wpr-equal-height-no e-con e-child\" data-id=\"0400692\" data-element_type=\"container\" data-e-type=\"container\">\n\t\t\t\t<\/div>\n\t\t<div class=\"elementor-element elementor-element-bb1a34b e-con-full e-flex wpr-particle-no wpr-jarallax-no wpr-parallax-no wpr-sticky-section-no wpr-equal-height-no e-con e-child\" data-id=\"bb1a34b\" data-element_type=\"container\" data-e-type=\"container\">\n\t\t\t\t<div class=\"elementor-element elementor-element-e22b737 elementor-widget elementor-widget-text-editor\" data-id=\"e22b737\" data-element_type=\"widget\" data-e-type=\"widget\" data-widget_type=\"text-editor.default\">\n\t\t\t\t<div class=\"elementor-widget-container\">\n\t\t\t\t\t\t\t\t\t<h3 style=\"text-align: center;\" aria-level=\"2\"><b><span data-contrast=\"none\">COMISS\u00c3O ORGANIZADORA<\/span><\/b><span data-ccp-props=\"{&quot;134233117&quot;:true,&quot;134233118&quot;:true,&quot;335551550&quot;:1,&quot;335551620&quot;:1,&quot;335557856&quot;:16777215}\">\u00a0<\/span><\/h3><p><strong>Presidente da Comiss\u00e3o Organizadora: Senador La\u00e9rcio Oliveira\u00a0<\/strong><\/p><p><strong>Comiss\u00e3o Executiva:\u00a0<\/strong><\/p><ul><li data-leveltext=\"\uf0b7\" data-font=\"Symbol\" data-listid=\"21\" data-list-defn-props=\"{&quot;335552541&quot;:1,&quot;335559685&quot;:720,&quot;335559991&quot;:360,&quot;469769226&quot;:&quot;Symbol&quot;,&quot;469769242&quot;:[8226],&quot;469777803&quot;:&quot;left&quot;,&quot;469777804&quot;:&quot;\uf0b7&quot;,&quot;469777815&quot;:&quot;hybridMultilevel&quot;}\" aria-setsize=\"-1\" data-aria-posinset=\"1\" data-aria-level=\"1\"><span data-contrast=\"none\"><b>Andr\u00e9 Gusm\u00e3o &#8211; Coordenador Geral do Evento<\/b><\/span><\/li><\/ul><ul><li data-leveltext=\"\uf0b7\" data-font=\"Symbol\" data-listid=\"21\" data-list-defn-props=\"{&quot;335552541&quot;:1,&quot;335559685&quot;:720,&quot;335559991&quot;:360,&quot;469769226&quot;:&quot;Symbol&quot;,&quot;469769242&quot;:[8226],&quot;469777803&quot;:&quot;left&quot;,&quot;469777804&quot;:&quot;\uf0b7&quot;,&quot;469777815&quot;:&quot;hybridMultilevel&quot;}\" aria-setsize=\"-1\" data-aria-posinset=\"2\" data-aria-level=\"1\"><span data-contrast=\"none\">Jacinto Jardim (UAb)<\/span><span data-ccp-props=\"{&quot;134233117&quot;:true,&quot;134233118&quot;:true,&quot;335551550&quot;:6,&quot;335551620&quot;:6,&quot;335557856&quot;:16777215}\">\u00a0<\/span><\/li><li data-leveltext=\"\uf0b7\" data-font=\"Symbol\" data-listid=\"21\" data-list-defn-props=\"{&quot;335552541&quot;:1,&quot;335559685&quot;:720,&quot;335559991&quot;:360,&quot;469769226&quot;:&quot;Symbol&quot;,&quot;469769242&quot;:[8226],&quot;469777803&quot;:&quot;left&quot;,&quot;469777804&quot;:&quot;\uf0b7&quot;,&quot;469777815&quot;:&quot;hybridMultilevel&quot;}\" aria-setsize=\"-1\" data-aria-posinset=\"2\" data-aria-level=\"1\">Cl\u00e9ber Lopes (PUCPR)<\/li><li data-leveltext=\"\uf0b7\" data-font=\"Symbol\" data-listid=\"21\" data-list-defn-props=\"{&quot;335552541&quot;:1,&quot;335559685&quot;:720,&quot;335559991&quot;:360,&quot;469769226&quot;:&quot;Symbol&quot;,&quot;469769242&quot;:[8226],&quot;469777803&quot;:&quot;left&quot;,&quot;469777804&quot;:&quot;\uf0b7&quot;,&quot;469777815&quot;:&quot;hybridMultilevel&quot;}\" aria-setsize=\"-1\" data-aria-posinset=\"3\" data-aria-level=\"1\"><span data-contrast=\"none\">Josefa S\u00f4nia Fonseca (UESC<\/span><span data-ccp-props=\"{&quot;134233117&quot;:true,&quot;134233118&quot;:true,&quot;335551550&quot;:6,&quot;335551620&quot;:6,&quot;335557856&quot;:16777215}\"> )<br \/><\/span><\/li><li data-leveltext=\"\uf0b7\" data-font=\"Symbol\" data-listid=\"21\" data-list-defn-props=\"{&quot;335552541&quot;:1,&quot;335559685&quot;:720,&quot;335559991&quot;:360,&quot;469769226&quot;:&quot;Symbol&quot;,&quot;469769242&quot;:[8226],&quot;469777803&quot;:&quot;left&quot;,&quot;469777804&quot;:&quot;\uf0b7&quot;,&quot;469777815&quot;:&quot;hybridMultilevel&quot;}\" aria-setsize=\"-1\" data-aria-posinset=\"3\" data-aria-level=\"1\"><span data-contrast=\"none\">Cristiane Tavares (SENAC-SE)<\/span><span data-ccp-props=\"{&quot;134233117&quot;:true,&quot;134233118&quot;:true,&quot;335551550&quot;:6,&quot;335551620&quot;:6,&quot;335557856&quot;:16777215}\">\u00a0<\/span><\/li><li data-leveltext=\"\uf0b7\" data-font=\"Symbol\" data-listid=\"21\" data-list-defn-props=\"{&quot;335552541&quot;:1,&quot;335559685&quot;:720,&quot;335559991&quot;:360,&quot;469769226&quot;:&quot;Symbol&quot;,&quot;469769242&quot;:[8226],&quot;469777803&quot;:&quot;left&quot;,&quot;469777804&quot;:&quot;\uf0b7&quot;,&quot;469777815&quot;:&quot;hybridMultilevel&quot;}\" aria-setsize=\"-1\" data-aria-posinset=\"4\" data-aria-level=\"1\"><span data-ccp-props=\"{&quot;134233117&quot;:true,&quot;134233118&quot;:true,&quot;335551550&quot;:6,&quot;335551620&quot;:6,&quot;335557856&quot;:16777215}\">Pedro Amarante (Caderno Mercado)<\/span><\/li><li data-leveltext=\"\uf0b7\" data-font=\"Symbol\" data-listid=\"21\" data-list-defn-props=\"{&quot;335552541&quot;:1,&quot;335559685&quot;:720,&quot;335559991&quot;:360,&quot;469769226&quot;:&quot;Symbol&quot;,&quot;469769242&quot;:[8226],&quot;469777803&quot;:&quot;left&quot;,&quot;469777804&quot;:&quot;\uf0b7&quot;,&quot;469777815&quot;:&quot;hybridMultilevel&quot;}\" aria-setsize=\"-1\" data-aria-posinset=\"4\" data-aria-level=\"1\"><span data-ccp-props=\"{&quot;134233117&quot;:true,&quot;134233118&quot;:true,&quot;335551550&quot;:6,&quot;335551620&quot;:6,&quot;335557856&quot;:16777215}\">Jorge Coelho &#8211; Designer Gr\u00e1fico<\/span><\/li><\/ul><p><strong>Equipe Apoio T\u00e9cnico Sergipe<\/strong><\/p><ul><li>Maria Agda &#8211; Apoio T\u00e9cnico<\/li><li>Isabela Alc\u00e2ntara &#8211; Apoio T\u00e9cnico<\/li><li>Vanilsa Silva &#8211; Apoio T\u00e9cnico<\/li><li>Maria Barros &#8211; Apoio T\u00e9cnico<\/li><li>Adriana Pimentel &#8211; Apoio T\u00e9cnico<\/li><li>Carla Regina &#8211; Apoio T\u00e9cnico\u00a0<\/li><li>Jaqueline Lima &#8211; Apoio T\u00e9cnico<\/li><li>Kamila Silva &#8211; Apoio T\u00e9cnico<\/li><li>Rom\u00e1rio Silva &#8211; Transporte<\/li><li>Alexsander Moreira &#8211; Inform\u00e1tica<\/li><\/ul><p><strong>Equipe Comunica\u00e7\u00e3o<\/strong><\/p><ul><li><span data-ccp-props=\"{&quot;134233117&quot;:true,&quot;134233118&quot;:true,&quot;335551550&quot;:6,&quot;335551620&quot;:6,&quot;335557856&quot;:16777215}\">Carla Passos &#8211; Assessoria de Imprensa<\/span><\/li><li>R\u00e2messes Moraes &#8211; M\u00eddias Sociais<\/li><li>Latino &#8211; Fot\u00f3grafo<\/li><li>B\u00e1rbara Amarante &#8211; Cerimonial<\/li><li>Marc\u00e9lio Couto &#8211; Artes<\/li><li>Fl\u00e1vio Vieira &#8211; Imprensa<\/li><li>Hugo Barbosa &#8211; M\u00eddias Sociais<\/li><li>\u00a0<\/li><\/ul>\t\t\t\t\t\t\t\t<\/div>\n\t\t\t\t<\/div>\n\t\t\t\t<\/div>\n\t\t\t\t\t<\/div>\n\t\t\t\t<\/div>\n\t\t\t\t<\/div>\n\t\t","protected":false},"excerpt":{"rendered":"<p>COMISS\u00c3O ORGANIZADORA\u00a0 Presidente da Comiss\u00e3o Organizadora: Senador La\u00e9rcio Oliveira\u00a0 Comiss\u00e3o Executiva:\u00a0 Andr\u00e9 Gusm\u00e3o &#8211; Coordenador Geral do Evento Jacinto Jardim (UAb)\u00a0 Cl\u00e9ber Lopes (PUCPR) Josefa S\u00f4nia Fonseca (UESC ) Cristiane Tavares (SENAC-SE)\u00a0 Pedro Amarante (Caderno Mercado) Jorge Coelho &#8211; Designer Gr\u00e1fico Equipe Apoio T\u00e9cnico Sergipe Maria Agda &#8211; Apoio T\u00e9cnico Isabela Alc\u00e2ntara &#8211; Apoio T\u00e9cnico Vanilsa Silva &#8211; Apoio T\u00e9cnico Maria Barros &#8211; Apoio T\u00e9cnico Adriana Pimentel &#8211; Apoio T\u00e9cnico Carla Regina &#8211; Apoio T\u00e9cnico\u00a0 Jaqueline Lima &#8211; Apoio T\u00e9cnico Kamila Silva &#8211; Apoio T\u00e9cnico Rom\u00e1rio Silva &#8211; Transporte Alexsander Moreira &#8211; Inform\u00e1tica Equipe Comunica\u00e7\u00e3o Carla Passos &#8211; Assessoria de Imprensa R\u00e2messes Moraes &#8211; M\u00eddias Sociais Latino &#8211; Fot\u00f3grafo B\u00e1rbara Amarante &#8211; Cerimonial Marc\u00e9lio Couto &#8211; Artes Fl\u00e1vio Vieira &#8211; Imprensa Hugo Barbosa &#8211; M\u00eddias Sociais \u00a0<\/p>\n","protected":false},"author":1,"featured_media":0,"parent":0,"menu_order":0,"comment_status":"closed","ping_status":"closed","template":"elementor_header_footer","meta":{"footnotes":""},"class_list":["post-135","page","type-page","status-publish","hentry"],"_links":{"self":[{"href":"https:\/\/educacaoempreendedora.com\/cieeci2025\/wp-json\/wp\/v2\/pages\/135","targetHints":{"allow":["GET"]}}],"collection":[{"href":"https:\/\/educacaoempreendedora.com\/cieeci2025\/wp-json\/wp\/v2\/pages"}],"about":[{"href":"https:\/\/educacaoempreendedora.com\/cieeci2025\/wp-json\/wp\/v2\/types\/page"}],"author":[{"embeddable":true,"href":"https:\/\/educacaoempreendedora.com\/cieeci2025\/wp-json\/wp\/v2\/users\/1"}],"replies":[{"embeddable":true,"href":"https:\/\/educacaoempreendedora.com\/cieeci2025\/wp-json\/wp\/v2\/comments?post=135"}],"version-history":[{"count":25,"href":"https:\/\/educacaoempreendedora.com\/cieeci2025\/wp-json\/wp\/v2\/pages\/135\/revisions"}],"predecessor-version":[{"id":3055,"href":"https:\/\/educacaoempreendedora.com\/cieeci2025\/wp-json\/wp\/v2\/pages\/135\/revisions\/3055"}],"wp:attachment":[{"href":"https:\/\/educacaoempreendedora.com\/cieeci2025\/wp-json\/wp\/v2\/media?parent=135"}],"curies":[{"name":"wp","href":"https:\/\/api.w.org\/{rel}","templated":true}]}}